{"id":27635,"date":"2022-12-19T01:15:30","date_gmt":"2022-12-19T01:15:30","guid":{"rendered":"https:\/\/gifex.com\/fr\/?post_type=ficha&#038;p=27635"},"modified":"2023-03-24T14:59:33","modified_gmt":"2023-03-24T14:59:33","slug":"carte-du-fjord-du-saguenay","status":"publish","type":"ficha","link":"https:\/\/gifex.com\/fr\/fichier\/carte-du-fjord-du-saguenay\/","title":{"rendered":"Carte du Fjord du Saguenay"},"content":{"rendered":"<p style=\"text-align: center;\"><label style=\"font-size: 15px;\">Carte du Fjord du Saguenay.<\/label><\/p>\n<figure id=\"attachment_27637\" aria-describedby=\"caption-attachment-27637\" style=\"width: 360px\" class=\"wp-caption alignright\"><a href=\"https:\/\/gifex.com\/fr\/wp-content\/uploads\/27635\/Coupe-longitudinale-du-Fjord-du-Saguenay.png\" target=\"_blank\" rel=\"noopener\"><img fetchpriority=\"high\" decoding=\"async\" class=\"wp-image-27637\" title=\"Coupe longitudinale du Fjord du Saguenay.\" src=\"https:\/\/gifex.com\/fr\/wp-content\/uploads\/27635\/Coupe-longitudinale-du-Fjord-du-Saguenay-300x190.png\" alt=\"Coupe longitudinale du Fjord du Saguenay.\" width=\"360\" height=\"228\" srcset=\"https:\/\/gifex.com\/fr\/wp-content\/uploads\/27635\/Coupe-longitudinale-du-Fjord-du-Saguenay-300x190.png 300w, https:\/\/gifex.com\/fr\/wp-content\/uploads\/27635\/Coupe-longitudinale-du-Fjord-du-Saguenay-1024x649.png 1024w, https:\/\/gifex.com\/fr\/wp-content\/uploads\/27635\/Coupe-longitudinale-du-Fjord-du-Saguenay-768x487.png 768w, https:\/\/gifex.com\/fr\/wp-content\/uploads\/27635\/Coupe-longitudinale-du-Fjord-du-Saguenay-1536x974.png 1536w, https:\/\/gifex.com\/fr\/wp-content\/uploads\/27635\/Coupe-longitudinale-du-Fjord-du-Saguenay-2048x1298.png 2048w, https:\/\/gifex.com\/fr\/wp-content\/uploads\/27635\/Coupe-longitudinale-du-Fjord-du-Saguenay-1600x1014.png 1600w\" sizes=\"(max-width: 360px) 100vw, 360px\" \/><\/a><figcaption id=\"caption-attachment-27637\" class=\"wp-caption-text\"><label style=\"font-size: 15px;\">Coupe longitudinale du Fjord du Saguenay montrant la profondeur et la succession des trois bassins\u00a0: 1 &#8211; bassin sup\u00e9rieur, 2 &#8211; bassin interm\u00e9diaire, 3 &#8211; bassin inf\u00e9rieur. La profondeur est indiqu\u00e9e en m\u00e8tres.<\/label><\/figcaption><\/figure>\n<p>Une des principales particularit\u00e9s g\u00e9omorphologiques de la r\u00e9gion est le fjord du Saguenay. Constituant l&#8217;un des rares fjords qui ne d\u00e9bouchent pas sur une mer, cette profonde d\u00e9chirure du bouclier canadien est consid\u00e9r\u00e9e comme le fjord le plus m\u00e9ridional du monde. Les falaises escarp\u00e9es surplombant la rivi\u00e8re Saguenay aurait \u00e9t\u00e9 form\u00e9es par une succession d&#8217;\u00e9v\u00e9nements g\u00e9ologiques s&#8217;\u00e9chelonnant sur 900 millions d&#8217;ann\u00e9es. La phase finale se serait produite il y a 180 millions d&#8217;ann\u00e9es, cr\u00e9ant un foss\u00e9 d&#8217;effondrement appel\u00e9 graben du Saguenay. Les glaciers auraient par la suite alt\u00e9r\u00e9 et model\u00e9 cette gigantesque faille en forme d&#8217;auge, caract\u00e9ristique des vall\u00e9es glaciaires. \u00c0 la suite du retrait des glaciers, l&#8217;eau de mer envahissait le secteur conf\u00e9rant \u00e0 la faille ses caract\u00e9ristiques de fjord, soit une vall\u00e9e glaciaire envahie par la mer.<\/p>\n<figure id=\"attachment_25924\" aria-describedby=\"caption-attachment-25924\" style=\"width: 360px\" class=\"wp-caption alignright\"><a href=\"https:\/\/gifex.com\/fr\/wp-content\/uploads\/25922\/Carte-des-sentiers-de-courte-randonnee-du-parc-national-du-Fjord-du-Saguenay.jpg\" target=\"_blank\" rel=\"noopener\"><img decoding=\"async\" class=\"wp-image-25924\" title=\"Carte des sentiers de courte randonn\u00e9e du parc national du Fjord-du-Saguenay.\" src=\"https:\/\/gifex.com\/fr\/wp-content\/uploads\/25922\/Carte-des-sentiers-de-courte-randonnee-du-parc-national-du-Fjord-du-Saguenay-300x195.jpg\" alt=\"Carte des sentiers de courte randonn\u00e9e du parc national du Fjord-du-Saguenay.\" width=\"360\" height=\"234\" srcset=\"https:\/\/gifex.com\/fr\/wp-content\/uploads\/25922\/Carte-des-sentiers-de-courte-randonnee-du-parc-national-du-Fjord-du-Saguenay-300x195.jpg 300w, https:\/\/gifex.com\/fr\/wp-content\/uploads\/25922\/Carte-des-sentiers-de-courte-randonnee-du-parc-national-du-Fjord-du-Saguenay-1024x665.jpg 1024w, https:\/\/gifex.com\/fr\/wp-content\/uploads\/25922\/Carte-des-sentiers-de-courte-randonnee-du-parc-national-du-Fjord-du-Saguenay-768x499.jpg 768w, https:\/\/gifex.com\/fr\/wp-content\/uploads\/25922\/Carte-des-sentiers-de-courte-randonnee-du-parc-national-du-Fjord-du-Saguenay-1536x997.jpg 1536w, https:\/\/gifex.com\/fr\/wp-content\/uploads\/25922\/Carte-des-sentiers-de-courte-randonnee-du-parc-national-du-Fjord-du-Saguenay-2048x1330.jpg 2048w, https:\/\/gifex.com\/fr\/wp-content\/uploads\/25922\/Carte-des-sentiers-de-courte-randonnee-du-parc-national-du-Fjord-du-Saguenay-1600x1039.jpg 1600w\" sizes=\"(max-width: 360px) 100vw, 360px\" \/><\/a><figcaption id=\"caption-attachment-25924\" class=\"wp-caption-text\"><label style=\"font-size: 15px;\">Carte des sentiers de courte randonn\u00e9e du parc national du Fjord-du-Saguenay.<\/label><\/figcaption><\/figure>\n<p>Le fjord du Saguenay est aujourd&#8217;hui une aire prot\u00e9g\u00e9e, un statut assum\u00e9 pour sa partie terrestre par le Parc national du Saguenay et par le Parc marin du Saguenay\/Saint-Laurent pour sa partie maritime. Cette r\u00e9alisation est le fruit d&#8217;une concertation des deux paliers gouvernementaux, f\u00e9d\u00e9ral et provincial, ce qui constitue un pr\u00e9c\u00e9dent au Qu\u00e9bec en mati\u00e8re de protection de territoire.<\/p>\n<p>Recevant \u00e0 la fois l&#8217;eau sal\u00e9e du fleuve Saint-Laurent et l&#8217;eau douce du lac Saint-Jean, la rivi\u00e8re fait pr\u00e8s de 120\u00a0kilom\u00e8tres de longueur, poss\u00e8de une largeur maximale de 3\u00a0kilom\u00e8tres et une profondeur maximale de 275\u00a0m\u00e8tres.<\/p>\n","protected":false},"excerpt":{"rendered":"<p>Une des principales particularit\u00e9s g\u00e9omorphologiques de la r\u00e9gion est le fjord du Saguenay. Constituant l&#8217;un des rares fjords qui ne d\u00e9bouchent pas sur une mer<\/p>\n","protected":false},"author":1,"featured_media":27636,"template":"","categoria_ficha":[1913],"class_list":["post-27635","ficha","type-ficha","status-publish","has-post-thumbnail","hentry","categoria_ficha-cartes-du-saguenay-lac-saint-jean"],"acf":[],"_links":{"self":[{"href":"https:\/\/gifex.com\/fr\/wp-json\/wp\/v2\/ficha\/27635","targetHints":{"allow":["GET"]}}],"collection":[{"href":"https:\/\/gifex.com\/fr\/wp-json\/wp\/v2\/ficha"}],"about":[{"href":"https:\/\/gifex.com\/fr\/wp-json\/wp\/v2\/types\/ficha"}],"author":[{"embeddable":true,"href":"https:\/\/gifex.com\/fr\/wp-json\/wp\/v2\/users\/1"}],"version-history":[{"count":6,"href":"https:\/\/gifex.com\/fr\/wp-json\/wp\/v2\/ficha\/27635\/revisions"}],"predecessor-version":[{"id":36171,"href":"https:\/\/gifex.com\/fr\/wp-json\/wp\/v2\/ficha\/27635\/revisions\/36171"}],"wp:featuredmedia":[{"embeddable":true,"href":"https:\/\/gifex.com\/fr\/wp-json\/wp\/v2\/media\/27636"}],"wp:attachment":[{"href":"https:\/\/gifex.com\/fr\/wp-json\/wp\/v2\/media?parent=27635"}],"wp:term":[{"taxonomy":"categoria_ficha","embeddable":true,"href":"https:\/\/gifex.com\/fr\/wp-json\/wp\/v2\/categoria_ficha?post=27635"}],"curies":[{"name":"wp","href":"https:\/\/api.w.org\/{rel}","templated":true}]}}