{"id":27602,"date":"2022-12-18T16:27:42","date_gmt":"2022-12-18T16:27:42","guid":{"rendered":"https:\/\/gifex.com\/fr\/?post_type=ficha&#038;p=27602"},"modified":"2023-03-24T12:34:06","modified_gmt":"2023-03-24T12:34:06","slug":"carte-touristique-du-bas-saint-laurent","status":"publish","type":"ficha","link":"https:\/\/gifex.com\/fr\/fichier\/carte-touristique-du-bas-saint-laurent\/","title":{"rendered":"Carte touristique du Bas-Saint-Laurent"},"content":{"rendered":"<p style=\"text-align: center;\"><label style=\"font-size: 15px;\">Carte touristique du Bas-Saint-Laurent.<\/label><\/p>\n<p>Le tourisme dans le Bas-Saint-Laurent est une composante importante de l&#8217;activit\u00e9 \u00e9conomique de la r\u00e9gion du Bas-Saint-Laurent, l\u2019une des 22 r\u00e9gions touristiques du Qu\u00e9bec. En 2009, elle compte 863 entreprises associ\u00e9es au secteur du tourisme, soit 3\u00a0% de toutes les entreprises touristiques du Qu\u00e9bec. En moyenne, le tourisme g\u00e9n\u00e8re plus de 2\u00a0500 emplois dans la r\u00e9gion.<\/p>\n<p>Cr\u00e9\u00e9e en 1979, la r\u00e9gion touristique du Bas-Saint-Laurent regroupe toutes les municipalit\u00e9s de six municipalit\u00e9s r\u00e9gionales de comt\u00e9 (MRC), soit\u00a0:<\/p>\n<ul>\n<li>Kamouraska<\/li>\n<li>Les Basques<\/li>\n<li>La Mitis<\/li>\n<li>Rivi\u00e8re-du-Loup<\/li>\n<li>Rimouski-Neigette<\/li>\n<li>T\u00e9miscouata<\/li>\n<\/ul>\n<p>Bien que les MRC de La Matap\u00e9dia et de La Matanie soient situ\u00e9es dans la r\u00e9gion administrative du Bas-Saint-Laurent, elles font partie de la r\u00e9gion touristique de la Gasp\u00e9sie.<\/p>\n<p><strong>Attractions<\/strong><\/p>\n<p>Comme dans plusieurs autres r\u00e9gions, le Bas-Saint-Laurent offre aussi plusieurs attractions touristiques.<\/p>\n<p>Voici une liste des lieux les plus visit\u00e9s au Bas-Saint-Laurent\u00a0:<\/p>\n<ul>\n<li>Atelier-Galerie d&#8217;art Clodin Roy, Saint-Simon<\/li>\n<li>Centre d&#8217;art de Kamouraska, Kamouraska<\/li>\n<li>\u00c9glise Notre-Dame-des-Neiges, Trois-Pistoles<\/li>\n<li>\u00c9glise Saint-Andr\u00e9, Saint-Andr\u00e9<\/li>\n<li>Ferme Professeur Tournesol, Saint-Fabien<\/li>\n<li>Jardin de l&#8217;\u00c9cluse, D\u00e9gelis<\/li>\n<li>Jardin de la Petite \u00c9cole, T\u00e9miscouata-sur-le-Lac<\/li>\n<li>Le Jardin des L\u00e9gendes, Trois-Pistoles<\/li>\n<li>Lieu historique national du Canada du Phare de Pointe-au-P\u00e8re, Rimouski<\/li>\n<li>Manoir seigneurial Fraser (mus\u00e9e), Rivi\u00e8re-du-Loup<\/li>\n<li>Maison Chapais, Saint-Denis<\/li>\n<li>Parc de l&#8217;aventure basque en Am\u00e9rique, Trois-Pistoles<\/li>\n<\/ul>\n<p>Cette r\u00e9gion est le terrain d&#8217;environ trente festivals et \u00e9v\u00e9nements que \u00e7a soit de musique, d&#8217;art, de science, country, de th\u00e9\u00e2tre, de saison, de r\u00e9gion.<\/p>\n<p><strong>Transport<\/strong><\/p>\n<p>Dans cette r\u00e9gion touristique, il existe quatre formes de transports dans le Bas-Saint-Laurent dans certaines sous-r\u00e9gions de cette derni\u00e8re pour faciliter les d\u00e9placements des touristes en tout temps.<\/p>\n<p><strong>A\u00e9roport<\/strong><\/p>\n<ul>\n<li>A\u00e9roport de Mont-Joli<\/li>\n<li>Aviation MH<\/li>\n<\/ul>\n<p><strong>Autobus<\/strong><\/p>\n<ul>\n<li>Autocar Bas-Saint-Laurent<\/li>\n<li>Transport en commun<\/li>\n<\/ul>\n<p><strong>Traversier<\/strong><\/p>\n<ul>\n<li>Traverse Matane \/ Baie-Comeau \/ Godbout<\/li>\n<li>Traverse Peter Fraser(Isle-Verte \/ \u00cele Verte)<\/li>\n<li>Traverse Rimouski \/ Forestville<\/li>\n<li>Traverse Rivi\u00e8re-du-Loup \/ Saint-Sim\u00e9on<\/li>\n<li>Traverse Trois-Pistoles \/ Les Escoumins<\/li>\n<\/ul>\n<p><strong>Villages du Qu\u00e9bec<\/strong><\/p>\n<p>L&#8217;Association des plus beaux villages du Qu\u00e9bec compte 38 villages au Qu\u00e9bec. Voici les villages de la r\u00e9gion du Bas-Saint-Laurent concern\u00e9s:<\/p>\n<ul>\n<li>Saint-Pac\u00f4me<\/li>\n<li>Kamouraska<\/li>\n<li>Notre-Dame-du-Portage<\/li>\n<li>Cacouna<\/li>\n<\/ul>\n<p><strong>Performance touristique<\/strong><\/p>\n<p>En 2011, 890\u00a0000 touristes de toutes origines ont voyag\u00e9 dans la r\u00e9gion du Bas-Saint-Laurent durant un total de 2\u00a0737\u00a0000 nuit\u00e9es et ont d\u00e9pens\u00e9 175\u00a0000\u00a0000\u00a0$. En moyenne, chaque s\u00e9jour a dur\u00e9 3 nuit\u00e9es au cours duquel chaque touriste a d\u00e9pens\u00e9 un total de 197\u00a0$, soit 64\u00a0$ par nuit\u00e9e.<\/p>\n<div class=\"boxscrl\">\n<table width=\"822\">\n<tbody>\n<tr>\n<td rowspan=\"2\" width=\"48\">Ann\u00e9e<\/td>\n<td rowspan=\"2\" width=\"56\">Volume<\/td>\n<td rowspan=\"2\" width=\"62\">Nuit\u00e9es<\/td>\n<td rowspan=\"2\" width=\"76\">D\u00e9penses<\/td>\n<td width=\"170\">Dur\u00e9e moyenne de s\u00e9jour<\/td>\n<td width=\"204\">D\u00e9penses moyennes par s\u00e9jour<\/td>\n<td width=\"206\">D\u00e9penses moyennes par nuit\u00e9e<\/td>\n<\/tr>\n<tr>\n<td width=\"170\">(Nuit\u00e9es)<\/td>\n<td width=\"204\">($)<\/td>\n<td width=\"206\">($)<\/td>\n<\/tr>\n<tr>\n<td>2011<\/td>\n<td width=\"56\">890\u00a0000<\/td>\n<td width=\"62\">2\u00a0737\u00a0000<\/td>\n<td width=\"76\">175\u00a0000\u00a0000<\/td>\n<td width=\"170\">3<\/td>\n<td width=\"204\">197<\/td>\n<td width=\"206\">64<\/td>\n<\/tr>\n<tr>\n<td>2010<\/td>\n<td width=\"56\">812\u00a0000<\/td>\n<td width=\"62\">2\u00a0544\u00a0000<\/td>\n<td width=\"76\">159\u00a0000\u00a0000<\/td>\n<td width=\"170\">3,1<\/td>\n<td width=\"204\">196<\/td>\n<td width=\"206\">63<\/td>\n<\/tr>\n<tr>\n<td>2009<\/td>\n<td width=\"56\">826\u00a0000<\/td>\n<td width=\"62\">2\u00a0352\u00a0000<\/td>\n<td width=\"76\">159\u00a0000\u00a0000<\/td>\n<td width=\"170\">2,8<\/td>\n<td width=\"204\">193<\/td>\n<td width=\"206\">68<\/td>\n<\/tr>\n<tr>\n<td>2008<\/td>\n<td width=\"56\">533\u00a0000<\/td>\n<td width=\"62\">1\u00a0395\u00a0000<\/td>\n<td width=\"76\">149\u00a0000\u00a0000<\/td>\n<td width=\"170\">3,6<\/td>\n<td width=\"204\">177<\/td>\n<td width=\"206\">49<\/td>\n<\/tr>\n<tr>\n<td>2007<\/td>\n<td width=\"56\">518\u00a0000<\/td>\n<td width=\"62\">1\u00a0308\u00a0000<\/td>\n<td width=\"76\">136\u00a0000\u00a0000<\/td>\n<td width=\"170\">3,0<\/td>\n<td width=\"204\">165<\/td>\n<td width=\"206\">56<\/td>\n<\/tr>\n<tr>\n<td>2006<\/td>\n<td width=\"56\">832\u00a0000<\/td>\n<td width=\"62\">2\u00a0249\u00a0000<\/td>\n<td width=\"76\">127\u00a0000\u00a0000<\/td>\n<td width=\"170\">2,7<\/td>\n<td width=\"204\">153<\/td>\n<td width=\"206\">57<\/td>\n<\/tr>\n<tr>\n<td colspan=\"7\" width=\"822\"><label style=\"font-size: 15px;\">Tourisme Qu\u00e9bec pr\u00e9cise que ce sont des donn\u00e9es fournies \u00e0 titre indicatif qu&#8217;il faut utiliser avec r\u00e9serve.<\/label><\/td>\n<\/tr>\n<\/tbody>\n<\/table>\n<\/div>\n<p>En 2011, la part de march\u00e9 de la r\u00e9gion du Bas-Saint-Laurent est de 2,9 % de tous les touristes au Qu\u00e9bec, ce qui la classe au 13e rang des 22 r\u00e9gions touristiques du Qu\u00e9bec en ce qui a trait au volume des touristes, ou au 11e rang pour les nuit\u00e9es (3,2 %), ou au 10e rang pour les d\u00e9penses touristiques (2,6).<\/p>\n","protected":false},"excerpt":{"rendered":"<p>Le tourisme dans le Bas-Saint-Laurent est une composante importante de l&#8217;activit\u00e9 &#8230;<\/p>\n","protected":false},"author":1,"featured_media":27603,"template":"","categoria_ficha":[1912],"class_list":["post-27602","ficha","type-ficha","status-publish","has-post-thumbnail","hentry","categoria_ficha-cartes-du-bas-saint-laurent"],"acf":[],"_links":{"self":[{"href":"https:\/\/gifex.com\/fr\/wp-json\/wp\/v2\/ficha\/27602","targetHints":{"allow":["GET"]}}],"collection":[{"href":"https:\/\/gifex.com\/fr\/wp-json\/wp\/v2\/ficha"}],"about":[{"href":"https:\/\/gifex.com\/fr\/wp-json\/wp\/v2\/types\/ficha"}],"author":[{"embeddable":true,"href":"https:\/\/gifex.com\/fr\/wp-json\/wp\/v2\/users\/1"}],"version-history":[{"count":6,"href":"https:\/\/gifex.com\/fr\/wp-json\/wp\/v2\/ficha\/27602\/revisions"}],"predecessor-version":[{"id":35898,"href":"https:\/\/gifex.com\/fr\/wp-json\/wp\/v2\/ficha\/27602\/revisions\/35898"}],"wp:featuredmedia":[{"embeddable":true,"href":"https:\/\/gifex.com\/fr\/wp-json\/wp\/v2\/media\/27603"}],"wp:attachment":[{"href":"https:\/\/gifex.com\/fr\/wp-json\/wp\/v2\/media?parent=27602"}],"wp:term":[{"taxonomy":"categoria_ficha","embeddable":true,"href":"https:\/\/gifex.com\/fr\/wp-json\/wp\/v2\/categoria_ficha?post=27602"}],"curies":[{"name":"wp","href":"https:\/\/api.w.org\/{rel}","templated":true}]}}