{"id":27588,"date":"2022-12-17T00:32:56","date_gmt":"2022-12-17T00:32:56","guid":{"rendered":"https:\/\/gifex.com\/fr\/?post_type=ficha&#038;p=27588"},"modified":"2023-03-24T12:34:29","modified_gmt":"2023-03-24T12:34:29","slug":"carte-de-la-mrc-de-nicolet-yamaska","status":"publish","type":"ficha","link":"https:\/\/gifex.com\/fr\/fichier\/carte-de-la-mrc-de-nicolet-yamaska\/","title":{"rendered":"Carte de la MRC de Nicolet-Yamaska"},"content":{"rendered":"<p style=\"text-align: center;\"><label style=\"font-size: 15px;\">Carte de la municipalit\u00e9 r\u00e9gionale de comt\u00e9 (MRC) de Nicolet-Yamaska.<\/label><\/p>\n<p>Nicolet-Yamaska est une municipalit\u00e9 r\u00e9gionale de comt\u00e9 (MRC) du Qu\u00e9bec (Canada) situ\u00e9e dans la r\u00e9gion administrative du Centre-du-Qu\u00e9bec. Elle est compos\u00e9e de 16 municipalit\u00e9s et son chef-lieu est Nicolet.<\/p>\n<figure id=\"attachment_27590\" aria-describedby=\"caption-attachment-27590\" style=\"width: 360px\" class=\"wp-caption alignright\"><a href=\"https:\/\/gifex.com\/fr\/wp-content\/uploads\/27588\/Carte-de-Nicolet-Quebec.jpg\" target=\"_blank\" rel=\"noopener\"><img fetchpriority=\"high\" decoding=\"async\" class=\"wp-image-27590\" title=\"Carte de Nicolet, Qu\u00e9bec.\" src=\"https:\/\/gifex.com\/fr\/wp-content\/uploads\/27588\/Carte-de-Nicolet-Quebec-300x200.jpg\" alt=\"Carte de Nicolet, Qu\u00e9bec.\" width=\"360\" height=\"240\" srcset=\"https:\/\/gifex.com\/fr\/wp-content\/uploads\/27588\/Carte-de-Nicolet-Quebec-300x200.jpg 300w, https:\/\/gifex.com\/fr\/wp-content\/uploads\/27588\/Carte-de-Nicolet-Quebec-1024x683.jpg 1024w, https:\/\/gifex.com\/fr\/wp-content\/uploads\/27588\/Carte-de-Nicolet-Quebec-768x512.jpg 768w, https:\/\/gifex.com\/fr\/wp-content\/uploads\/27588\/Carte-de-Nicolet-Quebec-1536x1024.jpg 1536w, https:\/\/gifex.com\/fr\/wp-content\/uploads\/27588\/Carte-de-Nicolet-Quebec-2048x1365.jpg 2048w, https:\/\/gifex.com\/fr\/wp-content\/uploads\/27588\/Carte-de-Nicolet-Quebec-1600x1067.jpg 1600w\" sizes=\"(max-width: 360px) 100vw, 360px\" \/><\/a><figcaption id=\"caption-attachment-27590\" class=\"wp-caption-text\"><label style=\"font-size: 15px;\">Carte de Nicolet, chef-lieu de la municipalit\u00e9 r\u00e9gionale de comt\u00e9 (MRC) de Nicolet-Yamaska.<\/label><\/figcaption><\/figure>\n<p><strong>G\u00e9ographie<\/strong><\/p>\n<p>La MRC de Nicolet-Yamaska est situ\u00e9e sur la rive sud du fleuve Saint-Laurent, face \u00e0 l\u2019agglom\u00e9ration trifluvienne. Son \u00e9tendue, d\u2019une superficie d\u2019environ un millier de kilom\u00e8tres carr\u00e9s, est born\u00e9e, en aval du fleuve, par la rivi\u00e8re B\u00e9cancour et exc\u00e8de, en amont, la rivi\u00e8re Saint-Fran\u00e7ois. Les rivi\u00e8res Nicolet et Nicolet-Sud-Ouest drainent sa partie centrale.<\/p>\n<p>Son ouverture sur le fleuve s\u2019\u00e9tend sur les 35 kilom\u00e8tres de berges du Lac Saint-Pierre. \u00c0 cette hauteur, le territoire de la MRC p\u00e9n\u00e8tre la plaine fluviale sur une profondeur irr\u00e9guli\u00e8re moyenne d\u2019une quinzaine de kilom\u00e8tres. En aval du lac, le territoire de la MRC est distanci\u00e9 du fleuve par le secteur Saint-Gr\u00e9goire de la ville de B\u00e9cancour et son \u00e9loignement dans les terres se termine au-del\u00e0 de l\u2019autoroute 20.<\/p>\n<figure id=\"attachment_27593\" aria-describedby=\"caption-attachment-27593\" style=\"width: 360px\" class=\"wp-caption alignright\"><a href=\"https:\/\/gifex.com\/fr\/wp-content\/uploads\/27588\/Carte-du-territoire-et-limites-de-la-MRC-de-Nicolet-Yamaska.jpg\" target=\"_blank\" rel=\"noopener\"><img decoding=\"async\" class=\"wp-image-27593\" title=\"Carte du territoire et limites de la MRC de Nicolet-Yamaska.\" src=\"https:\/\/gifex.com\/fr\/wp-content\/uploads\/27588\/Carte-du-territoire-et-limites-de-la-MRC-de-Nicolet-Yamaska-228x300.jpg\" alt=\"Carte du territoire et limites de la MRC de Nicolet-Yamaska.\" width=\"360\" height=\"474\" srcset=\"https:\/\/gifex.com\/fr\/wp-content\/uploads\/27588\/Carte-du-territoire-et-limites-de-la-MRC-de-Nicolet-Yamaska-228x300.jpg 228w, https:\/\/gifex.com\/fr\/wp-content\/uploads\/27588\/Carte-du-territoire-et-limites-de-la-MRC-de-Nicolet-Yamaska-778x1024.jpg 778w, https:\/\/gifex.com\/fr\/wp-content\/uploads\/27588\/Carte-du-territoire-et-limites-de-la-MRC-de-Nicolet-Yamaska-768x1010.jpg 768w, https:\/\/gifex.com\/fr\/wp-content\/uploads\/27588\/Carte-du-territoire-et-limites-de-la-MRC-de-Nicolet-Yamaska-1168x1536.jpg 1168w, https:\/\/gifex.com\/fr\/wp-content\/uploads\/27588\/Carte-du-territoire-et-limites-de-la-MRC-de-Nicolet-Yamaska-1557x2048.jpg 1557w, https:\/\/gifex.com\/fr\/wp-content\/uploads\/27588\/Carte-du-territoire-et-limites-de-la-MRC-de-Nicolet-Yamaska-300x395.jpg 300w, https:\/\/gifex.com\/fr\/wp-content\/uploads\/27588\/Carte-du-territoire-et-limites-de-la-MRC-de-Nicolet-Yamaska-1216x1600.jpg 1216w\" sizes=\"(max-width: 360px) 100vw, 360px\" \/><\/a><figcaption id=\"caption-attachment-27593\" class=\"wp-caption-text\"><label style=\"font-size: 15px;\">Carte du territoire et limites de la MRC de Nicolet-Yamaska.<\/label><\/figcaption><\/figure>\n<p>Le territoire de la MRC de Nicolet-Yamaska compte parmi les sols les plus fertiles du Qu\u00e9bec et b\u00e9n\u00e9ficie d\u2019un microclimat temp\u00e9r\u00e9 induit par le Lac Saint-Pierre et le fleuve Saint-Laurent. La Loi sur la protection du territoire et des activit\u00e9s agricoles (L.R.Q., ch. P-41.1) assujettit 97\u00a0% de cette plaine. Pr\u00e8s du tiers (27\u00a0%) de sa superficie est sous couvert forestier.<\/p>\n<p>La MRC de Nicolet-Yamaska est constitu\u00e9e de seize municipalit\u00e9s de type village et paroisse ainsi que d\u2019une seule ville, Nicolet. Alors que cette derni\u00e8re compte pr\u00e8s de 8 000 habitants, les autres municipalit\u00e9s regroupent une moyenne de moins de 1 000 personnes. N\u00e9anmoins, le p\u00f4le form\u00e9 par les municipalit\u00e9s de Saint-Fran\u00e7ois-du-Lac et Pierreville regroupe pr\u00e8s de 4400 personnes et la municipalit\u00e9 de Saint-L\u00e9onard-d\u2019Aston 2200 personnes environ. Il est \u00e0 noter que le territoire contient \u00e9galement une r\u00e9serve am\u00e9rindienne Ab\u00e9nakis \u00ab\u00a0Odanak\u00a0\u00bb situ\u00e9e en bordure de la rivi\u00e8re Saint-Fran\u00e7ois \u00e0 proximit\u00e9 du village de Pierreville et sur laquelle vivent plus de 400 personnes.<\/p>\n<p><strong>Routes d&#8217;acc\u00e8s de la MRC de Nicolet-Yamaska<\/strong><\/p>\n<p>Routes num\u00e9rot\u00e9es qui traversent la municipalit\u00e9 r\u00e9gionale de comt\u00e9 (MRC), y compris les routes externes qui commencent ou se terminent \u00e0 la fronti\u00e8re de la MRC\u00a0:<\/p>\n<p>Autoroutes<\/p>\n<ul>\n<li>A-20<\/li>\n<li>A-55<\/li>\n<\/ul>\n<p>Routes principales<\/p>\n<ul>\n<li>Route 132<\/li>\n<li>Route 143<\/li>\n<li>Route 155<\/li>\n<li>Route 161<\/li>\n<\/ul>\n<p>Routes secondaires<\/p>\n<ul>\n<li>Route 226<\/li>\n<li>Route 255<\/li>\n<li>Route 259<\/li>\n<\/ul>\n<p><strong>Municipalit\u00e9s<\/strong><\/p>\n<div class=\"boxscrl\">\n<table width=\"588\">\n<tbody>\n<tr>\n<td rowspan=\"2\" width=\"170\">Municipalit\u00e9<\/td>\n<td rowspan=\"2\" width=\"161\">Statut<\/td>\n<td rowspan=\"2\" width=\"83\">Superficie<\/td>\n<td width=\"75\">Population<\/td>\n<td rowspan=\"2\" width=\"99\">Densit\u00e9<\/td>\n<\/tr>\n<tr>\n<td>2005<\/td>\n<\/tr>\n<tr>\n<td>Aston-Jonction<\/td>\n<td>Municipalit\u00e9<\/td>\n<td width=\"83\">26,43 km\u00b2<\/td>\n<td width=\"75\">415<\/td>\n<td width=\"99\">15,7 hab.\/km\u00b2<\/td>\n<\/tr>\n<tr>\n<td>Baie-du-Febvre<\/td>\n<td>Municipalit\u00e9<\/td>\n<td width=\"83\">96,04 km\u00b2<\/td>\n<td width=\"75\">1110<\/td>\n<td width=\"99\">11,6 hab.\/km\u00b2<\/td>\n<\/tr>\n<tr>\n<td>Grand-Saint-Esprit<\/td>\n<td>Municipalit\u00e9<\/td>\n<td width=\"83\">28,41 km\u00b2<\/td>\n<td width=\"75\">498<\/td>\n<td width=\"99\">17,5 hab.\/km\u00b2<\/td>\n<\/tr>\n<tr>\n<td>La Visitation-de-Yamaska<\/td>\n<td>Municipalit\u00e9<\/td>\n<td width=\"83\">41,86 km\u00b2<\/td>\n<td width=\"75\">391<\/td>\n<td width=\"99\">9,3 hab.\/km\u00b2<\/td>\n<\/tr>\n<tr>\n<td>Nicolet<\/td>\n<td>Ville<\/td>\n<td width=\"83\">94,50 km\u00b2<\/td>\n<td width=\"75\">7848<\/td>\n<td width=\"99\">83,0 hab.\/km\u00b2<\/td>\n<\/tr>\n<tr>\n<td>Pierreville<\/td>\n<td>Municipalit\u00e9<\/td>\n<td width=\"83\">79,54 km\u00b2<\/td>\n<td width=\"75\">2386<\/td>\n<td width=\"99\">30,0 hab.\/km\u00b2<\/td>\n<\/tr>\n<tr>\n<td>Saint-C\u00e9lestin<\/td>\n<td>Municipalit\u00e9 de village<\/td>\n<td width=\"83\">1,61 km\u00b2<\/td>\n<td width=\"75\">745<\/td>\n<td width=\"99\">462,7 hab.\/km\u00b2<\/td>\n<\/tr>\n<tr>\n<td>Saint-C\u00e9lestin<\/td>\n<td>Municipalit\u00e9<\/td>\n<td width=\"83\">78,72 km\u00b2<\/td>\n<td width=\"75\">656<\/td>\n<td width=\"99\">8,3 hab.\/km\u00b2<\/td>\n<\/tr>\n<tr>\n<td>Saint-Elph\u00e8ge<\/td>\n<td>Municipalit\u00e9 de paroisse<\/td>\n<td width=\"83\">40,32 km\u00b2<\/td>\n<td width=\"75\">307<\/td>\n<td width=\"99\">7,6 hab.\/km\u00b2<\/td>\n<\/tr>\n<tr>\n<td>Sainte-Eulalie<\/td>\n<td>Municipalit\u00e9<\/td>\n<td width=\"83\">90,79 km\u00b2<\/td>\n<td width=\"75\">879<\/td>\n<td width=\"99\">9,7 hab.\/km\u00b2<\/td>\n<\/tr>\n<tr>\n<td>Saint-Fran\u00e7ois-du-Lac<\/td>\n<td>Municipalit\u00e9<\/td>\n<td width=\"83\">63,11 km\u00b2<\/td>\n<td width=\"75\">1948<\/td>\n<td width=\"99\">30,9 hab.\/km\u00b2<\/td>\n<\/tr>\n<tr>\n<td>Saint-L\u00e9onard-d&#8217;Aston<\/td>\n<td>Municipalit\u00e9<\/td>\n<td width=\"83\">81,83 km\u00b2<\/td>\n<td width=\"75\">2209<\/td>\n<td width=\"99\">27,0 hab.\/km\u00b2<\/td>\n<\/tr>\n<tr>\n<td>Sainte-Monique<\/td>\n<td>Municipalit\u00e9<\/td>\n<td width=\"83\">58,79 km\u00b2<\/td>\n<td width=\"75\">588<\/td>\n<td width=\"99\">10,0 hab.\/km\u00b2<\/td>\n<\/tr>\n<tr>\n<td>Sainte-Perp\u00e9tue<\/td>\n<td>Municipalit\u00e9 de paroisse<\/td>\n<td width=\"83\">71,14 km\u00b2<\/td>\n<td width=\"75\">1012<\/td>\n<td width=\"99\">14,2 hab.\/km\u00b2<\/td>\n<\/tr>\n<tr>\n<td>Saint-Wenceslas<\/td>\n<td>Municipalit\u00e9<\/td>\n<td width=\"83\">78,42 km\u00b2<\/td>\n<td width=\"75\">1106<\/td>\n<td width=\"99\">14,1 hab.\/km\u00b2<\/td>\n<\/tr>\n<tr>\n<td>Saint-Z\u00e9phirin-de-Courval<\/td>\n<td>Municipalit\u00e9 de paroisse<\/td>\n<td width=\"83\">71,01 km\u00b2<\/td>\n<td width=\"75\">794<\/td>\n<td width=\"99\">11,2 hab.\/km\u00b2<\/td>\n<\/tr>\n<tr>\n<td width=\"170\">Total<\/td>\n<td width=\"161\"><\/td>\n<td width=\"83\">1 002,52 km\u00b2<\/td>\n<td width=\"75\">22892<\/td>\n<td width=\"99\">22,8 hab.\/km\u00b2<\/td>\n<\/tr>\n<\/tbody>\n<\/table>\n<\/div>\n<p><strong>Autochtone<\/strong><\/p>\n<p>Une r\u00e9serve ab\u00e9naquise est incluse dans la MRC \u00e0 des fins statistiques m\u00eame si elle n&#8217;en fait pas partie.<\/p>\n<div class=\"boxscrl\">\n<table width=\"440\">\n<tbody>\n<tr>\n<td width=\"86\">Municipalit\u00e9<\/td>\n<td width=\"117\">Statut<\/td>\n<td width=\"70\">Superficie<\/td>\n<td width=\"75\">Population<\/td>\n<td width=\"92\">Densit\u00e9<\/td>\n<\/tr>\n<tr>\n<td>Odanak<\/td>\n<td>R\u00e9serve indienne<\/td>\n<td width=\"70\">6,07 km\u00b2<\/td>\n<td width=\"75\">449 hab.<\/td>\n<td width=\"92\">74,0 hab.\/km\u00b2<\/td>\n<\/tr>\n<\/tbody>\n<\/table>\n<\/div>\n","protected":false},"excerpt":{"rendered":"<p>Nicolet-Yamaska est une municipalit\u00e9 r\u00e9gionale de comt\u00e9 (MRC) du Qu\u00e9bec (Canada) situ\u00e9e dans la r\u00e9gion administrative du Centre-du-Qu\u00e9bec. Elle est compos\u00e9e ,,,<\/p>\n","protected":false},"author":1,"featured_media":27589,"template":"","categoria_ficha":[1927],"class_list":["post-27588","ficha","type-ficha","status-publish","has-post-thumbnail","hentry","categoria_ficha-cartes-du-centre-du-quebec"],"acf":[],"_links":{"self":[{"href":"https:\/\/gifex.com\/fr\/wp-json\/wp\/v2\/ficha\/27588","targetHints":{"allow":["GET"]}}],"collection":[{"href":"https:\/\/gifex.com\/fr\/wp-json\/wp\/v2\/ficha"}],"about":[{"href":"https:\/\/gifex.com\/fr\/wp-json\/wp\/v2\/types\/ficha"}],"author":[{"embeddable":true,"href":"https:\/\/gifex.com\/fr\/wp-json\/wp\/v2\/users\/1"}],"version-history":[{"count":6,"href":"https:\/\/gifex.com\/fr\/wp-json\/wp\/v2\/ficha\/27588\/revisions"}],"predecessor-version":[{"id":35900,"href":"https:\/\/gifex.com\/fr\/wp-json\/wp\/v2\/ficha\/27588\/revisions\/35900"}],"wp:featuredmedia":[{"embeddable":true,"href":"https:\/\/gifex.com\/fr\/wp-json\/wp\/v2\/media\/27589"}],"wp:attachment":[{"href":"https:\/\/gifex.com\/fr\/wp-json\/wp\/v2\/media?parent=27588"}],"wp:term":[{"taxonomy":"categoria_ficha","embeddable":true,"href":"https:\/\/gifex.com\/fr\/wp-json\/wp\/v2\/categoria_ficha?post=27588"}],"curies":[{"name":"wp","href":"https:\/\/api.w.org\/{rel}","templated":true}]}}