{"id":27410,"date":"2022-12-13T15:44:56","date_gmt":"2022-12-13T15:44:56","guid":{"rendered":"https:\/\/gifex.com\/fr\/?post_type=ficha&#038;p=27410"},"modified":"2023-03-24T12:41:35","modified_gmt":"2023-03-24T12:41:35","slug":"carte-de-la-mrc-de-therese-de-blainville","status":"publish","type":"ficha","link":"https:\/\/gifex.com\/fr\/fichier\/carte-de-la-mrc-de-therese-de-blainville\/","title":{"rendered":"Carte de la MRC de Th\u00e9r\u00e8se-De Blainville"},"content":{"rendered":"<p style=\"text-align: center;\"><label style=\"font-size: 15px;\">Carte de la municipalit\u00e9 r\u00e9gionale de comt\u00e9 (MRC) de Th\u00e9r\u00e8se-De Blainville.<\/label><\/p>\n<p>Th\u00e9r\u00e8se-De Blainville est une municipalit\u00e9 r\u00e9gionale de comt\u00e9 (MRC) du Qu\u00e9bec (Canada) situ\u00e9e dans la r\u00e9gion des Laurentides. Elle s&#8217;\u00e9tend sur 203 km\u00b2, sa population au recensement canadien de 2016 \u00e9tait de 157 103 habitants. Ses MRC voisines sont La Rivi\u00e8re-du-Nord, Mirabel et Deux-Montagnes. Elle est nomm\u00e9e en l&#8217;honneur de Marie-Th\u00e9r\u00e8se Dugu\u00e9 de Boisbriand.<\/p>\n<figure id=\"attachment_27412\" aria-describedby=\"caption-attachment-27412\" style=\"width: 360px\" class=\"wp-caption alignright\"><a href=\"https:\/\/gifex.com\/fr\/wp-content\/uploads\/27410\/Carte-routiere-de-Sainte-Therese-Quebec.jpg\" target=\"_blank\" rel=\"noopener\"><img fetchpriority=\"high\" decoding=\"async\" class=\"wp-image-27412\" title=\"Carte routi\u00e8re de Sainte-Th\u00e9r\u00e8se, Qu\u00e9bec.\" src=\"https:\/\/gifex.com\/fr\/wp-content\/uploads\/27410\/Carte-routiere-de-Sainte-Therese-Quebec-300x223.jpg\" alt=\"Carte routi\u00e8re de Sainte-Th\u00e9r\u00e8se, Qu\u00e9bec.\" width=\"360\" height=\"268\" srcset=\"https:\/\/gifex.com\/fr\/wp-content\/uploads\/27410\/Carte-routiere-de-Sainte-Therese-Quebec-300x223.jpg 300w, https:\/\/gifex.com\/fr\/wp-content\/uploads\/27410\/Carte-routiere-de-Sainte-Therese-Quebec.jpg 512w\" sizes=\"(max-width: 360px) 100vw, 360px\" \/><\/a><figcaption id=\"caption-attachment-27412\" class=\"wp-caption-text\"><label style=\"font-size: 15px;\">Carte routi\u00e8re de Sainte-Th\u00e9r\u00e8se, chef-lieu de la municipalit\u00e9 r\u00e9gionale de comt\u00e9 (MRC) de Th\u00e9r\u00e8se-De Blainville.<\/label><\/figcaption><\/figure>\n<p><strong> Routes d&#8217;acc\u00e8s de la MRC de Th\u00e9r\u00e8se-De Blainville<\/strong><\/p>\n<p>Routes num\u00e9rot\u00e9es qui traversent la municipalit\u00e9 r\u00e9gionale de comt\u00e9 (MRC), y compris les routes externes qui commencent ou se terminent \u00e0 la fronti\u00e8re du comt\u00e9\u00a0:<\/p>\n<p>Autoroutes<\/p>\n<ul>\n<li>A-13<\/li>\n<li>A-15<\/li>\n<li>A-640<\/li>\n<\/ul>\n<p>Routes principales<\/p>\n<ul>\n<li>Route 117<\/li>\n<li>Route 148<\/li>\n<\/ul>\n<figure id=\"attachment_27414\" aria-describedby=\"caption-attachment-27414\" style=\"width: 360px\" class=\"wp-caption alignright\"><a href=\"https:\/\/gifex.com\/fr\/wp-content\/uploads\/27410\/Carte-du-territoire-et-limites-de-la-MRC-de-Therese-De-Blainville.jpg\" target=\"_blank\" rel=\"noopener\"><img decoding=\"async\" class=\"wp-image-27414\" title=\"Carte du territoire et limites de la MRC de Th\u00e9r\u00e8se-De Blainville.\" src=\"https:\/\/gifex.com\/fr\/wp-content\/uploads\/27410\/Carte-du-territoire-et-limites-de-la-MRC-de-Therese-De-Blainville-249x300.jpg\" alt=\"Carte du territoire et limites de la MRC de Th\u00e9r\u00e8se-De Blainville.\" width=\"360\" height=\"433\" srcset=\"https:\/\/gifex.com\/fr\/wp-content\/uploads\/27410\/Carte-du-territoire-et-limites-de-la-MRC-de-Therese-De-Blainville-249x300.jpg 249w, https:\/\/gifex.com\/fr\/wp-content\/uploads\/27410\/Carte-du-territoire-et-limites-de-la-MRC-de-Therese-De-Blainville-851x1024.jpg 851w, https:\/\/gifex.com\/fr\/wp-content\/uploads\/27410\/Carte-du-territoire-et-limites-de-la-MRC-de-Therese-De-Blainville-768x925.jpg 768w, https:\/\/gifex.com\/fr\/wp-content\/uploads\/27410\/Carte-du-territoire-et-limites-de-la-MRC-de-Therese-De-Blainville-1276x1536.jpg 1276w, https:\/\/gifex.com\/fr\/wp-content\/uploads\/27410\/Carte-du-territoire-et-limites-de-la-MRC-de-Therese-De-Blainville-1701x2048.jpg 1701w, https:\/\/gifex.com\/fr\/wp-content\/uploads\/27410\/Carte-du-territoire-et-limites-de-la-MRC-de-Therese-De-Blainville-300x361.jpg 300w, https:\/\/gifex.com\/fr\/wp-content\/uploads\/27410\/Carte-du-territoire-et-limites-de-la-MRC-de-Therese-De-Blainville-1329x1600.jpg 1329w\" sizes=\"(max-width: 360px) 100vw, 360px\" \/><\/a><figcaption id=\"caption-attachment-27414\" class=\"wp-caption-text\"><label style=\"font-size: 15px;\">Carte du territoire et limites de la MRC de Th\u00e9r\u00e8se-De Blainville.<\/label><\/figcaption><\/figure>\n<p>Routes secondaires<\/p>\n<ul>\n<li>Route 335<\/li>\n<li>Route 344<\/li>\n<\/ul>\n<p><strong>Municipalit\u00e9s<\/strong><\/p>\n<p>La municipalit\u00e9 r\u00e9gionale de comt\u00e9 compte sept villes.<\/p>\n<div class=\"boxscrl\">\n<table width=\"419\">\n<tbody>\n<tr>\n<td rowspan=\"2\" width=\"163\">Nom<\/td>\n<td rowspan=\"2\" width=\"37\">Type<\/td>\n<td width=\"75\">Population<\/td>\n<td width=\"70\">Superficie<\/td>\n<td width=\"74\">Densit\u00e9<\/td>\n<\/tr>\n<tr>\n<td width=\"75\">2018<\/td>\n<td width=\"70\">(km<sup>2<\/sup>)<\/td>\n<td width=\"74\">(hab.\/km<sup>2<\/sup>)<\/td>\n<\/tr>\n<tr>\n<td colspan=\"5\" width=\"419\">Municipalit\u00e9s locales<\/td>\n<\/tr>\n<tr>\n<td>Blainville<\/td>\n<td width=\"37\">Ville<\/td>\n<td width=\"75\">59\u00a0104<\/td>\n<td width=\"70\">55,5<\/td>\n<td width=\"74\">1\u00a0065<\/td>\n<\/tr>\n<tr>\n<td>Boisbriand<\/td>\n<td width=\"37\">Ville<\/td>\n<td width=\"75\">26\u00a0981<\/td>\n<td width=\"70\">29,5<\/td>\n<td width=\"74\">915<\/td>\n<\/tr>\n<tr>\n<td>Bois-des-Filion<\/td>\n<td width=\"37\">Ville<\/td>\n<td width=\"75\">9\u00a0805<\/td>\n<td width=\"70\">4,34<\/td>\n<td width=\"74\">2\u00a0259<\/td>\n<\/tr>\n<tr>\n<td>Lorraine<\/td>\n<td width=\"37\">Ville<\/td>\n<td width=\"75\">9\u00a0462<\/td>\n<td width=\"70\">6,02<\/td>\n<td width=\"74\">1\u00a0572<\/td>\n<\/tr>\n<tr>\n<td>Rosem\u00e8re<\/td>\n<td width=\"37\">Ville<\/td>\n<td width=\"75\">13\u00a0986<\/td>\n<td width=\"70\">12,18<\/td>\n<td width=\"74\">1\u00a0048<\/td>\n<\/tr>\n<tr>\n<td>Sainte-Anne-des-Plaines<\/td>\n<td width=\"37\">Ville<\/td>\n<td width=\"75\">15\u00a0052<\/td>\n<td width=\"70\">94,32<\/td>\n<td width=\"74\">159,6<\/td>\n<\/tr>\n<tr>\n<td>Sainte-Th\u00e9r\u00e8se<\/td>\n<td width=\"37\">Ville<\/td>\n<td width=\"75\">26\u00a0363<\/td>\n<td width=\"70\">9,4<\/td>\n<td width=\"74\">2\u00a0816<\/td>\n<\/tr>\n<tr>\n<td colspan=\"2\" width=\"200\">Total<\/td>\n<td width=\"75\">160\u00a0979<\/td>\n<td width=\"70\">211,65<\/td>\n<td width=\"74\">760,6<\/td>\n<\/tr>\n<\/tbody>\n<\/table>\n<\/div>\n","protected":false},"excerpt":{"rendered":"<p>Th\u00e9r\u00e8se-De Blainville est une municipalit\u00e9 r\u00e9gionale de comt\u00e9 (MRC) du Qu\u00e9bec (Canada) situ\u00e9e dans la r\u00e9gion des Laurentides. Elle s&#8217;\u00e9tend sur 203 km\u00b2, sa p &#8230;<\/p>\n","protected":false},"author":1,"featured_media":27411,"template":"","categoria_ficha":[1925],"class_list":["post-27410","ficha","type-ficha","status-publish","has-post-thumbnail","hentry","categoria_ficha-cartes-des-laurentides"],"acf":[],"_links":{"self":[{"href":"https:\/\/gifex.com\/fr\/wp-json\/wp\/v2\/ficha\/27410","targetHints":{"allow":["GET"]}}],"collection":[{"href":"https:\/\/gifex.com\/fr\/wp-json\/wp\/v2\/ficha"}],"about":[{"href":"https:\/\/gifex.com\/fr\/wp-json\/wp\/v2\/types\/ficha"}],"author":[{"embeddable":true,"href":"https:\/\/gifex.com\/fr\/wp-json\/wp\/v2\/users\/1"}],"version-history":[{"count":5,"href":"https:\/\/gifex.com\/fr\/wp-json\/wp\/v2\/ficha\/27410\/revisions"}],"predecessor-version":[{"id":35920,"href":"https:\/\/gifex.com\/fr\/wp-json\/wp\/v2\/ficha\/27410\/revisions\/35920"}],"wp:featuredmedia":[{"embeddable":true,"href":"https:\/\/gifex.com\/fr\/wp-json\/wp\/v2\/media\/27411"}],"wp:attachment":[{"href":"https:\/\/gifex.com\/fr\/wp-json\/wp\/v2\/media?parent=27410"}],"wp:term":[{"taxonomy":"categoria_ficha","embeddable":true,"href":"https:\/\/gifex.com\/fr\/wp-json\/wp\/v2\/categoria_ficha?post=27410"}],"curies":[{"name":"wp","href":"https:\/\/api.w.org\/{rel}","templated":true}]}}