{"id":27395,"date":"2022-12-12T22:18:55","date_gmt":"2022-12-12T22:18:55","guid":{"rendered":"https:\/\/gifex.com\/fr\/?post_type=ficha&#038;p=27395"},"modified":"2023-03-24T12:43:33","modified_gmt":"2023-03-24T12:43:33","slug":"carte-de-la-mrc-des-pays-d-en-haut","status":"publish","type":"ficha","link":"https:\/\/gifex.com\/fr\/fichier\/carte-de-la-mrc-des-pays-d-en-haut\/","title":{"rendered":"Carte de la MRC des Pays-d&#8217;en-Haut"},"content":{"rendered":"<p style=\"text-align: center;\"><label style=\"font-size: 15px;\">Carte de la municipalit\u00e9 r\u00e9gionale de comt\u00e9 (MRC) des Pays-d&#8217;en-Haut.<\/label><\/p>\n<p>Les Pays-d&#8217;en-Haut est une municipalit\u00e9 r\u00e9gionale de comt\u00e9 (MRC) du Qu\u00e9bec (Canada) dans la r\u00e9gion des Laurentides. Son chef-lieu est Sainte-Ad\u00e8le. La population au recensement canadien de 2016 \u00e9tait de 41 877 habitants.<\/p>\n<figure id=\"attachment_27397\" aria-describedby=\"caption-attachment-27397\" style=\"width: 360px\" class=\"wp-caption alignright\"><a href=\"https:\/\/gifex.com\/fr\/wp-content\/uploads\/27395\/Carte-de-Sainte-Adele.png\" target=\"_blank\" rel=\"noopener\"><img fetchpriority=\"high\" decoding=\"async\" class=\"wp-image-27397\" title=\"Carte de Sainte-Ad\u00e8le.\" src=\"https:\/\/gifex.com\/fr\/wp-content\/uploads\/27395\/Carte-de-Sainte-Adele-300x214.png\" alt=\"Carte de Sainte-Ad\u00e8le.\" width=\"360\" height=\"257\" srcset=\"https:\/\/gifex.com\/fr\/wp-content\/uploads\/27395\/Carte-de-Sainte-Adele-300x214.png 300w, https:\/\/gifex.com\/fr\/wp-content\/uploads\/27395\/Carte-de-Sainte-Adele-768x548.png 768w, https:\/\/gifex.com\/fr\/wp-content\/uploads\/27395\/Carte-de-Sainte-Adele.png 777w\" sizes=\"(max-width: 360px) 100vw, 360px\" \/><\/a><figcaption id=\"caption-attachment-27397\" class=\"wp-caption-text\"><label style=\"font-size: 15px;\">Carte de Sainte-Ad\u00e8le, chef-lieu de la municipalit\u00e9 r\u00e9gionale de comt\u00e9 (MRC) des Pays-d&#8217;en-Haut.<\/label><\/figcaption><\/figure>\n<p><strong> Routes d&#8217;acc\u00e8s de la MRC des Pays-d&#8217;en-Haut<\/strong><\/p>\n<p>Routes num\u00e9rot\u00e9es qui traversent la municipalit\u00e9 r\u00e9gionale de comt\u00e9 (MRC), y compris les routes externes qui commencent ou se terminent \u00e0 la fronti\u00e8re du comt\u00e9\u00a0:<\/p>\n<p>Autoroutes<\/p>\n<ul>\n<li>A-15<\/li>\n<\/ul>\n<p>Routes principales<\/p>\n<ul>\n<li>Route 117<\/li>\n<\/ul>\n<p>Routes secondaires<\/p>\n<ul>\n<li>Route 329<\/li>\n<li>Route 364<\/li>\n<li>Route 370<\/li>\n<\/ul>\n<figure id=\"attachment_27399\" aria-describedby=\"caption-attachment-27399\" style=\"width: 360px\" class=\"wp-caption alignright\"><a href=\"https:\/\/gifex.com\/fr\/wp-content\/uploads\/27395\/Carte-du-territoire-et-limites-de-la-MRC-des-Pays-d-en-Haut.jpg\" target=\"_blank\" rel=\"noopener\"><img decoding=\"async\" class=\"wp-image-27399\" title=\"Carte du territoire et limites de la MRC des Pays-d'en-Haut.\" src=\"https:\/\/gifex.com\/fr\/wp-content\/uploads\/27395\/Carte-du-territoire-et-limites-de-la-MRC-des-Pays-d-en-Haut-239x300.jpg\" alt=\"Carte du territoire et limites de la MRC des Pays-d'en-Haut.\" width=\"360\" height=\"452\" srcset=\"https:\/\/gifex.com\/fr\/wp-content\/uploads\/27395\/Carte-du-territoire-et-limites-de-la-MRC-des-Pays-d-en-Haut-239x300.jpg 239w, https:\/\/gifex.com\/fr\/wp-content\/uploads\/27395\/Carte-du-territoire-et-limites-de-la-MRC-des-Pays-d-en-Haut-816x1024.jpg 816w, https:\/\/gifex.com\/fr\/wp-content\/uploads\/27395\/Carte-du-territoire-et-limites-de-la-MRC-des-Pays-d-en-Haut-768x964.jpg 768w, https:\/\/gifex.com\/fr\/wp-content\/uploads\/27395\/Carte-du-territoire-et-limites-de-la-MRC-des-Pays-d-en-Haut-1223x1536.jpg 1223w, https:\/\/gifex.com\/fr\/wp-content\/uploads\/27395\/Carte-du-territoire-et-limites-de-la-MRC-des-Pays-d-en-Haut-1631x2048.jpg 1631w, https:\/\/gifex.com\/fr\/wp-content\/uploads\/27395\/Carte-du-territoire-et-limites-de-la-MRC-des-Pays-d-en-Haut-300x377.jpg 300w, https:\/\/gifex.com\/fr\/wp-content\/uploads\/27395\/Carte-du-territoire-et-limites-de-la-MRC-des-Pays-d-en-Haut-1274x1600.jpg 1274w\" sizes=\"(max-width: 360px) 100vw, 360px\" \/><\/a><figcaption id=\"caption-attachment-27399\" class=\"wp-caption-text\"><label style=\"font-size: 15px;\">Carte du territoire et limites de la MRC des Pays-d&#8217;en-Haut.<\/label><\/figcaption><\/figure>\n<p><strong>Municipalit\u00e9s de la MRC des Pays-d&#8217;en-Haut<\/strong><\/p>\n<p>Villes<\/p>\n<ul>\n<li>Est\u00e9rel<\/li>\n<li>Sainte-Ad\u00e8le<\/li>\n<li>Sainte-Marguerite-du-Lac-Masson<\/li>\n<li>Saint-Sauveur<\/li>\n<\/ul>\n<p>Municipalit\u00e9s<\/p>\n<ul>\n<li>Lac-des-Seize-\u00celes<\/li>\n<li>Morin-Heights<\/li>\n<li>Piedmont<\/li>\n<li>Saint-Adolphe-d&#8217;Howard<\/li>\n<li>Wentworth-Nord<\/li>\n<\/ul>\n<p>Municipalit\u00e9 de paroisse<\/p>\n<ul>\n<li>Sainte-Anne-des-Lacs<\/li>\n<\/ul>\n","protected":false},"excerpt":{"rendered":"<p>Les Pays-d&#8217;en-Haut est une municipalit\u00e9 r\u00e9gionale de comt\u00e9 (MRC) du Qu\u00e9bec (Canada) dans la r\u00e9gion des Laurentides. Son chef-lieu est Sainte-Ad\u00e8le. La popul &#8230;<\/p>\n","protected":false},"author":1,"featured_media":27396,"template":"","categoria_ficha":[1925],"class_list":["post-27395","ficha","type-ficha","status-publish","has-post-thumbnail","hentry","categoria_ficha-cartes-des-laurentides"],"acf":[],"_links":{"self":[{"href":"https:\/\/gifex.com\/fr\/wp-json\/wp\/v2\/ficha\/27395","targetHints":{"allow":["GET"]}}],"collection":[{"href":"https:\/\/gifex.com\/fr\/wp-json\/wp\/v2\/ficha"}],"about":[{"href":"https:\/\/gifex.com\/fr\/wp-json\/wp\/v2\/types\/ficha"}],"author":[{"embeddable":true,"href":"https:\/\/gifex.com\/fr\/wp-json\/wp\/v2\/users\/1"}],"version-history":[{"count":8,"href":"https:\/\/gifex.com\/fr\/wp-json\/wp\/v2\/ficha\/27395\/revisions"}],"predecessor-version":[{"id":35922,"href":"https:\/\/gifex.com\/fr\/wp-json\/wp\/v2\/ficha\/27395\/revisions\/35922"}],"wp:featuredmedia":[{"embeddable":true,"href":"https:\/\/gifex.com\/fr\/wp-json\/wp\/v2\/media\/27396"}],"wp:attachment":[{"href":"https:\/\/gifex.com\/fr\/wp-json\/wp\/v2\/media?parent=27395"}],"wp:term":[{"taxonomy":"categoria_ficha","embeddable":true,"href":"https:\/\/gifex.com\/fr\/wp-json\/wp\/v2\/categoria_ficha?post=27395"}],"curies":[{"name":"wp","href":"https:\/\/api.w.org\/{rel}","templated":true}]}}