{"id":27389,"date":"2022-12-12T21:55:38","date_gmt":"2022-12-12T21:55:38","guid":{"rendered":"https:\/\/gifex.com\/fr\/?post_type=ficha&#038;p=27389"},"modified":"2023-03-24T12:43:40","modified_gmt":"2023-03-24T12:43:40","slug":"carte-de-la-mrc-des-laurentides","status":"publish","type":"ficha","link":"https:\/\/gifex.com\/fr\/fichier\/carte-de-la-mrc-des-laurentides\/","title":{"rendered":"Carte de la MRC des Laurentides"},"content":{"rendered":"<p style=\"text-align: center;\"><label style=\"font-size: 15px;\">Carte de la municipalit\u00e9 r\u00e9gionale de comt\u00e9 (MRC) des Laurentides.<\/label><\/p>\n<p>Les Laurentides est une des municipalit\u00e9s r\u00e9gionales de comt\u00e9 (MRC) de la r\u00e9gion des Laurentides au Qu\u00e9bec (Canada). Son chef-lieu est Mont-Blanc. La population \u00e9tait de 50 777 au recensement canadien de 2021.<\/p>\n<figure id=\"attachment_27392\" aria-describedby=\"caption-attachment-27392\" style=\"width: 360px\" class=\"wp-caption alignright\"><a href=\"https:\/\/gifex.com\/fr\/wp-content\/uploads\/27389\/Carte-de-Mont-Blanc-Quebec.png\" target=\"_blank\" rel=\"noopener\"><img fetchpriority=\"high\" decoding=\"async\" class=\"wp-image-27392\" title=\"Carte de Mont-Blanc, Qu\u00e9bec.\" src=\"https:\/\/gifex.com\/fr\/wp-content\/uploads\/27389\/Carte-de-Mont-Blanc-Quebec-255x300.png\" alt=\"Carte de Mont-Blanc, Qu\u00e9bec.\" width=\"360\" height=\"423\" srcset=\"https:\/\/gifex.com\/fr\/wp-content\/uploads\/27389\/Carte-de-Mont-Blanc-Quebec-255x300.png 255w, https:\/\/gifex.com\/fr\/wp-content\/uploads\/27389\/Carte-de-Mont-Blanc-Quebec-300x353.png 300w, https:\/\/gifex.com\/fr\/wp-content\/uploads\/27389\/Carte-de-Mont-Blanc-Quebec.png 364w\" sizes=\"(max-width: 360px) 100vw, 360px\" \/><\/a><figcaption id=\"caption-attachment-27392\" class=\"wp-caption-text\"><label style=\"font-size: 15px;\">Carte de Mont-Blanc, chef-lieu de la municipalit\u00e9 r\u00e9gionale de comt\u00e9 (MRC) des Laurentides.<\/label><\/figcaption><\/figure>\n<p><strong>G\u00e9ographie<\/strong><\/p>\n<p>Cette MRC est situ\u00e9e dans le massif des Laurentides, entre les MRC d&#8217;Antoine-Labelle au nord-ouest, de la Matawinie (r\u00e9gion de Lanaudi\u00e8re) au nord-est, des Pays-d&#8217;en-Haut au sud-est, d&#8217;Argenteuil au sud et de Papineau (r\u00e9gion de l&#8217;Outaouais) au sud-ouest. Les plus hauts sommets sur son territoire sont le mont Tremblant (932 m), la montagne du Gorille (515 m) et la montagne du Caribou (440 m).<\/p>\n<p><strong> Routes d&#8217;acc\u00e8s de la MRC des Laurentides<\/strong><\/p>\n<p>Routes num\u00e9rot\u00e9es qui traversent la municipalit\u00e9 r\u00e9gionale de comt\u00e9 (MRC), y compris les routes externes qui commencent ou se terminent \u00e0 la fronti\u00e8re du comt\u00e9\u00a0:<\/p>\n<p>Autoroutes<\/p>\n<ul>\n<li>A-15<\/li>\n<\/ul>\n<p>Routes principales<\/p>\n<ul>\n<li>Route 117<\/li>\n<\/ul>\n<p>Routes secondaires<\/p>\n<ul>\n<li>Route 323<\/li>\n<li>Route 327<\/li>\n<li>Route 329<\/li>\n<li>Route 364<\/li>\n<\/ul>\n<p><strong>Collectivit\u00e9s locales<\/strong><\/p>\n<p>La MRC compte vingt municipalit\u00e9s et la r\u00e9serve indienne de Doncaster.<\/p>\n<div class=\"boxscrl\">\n<table width=\"680\">\n<tbody>\n<tr>\n<td rowspan=\"2\" width=\"191\">Nom<\/td>\n<td rowspan=\"2\" width=\"117\">D\u00e9signation<\/td>\n<td width=\"74\">Sup. totale<\/td>\n<td width=\"60\">Sup. eau<\/td>\n<td rowspan=\"2\" width=\"68\">Sup. terre km<sup>2<\/sup><\/td>\n<td rowspan=\"2\" width=\"106\">Population 2021<\/td>\n<td width=\"64\">Densit\u00e9<\/td>\n<\/tr>\n<tr>\n<td width=\"74\">km<sup>2<\/sup><\/td>\n<td width=\"60\">km<sup>2<\/sup><\/td>\n<td width=\"64\">hab.\/km<sup>2<\/sup><\/td>\n<\/tr>\n<tr>\n<td>Val-Morin<\/td>\n<td width=\"117\">Municipalit\u00e9<\/td>\n<td width=\"74\">41,0<\/td>\n<td width=\"60\">1,6<\/td>\n<td width=\"68\">39,4<\/td>\n<td width=\"106\">3\u00a0123<\/td>\n<td width=\"64\">76,17<\/td>\n<\/tr>\n<tr>\n<td>Val-David<\/td>\n<td width=\"117\">Village<\/td>\n<td width=\"74\">43,9<\/td>\n<td width=\"60\">1,1<\/td>\n<td width=\"68\">42,8<\/td>\n<td width=\"106\">5\u00a0558<\/td>\n<td width=\"64\">126,61<\/td>\n<\/tr>\n<tr>\n<td>Lantier<\/td>\n<td width=\"117\">Municipalit\u00e9<\/td>\n<td width=\"74\">48,8<\/td>\n<td width=\"60\">5,8<\/td>\n<td width=\"68\">43,0<\/td>\n<td width=\"106\">891<\/td>\n<td width=\"64\">76,17<\/td>\n<\/tr>\n<tr>\n<td>Sainte-Lucie-des-Laurentides<\/td>\n<td width=\"117\">Municipalit\u00e9<\/td>\n<td width=\"74\">117,2<\/td>\n<td width=\"60\">2,8<\/td>\n<td width=\"68\">114,4<\/td>\n<td width=\"106\">1\u00a0445<\/td>\n<td width=\"64\">12,33<\/td>\n<\/tr>\n<tr>\n<td>Sainte-Agathe-des-Monts<\/td>\n<td width=\"117\">Ville<\/td>\n<td width=\"74\">140,9<\/td>\n<td width=\"60\">12,1<\/td>\n<td width=\"68\">128,8<\/td>\n<td width=\"106\">11\u00a0211<\/td>\n<td width=\"64\">79,57<\/td>\n<\/tr>\n<tr>\n<td>Ivry-sur-le-Lac<\/td>\n<td width=\"117\">Municipalit\u00e9<\/td>\n<td width=\"74\">34,7<\/td>\n<td width=\"60\">4,1<\/td>\n<td width=\"68\">30,6<\/td>\n<td width=\"106\">391<\/td>\n<td width=\"64\">11,27<\/td>\n<\/tr>\n<tr>\n<td>Mont-Blanc<\/td>\n<td width=\"117\">Municipalit\u00e9<\/td>\n<td width=\"74\">129,3<\/td>\n<td width=\"60\">8,0<\/td>\n<td width=\"68\">121,3<\/td>\n<td width=\"106\">3\u00a0780<\/td>\n<td width=\"64\">29,23<\/td>\n<\/tr>\n<tr>\n<td>Barkmere<\/td>\n<td width=\"117\">Ville<\/td>\n<td width=\"74\">23,7<\/td>\n<td width=\"60\">4,8<\/td>\n<td width=\"68\">18,9<\/td>\n<td width=\"106\">81<\/td>\n<td width=\"64\">3,42<\/td>\n<\/tr>\n<tr>\n<td>Montcalm<\/td>\n<td width=\"117\">Municipalit\u00e9<\/td>\n<td width=\"74\">129,3<\/td>\n<td width=\"60\">12,1<\/td>\n<td width=\"68\">117,2<\/td>\n<td width=\"106\">632<\/td>\n<td width=\"64\">4,89<\/td>\n<\/tr>\n<tr>\n<td>Arundel<\/td>\n<td width=\"117\">Canton<\/td>\n<td width=\"74\">66,9<\/td>\n<td width=\"60\">1,8<\/td>\n<td width=\"68\">65,1<\/td>\n<td width=\"106\">578<\/td>\n<td width=\"64\">8,64<\/td>\n<\/tr>\n<tr>\n<td>Huberdeau<\/td>\n<td width=\"117\">Municipalit\u00e9<\/td>\n<td width=\"74\">59,5<\/td>\n<td width=\"60\">2,8<\/td>\n<td width=\"68\">56,7<\/td>\n<td width=\"106\">868<\/td>\n<td width=\"64\">14,59<\/td>\n<\/tr>\n<tr>\n<td>Amherst<\/td>\n<td width=\"117\">Canton<\/td>\n<td width=\"74\">249,4<\/td>\n<td width=\"60\">18,2<\/td>\n<td width=\"68\">231,2<\/td>\n<td width=\"106\">1\u00a0728<\/td>\n<td width=\"64\">6,93<\/td>\n<\/tr>\n<tr>\n<td>Br\u00e9beuf<\/td>\n<td width=\"117\">Paroisse<\/td>\n<td width=\"74\">37,6<\/td>\n<td width=\"60\">1,4<\/td>\n<td width=\"68\">36,2<\/td>\n<td width=\"106\">1\u00a0009<\/td>\n<td width=\"64\">26,84<\/td>\n<\/tr>\n<tr>\n<td>Lac-Sup\u00e9rieur<\/td>\n<td width=\"117\">Municipalit\u00e9<\/td>\n<td width=\"74\">385,5<\/td>\n<td width=\"60\">15,5<\/td>\n<td width=\"68\">370,0<\/td>\n<td width=\"106\">1\u00a0972<\/td>\n<td width=\"64\">5,12<\/td>\n<\/tr>\n<tr>\n<td>Val-des-Lacs<\/td>\n<td width=\"117\">Municipalit\u00e9<\/td>\n<td width=\"74\">131,6<\/td>\n<td width=\"60\">6,2<\/td>\n<td width=\"68\">125,4<\/td>\n<td width=\"106\">750<\/td>\n<td width=\"64\">5,7<\/td>\n<\/tr>\n<tr>\n<td>Mont-Tremblant<\/td>\n<td width=\"117\">Ville<\/td>\n<td width=\"74\">248,1<\/td>\n<td width=\"60\">13,7<\/td>\n<td width=\"68\">234,4<\/td>\n<td width=\"106\">10\u00a0992<\/td>\n<td width=\"64\">44,3<\/td>\n<\/tr>\n<tr>\n<td>La Conception<\/td>\n<td width=\"117\">Municipalit\u00e9<\/td>\n<td width=\"74\">140,5<\/td>\n<td width=\"60\">11,1<\/td>\n<td width=\"68\">129,4<\/td>\n<td width=\"106\">1\u00a0527<\/td>\n<td width=\"64\">10,87<\/td>\n<\/tr>\n<tr>\n<td>Labelle<\/td>\n<td width=\"117\">Municipalit\u00e9<\/td>\n<td width=\"74\">215,3<\/td>\n<td width=\"60\">16,5<\/td>\n<td width=\"68\">198,8<\/td>\n<td width=\"106\">2\u00a0765<\/td>\n<td width=\"64\">12,78<\/td>\n<\/tr>\n<tr>\n<td>Lac-Tremblant-Nord<\/td>\n<td width=\"117\">Municipalit\u00e9<\/td>\n<td width=\"74\">27,4<\/td>\n<td width=\"60\">6,6<\/td>\n<td width=\"68\">20,8<\/td>\n<td width=\"106\">60<\/td>\n<td width=\"64\">2,19<\/td>\n<\/tr>\n<tr>\n<td>La Minerve<\/td>\n<td width=\"117\">Municipalit\u00e9<\/td>\n<td width=\"74\">328,1<\/td>\n<td width=\"60\">50,1<\/td>\n<td width=\"68\">278,0<\/td>\n<td width=\"106\">3\u00a0123<\/td>\n<td width=\"64\">76,17<\/td>\n<\/tr>\n<tr>\n<td>Doncaster<\/td>\n<td width=\"117\">R\u00e9serve indienne<\/td>\n<td width=\"74\">76,1<\/td>\n<td width=\"60\">.<\/td>\n<td width=\"68\">.<\/td>\n<td width=\"106\">.<\/td>\n<td width=\"64\">.<\/td>\n<\/tr>\n<tr>\n<td width=\"191\">Les Laurentides<\/td>\n<td width=\"117\">MRC<\/td>\n<td width=\"74\">2\u00a0599,7<\/td>\n<td width=\"60\">121,0<\/td>\n<td width=\"68\">2\u00a0478,7<\/td>\n<td width=\"106\">50\u00a0777<\/td>\n<td width=\"64\">19,53<\/td>\n<\/tr>\n<\/tbody>\n<\/table>\n<\/div>\n<p>&nbsp;<\/p>\n<figure id=\"attachment_27393\" aria-describedby=\"caption-attachment-27393\" style=\"width: 360px\" class=\"wp-caption aligncenter\"><a href=\"https:\/\/gifex.com\/fr\/wp-content\/uploads\/27389\/Carte-du-territoire-et-limites-de-la-MRC-des-Laurentides.jpg\" target=\"_blank\" rel=\"noopener\"><img decoding=\"async\" class=\"wp-image-27393\" title=\"Carte du territoire et limites de la MRC des Laurentides.\" src=\"https:\/\/gifex.com\/fr\/wp-content\/uploads\/27389\/Carte-du-territoire-et-limites-de-la-MRC-des-Laurentides-227x300.jpg\" alt=\"Carte du territoire et limites de la MRC des Laurentides.\" width=\"360\" height=\"475\" srcset=\"https:\/\/gifex.com\/fr\/wp-content\/uploads\/27389\/Carte-du-territoire-et-limites-de-la-MRC-des-Laurentides-227x300.jpg 227w, https:\/\/gifex.com\/fr\/wp-content\/uploads\/27389\/Carte-du-territoire-et-limites-de-la-MRC-des-Laurentides-776x1024.jpg 776w, https:\/\/gifex.com\/fr\/wp-content\/uploads\/27389\/Carte-du-territoire-et-limites-de-la-MRC-des-Laurentides-768x1014.jpg 768w, https:\/\/gifex.com\/fr\/wp-content\/uploads\/27389\/Carte-du-territoire-et-limites-de-la-MRC-des-Laurentides-1164x1536.jpg 1164w, https:\/\/gifex.com\/fr\/wp-content\/uploads\/27389\/Carte-du-territoire-et-limites-de-la-MRC-des-Laurentides-1552x2048.jpg 1552w, https:\/\/gifex.com\/fr\/wp-content\/uploads\/27389\/Carte-du-territoire-et-limites-de-la-MRC-des-Laurentides-300x396.jpg 300w, https:\/\/gifex.com\/fr\/wp-content\/uploads\/27389\/Carte-du-territoire-et-limites-de-la-MRC-des-Laurentides-1212x1600.jpg 1212w\" sizes=\"(max-width: 360px) 100vw, 360px\" \/><\/a><figcaption id=\"caption-attachment-27393\" class=\"wp-caption-text\"><label style=\"font-size: 15px;\">Carte du territoire et limites de la MRC des Laurentides.<\/label><\/figcaption><\/figure>\n","protected":false},"excerpt":{"rendered":"<p>Les Laurentides est une des municipalit\u00e9s r\u00e9gionales de comt\u00e9 (MRC) de la r\u00e9gion des Laurentides au Qu\u00e9bec (Canada). Son chef-lieu est Mont-Blanc. La population<\/p>\n","protected":false},"author":1,"featured_media":27390,"template":"","categoria_ficha":[1925],"class_list":["post-27389","ficha","type-ficha","status-publish","has-post-thumbnail","hentry","categoria_ficha-cartes-des-laurentides"],"acf":[],"_links":{"self":[{"href":"https:\/\/gifex.com\/fr\/wp-json\/wp\/v2\/ficha\/27389","targetHints":{"allow":["GET"]}}],"collection":[{"href":"https:\/\/gifex.com\/fr\/wp-json\/wp\/v2\/ficha"}],"about":[{"href":"https:\/\/gifex.com\/fr\/wp-json\/wp\/v2\/types\/ficha"}],"author":[{"embeddable":true,"href":"https:\/\/gifex.com\/fr\/wp-json\/wp\/v2\/users\/1"}],"version-history":[{"count":5,"href":"https:\/\/gifex.com\/fr\/wp-json\/wp\/v2\/ficha\/27389\/revisions"}],"predecessor-version":[{"id":55518,"href":"https:\/\/gifex.com\/fr\/wp-json\/wp\/v2\/ficha\/27389\/revisions\/55518"}],"wp:featuredmedia":[{"embeddable":true,"href":"https:\/\/gifex.com\/fr\/wp-json\/wp\/v2\/media\/27390"}],"wp:attachment":[{"href":"https:\/\/gifex.com\/fr\/wp-json\/wp\/v2\/media?parent=27389"}],"wp:term":[{"taxonomy":"categoria_ficha","embeddable":true,"href":"https:\/\/gifex.com\/fr\/wp-json\/wp\/v2\/categoria_ficha?post=27389"}],"curies":[{"name":"wp","href":"https:\/\/api.w.org\/{rel}","templated":true}]}}