{"id":27383,"date":"2022-12-12T21:21:35","date_gmt":"2022-12-12T21:21:35","guid":{"rendered":"https:\/\/gifex.com\/fr\/?post_type=ficha&#038;p=27383"},"modified":"2023-03-24T12:43:47","modified_gmt":"2023-03-24T12:43:47","slug":"carte-de-la-mrc-de-la-riviere-du-nord","status":"publish","type":"ficha","link":"https:\/\/gifex.com\/fr\/fichier\/carte-de-la-mrc-de-la-riviere-du-nord\/","title":{"rendered":"Carte de la MRC de la Rivi\u00e8re-du-Nord"},"content":{"rendered":"<p style=\"text-align: center;\"><label style=\"font-size: 15px;\">Carte de la municipalit\u00e9 r\u00e9gionale de comt\u00e9 (MRC) de la Rivi\u00e8re-du-Nord.<\/label><\/p>\n<p>La Rivi\u00e8re-du-Nord est une municipalit\u00e9 r\u00e9gionale de comt\u00e9 (MRC) du Qu\u00e9bec (Canada) dans la r\u00e9gion des Laurentides. Son chef-lieu est Saint-J\u00e9r\u00f4me. Elle porte le nom de la rivi\u00e8re qui la traverse, la Rivi\u00e8re du Nord.<\/p>\n<figure id=\"attachment_27333\" aria-describedby=\"caption-attachment-27333\" style=\"width: 360px\" class=\"wp-caption alignright\"><a href=\"https:\/\/gifex.com\/fr\/wp-content\/uploads\/27332\/Carte-de-Saint-Jerome-Quebec.png\" target=\"_blank\" rel=\"noopener\"><img fetchpriority=\"high\" decoding=\"async\" class=\"wp-image-27333\" title=\"Carte de Saint-J\u00e9r\u00f4me, Qu\u00e9bec.\" src=\"https:\/\/gifex.com\/fr\/wp-content\/uploads\/27332\/Carte-de-Saint-Jerome-Quebec-300x294.png\" alt=\"Carte de Saint-J\u00e9r\u00f4me, Qu\u00e9bec.\" width=\"360\" height=\"352\" srcset=\"https:\/\/gifex.com\/fr\/wp-content\/uploads\/27332\/Carte-de-Saint-Jerome-Quebec-300x294.png 300w, https:\/\/gifex.com\/fr\/wp-content\/uploads\/27332\/Carte-de-Saint-Jerome-Quebec.png 566w\" sizes=\"(max-width: 360px) 100vw, 360px\" \/><\/a><figcaption id=\"caption-attachment-27333\" class=\"wp-caption-text\"><label style=\"font-size: 15px;\">Carte de Saint-J\u00e9r\u00f4me, chef-lieu de la municipalit\u00e9 r\u00e9gionale de comt\u00e9 (MRC) de la Rivi\u00e8re-du-Nord.<\/label><\/figcaption><\/figure>\n<p>Sa population au recensement canadien de 2016 \u00e9tait de 128\u00a0170.<\/p>\n<p><strong> Routes d&#8217;acc\u00e8s de la MRC de la Rivi\u00e8re-du-Nord<\/strong><\/p>\n<p>Routes num\u00e9rot\u00e9es qui traversent la municipalit\u00e9 r\u00e9gionale de comt\u00e9 (MRC), y compris les routes externes qui commencent ou se terminent \u00e0 la fronti\u00e8re du comt\u00e9\u00a0:<\/p>\n<p>Autoroutes<\/p>\n<ul>\n<li>A-15<\/li>\n<\/ul>\n<p>Routes principales<\/p>\n<ul>\n<li>Route 117<\/li>\n<li>Route 158<\/li>\n<\/ul>\n<p>Routes secondaires<\/p>\n<ul>\n<li>Route 333<\/li>\n<\/ul>\n<p><strong>Municipalit\u00e9s<\/strong><\/p>\n<div class=\"boxscrl\">\n<table width=\"410\">\n<tbody>\n<tr>\n<td rowspan=\"2\" width=\"106\">Nom<\/td>\n<td rowspan=\"2\" width=\"85\">Type<\/td>\n<td width=\"75\">Population<\/td>\n<td width=\"70\">Superficie<\/td>\n<td width=\"74\">Densit\u00e9<\/td>\n<\/tr>\n<tr>\n<td width=\"75\">2016<\/td>\n<td width=\"70\">(km<sup>2<\/sup>)<\/td>\n<td width=\"74\">(hab.\/km<sup>2<\/sup>)<\/td>\n<\/tr>\n<tr>\n<td>Pr\u00e9vost<\/td>\n<td>Ville<\/td>\n<td width=\"75\">12\u00a0171<\/td>\n<td width=\"70\">35,05<\/td>\n<td width=\"74\">347,2<\/td>\n<\/tr>\n<tr>\n<td>Saint-Colomban<\/td>\n<td>Ville<\/td>\n<td width=\"75\">13\u00a0080<\/td>\n<td width=\"70\">93,56<\/td>\n<td width=\"74\">139,8<\/td>\n<\/tr>\n<tr>\n<td>Saint-Hippolyte<\/td>\n<td>Municipalit\u00e9<\/td>\n<td width=\"75\">8\u00a0083<\/td>\n<td width=\"70\">120,65<\/td>\n<td width=\"74\">67,0<\/td>\n<\/tr>\n<tr>\n<td>Saint-J\u00e9r\u00f4me<\/td>\n<td>Ville<\/td>\n<td width=\"75\">68\u00a0456<\/td>\n<td width=\"70\">90,52<\/td>\n<td width=\"74\">756,3<\/td>\n<\/tr>\n<tr>\n<td>Sainte-Sophie<\/td>\n<td>Municipalit\u00e9<\/td>\n<td width=\"75\">13\u00a0375<\/td>\n<td width=\"70\">111,28<\/td>\n<td width=\"74\">120,2<\/td>\n<\/tr>\n<tr>\n<td colspan=\"2\">Total<\/td>\n<td width=\"75\">115\u00a0165<\/td>\n<td width=\"70\">451,06<\/td>\n<td width=\"74\">255,32<\/td>\n<\/tr>\n<\/tbody>\n<\/table>\n<\/div>\n<p>&nbsp;<\/p>\n<figure id=\"attachment_27385\" aria-describedby=\"caption-attachment-27385\" style=\"width: 400px\" class=\"wp-caption aligncenter\"><a href=\"https:\/\/gifex.com\/fr\/wp-content\/uploads\/27383\/Carte-du-territoire-et-limites-de-la-MRC-d-Argenteuil.jpg\" target=\"_blank\" rel=\"noopener\"><img decoding=\"async\" class=\"wp-image-27385\" title=\"Carte du territoire et limites de la MRC de la Rivi\u00e8re-du-Nord.\" src=\"https:\/\/gifex.com\/fr\/wp-content\/uploads\/27383\/Carte-du-territoire-et-limites-de-la-MRC-d-Argenteuil-243x300.jpg\" alt=\"Carte du territoire et limites de la MRC de la Rivi\u00e8re-du-Nord.\" width=\"400\" height=\"495\" srcset=\"https:\/\/gifex.com\/fr\/wp-content\/uploads\/27383\/Carte-du-territoire-et-limites-de-la-MRC-d-Argenteuil-243x300.jpg 243w, https:\/\/gifex.com\/fr\/wp-content\/uploads\/27383\/Carte-du-territoire-et-limites-de-la-MRC-d-Argenteuil-828x1024.jpg 828w, https:\/\/gifex.com\/fr\/wp-content\/uploads\/27383\/Carte-du-territoire-et-limites-de-la-MRC-d-Argenteuil-768x950.jpg 768w, https:\/\/gifex.com\/fr\/wp-content\/uploads\/27383\/Carte-du-territoire-et-limites-de-la-MRC-d-Argenteuil-1242x1536.jpg 1242w, https:\/\/gifex.com\/fr\/wp-content\/uploads\/27383\/Carte-du-territoire-et-limites-de-la-MRC-d-Argenteuil-1655x2048.jpg 1655w, https:\/\/gifex.com\/fr\/wp-content\/uploads\/27383\/Carte-du-territoire-et-limites-de-la-MRC-d-Argenteuil-300x371.jpg 300w, https:\/\/gifex.com\/fr\/wp-content\/uploads\/27383\/Carte-du-territoire-et-limites-de-la-MRC-d-Argenteuil-1293x1600.jpg 1293w\" sizes=\"(max-width: 400px) 100vw, 400px\" \/><\/a><figcaption id=\"caption-attachment-27385\" class=\"wp-caption-text\"><label style=\"font-size: 15px;\">Carte du territoire et limites de la MRC de la Rivi\u00e8re-du-Nord.<\/label><\/figcaption><\/figure>\n","protected":false},"excerpt":{"rendered":"<p>La Rivi\u00e8re-du-Nord est une municipalit\u00e9 r\u00e9gionale de comt\u00e9 (MRC) du Qu\u00e9bec (Canada) dans la r\u00e9gion des Laurentides. Son chef-lieu est Saint-J\u00e9r\u00f4me. <\/p>\n","protected":false},"author":1,"featured_media":27384,"template":"","categoria_ficha":[1925],"class_list":["post-27383","ficha","type-ficha","status-publish","has-post-thumbnail","hentry","categoria_ficha-cartes-des-laurentides"],"acf":[],"_links":{"self":[{"href":"https:\/\/gifex.com\/fr\/wp-json\/wp\/v2\/ficha\/27383","targetHints":{"allow":["GET"]}}],"collection":[{"href":"https:\/\/gifex.com\/fr\/wp-json\/wp\/v2\/ficha"}],"about":[{"href":"https:\/\/gifex.com\/fr\/wp-json\/wp\/v2\/types\/ficha"}],"author":[{"embeddable":true,"href":"https:\/\/gifex.com\/fr\/wp-json\/wp\/v2\/users\/1"}],"version-history":[{"count":6,"href":"https:\/\/gifex.com\/fr\/wp-json\/wp\/v2\/ficha\/27383\/revisions"}],"predecessor-version":[{"id":35924,"href":"https:\/\/gifex.com\/fr\/wp-json\/wp\/v2\/ficha\/27383\/revisions\/35924"}],"wp:featuredmedia":[{"embeddable":true,"href":"https:\/\/gifex.com\/fr\/wp-json\/wp\/v2\/media\/27384"}],"wp:attachment":[{"href":"https:\/\/gifex.com\/fr\/wp-json\/wp\/v2\/media?parent=27383"}],"wp:term":[{"taxonomy":"categoria_ficha","embeddable":true,"href":"https:\/\/gifex.com\/fr\/wp-json\/wp\/v2\/categoria_ficha?post=27383"}],"curies":[{"name":"wp","href":"https:\/\/api.w.org\/{rel}","templated":true}]}}