{"id":27369,"date":"2022-12-12T21:03:07","date_gmt":"2022-12-12T21:03:07","guid":{"rendered":"https:\/\/gifex.com\/fr\/?post_type=ficha&#038;p=27369"},"modified":"2023-03-24T12:43:54","modified_gmt":"2023-03-24T12:43:54","slug":"carte-de-la-mrc-de-deux-montagnes","status":"publish","type":"ficha","link":"https:\/\/gifex.com\/fr\/fichier\/carte-de-la-mrc-de-deux-montagnes\/","title":{"rendered":"Carte de la MRC de Deux-Montagnes"},"content":{"rendered":"<p style=\"text-align: center;\"><label style=\"font-size: 15px;\">Carte de la municipalit\u00e9 r\u00e9gionale de comt\u00e9 (MRC) de Deux-Montagnes.<\/label><\/p>\n<p>Deux-Montagnes est une municipalit\u00e9 r\u00e9gionale de comt\u00e9 (MRC) du Qu\u00e9bec (Canada) situ\u00e9e dans la r\u00e9gion administrative des Laurentides. Son chef-lieu et plus grande ville est Saint-Eustache.<\/p>\n<figure id=\"attachment_27373\" aria-describedby=\"caption-attachment-27373\" style=\"width: 360px\" class=\"wp-caption alignright\"><a href=\"https:\/\/gifex.com\/fr\/wp-content\/uploads\/27369\/Carte-routiere-de-Saint-Eustache-Quebec.jpg\" target=\"_blank\" rel=\"noopener\"><img fetchpriority=\"high\" decoding=\"async\" class=\"wp-image-27373\" title=\"Carte routi\u00e8re de Saint-Eustache, Qu\u00e9bec.\" src=\"https:\/\/gifex.com\/fr\/wp-content\/uploads\/27369\/Carte-routiere-de-Saint-Eustache-Quebec-300x223.jpg\" alt=\"Carte routi\u00e8re de Saint-Eustache, Qu\u00e9bec.\" width=\"360\" height=\"267\" srcset=\"https:\/\/gifex.com\/fr\/wp-content\/uploads\/27369\/Carte-routiere-de-Saint-Eustache-Quebec-300x223.jpg 300w, https:\/\/gifex.com\/fr\/wp-content\/uploads\/27369\/Carte-routiere-de-Saint-Eustache-Quebec.jpg 457w\" sizes=\"(max-width: 360px) 100vw, 360px\" \/><\/a><figcaption id=\"caption-attachment-27373\" class=\"wp-caption-text\"><label style=\"font-size: 15px;\">Carte routi\u00e8re de Saint-Eustache, chef-lieu de la municipalit\u00e9 r\u00e9gionale de comt\u00e9 (MRC) de Deux-Montagnes.<\/label><\/figcaption><\/figure>\n<p>La MRC a une superficie de 242,88\u00a0km\u00b2 et sa population \u00e9tait de 102\u00a0052 habitants au recensement de 2021.<\/p>\n<p><strong>G\u00e9ographie<\/strong><\/p>\n<p>La MRC de Deux-Montagnes est situ\u00e9e sur la rive gauche du lac des Deux Montagnes, entre la rivi\u00e8re des Outaouais et la rivi\u00e8re des Mille \u00celes. Elle s&#8217;ins\u00e8re entre la MRC d&#8217;Argenteuil \u00e0 l&#8217;ouest, la ville de Mirabel au nord et la MRC de Th\u00e9r\u00e8se-De Blainville au nord-est. Sur l&#8217;autre rive du lac se trouve la MRC de Vaudreuil-Soulanges dans la r\u00e9gion de la Mont\u00e9r\u00e9gie de m\u00eame que l&#8217;agglom\u00e9ration de Montr\u00e9al alors que la ville de Laval se trouve sur la rive oppos\u00e9e de la rivi\u00e8re des Mille \u00celes. La MRC de Deux-Montagnes fait partie des basses terres du Saint-Laurent.<\/p>\n<figure id=\"attachment_27375\" aria-describedby=\"caption-attachment-27375\" style=\"width: 360px\" class=\"wp-caption alignright\"><a href=\"https:\/\/gifex.com\/fr\/wp-content\/uploads\/27369\/Carte-du-territoire-et-limites-de-la-MRC-de-Deux-Montagnes.jpg\" target=\"_blank\" rel=\"noopener\"><img decoding=\"async\" class=\"wp-image-27375\" title=\"Carte du territoire et limites de la MRC de Deux-Montagnes.\" src=\"https:\/\/gifex.com\/fr\/wp-content\/uploads\/27369\/Carte-du-territoire-et-limites-de-la-MRC-de-Deux-Montagnes-241x300.jpg\" alt=\"Carte du territoire et limites de la MRC de Deux-Montagnes.\" width=\"360\" height=\"449\" srcset=\"https:\/\/gifex.com\/fr\/wp-content\/uploads\/27369\/Carte-du-territoire-et-limites-de-la-MRC-de-Deux-Montagnes-241x300.jpg 241w, https:\/\/gifex.com\/fr\/wp-content\/uploads\/27369\/Carte-du-territoire-et-limites-de-la-MRC-de-Deux-Montagnes-822x1024.jpg 822w, https:\/\/gifex.com\/fr\/wp-content\/uploads\/27369\/Carte-du-territoire-et-limites-de-la-MRC-de-Deux-Montagnes-768x957.jpg 768w, https:\/\/gifex.com\/fr\/wp-content\/uploads\/27369\/Carte-du-territoire-et-limites-de-la-MRC-de-Deux-Montagnes-1232x1536.jpg 1232w, https:\/\/gifex.com\/fr\/wp-content\/uploads\/27369\/Carte-du-territoire-et-limites-de-la-MRC-de-Deux-Montagnes-1643x2048.jpg 1643w, https:\/\/gifex.com\/fr\/wp-content\/uploads\/27369\/Carte-du-territoire-et-limites-de-la-MRC-de-Deux-Montagnes-300x374.jpg 300w, https:\/\/gifex.com\/fr\/wp-content\/uploads\/27369\/Carte-du-territoire-et-limites-de-la-MRC-de-Deux-Montagnes-1284x1600.jpg 1284w\" sizes=\"(max-width: 360px) 100vw, 360px\" \/><\/a><figcaption id=\"caption-attachment-27375\" class=\"wp-caption-text\"><label style=\"font-size: 15px;\">Carte du territoire et limites de la MRC de Deux-Montagnes.<\/label><\/figcaption><\/figure>\n<p>Les collines d&#8217;Oka ponctuent le relief de la MRC; toutefois, elles font partie des Collines mont\u00e9r\u00e9giennes.<\/p>\n<p><strong> Routes d&#8217;acc\u00e8s de la MRC de Deux-Montagnes<\/strong><\/p>\n<p>Routes num\u00e9rot\u00e9es qui traversent la municipalit\u00e9 r\u00e9gionale de comt\u00e9 (MRC), y compris les routes externes qui commencent ou se terminent \u00e0 la fronti\u00e8re du comt\u00e9\u00a0:<\/p>\n<p>Autoroutes<\/p>\n<ul>\n<li>A-640<\/li>\n<\/ul>\n<p>Routes principales<\/p>\n<ul>\n<li>Route 148<\/li>\n<\/ul>\n<p>Routes secondaires<\/p>\n<ul>\n<li>Route 344<\/li>\n<\/ul>\n<p><strong>Municipalit\u00e9s<\/strong><\/p>\n<p>La MRC est form\u00e9e de sept municipalit\u00e9s auxquelles s&#8217;ajoute la communaut\u00e9 mohawk de Kanesatake.<\/p>\n<div class=\"boxscrl\">\n<table width=\"734\">\n<tbody>\n<tr>\n<td width=\"163\">Nom<\/td>\n<td width=\"139\">D\u00e9signation<\/td>\n<td width=\"111\">Sup. totale (km<sup>2<\/sup>)<\/td>\n<td width=\"97\">Sup. eau (km<sup>2<\/sup>)<\/td>\n<td width=\"105\">Sup. terre (km<sup>2<\/sup>)<\/td>\n<td width=\"45\">Pop. 2013<\/td>\n<td width=\"74\">Densit\u00e9 (hab.\/km<sup>2<\/sup>)<\/td>\n<\/tr>\n<tr>\n<td>Saint-Eustache<\/td>\n<td width=\"139\">Ville<\/td>\n<td width=\"111\">72,6<\/td>\n<td width=\"97\">3,0<\/td>\n<td width=\"105\">69,6<\/td>\n<td width=\"45\">44\u00a0863<\/td>\n<td width=\"74\">644,6<\/td>\n<\/tr>\n<tr>\n<td>Deux-Montagnes<\/td>\n<td width=\"139\">Ville<\/td>\n<td width=\"111\">7,3<\/td>\n<td width=\"97\">1,1<\/td>\n<td width=\"105\">6,2<\/td>\n<td width=\"45\">17\u00a0706<\/td>\n<td width=\"74\">2\u00a0855,8<\/td>\n<\/tr>\n<tr>\n<td>Sainte-Marthe-sur-le-Lac<\/td>\n<td width=\"139\">Ville<\/td>\n<td width=\"111\">12,8<\/td>\n<td width=\"97\">3,5<\/td>\n<td width=\"105\">9,3<\/td>\n<td width=\"45\">16\u00a0585<\/td>\n<td width=\"74\">1\u00a0783,3<\/td>\n<\/tr>\n<tr>\n<td>Pointe-Calumet<\/td>\n<td width=\"139\">Municipalit\u00e9<\/td>\n<td width=\"111\">11,6<\/td>\n<td width=\"97\">2,3<\/td>\n<td width=\"105\">9,3<\/td>\n<td width=\"45\">6\u00a0453<\/td>\n<td width=\"74\">693,9<\/td>\n<\/tr>\n<tr>\n<td>Saint-Joseph-du-Lac<\/td>\n<td width=\"139\">Municipalit\u00e9<\/td>\n<td width=\"111\">41,8<\/td>\n<td width=\"97\">0,4<\/td>\n<td width=\"105\">41,4<\/td>\n<td width=\"45\">6\u00a0406<\/td>\n<td width=\"74\">154,7<\/td>\n<\/tr>\n<tr>\n<td>Oka<\/td>\n<td width=\"139\">Municipalit\u00e9<\/td>\n<td width=\"111\">85,9<\/td>\n<td width=\"97\">28,6<\/td>\n<td width=\"105\">57,3<\/td>\n<td width=\"45\">5\u00a0478<\/td>\n<td width=\"74\">95,6<\/td>\n<\/tr>\n<tr>\n<td>Saint-Placide<\/td>\n<td width=\"139\">Municipalit\u00e9<\/td>\n<td width=\"111\">62,1<\/td>\n<td width=\"97\">19,0<\/td>\n<td width=\"105\">43,1<\/td>\n<td width=\"45\">1\u00a0744<\/td>\n<td width=\"74\">40,5<\/td>\n<\/tr>\n<tr>\n<td>Kanesatake<\/td>\n<td width=\"139\">\u00c9tablissement indien<\/td>\n<td width=\"111\">.<\/td>\n<td width=\"97\">.<\/td>\n<td width=\"105\">11,9<\/td>\n<td width=\"45\">.<\/td>\n<td width=\"74\">.<\/td>\n<\/tr>\n<tr>\n<td width=\"163\">Deux-Montagnes<\/td>\n<td width=\"139\">MRC<\/td>\n<td width=\"111\">294,1<\/td>\n<td width=\"97\">55,0<\/td>\n<td width=\"105\">243,4<\/td>\n<td width=\"45\">99\u00a0235<\/td>\n<td width=\"74\">407,7<\/td>\n<\/tr>\n<\/tbody>\n<\/table>\n<\/div>\n","protected":false},"excerpt":{"rendered":"<p>Deux-Montagnes est une municipalit\u00e9 r\u00e9gionale de comt\u00e9 (MRC) du Qu\u00e9bec (Canada) situ&#8230;<\/p>\n","protected":false},"author":1,"featured_media":27372,"template":"","categoria_ficha":[1925],"class_list":["post-27369","ficha","type-ficha","status-publish","has-post-thumbnail","hentry","categoria_ficha-cartes-des-laurentides"],"acf":[],"_links":{"self":[{"href":"https:\/\/gifex.com\/fr\/wp-json\/wp\/v2\/ficha\/27369","targetHints":{"allow":["GET"]}}],"collection":[{"href":"https:\/\/gifex.com\/fr\/wp-json\/wp\/v2\/ficha"}],"about":[{"href":"https:\/\/gifex.com\/fr\/wp-json\/wp\/v2\/types\/ficha"}],"author":[{"embeddable":true,"href":"https:\/\/gifex.com\/fr\/wp-json\/wp\/v2\/users\/1"}],"version-history":[{"count":13,"href":"https:\/\/gifex.com\/fr\/wp-json\/wp\/v2\/ficha\/27369\/revisions"}],"predecessor-version":[{"id":35925,"href":"https:\/\/gifex.com\/fr\/wp-json\/wp\/v2\/ficha\/27369\/revisions\/35925"}],"wp:featuredmedia":[{"embeddable":true,"href":"https:\/\/gifex.com\/fr\/wp-json\/wp\/v2\/media\/27372"}],"wp:attachment":[{"href":"https:\/\/gifex.com\/fr\/wp-json\/wp\/v2\/media?parent=27369"}],"wp:term":[{"taxonomy":"categoria_ficha","embeddable":true,"href":"https:\/\/gifex.com\/fr\/wp-json\/wp\/v2\/categoria_ficha?post=27369"}],"curies":[{"name":"wp","href":"https:\/\/api.w.org\/{rel}","templated":true}]}}