{"id":27208,"date":"2022-12-10T13:27:57","date_gmt":"2022-12-10T13:27:57","guid":{"rendered":"https:\/\/gifex.com\/fr\/?post_type=ficha&#038;p=27208"},"modified":"2023-03-24T12:47:08","modified_gmt":"2023-03-24T12:47:08","slug":"carte-de-la-mrc-des-appalaches","status":"publish","type":"ficha","link":"https:\/\/gifex.com\/fr\/fichier\/carte-de-la-mrc-des-appalaches\/","title":{"rendered":"Carte de la MRC des Appalaches"},"content":{"rendered":"<p style=\"text-align: center;\"><label style=\"font-size: 15px;\">Carte de la municipalit\u00e9 r\u00e9gionale de comt\u00e9 (MRC) des Appalaches.<\/label><\/p>\n<p>Les Appalaches est une municipalit\u00e9 r\u00e9gionale de comt\u00e9 (MRC) du Qu\u00e9bec dans la r\u00e9gion de la Chaudi\u00e8re-Appalaches. Jusqu&#8217;au 15 novembre 2008, elle \u00e9tait nomm\u00e9e \u00ab MRC de l&#8217;Amiante \u00bb. Le chef-lieu et ville principale est Thetford Mines et les municipalit\u00e9s locales constituant la MRC sont souvent r\u00e9f\u00e9r\u00e9es collectivement par l&#8217;expression \u00ab R\u00e9gion de Thetford \u00bb.<\/p>\n<figure id=\"attachment_27210\" aria-describedby=\"caption-attachment-27210\" style=\"width: 360px\" class=\"wp-caption alignright\"><a href=\"https:\/\/gifex.com\/fr\/wp-content\/uploads\/27208\/Carte-de-Thetford-Mines.png\" target=\"_blank\" rel=\"noopener\"><img fetchpriority=\"high\" decoding=\"async\" class=\"wp-image-27210\" title=\"Carte de Thetford Mines.\" src=\"https:\/\/gifex.com\/fr\/wp-content\/uploads\/27208\/Carte-de-Thetford-Mines-300x234.png\" alt=\"Carte de Thetford Mines.\" width=\"360\" height=\"281\" srcset=\"https:\/\/gifex.com\/fr\/wp-content\/uploads\/27208\/Carte-de-Thetford-Mines-300x234.png 300w, https:\/\/gifex.com\/fr\/wp-content\/uploads\/27208\/Carte-de-Thetford-Mines.png 625w\" sizes=\"(max-width: 360px) 100vw, 360px\" \/><\/a><figcaption id=\"caption-attachment-27210\" class=\"wp-caption-text\"><label style=\"font-size: 15px;\">Carte de Thetford Mines, chef-lieu de la municipalit\u00e9 r\u00e9gionale de comt\u00e9 (MRC) des Appalaches.<\/label><\/figcaption><\/figure>\n<p><strong> Routes d&#8217;acc\u00e8s<\/strong><\/p>\n<p>Routes num\u00e9rot\u00e9es qui traversent la municipalit\u00e9 r\u00e9gionale de comt\u00e9 (MRC), y compris les routes externes qui commencent ou se terminent \u00e0 la fronti\u00e8re du comt\u00e9\u00a0:<\/p>\n<p>Routes principales<\/p>\n<ul>\n<li>Route 108<\/li>\n<li>Route 112<\/li>\n<li>Route 165<\/li>\n<\/ul>\n<p>Routes secondaires<\/p>\n<ul>\n<li>Route 216<\/li>\n<li>Route 263<\/li>\n<li>Route 267<\/li>\n<li>Route 269<\/li>\n<li>Route 271<\/li>\n<\/ul>\n<p><strong>Municipalit\u00e9s<\/strong><\/p>\n<div class=\"boxscrl\">\n<table width=\"644\">\n<tbody>\n<tr>\n<td rowspan=\"2\" width=\"264\">Nom<\/td>\n<td rowspan=\"2\" width=\"161\">Type<\/td>\n<td width=\"75\">Population<\/td>\n<td width=\"70\">Superficie<\/td>\n<td width=\"74\">Densit\u00e9<\/td>\n<\/tr>\n<tr>\n<td width=\"75\">2016<\/td>\n<td width=\"70\">(km<sup>2<\/sup>)<\/td>\n<td width=\"74\">(hab.\/km<sup>2<\/sup>)<\/td>\n<\/tr>\n<tr>\n<td colspan=\"5\" width=\"644\">Municipalit\u00e9s locales<\/td>\n<\/tr>\n<tr>\n<td>Adstock<\/td>\n<td width=\"161\">Municipalit\u00e9<\/td>\n<td width=\"75\">2\u00a0806<\/td>\n<td width=\"70\">290,30<\/td>\n<td width=\"74\">9,7<\/td>\n<\/tr>\n<tr>\n<td>Beaulac-Garthby<\/td>\n<td width=\"161\">Municipalit\u00e9<\/td>\n<td width=\"75\">905<\/td>\n<td width=\"70\">75,67<\/td>\n<td width=\"74\">12,0<\/td>\n<\/tr>\n<tr>\n<td>Disraeli<\/td>\n<td width=\"161\">Municipalit\u00e9 de paroisse<\/td>\n<td width=\"75\">1\u00a0123<\/td>\n<td width=\"70\">92,56<\/td>\n<td width=\"74\">12,1<\/td>\n<\/tr>\n<tr>\n<td>Disraeli<\/td>\n<td width=\"161\">Ville<\/td>\n<td width=\"75\">2\u00a0336<\/td>\n<td width=\"70\">6,79<\/td>\n<td width=\"74\">343,8<\/td>\n<\/tr>\n<tr>\n<td>East Broughton<\/td>\n<td width=\"161\">Municipalit\u00e9<\/td>\n<td width=\"75\">2\u00a0199<\/td>\n<td width=\"70\">8,87<\/td>\n<td width=\"74\">248,0<\/td>\n<\/tr>\n<tr>\n<td>Irlande<\/td>\n<td width=\"161\">Municipalit\u00e9<\/td>\n<td width=\"75\">884<\/td>\n<td width=\"70\">109,54<\/td>\n<td width=\"74\">8,1<\/td>\n<\/tr>\n<tr>\n<td>Kinnear&#8217;s Mills<\/td>\n<td width=\"161\">Municipalit\u00e9<\/td>\n<td width=\"75\">350<\/td>\n<td width=\"70\">93,70<\/td>\n<td width=\"74\">3,7<\/td>\n<\/tr>\n<tr>\n<td>Sacr\u00e9-C\u0153ur-de-J\u00e9sus<\/td>\n<td width=\"161\">Municipalit\u00e9 de paroisse<\/td>\n<td width=\"75\">521<\/td>\n<td width=\"70\">104,64<\/td>\n<td width=\"74\">5,0<\/td>\n<\/tr>\n<tr>\n<td>Saint-Adrien-d&#8217;Irlande<\/td>\n<td width=\"161\">Municipalit\u00e9<\/td>\n<td width=\"75\">399<\/td>\n<td width=\"70\">53,19<\/td>\n<td width=\"74\">7,5<\/td>\n<\/tr>\n<tr>\n<td>Sainte-Clotilde-de-Beauce<\/td>\n<td width=\"161\">Municipalit\u00e9<\/td>\n<td width=\"75\">549<\/td>\n<td width=\"70\">60,42<\/td>\n<td width=\"74\">9,1<\/td>\n<\/tr>\n<tr>\n<td>Sainte-Prax\u00e8de<\/td>\n<td width=\"161\">Municipalit\u00e9 de paroisse<\/td>\n<td width=\"75\">327<\/td>\n<td width=\"70\">136,68<\/td>\n<td width=\"74\">2,4<\/td>\n<\/tr>\n<tr>\n<td>Saint-Fortunat<\/td>\n<td width=\"161\">Municipalit\u00e9<\/td>\n<td width=\"75\">263<\/td>\n<td width=\"70\">76,12<\/td>\n<td width=\"74\">3,5<\/td>\n<\/tr>\n<tr>\n<td>Saint-Jacques-de-Leeds<\/td>\n<td width=\"161\">Municipalit\u00e9<\/td>\n<td width=\"75\">685<\/td>\n<td width=\"70\">80,57<\/td>\n<td width=\"74\">8,5<\/td>\n<\/tr>\n<tr>\n<td>Saint-Jacques-le-Majeur-de-Wolfestown<\/td>\n<td width=\"161\">Municipalit\u00e9 de paroisse<\/td>\n<td width=\"75\">188<\/td>\n<td width=\"70\">58,79<\/td>\n<td width=\"74\">3,2<\/td>\n<\/tr>\n<tr>\n<td>Saint-Jean-de-Br\u00e9beuf<\/td>\n<td width=\"161\">Municipalit\u00e9<\/td>\n<td width=\"75\">372<\/td>\n<td width=\"70\">79,18<\/td>\n<td width=\"74\">4,7<\/td>\n<\/tr>\n<tr>\n<td>Saint-Joseph-de-Coleraine<\/td>\n<td width=\"161\">Municipalit\u00e9<\/td>\n<td width=\"75\">1\u00a0762<\/td>\n<td width=\"70\">126,99<\/td>\n<td width=\"74\">13,9<\/td>\n<\/tr>\n<tr>\n<td>Saint-Julien<\/td>\n<td width=\"161\">Municipalit\u00e9<\/td>\n<td width=\"75\">376<\/td>\n<td width=\"70\">81,72<\/td>\n<td width=\"74\">4,6<\/td>\n<\/tr>\n<tr>\n<td>Saint-Pierre-de-Broughton<\/td>\n<td width=\"161\">Municipalit\u00e9<\/td>\n<td width=\"75\">898<\/td>\n<td width=\"70\">150,46<\/td>\n<td width=\"74\">6,0<\/td>\n<\/tr>\n<tr>\n<td>Thetford Mines<\/td>\n<td width=\"161\">Ville<\/td>\n<td width=\"75\">25\u00a0403<\/td>\n<td width=\"70\">226,32<\/td>\n<td width=\"74\">112,2<\/td>\n<\/tr>\n<tr>\n<td colspan=\"2\" width=\"425\">Total<\/td>\n<td width=\"75\">42\u00a0346<\/td>\n<td width=\"70\">1\u00a0912,49<\/td>\n<td width=\"74\">22,1<\/td>\n<\/tr>\n<\/tbody>\n<\/table>\n<\/div>\n<p>&nbsp;<\/p>\n<div style=\"clear: both; display: inline-block; width: 100%;\">\n<div class=\"row\">\n<div class=\"col-sm\">\n<figure id=\"attachment_27885\" aria-describedby=\"caption-attachment-27885\" style=\"width: 400px\" class=\"wp-caption alignleft\"><a href=\"https:\/\/gifex.com\/fr\/wp-content\/uploads\/26325\/Image-satellite-du-lac-Aylmer.jpg\" target=\"_blank\" rel=\"noopener\"><img decoding=\"async\" class=\"wp-image-27885\" title=\"Image satellite du lac Aylmer.\" src=\"https:\/\/gifex.com\/fr\/wp-content\/uploads\/26325\/Image-satellite-du-lac-Aylmer-254x300.jpg\" alt=\"Image satellite du lac Aylmer.\" width=\"400\" height=\"472\" srcset=\"https:\/\/gifex.com\/fr\/wp-content\/uploads\/26325\/Image-satellite-du-lac-Aylmer-254x300.jpg 254w, https:\/\/gifex.com\/fr\/wp-content\/uploads\/26325\/Image-satellite-du-lac-Aylmer-300x354.jpg 300w, https:\/\/gifex.com\/fr\/wp-content\/uploads\/26325\/Image-satellite-du-lac-Aylmer.jpg 702w\" sizes=\"(max-width: 400px) 100vw, 400px\" \/><\/a><figcaption id=\"caption-attachment-27885\" class=\"wp-caption-text\"><label style=\"font-size: 15px;\">Image satellite du lac Aylmer, un plan d&#8217;eau douce \u00e0 cheval entre les municipalit\u00e9s r\u00e9gionales de comt\u00e9 (MRC) des Appalaches (Chaudi\u00e8re-Appalaches), du Granit et du Haut-Saint-Fran\u00e7ois (Estrie), au Qu\u00e9bec.<\/label><\/figcaption><\/figure>\n<\/div>\n<div class=\"col-sm\">\n<figure id=\"attachment_27878\" aria-describedby=\"caption-attachment-27878\" style=\"width: 400px\" class=\"wp-caption alignright\"><a href=\"https:\/\/gifex.com\/fr\/wp-content\/uploads\/26334\/Image-satellite-du-Grand-lac-Saint-Francois.jpg\" target=\"_blank\" rel=\"noopener\"><img decoding=\"async\" class=\"wp-image-27878\" title=\"Image satellite du Grand lac Saint-Fran\u00e7ois.\" src=\"https:\/\/gifex.com\/fr\/wp-content\/uploads\/26334\/Image-satellite-du-Grand-lac-Saint-Francois-233x300.jpg\" alt=\"Image satellite du Grand lac Saint-Fran\u00e7ois.\" width=\"400\" height=\"516\" srcset=\"https:\/\/gifex.com\/fr\/wp-content\/uploads\/26334\/Image-satellite-du-Grand-lac-Saint-Francois-233x300.jpg 233w, https:\/\/gifex.com\/fr\/wp-content\/uploads\/26334\/Image-satellite-du-Grand-lac-Saint-Francois-300x387.jpg 300w, https:\/\/gifex.com\/fr\/wp-content\/uploads\/26334\/Image-satellite-du-Grand-lac-Saint-Francois.jpg 642w\" sizes=\"(max-width: 400px) 100vw, 400px\" \/><\/a><figcaption id=\"caption-attachment-27878\" class=\"wp-caption-text\"><label style=\"font-size: 15px;\">Image satellite du Grand lac Saint-Fran\u00e7ois, s&#8217;\u00e9tendant dans les municipalit\u00e9s de Lambton et Saint-Romain dans la municipalit\u00e9 r\u00e9gionale de comt\u00e9 (MRC) du Granit, ainsi que les municipalit\u00e9s de Sainte-Prax\u00e8de, Saint-Joseph-de-Coleraine et Adstock, dans la MRC des Appalaches, dans la r\u00e9gion administrative de Chaudi\u00e8re-Appalaches, au Qu\u00e9bec, au Canada. <\/label><\/figcaption><\/figure>\n<\/div>\n<\/div>\n<\/div>\n","protected":false},"excerpt":{"rendered":"<p>Les Appalaches est une municipalit\u00e9 r\u00e9gionale de comt\u00e9 (MRC) du Qu\u00e9bec dans la r\u00e9gion de la Chaudi\u00e8re-Appalaches. Jusqu&#8217;au 15 novembre 2008, elle \u00e9tait nomm &#8230;<\/p>\n","protected":false},"author":1,"featured_media":27209,"template":"","categoria_ficha":[1922],"class_list":["post-27208","ficha","type-ficha","status-publish","has-post-thumbnail","hentry","categoria_ficha-cartes-de-chaudiere-appalaches"],"acf":[],"_links":{"self":[{"href":"https:\/\/gifex.com\/fr\/wp-json\/wp\/v2\/ficha\/27208","targetHints":{"allow":["GET"]}}],"collection":[{"href":"https:\/\/gifex.com\/fr\/wp-json\/wp\/v2\/ficha"}],"about":[{"href":"https:\/\/gifex.com\/fr\/wp-json\/wp\/v2\/types\/ficha"}],"author":[{"embeddable":true,"href":"https:\/\/gifex.com\/fr\/wp-json\/wp\/v2\/users\/1"}],"version-history":[{"count":8,"href":"https:\/\/gifex.com\/fr\/wp-json\/wp\/v2\/ficha\/27208\/revisions"}],"predecessor-version":[{"id":35938,"href":"https:\/\/gifex.com\/fr\/wp-json\/wp\/v2\/ficha\/27208\/revisions\/35938"}],"wp:featuredmedia":[{"embeddable":true,"href":"https:\/\/gifex.com\/fr\/wp-json\/wp\/v2\/media\/27209"}],"wp:attachment":[{"href":"https:\/\/gifex.com\/fr\/wp-json\/wp\/v2\/media?parent=27208"}],"wp:term":[{"taxonomy":"categoria_ficha","embeddable":true,"href":"https:\/\/gifex.com\/fr\/wp-json\/wp\/v2\/categoria_ficha?post=27208"}],"curies":[{"name":"wp","href":"https:\/\/api.w.org\/{rel}","templated":true}]}}