{"id":27198,"date":"2022-12-10T00:23:25","date_gmt":"2022-12-10T00:23:25","guid":{"rendered":"https:\/\/gifex.com\/fr\/?post_type=ficha&#038;p=27198"},"modified":"2023-01-26T14:42:35","modified_gmt":"2023-01-26T14:42:35","slug":"carte-de-la-mrc-de-l-islet","status":"publish","type":"ficha","link":"https:\/\/gifex.com\/fr\/fichier\/carte-de-la-mrc-de-l-islet\/","title":{"rendered":"Carte de la MRC de l&#8217;Islet"},"content":{"rendered":"<p style=\"text-align: center;\"><label style=\"font-size: 15px;\">Carte de la municipalit\u00e9 r\u00e9gionale de comt\u00e9 (MRC) de l&#8217;Islet.<\/label><\/p>\n<p>L&#8217;Islet est une municipalit\u00e9 r\u00e9gionale de comt\u00e9 dans la C\u00f4te-du-Sud de la r\u00e9gion de Chaudi\u00e8re-Appalaches. Elle a \u00e9t\u00e9 cr\u00e9\u00e9e le 1er janvier 1982. Son chef-lieu est Saint-Jean-Port-Joli. Elle est compos\u00e9e de 14 municipalit\u00e9s (1 ville, 10 municipalit\u00e9s, 3 paroisses).<\/p>\n<figure id=\"attachment_27200\" aria-describedby=\"caption-attachment-27200\" style=\"width: 360px\" class=\"wp-caption alignright\"><a href=\"https:\/\/gifex.com\/fr\/wp-content\/uploads\/27198\/Carte-de-Saint-Jean-Port-Joli.png\" target=\"_blank\" rel=\"noopener\"><img fetchpriority=\"high\" decoding=\"async\" class=\"wp-image-27200\" title=\"Carte de Saint-Jean-Port-Joli.\" src=\"https:\/\/gifex.com\/fr\/wp-content\/uploads\/27198\/Carte-de-Saint-Jean-Port-Joli-300x240.png\" alt=\"Carte de Saint-Jean-Port-Joli\" width=\"360\" height=\"289\" srcset=\"https:\/\/gifex.com\/fr\/wp-content\/uploads\/27198\/Carte-de-Saint-Jean-Port-Joli-300x240.png 300w, https:\/\/gifex.com\/fr\/wp-content\/uploads\/27198\/Carte-de-Saint-Jean-Port-Joli.png 690w\" sizes=\"(max-width: 360px) 100vw, 360px\" \/><\/a><figcaption id=\"caption-attachment-27200\" class=\"wp-caption-text\"><label style=\"font-size: 15px;\">Carte de Saint-Jean-Port-Joli, chef-lieu de la municipalit\u00e9 r\u00e9gionale de comt\u00e9 (MRC) de l&#8217;Islet.<\/label><\/figcaption><\/figure>\n<p><strong>G\u00e9ographie<\/strong><\/p>\n<p>La MRC de L&#8217;Islet, situ\u00e9e sur la rive Sud du Saint-Laurent, \u00e0 pr\u00e8s de 100\u00a0km en aval de Qu\u00e9bec, couvre une superficie de 2,092\u00a0km\u00b2. Son territoire s\u2019\u00e9tend sur une longueur moyenne d&#8217;environ 40\u00a0km parall\u00e8lement au fleuve Saint-Laurent et sur une profondeur d&#8217;environ 50\u00a0km sur l&#8217;axe perpendiculaire \u00e0 ce dernier. Elle est bord\u00e9e au Sud-Est par l\u2019\u00c9tat am\u00e9ricain du Maine qui, dans cette partie de son territoire, est pratiquement inhabit\u00e9. \u00c0 la hauteur de la MRC de L&#8217;Islet, le fleuve Saint-Laurent varie de 20 \u00e0 25\u00a0km de largeur. Quelques \u00eelots rocheux, d&#8217;une superficie restreinte, font partie de la MRC de L&#8217;Islet. Ces \u00eeles sont \u00e0 une distance variant de 5 \u00e0 11\u00a0km de la rive.<\/p>\n<p><strong>\u00c9conomie<\/strong><\/p>\n<p>En 1996, 11,3\u00a0% de la population active travaillent dans le secteur primaire, plus pr\u00e9cis\u00e9ment 8,2\u00a0% en agriculture et 3,1\u00a0% en exploitation foresti\u00e8re. Pour le secteur secondaire, la majorit\u00e9 des emplois \u00e9taient dans l\u2019industrie manufacturi\u00e8re, soit 32,4\u00a0% de la population active. Ce taux est tr\u00e8s largement sup\u00e9rieur \u00e0 la moyenne provinciale. En corollaire, le secteur tertiaire \u00e9tait beaucoup moins pr\u00e9sent\u00a0: \u00e0 peine 49\u00a0% de la population active, en baisse par rapport \u00e0 1986.<\/p>\n<p><strong> Routes d&#8217;acc\u00e8s<\/strong><\/p>\n<p>Routes num\u00e9rot\u00e9es qui traversent la municipalit\u00e9 r\u00e9gionale de comt\u00e9 (MRC), y compris les routes externes qui commencent ou se terminent \u00e0 la fronti\u00e8re du comt\u00e9\u00a0:<\/p>\n<p>Autoroutes<\/p>\n<ul>\n<li>A-20<\/li>\n<\/ul>\n<p>Routes principales<\/p>\n<ul>\n<li>Route 132<\/li>\n<\/ul>\n<p>Routes secondaires<\/p>\n<ul>\n<li>Route 204<\/li>\n<li>Route 216<\/li>\n<li>Route 285<\/li>\n<\/ul>\n<p><strong>Municipalit\u00e9s<\/strong><\/p>\n<p>La municipalit\u00e9 r\u00e9gionale de comt\u00e9 de L&#8217;Islet est compos\u00e9e de 14 municipalit\u00e9s locales, soit une ville, trois municipalit\u00e9s de paroisse et dix municipalit\u00e9s.<\/p>\n<div class=\"boxscrl\">\n<table width=\"541\">\n<tbody>\n<tr>\n<td rowspan=\"2\" width=\"161\">Nom<\/td>\n<td rowspan=\"2\" width=\"161\">Type<\/td>\n<td width=\"75\">Population<\/td>\n<td width=\"70\">Superficie<\/td>\n<td width=\"74\">Densit\u00e9<\/td>\n<\/tr>\n<tr>\n<td>2016<\/td>\n<td width=\"70\">(km<sup>2<\/sup>)<\/td>\n<td width=\"74\">(hab.\/km<sup>2<\/sup>)<\/td>\n<\/tr>\n<tr>\n<td colspan=\"5\" width=\"541\">Municipalit\u00e9s locales<\/td>\n<\/tr>\n<tr>\n<td>L&#8217;Islet<\/td>\n<td width=\"161\">Municipalit\u00e9<\/td>\n<td width=\"75\">3\u00a0827<\/td>\n<td width=\"70\">120,20<\/td>\n<td width=\"74\">31,8<\/td>\n<\/tr>\n<tr>\n<td>Saint-Adalbert<\/td>\n<td width=\"161\">Municipalit\u00e9<\/td>\n<td width=\"75\">510<\/td>\n<td width=\"70\">217,41<\/td>\n<td width=\"74\">2,3<\/td>\n<\/tr>\n<tr>\n<td>Saint-Aubert<\/td>\n<td width=\"161\">Municipalit\u00e9<\/td>\n<td width=\"75\">1\u00a0474<\/td>\n<td width=\"70\">98,59<\/td>\n<td width=\"74\">15,0<\/td>\n<\/tr>\n<tr>\n<td>Saint-Cyrille-de-Lessard<\/td>\n<td width=\"161\">Municipalit\u00e9 de paroisse<\/td>\n<td width=\"75\">718<\/td>\n<td width=\"70\">230,79<\/td>\n<td width=\"74\">3,1<\/td>\n<\/tr>\n<tr>\n<td>Saint-Damase-de-L&#8217;Islet<\/td>\n<td width=\"161\">Municipalit\u00e9<\/td>\n<td width=\"75\">552<\/td>\n<td width=\"70\">247,71<\/td>\n<td width=\"74\">2,2<\/td>\n<\/tr>\n<tr>\n<td>Sainte-F\u00e9licit\u00e9<\/td>\n<td width=\"161\">Municipalit\u00e9<\/td>\n<td width=\"75\">389<\/td>\n<td width=\"70\">94,81<\/td>\n<td width=\"74\">4,1<\/td>\n<\/tr>\n<tr>\n<td>Sainte-Louise<\/td>\n<td width=\"161\">Municipalit\u00e9 de paroisse<\/td>\n<td width=\"75\">671<\/td>\n<td width=\"70\">76,60<\/td>\n<td width=\"74\">8,8<\/td>\n<\/tr>\n<tr>\n<td>Sainte-Perp\u00e9tue<\/td>\n<td width=\"161\">Municipalit\u00e9<\/td>\n<td width=\"75\">1\u00a0639<\/td>\n<td width=\"70\">291,21<\/td>\n<td width=\"74\">5,6<\/td>\n<\/tr>\n<tr>\n<td>Saint-Jean-Port-Joli<\/td>\n<td width=\"161\">Municipalit\u00e9<\/td>\n<td width=\"75\">3\u00a0407<\/td>\n<td width=\"70\">69,37<\/td>\n<td width=\"74\">49,1<\/td>\n<\/tr>\n<tr>\n<td>Saint-Marcel<\/td>\n<td width=\"161\">Municipalit\u00e9<\/td>\n<td width=\"75\">428<\/td>\n<td width=\"70\">179,04<\/td>\n<td width=\"74\">2,4<\/td>\n<\/tr>\n<tr>\n<td>Saint-Omer<\/td>\n<td width=\"161\">Municipalit\u00e9<\/td>\n<td width=\"75\">277<\/td>\n<td width=\"70\">122,48<\/td>\n<td width=\"74\">2,3<\/td>\n<\/tr>\n<tr>\n<td>Saint-Pamphile<\/td>\n<td width=\"161\">Ville<\/td>\n<td width=\"75\">2\u00a0400<\/td>\n<td width=\"70\">137,77<\/td>\n<td width=\"74\">17,4<\/td>\n<\/tr>\n<tr>\n<td>Saint-Roch-des-Aulnaies<\/td>\n<td width=\"161\">Municipalit\u00e9 de paroisse<\/td>\n<td width=\"75\">917<\/td>\n<td width=\"70\">49,30<\/td>\n<td width=\"74\">18,6<\/td>\n<\/tr>\n<tr>\n<td>Tourville<\/td>\n<td width=\"161\">Municipalit\u00e9<\/td>\n<td width=\"75\">589<\/td>\n<td width=\"70\">164,73<\/td>\n<td width=\"74\">3,6<\/td>\n<\/tr>\n<tr>\n<td colspan=\"2\" width=\"322\">Total<\/td>\n<td width=\"75\">17\u00a0798<\/td>\n<td width=\"70\">2\u00a0100,02<\/td>\n<td width=\"74\">8,5<\/td>\n<\/tr>\n<\/tbody>\n<\/table>\n<\/div>\n","protected":false},"excerpt":{"rendered":"<p>L&#8217;Islet est une municipalit\u00e9 r\u00e9gionale de comt\u00e9 dans la C\u00f4te-du-Sud de la r\u00e9gion de Chaudi\u00e8re-Appalaches. Elle a \u00e9t\u00e9 cr\u00e9\u00e9e le 1er janvier 1982. Son chef-lie &#8230;<\/p>\n","protected":false},"author":1,"featured_media":27199,"template":"","categoria_ficha":[1922],"class_list":["post-27198","ficha","type-ficha","status-publish","has-post-thumbnail","hentry","categoria_ficha-cartes-de-chaudiere-appalaches"],"acf":[],"_links":{"self":[{"href":"https:\/\/gifex.com\/fr\/wp-json\/wp\/v2\/ficha\/27198","targetHints":{"allow":["GET"]}}],"collection":[{"href":"https:\/\/gifex.com\/fr\/wp-json\/wp\/v2\/ficha"}],"about":[{"href":"https:\/\/gifex.com\/fr\/wp-json\/wp\/v2\/types\/ficha"}],"author":[{"embeddable":true,"href":"https:\/\/gifex.com\/fr\/wp-json\/wp\/v2\/users\/1"}],"version-history":[{"count":3,"href":"https:\/\/gifex.com\/fr\/wp-json\/wp\/v2\/ficha\/27198\/revisions"}],"predecessor-version":[{"id":30420,"href":"https:\/\/gifex.com\/fr\/wp-json\/wp\/v2\/ficha\/27198\/revisions\/30420"}],"wp:featuredmedia":[{"embeddable":true,"href":"https:\/\/gifex.com\/fr\/wp-json\/wp\/v2\/media\/27199"}],"wp:attachment":[{"href":"https:\/\/gifex.com\/fr\/wp-json\/wp\/v2\/media?parent=27198"}],"wp:term":[{"taxonomy":"categoria_ficha","embeddable":true,"href":"https:\/\/gifex.com\/fr\/wp-json\/wp\/v2\/categoria_ficha?post=27198"}],"curies":[{"name":"wp","href":"https:\/\/api.w.org\/{rel}","templated":true}]}}