{"id":27193,"date":"2022-12-09T22:56:54","date_gmt":"2022-12-09T22:56:54","guid":{"rendered":"https:\/\/gifex.com\/fr\/?post_type=ficha&#038;p=27193"},"modified":"2023-03-24T15:08:12","modified_gmt":"2023-03-24T15:08:12","slug":"carte-de-la-mrc-de-bellechasse","status":"publish","type":"ficha","link":"https:\/\/gifex.com\/fr\/fichier\/carte-de-la-mrc-de-bellechasse\/","title":{"rendered":"Carte de la MRC de Bellechasse"},"content":{"rendered":"<p style=\"text-align: center;\"><label style=\"font-size: 15px;\">Carte de la municipalit\u00e9 r\u00e9gionale de comt\u00e9 (MRC) de Bellechasse.<\/label><\/p>\n<p>Bellechasse est une municipalit\u00e9 r\u00e9gionale de comt\u00e9 (MRC) du Qu\u00e9bec situ\u00e9e dans la r\u00e9gion de la Chaudi\u00e8re-Appalaches. Son centre administratif est situ\u00e9 \u00e0 Saint-Lazare-de-Bellechasse.<\/p>\n<figure id=\"attachment_27196\" aria-describedby=\"caption-attachment-27196\" style=\"width: 360px\" class=\"wp-caption alignright\"><a href=\"https:\/\/gifex.com\/fr\/wp-content\/uploads\/27193\/Saint-Lazare-de-Bellechasse.png\" target=\"_blank\" rel=\"noopener\"><img fetchpriority=\"high\" decoding=\"async\" class=\"wp-image-27196\" title=\"Carte de Saint-Lazare-de-Bellechasse.\" src=\"https:\/\/gifex.com\/fr\/wp-content\/uploads\/27193\/Saint-Lazare-de-Bellechasse-300x206.png\" alt=\"Carte de Saint-Lazare-de-Bellechasse.\" width=\"360\" height=\"247\" srcset=\"https:\/\/gifex.com\/fr\/wp-content\/uploads\/27193\/Saint-Lazare-de-Bellechasse-300x206.png 300w, https:\/\/gifex.com\/fr\/wp-content\/uploads\/27193\/Saint-Lazare-de-Bellechasse.png 613w\" sizes=\"(max-width: 360px) 100vw, 360px\" \/><\/a><figcaption id=\"caption-attachment-27196\" class=\"wp-caption-text\"><label style=\"font-size: 15px;\">Carte de Saint-Lazare-de-Bellechasse, chef-lieu de la municipalit\u00e9 r\u00e9gionale de comt\u00e9 (MRC) de Bellechasse.<\/label><\/figcaption><\/figure>\n<p><strong> Routes d&#8217;acc\u00e8s<\/strong><\/p>\n<p>Routes num\u00e9rot\u00e9es qui traversent la municipalit\u00e9 r\u00e9gionale de comt\u00e9 (MRC), y compris les routes externes qui commencent ou se terminent \u00e0 la fronti\u00e8re du comt\u00e9\u00a0:<\/p>\n<p>Autoroutes<\/p>\n<ul>\n<li>A-20<\/li>\n<\/ul>\n<p>Routes principales<\/p>\n<ul>\n<li>Route 132<\/li>\n<li>Route 173<\/li>\n<\/ul>\n<p>Routes secondaires<\/p>\n<ul>\n<li>Route 216<\/li>\n<li>Route 218<\/li>\n<li>Route 228<\/li>\n<li>Route 275<\/li>\n<li>Route 277<\/li>\n<li>Route 279<\/li>\n<li>Route 281<\/li>\n<\/ul>\n<p><strong>Municipalit\u00e9s<\/strong><\/p>\n<div class=\"boxscrl\">\n<table width=\"626\">\n<tbody>\n<tr>\n<td rowspan=\"2\" width=\"246\">Nom<\/td>\n<td rowspan=\"2\" width=\"161\">Type<\/td>\n<td width=\"75\">Population<\/td>\n<td width=\"70\">Superficie<\/td>\n<td width=\"74\">Densit\u00e9<\/td>\n<\/tr>\n<tr>\n<td width=\"75\">2016<\/td>\n<td width=\"70\">(km<sup>2<\/sup>)<\/td>\n<td width=\"74\">(hab.\/km<sup>2<\/sup>)<\/td>\n<\/tr>\n<tr>\n<td colspan=\"5\" width=\"626\">Municipalit\u00e9s locales<\/td>\n<\/tr>\n<tr>\n<td>Armagh<\/td>\n<td width=\"161\">Municipalit\u00e9<\/td>\n<td width=\"75\">1\u00a0488<\/td>\n<td width=\"70\">168,04<\/td>\n<td width=\"74\">8,9<\/td>\n<\/tr>\n<tr>\n<td>Beaumont<\/td>\n<td width=\"161\">Municipalit\u00e9<\/td>\n<td width=\"75\">2\u00a0942<\/td>\n<td width=\"70\">44,70<\/td>\n<td width=\"74\">65,8<\/td>\n<\/tr>\n<tr>\n<td>Honfleur<\/td>\n<td width=\"161\">Municipalit\u00e9<\/td>\n<td width=\"75\">849<\/td>\n<td width=\"70\">50,68<\/td>\n<td width=\"74\">16,8<\/td>\n<\/tr>\n<tr>\n<td>La Durantaye<\/td>\n<td width=\"161\">Municipalit\u00e9 de paroisse<\/td>\n<td width=\"75\">755<\/td>\n<td width=\"70\">35,00<\/td>\n<td width=\"74\">21,6<\/td>\n<\/tr>\n<tr>\n<td>Notre-Dame-Auxiliatrice-de-Buckland<\/td>\n<td width=\"161\">Municipalit\u00e9 de paroisse<\/td>\n<td width=\"75\">768<\/td>\n<td width=\"70\">94,95<\/td>\n<td width=\"74\">8,1<\/td>\n<\/tr>\n<tr>\n<td>Saint-Anselme<\/td>\n<td width=\"161\">Municipalit\u00e9<\/td>\n<td width=\"75\">3\u00a0938<\/td>\n<td width=\"70\">74,27<\/td>\n<td width=\"74\">53,0<\/td>\n<\/tr>\n<tr>\n<td>Saint-Charles-de-Bellechasse<\/td>\n<td width=\"161\">Municipalit\u00e9<\/td>\n<td width=\"75\">2\u00a0396<\/td>\n<td width=\"70\">93,34<\/td>\n<td width=\"74\">25,7<\/td>\n<\/tr>\n<tr>\n<td>Saint-Damien-de-Buckland<\/td>\n<td width=\"161\">Municipalit\u00e9 de paroisse<\/td>\n<td width=\"75\">1\u00a0956<\/td>\n<td width=\"70\">82,07<\/td>\n<td width=\"74\">23,8<\/td>\n<\/tr>\n<tr>\n<td>Sainte-Claire<\/td>\n<td width=\"161\">Municipalit\u00e9<\/td>\n<td width=\"75\">3\u00a0362<\/td>\n<td width=\"70\">88,06<\/td>\n<td width=\"74\">38,2<\/td>\n<\/tr>\n<tr>\n<td>Saint-Gervais<\/td>\n<td width=\"161\">Municipalit\u00e9<\/td>\n<td width=\"75\">2\u00a0153<\/td>\n<td width=\"70\">89,36<\/td>\n<td width=\"74\">24,1<\/td>\n<\/tr>\n<tr>\n<td>Saint-Henri<\/td>\n<td width=\"161\">Municipalit\u00e9<\/td>\n<td width=\"75\">5\u00a0611<\/td>\n<td width=\"70\">122,57<\/td>\n<td width=\"74\">45,8<\/td>\n<\/tr>\n<tr>\n<td>Saint-Lazare-de-Bellechasse<\/td>\n<td width=\"161\">Municipalit\u00e9<\/td>\n<td width=\"75\">1\u00a0288<\/td>\n<td width=\"70\">85,91<\/td>\n<td width=\"74\">15,0<\/td>\n<\/tr>\n<tr>\n<td>Saint-L\u00e9on-de-Standon<\/td>\n<td width=\"161\">Municipalit\u00e9 de paroisse<\/td>\n<td width=\"75\">1\u00a0127<\/td>\n<td width=\"70\">136,94<\/td>\n<td width=\"74\">8,2<\/td>\n<\/tr>\n<tr>\n<td>Saint-Malachie<\/td>\n<td width=\"161\">Municipalit\u00e9 de paroisse<\/td>\n<td width=\"75\">1\u00a0517<\/td>\n<td width=\"70\">101,06<\/td>\n<td width=\"74\">15,0<\/td>\n<\/tr>\n<tr>\n<td>Saint-Michel-de-Bellechasse<\/td>\n<td width=\"161\">Municipalit\u00e9<\/td>\n<td width=\"75\">1\u00a0813<\/td>\n<td width=\"70\">43,52<\/td>\n<td width=\"74\">41,7<\/td>\n<\/tr>\n<tr>\n<td>Saint-Nazaire-de-Dorchester<\/td>\n<td width=\"161\">Municipalit\u00e9 de paroisse<\/td>\n<td width=\"75\">363<\/td>\n<td width=\"70\">51,59<\/td>\n<td width=\"74\">7,0<\/td>\n<\/tr>\n<tr>\n<td>Saint-N\u00e9r\u00e9e-de-Bellechasse<\/td>\n<td width=\"161\">Municipalit\u00e9<\/td>\n<td width=\"75\">742<\/td>\n<td width=\"70\">75,78<\/td>\n<td width=\"74\">9,8<\/td>\n<\/tr>\n<tr>\n<td>Saint-Phil\u00e9mon<\/td>\n<td width=\"161\">Municipalit\u00e9 de paroisse<\/td>\n<td width=\"75\">714<\/td>\n<td width=\"70\">146,54<\/td>\n<td width=\"74\">4,9<\/td>\n<\/tr>\n<tr>\n<td>Saint-Rapha\u00ebl<\/td>\n<td width=\"161\">Municipalit\u00e9<\/td>\n<td width=\"75\">2\u00a0390<\/td>\n<td width=\"70\">121,65<\/td>\n<td width=\"74\">19,6<\/td>\n<\/tr>\n<tr>\n<td>Saint-Vallier<\/td>\n<td width=\"161\">Municipalit\u00e9<\/td>\n<td width=\"75\">1\u00a0061<\/td>\n<td width=\"70\">45,03<\/td>\n<td width=\"74\">23,6<\/td>\n<\/tr>\n<tr>\n<td colspan=\"2\" width=\"407\">Total<\/td>\n<td width=\"75\">37\u00a0233<\/td>\n<td width=\"70\">1\u00a0751,06<\/td>\n<td width=\"74\">21,3<\/td>\n<\/tr>\n<\/tbody>\n<\/table>\n<\/div>\n","protected":false},"excerpt":{"rendered":"<p>Bellechasse est une municipalit\u00e9 r\u00e9gionale de comt\u00e9 (MRC) du Qu\u00e9bec situ\u00e9e dans la r\u00e9gion de la Chaudi\u00e8re-Appalaches. Son centre administratif est situ\u00e9 \u00e0 S &#8230;<\/p>\n","protected":false},"author":1,"featured_media":27194,"template":"","categoria_ficha":[1922],"class_list":["post-27193","ficha","type-ficha","status-publish","has-post-thumbnail","hentry","categoria_ficha-cartes-de-chaudiere-appalaches"],"acf":[],"_links":{"self":[{"href":"https:\/\/gifex.com\/fr\/wp-json\/wp\/v2\/ficha\/27193","targetHints":{"allow":["GET"]}}],"collection":[{"href":"https:\/\/gifex.com\/fr\/wp-json\/wp\/v2\/ficha"}],"about":[{"href":"https:\/\/gifex.com\/fr\/wp-json\/wp\/v2\/types\/ficha"}],"author":[{"embeddable":true,"href":"https:\/\/gifex.com\/fr\/wp-json\/wp\/v2\/users\/1"}],"version-history":[{"count":3,"href":"https:\/\/gifex.com\/fr\/wp-json\/wp\/v2\/ficha\/27193\/revisions"}],"predecessor-version":[{"id":36198,"href":"https:\/\/gifex.com\/fr\/wp-json\/wp\/v2\/ficha\/27193\/revisions\/36198"}],"wp:featuredmedia":[{"embeddable":true,"href":"https:\/\/gifex.com\/fr\/wp-json\/wp\/v2\/media\/27194"}],"wp:attachment":[{"href":"https:\/\/gifex.com\/fr\/wp-json\/wp\/v2\/media?parent=27193"}],"wp:term":[{"taxonomy":"categoria_ficha","embeddable":true,"href":"https:\/\/gifex.com\/fr\/wp-json\/wp\/v2\/categoria_ficha?post=27193"}],"curies":[{"name":"wp","href":"https:\/\/api.w.org\/{rel}","templated":true}]}}