{"id":27189,"date":"2022-12-09T20:06:03","date_gmt":"2022-12-09T20:06:03","guid":{"rendered":"https:\/\/gifex.com\/fr\/?post_type=ficha&#038;p=27189"},"modified":"2023-03-24T12:47:21","modified_gmt":"2023-03-24T12:47:21","slug":"carte-de-la-mrc-de-beauce-sartigan","status":"publish","type":"ficha","link":"https:\/\/gifex.com\/fr\/fichier\/carte-de-la-mrc-de-beauce-sartigan\/","title":{"rendered":"Carte de la MRC de Beauce-Sartigan"},"content":{"rendered":"<p style=\"text-align: center;\"><label style=\"font-size: 15px;\">Carte de la municipalit\u00e9 r\u00e9gionale de comt\u00e9 (MRC) de Beauce-Sartigan.<\/label><\/p>\n<p>Beauce-Sartigan est une municipalit\u00e9 r\u00e9gionale de comt\u00e9 (MRC) du Qu\u00e9bec (Canada), situ\u00e9e dans la r\u00e9gion de Chaudi\u00e8re-Appalaches. Son chef-lieu est Saint-Georges.<\/p>\n<figure id=\"attachment_27191\" aria-describedby=\"caption-attachment-27191\" style=\"width: 360px\" class=\"wp-caption alignright\"><a href=\"https:\/\/gifex.com\/fr\/wp-content\/uploads\/27189\/Carte-de-Saint-Georges-Beauce-Sartigan-Quebec.png\" target=\"_blank\" rel=\"noopener\"><img fetchpriority=\"high\" decoding=\"async\" class=\"wp-image-27191\" title=\"Carte de Saint-Georges, Beauce-Sartigan, Qu\u00e9bec.\" src=\"https:\/\/gifex.com\/fr\/wp-content\/uploads\/27189\/Carte-de-Saint-Georges-Beauce-Sartigan-Quebec-300x216.png\" alt=\"Carte de Saint-Georges, Beauce-Sartigan, Qu\u00e9bec.\" width=\"360\" height=\"259\" srcset=\"https:\/\/gifex.com\/fr\/wp-content\/uploads\/27189\/Carte-de-Saint-Georges-Beauce-Sartigan-Quebec-300x216.png 300w, https:\/\/gifex.com\/fr\/wp-content\/uploads\/27189\/Carte-de-Saint-Georges-Beauce-Sartigan-Quebec-768x554.png 768w, https:\/\/gifex.com\/fr\/wp-content\/uploads\/27189\/Carte-de-Saint-Georges-Beauce-Sartigan-Quebec.png 770w\" sizes=\"(max-width: 360px) 100vw, 360px\" \/><\/a><figcaption id=\"caption-attachment-27191\" class=\"wp-caption-text\"><label style=\"font-size: 15px;\">Carte de Saint-Georges, chef-lieu de la municipalit\u00e9 r\u00e9gionale de comt\u00e9 (MRC) de Beauce-Sartigan.<\/label><\/figcaption><\/figure>\n<p><strong>Routes d&#8217;acc\u00e8s<\/strong><\/p>\n<p>Routes num\u00e9rot\u00e9es qui traversent la municipalit\u00e9 r\u00e9gionale de comt\u00e9 (MRC), y compris les routes externes qui commencent ou se terminent \u00e0 la fronti\u00e8re du comt\u00e9\u00a0:<\/p>\n<p>Autoroutes<\/p>\n<ul>\n<li>A-73<\/li>\n<\/ul>\n<p>Routes principales<\/p>\n<ul>\n<li>Route 108<\/li>\n<li>Route 173<\/li>\n<\/ul>\n<p>Routes secondaires<\/p>\n<ul>\n<li>Route 204<\/li>\n<li>Route 269<\/li>\n<li>Route 271<\/li>\n<li>Route 275<\/li>\n<\/ul>\n<p>Routes externes<\/p>\n<ul>\n<li>US\u00a0201<\/li>\n<li>SR\u00a06<\/li>\n<\/ul>\n<p><strong>Municipalit\u00e9s<\/strong><\/p>\n<div class=\"boxscrl\">\n<table width=\"547\">\n<tbody>\n<tr>\n<td rowspan=\"2\" width=\"167\">Nom<\/td>\n<td rowspan=\"2\" width=\"161\">Type<\/td>\n<td width=\"75\">Population<\/td>\n<td width=\"70\">Superficie<\/td>\n<td width=\"74\">Densit\u00e9<\/td>\n<\/tr>\n<tr>\n<td width=\"75\">2016<\/td>\n<td width=\"70\">(km<sup>2<\/sup>)<\/td>\n<td width=\"74\">(hab.\/km<sup>2<\/sup>)<\/td>\n<\/tr>\n<tr>\n<td colspan=\"5\" width=\"547\">Municipalit\u00e9s locales<\/td>\n<\/tr>\n<tr>\n<td>La Guadeloupe<\/td>\n<td width=\"161\">Municipalit\u00e9 de village<\/td>\n<td width=\"75\">1\u00a0707<\/td>\n<td width=\"70\">32,64<\/td>\n<td width=\"74\">51,09<\/td>\n<\/tr>\n<tr>\n<td>Lac-Poulin<\/td>\n<td width=\"161\">Municipalit\u00e9 de village<\/td>\n<td width=\"75\">147<\/td>\n<td width=\"70\">0,88<\/td>\n<td width=\"74\">167,6<\/td>\n<\/tr>\n<tr>\n<td>Notre-Dame-des-Pins<\/td>\n<td width=\"161\">Municipalit\u00e9 de paroisse<\/td>\n<td width=\"75\">1\u00a0594<\/td>\n<td width=\"70\">24,12<\/td>\n<td width=\"74\">66,1<\/td>\n<\/tr>\n<tr>\n<td>Saint-Beno\u00eet-Labre<\/td>\n<td width=\"161\">Municipalit\u00e9<\/td>\n<td width=\"75\">1\u00a0630<\/td>\n<td width=\"70\">85,64<\/td>\n<td width=\"74\">19,0<\/td>\n<\/tr>\n<tr>\n<td>Saint-C\u00f4me\u2013Lini\u00e8re<\/td>\n<td width=\"161\">Municipalit\u00e9<\/td>\n<td width=\"75\">3\u00a0239<\/td>\n<td width=\"70\">150,67<\/td>\n<td width=\"74\">21,5<\/td>\n<\/tr>\n<tr>\n<td>Saint-\u00c9phrem-de-Beauce<\/td>\n<td width=\"161\">Municipalit\u00e9<\/td>\n<td width=\"75\">2\u00a0400<\/td>\n<td width=\"70\">118,87<\/td>\n<td width=\"74\">20,2<\/td>\n<\/tr>\n<tr>\n<td>Saint-\u00c9variste-de-Forsyth<\/td>\n<td width=\"161\">Municipalit\u00e9<\/td>\n<td width=\"75\">540<\/td>\n<td width=\"70\">110,94<\/td>\n<td width=\"74\">4,9<\/td>\n<\/tr>\n<tr>\n<td>Saint-G\u00e9d\u00e9on-de-Beauce<\/td>\n<td width=\"161\">Municipalit\u00e9<\/td>\n<td width=\"75\">2\u00a0205<\/td>\n<td width=\"70\">197,52<\/td>\n<td width=\"74\">11,2<\/td>\n<\/tr>\n<tr>\n<td>Saint-Georges<\/td>\n<td width=\"161\">Ville<\/td>\n<td width=\"75\">32\u00a0512<\/td>\n<td width=\"70\">199,27<\/td>\n<td width=\"74\">163,2<\/td>\n<\/tr>\n<tr>\n<td>Saint-Hilaire-de-Dorset<\/td>\n<td width=\"161\">Municipalit\u00e9 de paroisse<\/td>\n<td width=\"75\">95<\/td>\n<td width=\"70\">187,13<\/td>\n<td width=\"74\">0,5<\/td>\n<\/tr>\n<tr>\n<td>Saint-Honor\u00e9-de-Shenley<\/td>\n<td width=\"161\">Municipalit\u00e9<\/td>\n<td width=\"75\">1\u00a0483<\/td>\n<td width=\"70\">134,00<\/td>\n<td width=\"74\">11,1<\/td>\n<\/tr>\n<tr>\n<td>Saint-Martin<\/td>\n<td width=\"161\">Municipalit\u00e9 de paroisse<\/td>\n<td width=\"75\">2\u00a0477<\/td>\n<td width=\"70\">118,06<\/td>\n<td width=\"74\">21,0<\/td>\n<\/tr>\n<tr>\n<td>Saint-Philibert<\/td>\n<td width=\"161\">Municipalit\u00e9<\/td>\n<td width=\"75\">369<\/td>\n<td width=\"70\">57,18<\/td>\n<td width=\"74\">6,5<\/td>\n<\/tr>\n<tr>\n<td>Saint-Ren\u00e9<\/td>\n<td width=\"161\">Municipalit\u00e9 de paroisse<\/td>\n<td width=\"75\">745<\/td>\n<td width=\"70\">61,55<\/td>\n<td width=\"74\">12,1<\/td>\n<\/tr>\n<tr>\n<td>Saint-Simon-les-Mines<\/td>\n<td width=\"161\">Municipalit\u00e9<\/td>\n<td width=\"75\">549<\/td>\n<td width=\"70\">47,45<\/td>\n<td width=\"74\">11,6<\/td>\n<\/tr>\n<tr>\n<td>Saint-Th\u00e9ophile<\/td>\n<td width=\"161\">Municipalit\u00e9<\/td>\n<td width=\"75\">713<\/td>\n<td width=\"70\">428,35<\/td>\n<td width=\"74\">1,7<\/td>\n<\/tr>\n<tr>\n<td colspan=\"2\" width=\"328\">Total<\/td>\n<td width=\"75\">52\u00a0406<\/td>\n<td width=\"70\">1\u00a0954,50<\/td>\n<td width=\"74\">26,8<\/td>\n<\/tr>\n<\/tbody>\n<\/table>\n<\/div>\n","protected":false},"excerpt":{"rendered":"<p>Beauce-Sartigan est une municipalit\u00e9 r\u00e9gionale de comt\u00e9 (MRC) du Qu\u00e9bec (Canada), situ\u00e9e dans la r\u00e9gion de Chaudi\u00e8re-Appalaches. Son chef-lieu est Saint-Georges<\/p>\n","protected":false},"author":1,"featured_media":27190,"template":"","categoria_ficha":[1922],"class_list":["post-27189","ficha","type-ficha","status-publish","has-post-thumbnail","hentry","categoria_ficha-cartes-de-chaudiere-appalaches"],"acf":[],"_links":{"self":[{"href":"https:\/\/gifex.com\/fr\/wp-json\/wp\/v2\/ficha\/27189","targetHints":{"allow":["GET"]}}],"collection":[{"href":"https:\/\/gifex.com\/fr\/wp-json\/wp\/v2\/ficha"}],"about":[{"href":"https:\/\/gifex.com\/fr\/wp-json\/wp\/v2\/types\/ficha"}],"author":[{"embeddable":true,"href":"https:\/\/gifex.com\/fr\/wp-json\/wp\/v2\/users\/1"}],"version-history":[{"count":4,"href":"https:\/\/gifex.com\/fr\/wp-json\/wp\/v2\/ficha\/27189\/revisions"}],"predecessor-version":[{"id":35940,"href":"https:\/\/gifex.com\/fr\/wp-json\/wp\/v2\/ficha\/27189\/revisions\/35940"}],"wp:featuredmedia":[{"embeddable":true,"href":"https:\/\/gifex.com\/fr\/wp-json\/wp\/v2\/media\/27190"}],"wp:attachment":[{"href":"https:\/\/gifex.com\/fr\/wp-json\/wp\/v2\/media?parent=27189"}],"wp:term":[{"taxonomy":"categoria_ficha","embeddable":true,"href":"https:\/\/gifex.com\/fr\/wp-json\/wp\/v2\/categoria_ficha?post=27189"}],"curies":[{"name":"wp","href":"https:\/\/api.w.org\/{rel}","templated":true}]}}