{"id":27143,"date":"2022-12-09T00:38:23","date_gmt":"2022-12-09T00:38:23","guid":{"rendered":"https:\/\/gifex.com\/fr\/?post_type=ficha&#038;p=27143"},"modified":"2023-03-24T12:49:08","modified_gmt":"2023-03-24T12:49:08","slug":"carte-de-la-mrc-du-rocher-perce","status":"publish","type":"ficha","link":"https:\/\/gifex.com\/fr\/fichier\/carte-de-la-mrc-du-rocher-perce\/","title":{"rendered":"Carte de la MRC du Rocher-Perc\u00e9"},"content":{"rendered":"<p style=\"text-align: center;\"><label style=\"font-size: 15px;\">Carte de la municipalit\u00e9 r\u00e9gionale de comt\u00e9 (MRC) du Rocher-Perc\u00e9.<\/label><\/p>\n<p>Le Rocher-Perc\u00e9 est une municipalit\u00e9 r\u00e9gionale de comt\u00e9 (MRC) du Qu\u00e9bec (Canada) dans la r\u00e9gion de Gasp\u00e9sie\u2013\u00celes-de-la-Madeleine. Appel\u00e9e Pabok jusqu&#8217;en 1999, la municipalit\u00e9 r\u00e9gionale de comt\u00e9 regroupe cinq municipalit\u00e9s locales et un territoire non organis\u00e9 situ\u00e9es \u00e0 la pointe est de la p\u00e9ninsule gasp\u00e9sienne.<\/p>\n<p>Le chef-lieu de la MRC du Rocher-Perc\u00e9 est Chandler.<\/p>\n<figure id=\"attachment_27145\" aria-describedby=\"caption-attachment-27145\" style=\"width: 360px\" class=\"wp-caption alignright\"><a href=\"https:\/\/gifex.com\/fr\/wp-content\/uploads\/27143\/Carte-de-Chandler-Quebec.png\" target=\"_blank\" rel=\"noopener\"><img fetchpriority=\"high\" decoding=\"async\" class=\"wp-image-27145\" title=\"Carte de Chandler, Qu\u00e9bec.\" src=\"https:\/\/gifex.com\/fr\/wp-content\/uploads\/27143\/Carte-de-Chandler-Quebec-300x131.png\" alt=\"Carte de Chandler, Qu\u00e9bec.\" width=\"360\" height=\"158\" srcset=\"https:\/\/gifex.com\/fr\/wp-content\/uploads\/27143\/Carte-de-Chandler-Quebec-300x131.png 300w, https:\/\/gifex.com\/fr\/wp-content\/uploads\/27143\/Carte-de-Chandler-Quebec-1024x448.png 1024w, https:\/\/gifex.com\/fr\/wp-content\/uploads\/27143\/Carte-de-Chandler-Quebec-768x336.png 768w, https:\/\/gifex.com\/fr\/wp-content\/uploads\/27143\/Carte-de-Chandler-Quebec.png 1266w\" sizes=\"(max-width: 360px) 100vw, 360px\" \/><\/a><figcaption id=\"caption-attachment-27145\" class=\"wp-caption-text\"><label style=\"font-size: 15px;\">Carte de Chandler, chef-lieu de la municipalit\u00e9 r\u00e9gionale de comt\u00e9 (MRC) du Rocher Perc\u00e9.<\/label><\/figcaption><\/figure>\n<p><strong>G\u00e9ographie<\/strong><\/p>\n<p>La <label>municipalit\u00e9 r\u00e9gionale de comt\u00e9 (MRC) du<\/label> Rocher-Perc\u00e9 couvre le territoire sud-est de la p\u00e9ninsule gasp\u00e9sienne.<\/p>\n<p>Le littoral est dans la baie des Chaleurs, \u00e0 l&#8217;ouest de Cap-d&#8217;Espoir, et longe le golfe du Saint-Laurent \u00e0 l&#8217;est.<\/p>\n<p>Le territoire de Mont-Alexandre forme une pointe depuis le centre de la p\u00e9ninsule et rejoint les diverses municipalit\u00e9s locales attenantes le long du littoral.<\/p>\n<p><strong>Le Rocher Perc\u00e9<\/strong><\/p>\n<p>Baign\u00e9 par les eaux du golfe du Saint-Laurent au Qu\u00e9bec, le rocher Perc\u00e9, creus\u00e9 d&#8217;arches naturelles, mesure 86 m\u00e8tres de haut et sert de repaire aux fous de Bassan. \u00c0 mar\u00e9e basse, il est possible de le rejoindre \u00e0 pied sec, en empruntant un chemin de galets. Le Rocher Perc\u00e9 poss\u00e9dait jadis une seconde arcade qui s&#8217;est \u00e9croul\u00e9e en 1845.<\/p>\n<p><strong>Routes d&#8217;acc\u00e8s<\/strong><\/p>\n<p>Routes num\u00e9rot\u00e9es qui traversent la municipalit\u00e9 r\u00e9gionale de comt\u00e9 (MRC), y compris les routes externes qui commencent ou se terminent \u00e0 la fronti\u00e8re du comt\u00e9\u00a0:<\/p>\n<p>Routes principales<\/p>\n<ul>\n<li>Route 132<\/li>\n<\/ul>\n<p><strong>Municipalit\u00e9s<\/strong><\/p>\n<div class=\"boxscrl\">\n<table width=\"471\">\n<tbody>\n<tr>\n<td rowspan=\"2\" width=\"167\">Nom<\/td>\n<td rowspan=\"2\" width=\"85\">Type<\/td>\n<td width=\"75\">Population<\/td>\n<td width=\"70\">Superficie<\/td>\n<td width=\"74\">Densit\u00e9<\/td>\n<\/tr>\n<tr>\n<td>2016<\/td>\n<td width=\"70\">(km<sup>2<\/sup>)<\/td>\n<td width=\"74\">(hab.\/km<sup>2<\/sup>)<\/td>\n<\/tr>\n<tr>\n<td colspan=\"5\" width=\"471\">Municipalit\u00e9s locales<\/td>\n<\/tr>\n<tr>\n<td>Chandler<\/td>\n<td width=\"85\">Ville<\/td>\n<td width=\"75\">7\u00a0546<\/td>\n<td width=\"70\">419,34<\/td>\n<td width=\"74\">18,0<\/td>\n<\/tr>\n<tr>\n<td>Grande-Rivi\u00e8re<\/td>\n<td width=\"85\">Ville<\/td>\n<td width=\"75\">3\u00a0408<\/td>\n<td width=\"70\">87,86<\/td>\n<td width=\"74\">38,8<\/td>\n<\/tr>\n<tr>\n<td>Perc\u00e9<\/td>\n<td width=\"85\">Ville<\/td>\n<td width=\"75\">3\u00a0103<\/td>\n<td width=\"70\">431,37<\/td>\n<td width=\"74\">7,2<\/td>\n<\/tr>\n<tr>\n<td>Port-Daniel\u2013Gascons<\/td>\n<td width=\"85\">Municipalit\u00e9<\/td>\n<td width=\"75\">2\u00a0210<\/td>\n<td width=\"70\">301,60<\/td>\n<td width=\"74\">7,3<\/td>\n<\/tr>\n<tr>\n<td>Sainte-Th\u00e9r\u00e8se-de-Gasp\u00e9<\/td>\n<td width=\"85\">Municipalit\u00e9<\/td>\n<td width=\"75\">1\u00a0015<\/td>\n<td width=\"70\">34,41<\/td>\n<td width=\"74\">29,5<\/td>\n<\/tr>\n<tr>\n<td colspan=\"5\" width=\"471\">Territoire non organis\u00e9<\/td>\n<\/tr>\n<tr>\n<td colspan=\"2\">Mont-Alexandre<\/td>\n<td width=\"75\">&#8211;<\/td>\n<td width=\"70\">1\u00a0802,22<\/td>\n<td width=\"74\">&#8211;<\/td>\n<\/tr>\n<tr>\n<td colspan=\"2\" width=\"252\">Total<\/td>\n<td width=\"75\">17\u00a0282<\/td>\n<td width=\"70\">3\u00a0076,80<\/td>\n<td width=\"74\">5,6<\/td>\n<\/tr>\n<\/tbody>\n<\/table>\n<\/div>\n","protected":false},"excerpt":{"rendered":"<p>Le Rocher-Perc\u00e9 est une municipalit\u00e9 r\u00e9gionale de comt\u00e9 (MRC) du Qu\u00e9bec (Canada) dans la r\u00e9gion de Gasp\u00e9sie\u2013\u00celes-de-la-Madeleine. Appel\u00e9e Pabok jusqu&#8217;en 1999<\/p>\n","protected":false},"author":1,"featured_media":27144,"template":"","categoria_ficha":[1921],"class_list":["post-27143","ficha","type-ficha","status-publish","has-post-thumbnail","hentry","categoria_ficha-cartes-de-la-gaspesie-iles-de-la-madeleine"],"acf":[],"_links":{"self":[{"href":"https:\/\/gifex.com\/fr\/wp-json\/wp\/v2\/ficha\/27143","targetHints":{"allow":["GET"]}}],"collection":[{"href":"https:\/\/gifex.com\/fr\/wp-json\/wp\/v2\/ficha"}],"about":[{"href":"https:\/\/gifex.com\/fr\/wp-json\/wp\/v2\/types\/ficha"}],"author":[{"embeddable":true,"href":"https:\/\/gifex.com\/fr\/wp-json\/wp\/v2\/users\/1"}],"version-history":[{"count":4,"href":"https:\/\/gifex.com\/fr\/wp-json\/wp\/v2\/ficha\/27143\/revisions"}],"predecessor-version":[{"id":35942,"href":"https:\/\/gifex.com\/fr\/wp-json\/wp\/v2\/ficha\/27143\/revisions\/35942"}],"wp:featuredmedia":[{"embeddable":true,"href":"https:\/\/gifex.com\/fr\/wp-json\/wp\/v2\/media\/27144"}],"wp:attachment":[{"href":"https:\/\/gifex.com\/fr\/wp-json\/wp\/v2\/media?parent=27143"}],"wp:term":[{"taxonomy":"categoria_ficha","embeddable":true,"href":"https:\/\/gifex.com\/fr\/wp-json\/wp\/v2\/categoria_ficha?post=27143"}],"curies":[{"name":"wp","href":"https:\/\/api.w.org\/{rel}","templated":true}]}}