{"id":27125,"date":"2022-12-08T21:16:15","date_gmt":"2022-12-08T21:16:15","guid":{"rendered":"https:\/\/gifex.com\/fr\/?post_type=ficha&#038;p=27125"},"modified":"2023-03-24T15:09:24","modified_gmt":"2023-03-24T15:09:24","slug":"carte-de-la-mrc-d-avignon","status":"publish","type":"ficha","link":"https:\/\/gifex.com\/fr\/fichier\/carte-de-la-mrc-d-avignon\/","title":{"rendered":"Carte de la MRC d&#8217;Avignon"},"content":{"rendered":"<p style=\"text-align: center;\"><label style=\"font-size: 15px;\">Carte de la municipalit\u00e9 r\u00e9gionale de comt\u00e9 (MRC) d&#8217;Avignon.<\/label><\/p>\n<p>Avignon est une MRC du Qu\u00e9bec situ\u00e9e dans la Gasp\u00e9sie\u2013\u00celes-de-la-Madeleine. Elle a \u00e9t\u00e9 constitu\u00e9e le 18 mars 1981. Elle fait partie de La Baie-des-Chaleurs.<\/p>\n<figure id=\"attachment_27127\" aria-describedby=\"caption-attachment-27127\" style=\"width: 360px\" class=\"wp-caption alignright\"><a href=\"https:\/\/gifex.com\/fr\/wp-content\/uploads\/27125\/Carte-de-Carleton-sur-Mer.png\" target=\"_blank\" rel=\"noopener\"><img fetchpriority=\"high\" decoding=\"async\" class=\"wp-image-27127\" title=\"Carte de Carleton-sur-Mer.\" src=\"https:\/\/gifex.com\/fr\/wp-content\/uploads\/27125\/Carte-de-Carleton-sur-Mer-300x171.png\" alt=\"Carte de Carleton-sur-Mer.\" width=\"360\" height=\"205\" srcset=\"https:\/\/gifex.com\/fr\/wp-content\/uploads\/27125\/Carte-de-Carleton-sur-Mer-300x171.png 300w, https:\/\/gifex.com\/fr\/wp-content\/uploads\/27125\/Carte-de-Carleton-sur-Mer-768x437.png 768w, https:\/\/gifex.com\/fr\/wp-content\/uploads\/27125\/Carte-de-Carleton-sur-Mer.png 973w\" sizes=\"(max-width: 360px) 100vw, 360px\" \/><\/a><figcaption id=\"caption-attachment-27127\" class=\"wp-caption-text\"><label style=\"font-size: 15px;\">Carte de Carleton-sur-Mer, chef-lieu de la municipalit\u00e9 r\u00e9gionale de comt\u00e9 (MRC) d&#8217;Avignon.<\/label><\/figcaption><\/figure>\n<p><strong>Routes d&#8217;acc\u00e8s<\/strong><\/p>\n<p>Routes num\u00e9rot\u00e9es qui traversent la municipalit\u00e9 r\u00e9gionale de comt\u00e9 (MRC), y compris les routes externes qui commencent ou se terminent \u00e0 la fronti\u00e8re du comt\u00e9\u00a0:<\/p>\n<p>Routes principales<\/p>\n<ul>\n<li>Route 132<\/li>\n<\/ul>\n<p><strong>Attractions<\/strong><\/p>\n<ul>\n<li>Lieu historique national de la Bataille-de-la-Ristigouche (Pointe-\u00e0-la-Croix)<\/li>\n<li>Fort Listuguj (Pointe-\u00e0-la-Croix)<\/li>\n<li>Oratoire Notre-Dame-du-Mont-Saint-Joseph (Carleton-sur-Mer)<\/li>\n<\/ul>\n<p><strong>Municipalit\u00e9s<\/strong><\/p>\n<p>La municipalit\u00e9 r\u00e9gionale de comt\u00e9 (MRC) d&#8217;Avignon est compos\u00e9e de 11 municipalit\u00e9s. Les communaut\u00e9s autochtones de Gesgapegiag et Listuguj se trouvent \u00e9galement sur son territoire, mais n&#8217;en font pas juridiquement partie.<\/p>\n<div class=\"boxscrl\">\n<table width=\"469\">\n<tbody>\n<tr>\n<td rowspan=\"2\" width=\"186\">Nom<\/td>\n<td rowspan=\"2\" width=\"64\">Type<\/td>\n<td width=\"75\">Population<\/td>\n<td width=\"70\">Superficie<\/td>\n<td width=\"74\">Densit\u00e9<\/td>\n<\/tr>\n<tr>\n<td>2016<\/td>\n<td width=\"70\">(km<sup>2<\/sup>)<\/td>\n<td width=\"74\">(hab.\/km<sup>2<\/sup>)<\/td>\n<\/tr>\n<tr>\n<td colspan=\"5\" width=\"469\">Municipalit\u00e9s locales<\/td>\n<\/tr>\n<tr>\n<td>Carleton-sur-Mer<\/td>\n<td width=\"64\">Ville<\/td>\n<td width=\"75\">4\u00a0073<\/td>\n<td width=\"70\">221,42<\/td>\n<td width=\"74\">18,4<\/td>\n<\/tr>\n<tr>\n<td>Escuminac<\/td>\n<td width=\"64\">Municipalit\u00e9<\/td>\n<td width=\"75\">544<\/td>\n<td width=\"70\">108,20<\/td>\n<td width=\"74\">5,0<\/td>\n<\/tr>\n<tr>\n<td>L&#8217;Ascension-de-Patap\u00e9dia<\/td>\n<td width=\"64\">Municipalit\u00e9<\/td>\n<td width=\"75\">164<\/td>\n<td width=\"70\">95,93<\/td>\n<td width=\"74\">1,7<\/td>\n<\/tr>\n<tr>\n<td>Maria<\/td>\n<td width=\"64\">Municipalit\u00e9<\/td>\n<td width=\"75\">2\u00a0615<\/td>\n<td width=\"70\">95,09<\/td>\n<td width=\"74\">27,5<\/td>\n<\/tr>\n<tr>\n<td>Matap\u00e9dia<\/td>\n<td width=\"64\">Municipalit\u00e9<\/td>\n<td width=\"75\">645<\/td>\n<td width=\"70\">71,55<\/td>\n<td width=\"74\">9,0<\/td>\n<\/tr>\n<tr>\n<td>Nouvelle<\/td>\n<td width=\"64\">Municipalit\u00e9<\/td>\n<td width=\"75\">1\u00a0659<\/td>\n<td width=\"70\">232,43<\/td>\n<td width=\"74\">7,1<\/td>\n<\/tr>\n<tr>\n<td>Pointe-\u00e0-la-Croix<\/td>\n<td width=\"64\">Municipalit\u00e9<\/td>\n<td width=\"75\">1\u00a0391<\/td>\n<td width=\"70\">390,96<\/td>\n<td width=\"74\">3,6<\/td>\n<\/tr>\n<tr>\n<td>Ristigouche-Partie-Sud-Est<\/td>\n<td width=\"64\">Municipalit\u00e9 de canton<\/td>\n<td width=\"75\">171<\/td>\n<td width=\"70\">51,70<\/td>\n<td width=\"74\">3,3<\/td>\n<\/tr>\n<tr>\n<td>Saint-Alexis-de-Matap\u00e9dia<\/td>\n<td width=\"64\">Municipalit\u00e9<\/td>\n<td width=\"75\">500<\/td>\n<td width=\"70\">84,09<\/td>\n<td width=\"74\">5,9<\/td>\n<\/tr>\n<tr>\n<td>Saint-Andr\u00e9-de-Restigouche<\/td>\n<td width=\"64\">Municipalit\u00e9<\/td>\n<td width=\"75\">161<\/td>\n<td width=\"70\">144,54<\/td>\n<td width=\"74\">1,1<\/td>\n<\/tr>\n<tr>\n<td>Saint-Fran\u00e7ois-d&#8217;Assise<\/td>\n<td width=\"64\">Municipalit\u00e9<\/td>\n<td width=\"75\">644<\/td>\n<td width=\"70\">178,56<\/td>\n<td width=\"74\">3,6<\/td>\n<\/tr>\n<tr>\n<td colspan=\"5\" width=\"469\">R\u00e9serves indiennes <label style=\"font-size: 15px;\">(situ\u00e9es sur le territoire de la MRC, mais n&#8217;en font pas partie)<\/label><\/td>\n<\/tr>\n<tr>\n<td colspan=\"2\">Gesgapegiag<\/td>\n<td width=\"75\">653<\/td>\n<td width=\"70\">2,08<\/td>\n<td width=\"74\">313,3<\/td>\n<\/tr>\n<tr>\n<td colspan=\"2\">Listuguj<\/td>\n<td width=\"75\">1\u00a0241<\/td>\n<td width=\"70\">44,27<\/td>\n<td width=\"74\">28,0<\/td>\n<\/tr>\n<tr>\n<td colspan=\"5\" width=\"469\">Territoires non organis\u00e9s<\/td>\n<\/tr>\n<tr>\n<td colspan=\"2\">Rivi\u00e8re-Nouvelle<\/td>\n<td width=\"75\">&#8211;<\/td>\n<td width=\"70\">1\u00a0088,22<\/td>\n<td width=\"74\">&#8211;<\/td>\n<\/tr>\n<tr>\n<td colspan=\"2\">Ruisseau-Ferguson<\/td>\n<td width=\"75\">&#8211;<\/td>\n<td width=\"70\">678,47<\/td>\n<td width=\"74\">&#8211;<\/td>\n<\/tr>\n<tr>\n<td colspan=\"2\" width=\"250\">Total<\/td>\n<td width=\"75\">14\u00a0461<\/td>\n<td width=\"70\">3\u00a0487,51<\/td>\n<td width=\"74\">4,1<\/td>\n<\/tr>\n<\/tbody>\n<\/table>\n<\/div>\n","protected":false},"excerpt":{"rendered":"<p>Avignon est une MRC du Qu\u00e9bec situ\u00e9e dans la Gasp\u00e9sie\u2013\u00celes-de-la-Madeleine. Elle a \u00e9t\u00e9 constitu\u00e9e le 18 mars 1981. Elle fait partie de La Baie-des-Chaleurs.<\/p>\n","protected":false},"author":1,"featured_media":27126,"template":"","categoria_ficha":[1921],"class_list":["post-27125","ficha","type-ficha","status-publish","has-post-thumbnail","hentry","categoria_ficha-cartes-de-la-gaspesie-iles-de-la-madeleine"],"acf":[],"_links":{"self":[{"href":"https:\/\/gifex.com\/fr\/wp-json\/wp\/v2\/ficha\/27125","targetHints":{"allow":["GET"]}}],"collection":[{"href":"https:\/\/gifex.com\/fr\/wp-json\/wp\/v2\/ficha"}],"about":[{"href":"https:\/\/gifex.com\/fr\/wp-json\/wp\/v2\/types\/ficha"}],"author":[{"embeddable":true,"href":"https:\/\/gifex.com\/fr\/wp-json\/wp\/v2\/users\/1"}],"version-history":[{"count":4,"href":"https:\/\/gifex.com\/fr\/wp-json\/wp\/v2\/ficha\/27125\/revisions"}],"predecessor-version":[{"id":36206,"href":"https:\/\/gifex.com\/fr\/wp-json\/wp\/v2\/ficha\/27125\/revisions\/36206"}],"wp:featuredmedia":[{"embeddable":true,"href":"https:\/\/gifex.com\/fr\/wp-json\/wp\/v2\/media\/27126"}],"wp:attachment":[{"href":"https:\/\/gifex.com\/fr\/wp-json\/wp\/v2\/media?parent=27125"}],"wp:term":[{"taxonomy":"categoria_ficha","embeddable":true,"href":"https:\/\/gifex.com\/fr\/wp-json\/wp\/v2\/categoria_ficha?post=27125"}],"curies":[{"name":"wp","href":"https:\/\/api.w.org\/{rel}","templated":true}]}}