{"id":26827,"date":"2022-12-02T13:17:02","date_gmt":"2022-12-02T13:17:02","guid":{"rendered":"https:\/\/gifex.com\/fr\/?post_type=ficha&#038;p=26827"},"modified":"2023-03-24T13:42:41","modified_gmt":"2023-03-24T13:42:41","slug":"carte-de-la-mrc-de-pontiac","status":"publish","type":"ficha","link":"https:\/\/gifex.com\/fr\/fichier\/carte-de-la-mrc-de-pontiac\/","title":{"rendered":"Carte de la MRC de Pontiac"},"content":{"rendered":"<p style=\"text-align: center;\"><label style=\"font-size: 15px;\">Carte de la municipalit\u00e9 r\u00e9gionale de comt\u00e9 (MRC) de Pontiac.<\/label><\/p>\n<figure id=\"attachment_26829\" aria-describedby=\"caption-attachment-26829\" style=\"width: 360px\" class=\"wp-caption alignright\"><a href=\"https:\/\/gifex.com\/fr\/wp-content\/uploads\/26827\/Carte-de-Campbell-s-Bay.png\" target=\"_blank\" rel=\"noopener\"><img fetchpriority=\"high\" decoding=\"async\" class=\"wp-image-26829\" title=\"Carte de Campbell's Bay.\" src=\"https:\/\/gifex.com\/fr\/wp-content\/uploads\/26827\/Carte-de-Campbell-s-Bay-300x277.png\" alt=\"Carte de Campbell's Bay.\" width=\"360\" height=\"332\" srcset=\"https:\/\/gifex.com\/fr\/wp-content\/uploads\/26827\/Carte-de-Campbell-s-Bay-300x277.png 300w, https:\/\/gifex.com\/fr\/wp-content\/uploads\/26827\/Carte-de-Campbell-s-Bay.png 602w\" sizes=\"(max-width: 360px) 100vw, 360px\" \/><\/a><figcaption id=\"caption-attachment-26829\" class=\"wp-caption-text\"><label style=\"font-size: 15px;\">Carte de Campbell&#8217;s Bay, chef-lieu de la municipalit\u00e9 r\u00e9gionale de comt\u00e9 (MRC) de Pontiac.<\/label><\/figcaption><\/figure>\n<p>Le Pontiac est une municipalit\u00e9 r\u00e9gionale de comt\u00e9 (MRC) de la r\u00e9gion administrative qu\u00e9b\u00e9coise de l&#8217;Outaouais, au Canada. Sa superficie est de 14\u00a0170\u00a0km\u00b2. Le chef-lieu de la MRC de Pontiac est Campbell&#8217;s Bay. \u00c0 ne pas confondre avec la municipalit\u00e9 de Pontiac, situ\u00e9e dans la MRC Les Collines-de-l&#8217;Outaouais, situ\u00e9e au sud-est de la MRC Pontiac.<\/p>\n<p><strong>Sites touristiques<\/strong><\/p>\n<ul>\n<li>Maison Bryson<\/li>\n<li>pont couvert F\u00e9lix-Gabriel-Marchand<\/li>\n<li>Chutes Coulonge<\/li>\n<li>Parc Leslie<\/li>\n<li>Cycloparc PPJ<\/li>\n<li>Zec Saint-Patrice<\/li>\n<li>Zec Rapides-des-Joachims<\/li>\n<li>Zec Pontiac<\/li>\n<li>Pourvoiries<\/li>\n<\/ul>\n<figure id=\"attachment_27767\" aria-describedby=\"caption-attachment-27767\" style=\"width: 360px\" class=\"wp-caption alignright\"><a href=\"https:\/\/gifex.com\/fr\/wp-content\/uploads\/26827\/Carte-du-territoire-et-limites-de-la-MRC-de-Pontiac.jpg\" target=\"_blank\" rel=\"noopener\"><img decoding=\"async\" class=\"wp-image-27767\" title=\"Carte du territoire et limites de la MRC de Pontiac.\" src=\"https:\/\/gifex.com\/fr\/wp-content\/uploads\/26827\/Carte-du-territoire-et-limites-de-la-MRC-de-Pontiac-228x300.jpg\" alt=\"Carte du territoire et limites de la MRC de Pontiac.\" width=\"360\" height=\"474\" srcset=\"https:\/\/gifex.com\/fr\/wp-content\/uploads\/26827\/Carte-du-territoire-et-limites-de-la-MRC-de-Pontiac-228x300.jpg 228w, https:\/\/gifex.com\/fr\/wp-content\/uploads\/26827\/Carte-du-territoire-et-limites-de-la-MRC-de-Pontiac-778x1024.jpg 778w, https:\/\/gifex.com\/fr\/wp-content\/uploads\/26827\/Carte-du-territoire-et-limites-de-la-MRC-de-Pontiac-768x1011.jpg 768w, https:\/\/gifex.com\/fr\/wp-content\/uploads\/26827\/Carte-du-territoire-et-limites-de-la-MRC-de-Pontiac-1166x1536.jpg 1166w, https:\/\/gifex.com\/fr\/wp-content\/uploads\/26827\/Carte-du-territoire-et-limites-de-la-MRC-de-Pontiac-1555x2048.jpg 1555w, https:\/\/gifex.com\/fr\/wp-content\/uploads\/26827\/Carte-du-territoire-et-limites-de-la-MRC-de-Pontiac-300x395.jpg 300w, https:\/\/gifex.com\/fr\/wp-content\/uploads\/26827\/Carte-du-territoire-et-limites-de-la-MRC-de-Pontiac-1215x1600.jpg 1215w\" sizes=\"(max-width: 360px) 100vw, 360px\" \/><\/a><figcaption id=\"caption-attachment-27767\" class=\"wp-caption-text\"><label style=\"font-size: 15px;\">Carte du territoire et limites de la MRC de Pontiac.<\/label><\/figcaption><\/figure>\n<p><strong>Routes d&#8217;acc\u00e8s de la MRC de Pontiac<\/strong><\/p>\n<p>Routes num\u00e9rot\u00e9es qui traversent la municipalit\u00e9 r\u00e9gionale de comt\u00e9 (MRC), y compris les routes externes qui commencent ou se terminent \u00e0 la fronti\u00e8re de la MRC\u00a0:<\/p>\n<p>Routes principales<\/p>\n<ul>\n<li>Route 148<\/li>\n<\/ul>\n<p>Routes secondaires<\/p>\n<ul>\n<li>Route 301<\/li>\n<li>Route 303<\/li>\n<li>Route 366<\/li>\n<\/ul>\n<p>Routes externes<\/p>\n<ul>\n<li>Highway 148<\/li>\n<\/ul>\n<p><strong>Municipalit\u00e9s<\/strong><\/p>\n<p>La municipalit\u00e9 r\u00e9gionale de comt\u00e9 (MRC) de Pontiac est compos\u00e9e de dix-huit municipalit\u00e9s, soit deux villages, un canton, et quinze municipalit\u00e9s sans d\u00e9signation. Elle comporte \u00e9galement un territoire non organis\u00e9.<\/p>\n<div class=\"boxscrl\">\n<table width=\"529\">\n<tbody>\n<tr>\n<td rowspan=\"2\" width=\"159\">Nom<\/td>\n<td rowspan=\"2\" width=\"151\">Type<\/td>\n<td width=\"75\">Population<\/td>\n<td width=\"70\">Superficie<\/td>\n<td width=\"74\">Densit\u00e9<\/td>\n<\/tr>\n<tr>\n<td width=\"75\">2016<\/td>\n<td width=\"70\">(km<sup>2<\/sup>)<\/td>\n<td width=\"74\">(hab.\/km<sup>2<\/sup>)<\/td>\n<\/tr>\n<tr>\n<td colspan=\"5\" width=\"529\">Municipalit\u00e9s locales<\/td>\n<\/tr>\n<tr>\n<td>Alleyn-et-Cawood<\/td>\n<td width=\"151\">Municipalit\u00e9<\/td>\n<td width=\"75\">172<\/td>\n<td width=\"70\">314,83<\/td>\n<td width=\"74\">0,5<\/td>\n<\/tr>\n<tr>\n<td>Bristol<\/td>\n<td width=\"151\">Municipalit\u00e9<\/td>\n<td width=\"75\">1\u00a0036<\/td>\n<td width=\"70\">207,19<\/td>\n<td width=\"74\">5,0<\/td>\n<\/tr>\n<tr>\n<td>Bryson<\/td>\n<td width=\"151\">Municipalit\u00e9<\/td>\n<td width=\"75\">697<\/td>\n<td width=\"70\">3,65<\/td>\n<td width=\"74\">190,8<\/td>\n<\/tr>\n<tr>\n<td>Campbell&#8217;s Bay<\/td>\n<td width=\"151\">Municipalit\u00e9<\/td>\n<td width=\"75\">744<\/td>\n<td width=\"70\">3,55<\/td>\n<td width=\"74\">209,4<\/td>\n<\/tr>\n<tr>\n<td>Chichester<\/td>\n<td width=\"151\">Municipalit\u00e9 de canton<\/td>\n<td width=\"75\">328<\/td>\n<td width=\"70\">221,14<\/td>\n<td width=\"74\">1,5<\/td>\n<\/tr>\n<tr>\n<td>Clarendon<\/td>\n<td width=\"151\">Municipalit\u00e9<\/td>\n<td width=\"75\">1\u00a0256<\/td>\n<td width=\"70\">333,37<\/td>\n<td width=\"74\">3,8<\/td>\n<\/tr>\n<tr>\n<td>Fort-Coulonge<\/td>\n<td width=\"151\">Municipalit\u00e9 de village<\/td>\n<td width=\"75\">1\u00a0433<\/td>\n<td width=\"70\">3,10<\/td>\n<td width=\"74\">462,4<\/td>\n<\/tr>\n<tr>\n<td>L&#8217;\u00cele-du-Grand-Calumet<\/td>\n<td width=\"151\">Municipalit\u00e9<\/td>\n<td width=\"75\">626<\/td>\n<td width=\"70\">132,57<\/td>\n<td width=\"74\">4,7<\/td>\n<\/tr>\n<tr>\n<td>L&#8217;Isle-aux-Allumettes<\/td>\n<td width=\"151\">Municipalit\u00e9<\/td>\n<td width=\"75\">1\u00a0334<\/td>\n<td width=\"70\">186,02<\/td>\n<td width=\"74\">7,2<\/td>\n<\/tr>\n<tr>\n<td>Litchfield<\/td>\n<td width=\"151\">Municipalit\u00e9<\/td>\n<td width=\"75\">459<\/td>\n<td width=\"70\">202,18<\/td>\n<td width=\"74\">2,3<\/td>\n<\/tr>\n<tr>\n<td>Mansfield-et-Pontefract<\/td>\n<td width=\"151\">Municipalit\u00e9<\/td>\n<td width=\"75\">2\u00a0285<\/td>\n<td width=\"70\">477,44<\/td>\n<td width=\"74\">4,8<\/td>\n<\/tr>\n<tr>\n<td>Otter Lake<\/td>\n<td width=\"151\">Municipalit\u00e9<\/td>\n<td width=\"75\">932<\/td>\n<td width=\"70\">463,01<\/td>\n<td width=\"74\">2,0<\/td>\n<\/tr>\n<tr>\n<td>Portage-du-Fort<\/td>\n<td width=\"151\">Municipalit\u00e9 de village<\/td>\n<td width=\"75\">234<\/td>\n<td width=\"70\">4,23<\/td>\n<td width=\"74\">55,3<\/td>\n<\/tr>\n<tr>\n<td>Rapides-des-Joachims<\/td>\n<td width=\"151\">Municipalit\u00e9<\/td>\n<td width=\"75\">156<\/td>\n<td width=\"70\">242,81<\/td>\n<td width=\"74\">0,6<\/td>\n<\/tr>\n<tr>\n<td>Shawville<\/td>\n<td width=\"151\">Municipalit\u00e9<\/td>\n<td width=\"75\">1\u00a0587<\/td>\n<td width=\"70\">5,39<\/td>\n<td width=\"74\">294,5<\/td>\n<\/tr>\n<tr>\n<td>Sheenboro<\/td>\n<td width=\"151\">Municipalit\u00e9<\/td>\n<td width=\"75\">141<\/td>\n<td width=\"70\">570,92<\/td>\n<td width=\"74\">0,2<\/td>\n<\/tr>\n<tr>\n<td>Thorne<\/td>\n<td width=\"151\">Municipalit\u00e9<\/td>\n<td width=\"75\">448<\/td>\n<td width=\"70\">175,55<\/td>\n<td width=\"74\">2,6<\/td>\n<\/tr>\n<tr>\n<td>Waltham<\/td>\n<td width=\"151\">Municipalit\u00e9<\/td>\n<td width=\"75\">378<\/td>\n<td width=\"70\">374,22<\/td>\n<td width=\"74\">1,0<\/td>\n<\/tr>\n<tr>\n<td colspan=\"5\" width=\"529\">Territoire non organis\u00e9<\/td>\n<\/tr>\n<tr>\n<td colspan=\"2\">Lac-Nilgaut<\/td>\n<td width=\"75\">5<\/td>\n<td width=\"70\">9\u00a0070,65<\/td>\n<td width=\"74\">0<\/td>\n<\/tr>\n<tr>\n<td colspan=\"2\" width=\"310\">Total<\/td>\n<td width=\"75\">14\u00a0251<\/td>\n<td width=\"70\">12\u00a0991,82<\/td>\n<td width=\"74\">1,1<\/td>\n<\/tr>\n<\/tbody>\n<\/table>\n<\/div>\n","protected":false},"excerpt":{"rendered":"<p>Le Pontiac est une municipalit\u00e9 r\u00e9gionale de comt\u00e9 (MRC) de la r\u00e9gion administrative qu\u00e9b\u00e9coise de l&#8217;Outaouais, au Canada. Sa superficie est de 14\u00a0170\u00a0km\u00b2. <\/p>\n","protected":false},"author":1,"featured_media":27766,"template":"","categoria_ficha":[1917],"class_list":["post-26827","ficha","type-ficha","status-publish","has-post-thumbnail","hentry","categoria_ficha-cartes-de-l-outaouais"],"acf":[],"_links":{"self":[{"href":"https:\/\/gifex.com\/fr\/wp-json\/wp\/v2\/ficha\/26827","targetHints":{"allow":["GET"]}}],"collection":[{"href":"https:\/\/gifex.com\/fr\/wp-json\/wp\/v2\/ficha"}],"about":[{"href":"https:\/\/gifex.com\/fr\/wp-json\/wp\/v2\/types\/ficha"}],"author":[{"embeddable":true,"href":"https:\/\/gifex.com\/fr\/wp-json\/wp\/v2\/users\/1"}],"version-history":[{"count":5,"href":"https:\/\/gifex.com\/fr\/wp-json\/wp\/v2\/ficha\/26827\/revisions"}],"predecessor-version":[{"id":35971,"href":"https:\/\/gifex.com\/fr\/wp-json\/wp\/v2\/ficha\/26827\/revisions\/35971"}],"wp:featuredmedia":[{"embeddable":true,"href":"https:\/\/gifex.com\/fr\/wp-json\/wp\/v2\/media\/27766"}],"wp:attachment":[{"href":"https:\/\/gifex.com\/fr\/wp-json\/wp\/v2\/media?parent=26827"}],"wp:term":[{"taxonomy":"categoria_ficha","embeddable":true,"href":"https:\/\/gifex.com\/fr\/wp-json\/wp\/v2\/categoria_ficha?post=26827"}],"curies":[{"name":"wp","href":"https:\/\/api.w.org\/{rel}","templated":true}]}}