{"id":26808,"date":"2022-12-01T22:22:02","date_gmt":"2022-12-01T22:22:02","guid":{"rendered":"https:\/\/gifex.com\/fr\/?post_type=ficha&#038;p=26808"},"modified":"2023-03-24T13:44:21","modified_gmt":"2023-03-24T13:44:21","slug":"carte-de-la-mrc-de-la-vallee-de-la-gatineau","status":"publish","type":"ficha","link":"https:\/\/gifex.com\/fr\/fichier\/carte-de-la-mrc-de-la-vallee-de-la-gatineau\/","title":{"rendered":"Carte de la MRC de La Vall\u00e9e-de-la-Gatineau"},"content":{"rendered":"<p style=\"text-align: center;\"><label style=\"font-size: 15px;\">Carte de la municipalit\u00e9 r\u00e9gionale de comt\u00e9 (MRC) de La Vall\u00e9e-de-la-Gatineau.<\/label><\/p>\n<p>La Vall\u00e9e-de-la-Gatineau est une municipalit\u00e9 r\u00e9gionale de comt\u00e9 (MRC) de la province de Qu\u00e9bec (Canada) dans la r\u00e9gion administrative de l&#8217;Outaouais. Son chef-lieu est Gracefield. Elle a \u00e9t\u00e9 constitu\u00e9e le 1er janvier 1983.<\/p>\n<figure id=\"attachment_26811\" aria-describedby=\"caption-attachment-26811\" style=\"width: 360px\" class=\"wp-caption alignright\"><a href=\"https:\/\/gifex.com\/fr\/wp-content\/uploads\/26808\/Carte-de-Gracefield.png\" target=\"_blank\" rel=\"noopener\"><img fetchpriority=\"high\" decoding=\"async\" class=\"wp-image-26811\" title=\"Carte de Gracefield.\" src=\"https:\/\/gifex.com\/fr\/wp-content\/uploads\/26808\/Carte-de-Gracefield-297x300.png\" alt=\"Carte de Gracefield.\" width=\"360\" height=\"363\" srcset=\"https:\/\/gifex.com\/fr\/wp-content\/uploads\/26808\/Carte-de-Gracefield-297x300.png 297w, https:\/\/gifex.com\/fr\/wp-content\/uploads\/26808\/Carte-de-Gracefield-150x150.png 150w, https:\/\/gifex.com\/fr\/wp-content\/uploads\/26808\/Carte-de-Gracefield-300x303.png 300w, https:\/\/gifex.com\/fr\/wp-content\/uploads\/26808\/Carte-de-Gracefield.png 547w\" sizes=\"(max-width: 360px) 100vw, 360px\" \/><\/a><figcaption id=\"caption-attachment-26811\" class=\"wp-caption-text\"><label style=\"font-size: 15px;\">Carte de Gracefield, chef-lieu de la municipalit\u00e9 r\u00e9gionale de comt\u00e9 (MRC) de La Vall\u00e9e-de-la-Gatineau.<\/label><\/figcaption><\/figure>\n<p>Le territoire de la Vall\u00e9e de la Gatineau est bord\u00e9 par d&#8217;autres MRC de l&#8217;Outaouais : \u00e0 l&#8217;est par la MRC d&#8217;Antoine-Labelle, au sud-est par la MRC de Papineau, au sud par la MRC des Collines-de-l&#8217;Outaouais et \u00e0 l&#8217;ouest par la Municipalit\u00e9 r\u00e9gionale de comt\u00e9 de Pontiac. Au nord se trouve la municipalit\u00e9 r\u00e9gionale de comt\u00e9 de La Vall\u00e9e-de-l&#8217;Or en Abitibi-T\u00e9miscamingue. De nombreux lacs abondent dans la r\u00e9gion, incluant tout, du petit lac des Pins au lac des 31 milles.<\/p>\n<p><strong>Routes d&#8217;acc\u00e8s de la MRC de La Vall\u00e9e-de-la-Gatineau<\/strong><\/p>\n<p>Routes num\u00e9rot\u00e9es qui traversent la municipalit\u00e9 r\u00e9gionale de comt\u00e9 (MRC), y compris les routes externes qui commencent ou se terminent \u00e0 la fronti\u00e8re du comt\u00e9\u00a0:<\/p>\n<ul>\n<li>Route 105<\/li>\n<li>Route 117<\/li>\n<li>Route 107<\/li>\n<\/ul>\n<p><strong>Collectivit\u00e9s locales<\/strong><\/p>\n<p>La MRC de la Vall\u00e9e-de-la-Gatineau compte 17 municipalit\u00e9s et cinq territoires non organis\u00e9s. Deux r\u00e9serves autochtones se trouvent sur le territoire, soit Kitigan Zibi et Lac-Rapide, mais elles ne font pas partie \u00e0 proprement parler de la MRC.<\/p>\n<div class=\"boxscrl\">\n<table width=\"584\">\n<tbody>\n<tr>\n<td colspan=\"5\" width=\"584\">La Vall\u00e9e-de-la-Gatineau<\/td>\n<\/tr>\n<tr>\n<td rowspan=\"2\" width=\"202\">Nom<\/td>\n<td rowspan=\"2\" width=\"163\">Type<\/td>\n<td width=\"75\">Population<\/td>\n<td width=\"70\">Superficie<\/td>\n<td width=\"74\">Densit\u00e9<\/td>\n<\/tr>\n<tr>\n<td width=\"75\">2016<\/td>\n<td width=\"70\">(km<sup>2<\/sup>)<\/td>\n<td width=\"74\">(hab.\/km<sup>2<\/sup>)<\/td>\n<\/tr>\n<tr>\n<td>Aumond<\/td>\n<td width=\"163\">Municipalit\u00e9 de canton<\/td>\n<td width=\"75\">754<\/td>\n<td width=\"70\">214,74<\/td>\n<td width=\"74\">3,5<\/td>\n<\/tr>\n<tr>\n<td>Blue Sea<\/td>\n<td width=\"163\">Municipalit\u00e9<\/td>\n<td width=\"75\">639<\/td>\n<td width=\"70\">74,21<\/td>\n<td width=\"74\">8,6<\/td>\n<\/tr>\n<tr>\n<td>Bois-Franc<\/td>\n<td width=\"163\">Municipalit\u00e9<\/td>\n<td width=\"75\">421<\/td>\n<td width=\"70\">72,25<\/td>\n<td width=\"74\">5,8<\/td>\n<\/tr>\n<tr>\n<td>Bouchette<\/td>\n<td width=\"163\">Municipalit\u00e9<\/td>\n<td width=\"75\">731<\/td>\n<td width=\"70\">123,44<\/td>\n<td width=\"74\">5,9<\/td>\n<\/tr>\n<tr>\n<td>Cayamant<\/td>\n<td width=\"163\">Municipalit\u00e9<\/td>\n<td width=\"75\">821<\/td>\n<td width=\"70\">389,07<\/td>\n<td width=\"74\">2,1<\/td>\n<\/tr>\n<tr>\n<td>D\u00e9l\u00e9age<\/td>\n<td width=\"163\">Municipalit\u00e9<\/td>\n<td width=\"75\">1\u00a0852<\/td>\n<td width=\"70\">250,33<\/td>\n<td width=\"74\">7,4<\/td>\n<\/tr>\n<tr>\n<td>Denholm<\/td>\n<td width=\"163\">Municipalit\u00e9<\/td>\n<td width=\"75\">505<\/td>\n<td width=\"70\">181,14<\/td>\n<td width=\"74\">2,8<\/td>\n<\/tr>\n<tr>\n<td>Egan-Sud<\/td>\n<td width=\"163\">Municipalit\u00e9<\/td>\n<td width=\"75\">504<\/td>\n<td width=\"70\">50,62<\/td>\n<td width=\"74\">10,0<\/td>\n<\/tr>\n<tr>\n<td>Gracefield<\/td>\n<td width=\"163\">Ville<\/td>\n<td width=\"75\">2\u00a0462<\/td>\n<td width=\"70\">386,84<\/td>\n<td width=\"74\">6,4<\/td>\n<\/tr>\n<tr>\n<td>Grand-Remous<\/td>\n<td width=\"163\">Municipalit\u00e9<\/td>\n<td width=\"75\">1\u00a0161<\/td>\n<td width=\"70\">355,89<\/td>\n<td width=\"74\">3,3<\/td>\n<\/tr>\n<tr>\n<td>Kazabazua<\/td>\n<td width=\"163\">Municipalit\u00e9<\/td>\n<td width=\"75\">945<\/td>\n<td width=\"70\">175,09<\/td>\n<td width=\"74\">5,4<\/td>\n<\/tr>\n<tr>\n<td>Lac-Sainte-Marie<\/td>\n<td width=\"163\">Municipalit\u00e9<\/td>\n<td width=\"75\">566<\/td>\n<td width=\"70\">208,81<\/td>\n<td width=\"74\">2,7<\/td>\n<\/tr>\n<tr>\n<td>Low<\/td>\n<td width=\"163\">Municipalit\u00e9 de canton<\/td>\n<td width=\"75\">982<\/td>\n<td width=\"70\">261,17<\/td>\n<td width=\"74\">3,8<\/td>\n<\/tr>\n<tr>\n<td>Maniwaki<\/td>\n<td width=\"163\">Ville<\/td>\n<td width=\"75\">3\u00a0853<\/td>\n<td width=\"70\">5,98<\/td>\n<td width=\"74\">644,3<\/td>\n<\/tr>\n<tr>\n<td>Messines<\/td>\n<td width=\"163\">Municipalit\u00e9<\/td>\n<td width=\"75\">1\u00a0609<\/td>\n<td width=\"70\">111,97<\/td>\n<td width=\"74\">14,4<\/td>\n<\/tr>\n<tr>\n<td>Montcerf-Lytton<\/td>\n<td width=\"163\">Municipalit\u00e9<\/td>\n<td width=\"75\">636<\/td>\n<td width=\"70\">360,05<\/td>\n<td width=\"74\">1,8<\/td>\n<\/tr>\n<tr>\n<td>Sainte-Th\u00e9r\u00e8se-de-la-Gatineau<\/td>\n<td width=\"163\">Municipalit\u00e9<\/td>\n<td width=\"75\">520<\/td>\n<td width=\"70\">61,22<\/td>\n<td width=\"74\">8,5<\/td>\n<\/tr>\n<tr>\n<td>Cascades-Malignes<\/td>\n<td width=\"163\">Territoires non organis\u00e9s<\/td>\n<td width=\"75\">0<\/td>\n<td width=\"70\">486,19<\/td>\n<td width=\"74\">0,0<\/td>\n<\/tr>\n<tr>\n<td>D\u00e9p\u00f4t-\u00c9chouani<\/td>\n<td width=\"163\">Territoires non organis\u00e9s<\/td>\n<td width=\"75\">0<\/td>\n<td width=\"70\">309,02<\/td>\n<td width=\"74\">0,0<\/td>\n<\/tr>\n<tr>\n<td>Lac-Len\u00f4tre<\/td>\n<td width=\"163\">Territoires non organis\u00e9s<\/td>\n<td width=\"75\">0<\/td>\n<td width=\"70\">1\u00a0945,29<\/td>\n<td width=\"74\">0,0<\/td>\n<\/tr>\n<tr>\n<td>Lac-Moselle<\/td>\n<td width=\"163\">Territoires non organis\u00e9s<\/td>\n<td width=\"75\">0<\/td>\n<td width=\"70\">1\u00a0153,80<\/td>\n<td width=\"74\">0,0<\/td>\n<\/tr>\n<tr>\n<td>Lac-Pythonga<\/td>\n<td width=\"163\">Territoires non organis\u00e9s<\/td>\n<td width=\"75\">0<\/td>\n<td width=\"70\">5\u00a0130,08<\/td>\n<td width=\"74\">0,0<\/td>\n<\/tr>\n<tr>\n<td colspan=\"2\" width=\"365\">Total<\/td>\n<td width=\"75\">18\u00a0961<\/td>\n<td width=\"70\">12\u00a0480,50<\/td>\n<td width=\"74\">1,6<\/td>\n<\/tr>\n<\/tbody>\n<\/table>\n<\/div>\n<p>&nbsp;<\/p>\n<figure id=\"attachment_27781\" aria-describedby=\"caption-attachment-27781\" style=\"width: 400px\" class=\"wp-caption aligncenter\"><a href=\"https:\/\/gifex.com\/fr\/wp-content\/uploads\/26808\/Carte-du-territoire-et-limites-de-la-MRC-de-La-Vallee-de-la-Gatineau.jpg\" target=\"_blank\" rel=\"noopener\"><img decoding=\"async\" class=\"wp-image-27781\" title=\"Carte du territoire et limites de la Vall\u00e9e-de-la-Gatineau.\" src=\"https:\/\/gifex.com\/fr\/wp-content\/uploads\/26808\/Carte-du-territoire-et-limites-de-la-MRC-de-La-Vallee-de-la-Gatineau-230x300.jpg\" alt=\"Carte du territoire et limites de la Vall\u00e9e-de-la-Gatineau.\" width=\"400\" height=\"523\" srcset=\"https:\/\/gifex.com\/fr\/wp-content\/uploads\/26808\/Carte-du-territoire-et-limites-de-la-MRC-de-La-Vallee-de-la-Gatineau-230x300.jpg 230w, https:\/\/gifex.com\/fr\/wp-content\/uploads\/26808\/Carte-du-territoire-et-limites-de-la-MRC-de-La-Vallee-de-la-Gatineau-784x1024.jpg 784w, https:\/\/gifex.com\/fr\/wp-content\/uploads\/26808\/Carte-du-territoire-et-limites-de-la-MRC-de-La-Vallee-de-la-Gatineau-768x1003.jpg 768w, https:\/\/gifex.com\/fr\/wp-content\/uploads\/26808\/Carte-du-territoire-et-limites-de-la-MRC-de-La-Vallee-de-la-Gatineau-1176x1536.jpg 1176w, https:\/\/gifex.com\/fr\/wp-content\/uploads\/26808\/Carte-du-territoire-et-limites-de-la-MRC-de-La-Vallee-de-la-Gatineau-1568x2048.jpg 1568w, https:\/\/gifex.com\/fr\/wp-content\/uploads\/26808\/Carte-du-territoire-et-limites-de-la-MRC-de-La-Vallee-de-la-Gatineau-300x392.jpg 300w, https:\/\/gifex.com\/fr\/wp-content\/uploads\/26808\/Carte-du-territoire-et-limites-de-la-MRC-de-La-Vallee-de-la-Gatineau-1225x1600.jpg 1225w\" sizes=\"(max-width: 400px) 100vw, 400px\" \/><\/a><figcaption id=\"caption-attachment-27781\" class=\"wp-caption-text\"><label style=\"font-size: 15px;\">Carte du territoire et limites de la Vall\u00e9e-de-la-Gatineau.<\/label><\/figcaption><\/figure>\n","protected":false},"excerpt":{"rendered":"<p>La Vall\u00e9e-de-la-Gatineau est une municipalit\u00e9 r\u00e9gionale de comt\u00e9 (MRC) de la province de Qu\u00e9bec (Canada) dans la r\u00e9gion administrative de l&#8217;Outaouais. Son c &#8230;<\/p>\n","protected":false},"author":1,"featured_media":27780,"template":"","categoria_ficha":[1917],"class_list":["post-26808","ficha","type-ficha","status-publish","has-post-thumbnail","hentry","categoria_ficha-cartes-de-l-outaouais"],"acf":[],"_links":{"self":[{"href":"https:\/\/gifex.com\/fr\/wp-json\/wp\/v2\/ficha\/26808","targetHints":{"allow":["GET"]}}],"collection":[{"href":"https:\/\/gifex.com\/fr\/wp-json\/wp\/v2\/ficha"}],"about":[{"href":"https:\/\/gifex.com\/fr\/wp-json\/wp\/v2\/types\/ficha"}],"author":[{"embeddable":true,"href":"https:\/\/gifex.com\/fr\/wp-json\/wp\/v2\/users\/1"}],"version-history":[{"count":6,"href":"https:\/\/gifex.com\/fr\/wp-json\/wp\/v2\/ficha\/26808\/revisions"}],"predecessor-version":[{"id":35974,"href":"https:\/\/gifex.com\/fr\/wp-json\/wp\/v2\/ficha\/26808\/revisions\/35974"}],"wp:featuredmedia":[{"embeddable":true,"href":"https:\/\/gifex.com\/fr\/wp-json\/wp\/v2\/media\/27780"}],"wp:attachment":[{"href":"https:\/\/gifex.com\/fr\/wp-json\/wp\/v2\/media?parent=26808"}],"wp:term":[{"taxonomy":"categoria_ficha","embeddable":true,"href":"https:\/\/gifex.com\/fr\/wp-json\/wp\/v2\/categoria_ficha?post=26808"}],"curies":[{"name":"wp","href":"https:\/\/api.w.org\/{rel}","templated":true}]}}