{"id":26330,"date":"2022-11-25T00:33:32","date_gmt":"2022-11-25T00:33:32","guid":{"rendered":"https:\/\/gifex.com\/fr\/?post_type=ficha&#038;p=26330"},"modified":"2023-03-24T13:51:04","modified_gmt":"2023-03-24T13:51:04","slug":"carte-de-la-mrc-des-sources","status":"publish","type":"ficha","link":"https:\/\/gifex.com\/fr\/fichier\/carte-de-la-mrc-des-sources\/","title":{"rendered":"Carte de la MRC des Sources"},"content":{"rendered":"<p style=\"text-align: center;\"><label style=\"font-size: 15px;\">Carte de la municipalit\u00e9 r\u00e9gionale de comt\u00e9 (MRC) des Sources.<\/label><\/p>\n<p>Les Sources est une municipalit\u00e9 r\u00e9gionale de comt\u00e9 (MRC) situ\u00e9e dans la r\u00e9gion de l&#8217;Estrie au Qu\u00e9bec (Canada). Son chef-lieu est Val-des-Sources.<\/p>\n<p>Cr\u00e9\u00e9e sous le nom de MRC de L&#8217;Or-Blanc, celle-ci changea son nom pour la MRC d&#8217;Asbestos et une seconde fois pour le nom actuel en 2006.<\/p>\n<figure id=\"attachment_26332\" aria-describedby=\"caption-attachment-26332\" style=\"width: 360px\" class=\"wp-caption alignright\"><a href=\"https:\/\/gifex.com\/fr\/wp-content\/uploads\/26330\/Carte-de-Val-des-Sources-Quebec.png\" target=\"_blank\" rel=\"noopener\"><img fetchpriority=\"high\" decoding=\"async\" class=\"wp-image-26332\" title=\"Carte de Val-des-Sources, Qu\u00e9bec.\" src=\"https:\/\/gifex.com\/fr\/wp-content\/uploads\/26330\/Carte-de-Val-des-Sources-Quebec-300x154.png\" alt=\"Carte de Val-des-Sources, Qu\u00e9bec.\" width=\"360\" height=\"185\" srcset=\"https:\/\/gifex.com\/fr\/wp-content\/uploads\/26330\/Carte-de-Val-des-Sources-Quebec-300x154.png 300w, https:\/\/gifex.com\/fr\/wp-content\/uploads\/26330\/Carte-de-Val-des-Sources-Quebec-1024x527.png 1024w, https:\/\/gifex.com\/fr\/wp-content\/uploads\/26330\/Carte-de-Val-des-Sources-Quebec-768x395.png 768w, https:\/\/gifex.com\/fr\/wp-content\/uploads\/26330\/Carte-de-Val-des-Sources-Quebec.png 1077w\" sizes=\"(max-width: 360px) 100vw, 360px\" \/><\/a><figcaption id=\"caption-attachment-26332\" class=\"wp-caption-text\"><label style=\"font-size: 15px;\">Carte de Val-des-Sources, chef-lieu de la municipalit\u00e9 r\u00e9gionale de comt\u00e9 (MRC) des Sources.<\/label><\/figcaption><\/figure>\n<p><strong>Routes d&#8217;acc\u00e8s de la MRC des Sources<\/strong><\/p>\n<p>Routes num\u00e9rot\u00e9es qui traversent la municipalit\u00e9 r\u00e9gionale de comt\u00e9 (MRC), y compris les routes externes qui commencent ou se terminent \u00e0 la fronti\u00e8re de la MRC\u00a0:<\/p>\n<p>Routes principales<\/p>\n<ul>\n<li>Route 116<\/li>\n<\/ul>\n<p>Routes secondaires<\/p>\n<ul>\n<li>Route 216<\/li>\n<li>Route 249<\/li>\n<li>Route 255<\/li>\n<li>Route 257<\/li>\n<\/ul>\n<p><strong>Municipalit\u00e9s<\/strong><\/p>\n<p>La municipalit\u00e9 r\u00e9gionale de comt\u00e9 (MRC) des Sources comporte sept municipalit\u00e9s locales, soit deux villes, une municipalit\u00e9 de canton et quatre municipalit\u00e9s.<\/p>\n<div class=\"boxscrl\">\n<table width=\"544\">\n<tbody>\n<tr>\n<td rowspan=\"2\" width=\"174\">Nom<\/td>\n<td rowspan=\"2\" width=\"151\">Type<\/td>\n<td width=\"75\">Population<\/td>\n<td width=\"70\">Superficie<\/td>\n<td width=\"74\">Densit\u00e9<\/td>\n<\/tr>\n<tr>\n<td width=\"75\">2014<\/td>\n<td width=\"70\">(km<sup>2<\/sup>)<\/td>\n<td width=\"74\">(hab.\/km<sup>2<\/sup>)<\/td>\n<\/tr>\n<tr>\n<td colspan=\"5\" width=\"544\">Municipalit\u00e9s locales<\/td>\n<\/tr>\n<tr>\n<td>Val-des-Sources<\/td>\n<td width=\"151\">Ville<\/td>\n<td width=\"75\">7\u00a0099<\/td>\n<td width=\"70\">30,25<\/td>\n<td width=\"74\">234,7<\/td>\n<\/tr>\n<tr>\n<td>Danville<\/td>\n<td width=\"151\">Ville<\/td>\n<td width=\"75\">4\u00a0161<\/td>\n<td width=\"70\">151,75<\/td>\n<td width=\"74\">27,4<\/td>\n<\/tr>\n<tr>\n<td>Ham-Sud<\/td>\n<td width=\"151\">Municipalit\u00e9<\/td>\n<td width=\"75\">225<\/td>\n<td width=\"70\">151,44<\/td>\n<td width=\"74\">1,5<\/td>\n<\/tr>\n<tr>\n<td>Saint-Adrien<\/td>\n<td width=\"151\">Municipalit\u00e9<\/td>\n<td width=\"75\">528<\/td>\n<td width=\"70\">98,50<\/td>\n<td width=\"74\">5,4<\/td>\n<\/tr>\n<tr>\n<td>Saint-Camille<\/td>\n<td width=\"151\">Municipalit\u00e9 de canton<\/td>\n<td width=\"75\">526<\/td>\n<td width=\"70\">83,25<\/td>\n<td width=\"74\">6,3<\/td>\n<\/tr>\n<tr>\n<td>Saint-Georges-de-Windsor<\/td>\n<td width=\"151\">Municipalit\u00e9<\/td>\n<td width=\"75\">965<\/td>\n<td width=\"70\">127,03<\/td>\n<td width=\"74\">7,6<\/td>\n<\/tr>\n<tr>\n<td>Wotton<\/td>\n<td width=\"151\">Municipalit\u00e9<\/td>\n<td width=\"75\">1\u00a0458<\/td>\n<td width=\"70\">143,32<\/td>\n<td width=\"74\">10,2<\/td>\n<\/tr>\n<tr>\n<td colspan=\"2\" width=\"325\">Total<\/td>\n<td width=\"75\">14\u00a0962<\/td>\n<td width=\"70\">785,54<\/td>\n<td width=\"74\">19,0<\/td>\n<\/tr>\n<\/tbody>\n<\/table>\n<\/div>\n<p>&nbsp;<\/p>\n<figure id=\"attachment_27760\" aria-describedby=\"caption-attachment-27760\" style=\"width: 400px\" class=\"wp-caption aligncenter\"><a href=\"https:\/\/gifex.com\/fr\/wp-content\/uploads\/26330\/Carte-du-territoire-et-limites-de-la-MRC-des-Sources.jpg\" target=\"_blank\" rel=\"noopener\"><img decoding=\"async\" class=\"wp-image-27760\" title=\"Carte du territoire et limites de la MRC des Sources.\" src=\"https:\/\/gifex.com\/fr\/wp-content\/uploads\/26330\/Carte-du-territoire-et-limites-de-la-MRC-des-Sources-250x300.jpg\" alt=\"Carte du territoire et limites de la MRC des Sources.\" width=\"400\" height=\"480\" srcset=\"https:\/\/gifex.com\/fr\/wp-content\/uploads\/26330\/Carte-du-territoire-et-limites-de-la-MRC-des-Sources-250x300.jpg 250w, https:\/\/gifex.com\/fr\/wp-content\/uploads\/26330\/Carte-du-territoire-et-limites-de-la-MRC-des-Sources-853x1024.jpg 853w, https:\/\/gifex.com\/fr\/wp-content\/uploads\/26330\/Carte-du-territoire-et-limites-de-la-MRC-des-Sources-768x922.jpg 768w, https:\/\/gifex.com\/fr\/wp-content\/uploads\/26330\/Carte-du-territoire-et-limites-de-la-MRC-des-Sources-1280x1536.jpg 1280w, https:\/\/gifex.com\/fr\/wp-content\/uploads\/26330\/Carte-du-territoire-et-limites-de-la-MRC-des-Sources-1707x2048.jpg 1707w, https:\/\/gifex.com\/fr\/wp-content\/uploads\/26330\/Carte-du-territoire-et-limites-de-la-MRC-des-Sources-300x360.jpg 300w, https:\/\/gifex.com\/fr\/wp-content\/uploads\/26330\/Carte-du-territoire-et-limites-de-la-MRC-des-Sources-1333x1600.jpg 1333w\" sizes=\"(max-width: 400px) 100vw, 400px\" \/><\/a><figcaption id=\"caption-attachment-27760\" class=\"wp-caption-text\"><label style=\"font-size: 15px;\">Carte du territoire et limites de la MRC des Sources.<\/label><\/figcaption><\/figure>\n","protected":false},"excerpt":{"rendered":"<p>Les Sources est une municipalit\u00e9 r\u00e9gionale de comt\u00e9 (MRC) situ\u00e9e dans la r\u00e9gion de l&#8217;Estrie au Qu\u00e9bec (Canada). Son chef-lieu est Val-des-Sources. Cr\u00e9\u00e9e so &#8230;<\/p>\n","protected":false},"author":1,"featured_media":27758,"template":"","categoria_ficha":[1915],"class_list":["post-26330","ficha","type-ficha","status-publish","has-post-thumbnail","hentry","categoria_ficha-cartes-de-l-estrie"],"acf":[],"_links":{"self":[{"href":"https:\/\/gifex.com\/fr\/wp-json\/wp\/v2\/ficha\/26330","targetHints":{"allow":["GET"]}}],"collection":[{"href":"https:\/\/gifex.com\/fr\/wp-json\/wp\/v2\/ficha"}],"about":[{"href":"https:\/\/gifex.com\/fr\/wp-json\/wp\/v2\/types\/ficha"}],"author":[{"embeddable":true,"href":"https:\/\/gifex.com\/fr\/wp-json\/wp\/v2\/users\/1"}],"version-history":[{"count":6,"href":"https:\/\/gifex.com\/fr\/wp-json\/wp\/v2\/ficha\/26330\/revisions"}],"predecessor-version":[{"id":35994,"href":"https:\/\/gifex.com\/fr\/wp-json\/wp\/v2\/ficha\/26330\/revisions\/35994"}],"wp:featuredmedia":[{"embeddable":true,"href":"https:\/\/gifex.com\/fr\/wp-json\/wp\/v2\/media\/27758"}],"wp:attachment":[{"href":"https:\/\/gifex.com\/fr\/wp-json\/wp\/v2\/media?parent=26330"}],"wp:term":[{"taxonomy":"categoria_ficha","embeddable":true,"href":"https:\/\/gifex.com\/fr\/wp-json\/wp\/v2\/categoria_ficha?post=26330"}],"curies":[{"name":"wp","href":"https:\/\/api.w.org\/{rel}","templated":true}]}}