{"id":26318,"date":"2022-11-24T22:36:09","date_gmt":"2022-11-24T22:36:09","guid":{"rendered":"https:\/\/gifex.com\/fr\/?post_type=ficha&#038;p=26318"},"modified":"2023-03-24T13:51:12","modified_gmt":"2023-03-24T13:51:12","slug":"carte-de-la-mrc-du-val-saint-francois","status":"publish","type":"ficha","link":"https:\/\/gifex.com\/fr\/fichier\/carte-de-la-mrc-du-val-saint-francois\/","title":{"rendered":"Carte de la MRC du Val-Saint-Fran\u00e7ois"},"content":{"rendered":"<p style=\"text-align: center;\"><label style=\"font-size: 15px;\">Carte de la municipalit\u00e9 r\u00e9gionale de comt\u00e9 (MRC) du Val-Saint-Fran\u00e7ois.<\/label><\/p>\n<p>Le Val-Saint-Fran\u00e7ois est une municipalit\u00e9 r\u00e9gionale de comt\u00e9 (MRC) de la province du Qu\u00e9bec (Canada) dans la r\u00e9gion de l&#8217;Estrie. Son chef-lieu est \u00e0 Richmond.<\/p>\n<figure id=\"attachment_26320\" aria-describedby=\"caption-attachment-26320\" style=\"width: 360px\" class=\"wp-caption alignright\"><a href=\"https:\/\/gifex.com\/fr\/wp-content\/uploads\/26318\/Carte-de-la-ville-de-Richmond-Quebec.png\" target=\"_blank\" rel=\"noopener\"><img fetchpriority=\"high\" decoding=\"async\" class=\"wp-image-26320\" title=\"Carte de la ville de Richmond, Qu\u00e9bec.\" src=\"https:\/\/gifex.com\/fr\/wp-content\/uploads\/26318\/Carte-de-la-ville-de-Richmond-Quebec-300x203.png\" alt=\"Carte de la ville de Richmond, Qu\u00e9bec.\" width=\"360\" height=\"243\" srcset=\"https:\/\/gifex.com\/fr\/wp-content\/uploads\/26318\/Carte-de-la-ville-de-Richmond-Quebec-300x203.png 300w, https:\/\/gifex.com\/fr\/wp-content\/uploads\/26318\/Carte-de-la-ville-de-Richmond-Quebec.png 682w\" sizes=\"(max-width: 360px) 100vw, 360px\" \/><\/a><figcaption id=\"caption-attachment-26320\" class=\"wp-caption-text\"><label style=\"font-size: 15px;\">Carte de la ville de Richmond, chef-lieu de la municipalit\u00e9 r\u00e9gionale de comt\u00e9 (MRC) du Val-Saint-Fran\u00e7ois.<\/label><\/figcaption><\/figure>\n<p><strong>Routes d&#8217;acc\u00e8s de la MRC du Val-Saint-Fran\u00e7ois<\/strong><\/p>\n<p>Routes num\u00e9rot\u00e9es qui traversent la municipalit\u00e9 r\u00e9gionale de comt\u00e9 (MRC), y compris les routes externes qui commencent ou se terminent \u00e0 la fronti\u00e8re de la MRC\u00a0:<\/p>\n<p>Autoroutes<\/p>\n<ul>\n<li>A-55<\/li>\n<\/ul>\n<p>Routes principales<\/p>\n<ul>\n<li>Route 116<\/li>\n<li>Route 143<\/li>\n<\/ul>\n<p>Routes secondaires<\/p>\n<ul>\n<li>Route 216<\/li>\n<li>Route 220<\/li>\n<li>Route 222<\/li>\n<li>Route 243<\/li>\n<li>Route 249<\/li>\n<\/ul>\n<p><strong>Municipalit\u00e9s<\/strong><\/p>\n<div class=\"boxscrl\">\n<table width=\"600\">\n<tbody>\n<tr>\n<td rowspan=\"2\" width=\"230\">Nom<\/td>\n<td rowspan=\"2\" width=\"151\">Type<\/td>\n<td width=\"75\">Population<\/td>\n<td width=\"70\">Superficie<\/td>\n<td width=\"74\">Densit\u00e9<\/td>\n<\/tr>\n<tr>\n<td width=\"75\">2014<\/td>\n<td width=\"70\">(km<sup>2<\/sup>)<\/td>\n<td width=\"74\">(hab.\/km<sup>2<\/sup>)<\/td>\n<\/tr>\n<tr>\n<td colspan=\"5\" width=\"600\">Municipalit\u00e9s locales<\/td>\n<\/tr>\n<tr>\n<td>Bonsecours<\/td>\n<td width=\"151\">Municipalit\u00e9<\/td>\n<td width=\"75\">614<\/td>\n<td width=\"70\">60,25<\/td>\n<td width=\"74\">10,2<\/td>\n<\/tr>\n<tr>\n<td>Cleveland<\/td>\n<td width=\"151\">Municipalit\u00e9 de canton<\/td>\n<td width=\"75\">1\u00a0636<\/td>\n<td width=\"70\">123,38<\/td>\n<td width=\"74\">13,3<\/td>\n<\/tr>\n<tr>\n<td>Kingsbury<\/td>\n<td width=\"151\">Municipalit\u00e9 de village<\/td>\n<td width=\"75\">154<\/td>\n<td width=\"70\">6,87<\/td>\n<td width=\"74\">22,4<\/td>\n<\/tr>\n<tr>\n<td>Lawrenceville<\/td>\n<td width=\"151\">Municipalit\u00e9 de village<\/td>\n<td width=\"75\">655<\/td>\n<td width=\"70\">17,40<\/td>\n<td width=\"74\">37,6<\/td>\n<\/tr>\n<tr>\n<td>Maricourt<\/td>\n<td width=\"151\">Municipalit\u00e9<\/td>\n<td width=\"75\">539<\/td>\n<td width=\"70\">61,89<\/td>\n<td width=\"74\">8,7<\/td>\n<\/tr>\n<tr>\n<td>Melbourne<\/td>\n<td width=\"151\">Municipalit\u00e9 de canton<\/td>\n<td width=\"75\">978<\/td>\n<td width=\"70\">172,96<\/td>\n<td width=\"74\">5,7<\/td>\n<\/tr>\n<tr>\n<td>Racine<\/td>\n<td width=\"151\">Municipalit\u00e9<\/td>\n<td width=\"75\">1\u00a0229<\/td>\n<td width=\"70\">104,71<\/td>\n<td width=\"74\">11,7<\/td>\n<\/tr>\n<tr>\n<td>Richmond<\/td>\n<td width=\"151\">Ville<\/td>\n<td width=\"75\">3\u00a0329<\/td>\n<td width=\"70\">6,85<\/td>\n<td width=\"74\">486,0<\/td>\n<\/tr>\n<tr>\n<td>Saint-Claude<\/td>\n<td width=\"151\">Municipalit\u00e9<\/td>\n<td width=\"75\">1\u00a0085<\/td>\n<td width=\"70\">119,28<\/td>\n<td width=\"74\">9,1<\/td>\n<\/tr>\n<tr>\n<td>Saint-Denis-de-Brompton<\/td>\n<td width=\"151\">Municipalit\u00e9<\/td>\n<td width=\"75\">3\u00a0686<\/td>\n<td width=\"70\">70,29<\/td>\n<td width=\"74\">52,4<\/td>\n<\/tr>\n<tr>\n<td>Sainte-Anne-de-la-Rochelle<\/td>\n<td width=\"151\">Municipalit\u00e9<\/td>\n<td width=\"75\">623<\/td>\n<td width=\"70\">61,63<\/td>\n<td width=\"74\">10,1<\/td>\n<\/tr>\n<tr>\n<td>Saint-Fran\u00e7ois-Xavier-de-Brompton<\/td>\n<td width=\"151\">Municipalit\u00e9<\/td>\n<td width=\"75\">2\u00a0184<\/td>\n<td width=\"70\">97,47<\/td>\n<td width=\"74\">22,4<\/td>\n<\/tr>\n<tr>\n<td>Stoke<\/td>\n<td width=\"151\">Municipalit\u00e9<\/td>\n<td width=\"75\">2\u00a0900<\/td>\n<td width=\"70\">251,46<\/td>\n<td width=\"74\">11,5<\/td>\n<\/tr>\n<tr>\n<td>Ulverton<\/td>\n<td width=\"151\">Municipalit\u00e9<\/td>\n<td width=\"75\">396<\/td>\n<td width=\"70\">51,34<\/td>\n<td width=\"74\">7,7<\/td>\n<\/tr>\n<tr>\n<td>Valcourt<\/td>\n<td width=\"151\">Municipalit\u00e9 de canton<\/td>\n<td width=\"75\">1\u00a0012<\/td>\n<td width=\"70\">80,25<\/td>\n<td width=\"74\">12,6<\/td>\n<\/tr>\n<tr>\n<td>Valcourt<\/td>\n<td width=\"151\">Ville<\/td>\n<td width=\"75\">2\u00a0271<\/td>\n<td width=\"70\">5,44<\/td>\n<td width=\"74\">417,5<\/td>\n<\/tr>\n<tr>\n<td>Val-Joli<\/td>\n<td width=\"151\">Municipalit\u00e9<\/td>\n<td width=\"75\">1\u00a0670<\/td>\n<td width=\"70\">91,95<\/td>\n<td width=\"74\">18,2<\/td>\n<\/tr>\n<tr>\n<td>Windsor<\/td>\n<td width=\"151\">Ville<\/td>\n<td width=\"75\">5\u00a0392<\/td>\n<td width=\"70\">14,37<\/td>\n<td width=\"74\">375,2<\/td>\n<\/tr>\n<tr>\n<td colspan=\"2\" width=\"381\">Total<\/td>\n<td width=\"75\">30\u00a0353<\/td>\n<td width=\"70\">1\u00a0397,76<\/td>\n<td width=\"74\">21,7<\/td>\n<\/tr>\n<\/tbody>\n<\/table>\n<\/div>\n<p>&nbsp;<\/p>\n<figure id=\"attachment_27756\" aria-describedby=\"caption-attachment-27756\" style=\"width: 400px\" class=\"wp-caption aligncenter\"><a href=\"https:\/\/gifex.com\/fr\/wp-content\/uploads\/26318\/Carte-du-territoire-et-limites-la-MRC-du-Val-Saint-Francois.jpg\" target=\"_blank\" rel=\"noopener\"><img decoding=\"async\" class=\"wp-image-27756\" title=\"Carte du territoire et limites de la MRC du Val-Saint-Fran\u00e7ois.\" src=\"https:\/\/gifex.com\/fr\/wp-content\/uploads\/26318\/Carte-du-territoire-et-limites-la-MRC-du-Val-Saint-Francois-231x300.jpg\" alt=\"Carte du territoire et limites de la MRC du Val-Saint-Fran\u00e7ois.\" width=\"400\" height=\"520\" srcset=\"https:\/\/gifex.com\/fr\/wp-content\/uploads\/26318\/Carte-du-territoire-et-limites-la-MRC-du-Val-Saint-Francois-231x300.jpg 231w, https:\/\/gifex.com\/fr\/wp-content\/uploads\/26318\/Carte-du-territoire-et-limites-la-MRC-du-Val-Saint-Francois-787x1024.jpg 787w, https:\/\/gifex.com\/fr\/wp-content\/uploads\/26318\/Carte-du-territoire-et-limites-la-MRC-du-Val-Saint-Francois-768x999.jpg 768w, https:\/\/gifex.com\/fr\/wp-content\/uploads\/26318\/Carte-du-territoire-et-limites-la-MRC-du-Val-Saint-Francois-1181x1536.jpg 1181w, https:\/\/gifex.com\/fr\/wp-content\/uploads\/26318\/Carte-du-territoire-et-limites-la-MRC-du-Val-Saint-Francois-1574x2048.jpg 1574w, https:\/\/gifex.com\/fr\/wp-content\/uploads\/26318\/Carte-du-territoire-et-limites-la-MRC-du-Val-Saint-Francois-300x390.jpg 300w, https:\/\/gifex.com\/fr\/wp-content\/uploads\/26318\/Carte-du-territoire-et-limites-la-MRC-du-Val-Saint-Francois-1230x1600.jpg 1230w\" sizes=\"(max-width: 400px) 100vw, 400px\" \/><\/a><figcaption id=\"caption-attachment-27756\" class=\"wp-caption-text\"><label style=\"font-size: 15px;\">Carte du territoire et limites de la MRC du Val-Saint-Fran\u00e7ois.<\/label><\/figcaption><\/figure>\n","protected":false},"excerpt":{"rendered":"<p>Le Val-Saint-Fran\u00e7ois est une municipalit\u00e9 r\u00e9gionale de comt\u00e9 (MRC) de la province du Qu\u00e9bec (Canada) dans la r\u00e9gion de l&#8217;Estrie. Son chef-lieu est \u00e0 Richmond.<\/p>\n","protected":false},"author":1,"featured_media":27755,"template":"","categoria_ficha":[1915],"class_list":["post-26318","ficha","type-ficha","status-publish","has-post-thumbnail","hentry","categoria_ficha-cartes-de-l-estrie"],"acf":[],"_links":{"self":[{"href":"https:\/\/gifex.com\/fr\/wp-json\/wp\/v2\/ficha\/26318","targetHints":{"allow":["GET"]}}],"collection":[{"href":"https:\/\/gifex.com\/fr\/wp-json\/wp\/v2\/ficha"}],"about":[{"href":"https:\/\/gifex.com\/fr\/wp-json\/wp\/v2\/types\/ficha"}],"author":[{"embeddable":true,"href":"https:\/\/gifex.com\/fr\/wp-json\/wp\/v2\/users\/1"}],"version-history":[{"count":7,"href":"https:\/\/gifex.com\/fr\/wp-json\/wp\/v2\/ficha\/26318\/revisions"}],"predecessor-version":[{"id":35995,"href":"https:\/\/gifex.com\/fr\/wp-json\/wp\/v2\/ficha\/26318\/revisions\/35995"}],"wp:featuredmedia":[{"embeddable":true,"href":"https:\/\/gifex.com\/fr\/wp-json\/wp\/v2\/media\/27755"}],"wp:attachment":[{"href":"https:\/\/gifex.com\/fr\/wp-json\/wp\/v2\/media?parent=26318"}],"wp:term":[{"taxonomy":"categoria_ficha","embeddable":true,"href":"https:\/\/gifex.com\/fr\/wp-json\/wp\/v2\/categoria_ficha?post=26318"}],"curies":[{"name":"wp","href":"https:\/\/api.w.org\/{rel}","templated":true}]}}