{"id":26202,"date":"2022-11-23T00:26:11","date_gmt":"2022-11-23T00:26:11","guid":{"rendered":"https:\/\/gifex.com\/fr\/?post_type=ficha&#038;p=26202"},"modified":"2023-03-24T15:52:20","modified_gmt":"2023-03-24T15:52:20","slug":"carte-de-la-mrc-des-chenaux","status":"publish","type":"ficha","link":"https:\/\/gifex.com\/fr\/fichier\/carte-de-la-mrc-des-chenaux\/","title":{"rendered":"Carte de la MRC des Chenaux"},"content":{"rendered":"<p style=\"text-align: center;\"><label style=\"font-size: 15px;\">Carte de la municipalit\u00e9 r\u00e9gionale de comt\u00e9 (MRC) des Chenaux.<\/label><\/p>\n<p>La MRC des Chenaux est une municipalit\u00e9 r\u00e9gionale de comt\u00e9 (MRC) de la r\u00e9gion administrative de la Mauricie au Qu\u00e9bec.<\/p>\n<figure id=\"attachment_26204\" aria-describedby=\"caption-attachment-26204\" style=\"width: 360px\" class=\"wp-caption alignright\"><a href=\"https:\/\/gifex.com\/fr\/wp-content\/uploads\/26202\/Carte-de-Saint-Luc-de-Vincennes.png\" target=\"_blank\" rel=\"noopener\"><img fetchpriority=\"high\" decoding=\"async\" class=\"wp-image-26204\" title=\"Carte de Saint-Luc-de-Vincennes.\" src=\"https:\/\/gifex.com\/fr\/wp-content\/uploads\/26202\/Carte-de-Saint-Luc-de-Vincennes-300x196.png\" alt=\"Carte de Saint-Luc-de-Vincennes.\" width=\"360\" height=\"235\" srcset=\"https:\/\/gifex.com\/fr\/wp-content\/uploads\/26202\/Carte-de-Saint-Luc-de-Vincennes-300x196.png 300w, https:\/\/gifex.com\/fr\/wp-content\/uploads\/26202\/Carte-de-Saint-Luc-de-Vincennes.png 746w\" sizes=\"(max-width: 360px) 100vw, 360px\" \/><\/a><figcaption id=\"caption-attachment-26204\" class=\"wp-caption-text\"><label style=\"font-size: 15px;\">Carte de Saint-Luc-de-Vincennes, chef-lieu de la municipalit\u00e9 r\u00e9gionale de comt\u00e9 (MRC) des Chenaux.<\/label><\/figcaption><\/figure>\n<p>Situ\u00e9 sur la rive nord du fleuve Saint-Laurent ce territoire couvrant surtout la Basse-Batiscanie ainsi que les bassins versants de la rivi\u00e8re Champlain et Sainte-Anne.<\/p>\n<p>Elle est compos\u00e9e de dix municipalit\u00e9s. Le chef-lieu de la municipalit\u00e9 r\u00e9gionale de comt\u00e9 des Chenaux est Saint-Luc-de-Vincennes.<\/p>\n<p><strong>G\u00e9ographie<\/strong><\/p>\n<p>La MRC des Chenaux est une r\u00e9gion situ\u00e9e \u00e0 l&#8217;est de Trois-Rivi\u00e8res entre les municipalit\u00e9s de Champlain et Sainte-Anne-de-la-P\u00e9rade. Le territoire de la MRC fait environ 40 km de longueur sur une profondeur d&#8217;une vingtaine de kilom\u00e8tres. Le territoire est travers\u00e9 du nord au sud par trois rivi\u00e8res coulant du nord au sud : Champlain, Batiscan et Sainte-Anne.<\/p>\n<figure id=\"attachment_27686\" aria-describedby=\"caption-attachment-27686\" style=\"width: 360px\" class=\"wp-caption alignright\"><a href=\"https:\/\/gifex.com\/fr\/wp-content\/uploads\/26202\/Carte-du-territoire-et-limites-de-la-MRC-des-Chenaux.jpg\" target=\"_blank\" rel=\"noopener\"><img decoding=\"async\" class=\"wp-image-27686\" title=\"Carte du territoire et limites de la MRC des Chenaux.\" src=\"https:\/\/gifex.com\/fr\/wp-content\/uploads\/26202\/Carte-du-territoire-et-limites-de-la-MRC-des-Chenaux-241x300.jpg\" alt=\"Carte du territoire et limites de la MRC des Chenaux.\" width=\"360\" height=\"449\" srcset=\"https:\/\/gifex.com\/fr\/wp-content\/uploads\/26202\/Carte-du-territoire-et-limites-de-la-MRC-des-Chenaux-241x300.jpg 241w, https:\/\/gifex.com\/fr\/wp-content\/uploads\/26202\/Carte-du-territoire-et-limites-de-la-MRC-des-Chenaux-821x1024.jpg 821w, https:\/\/gifex.com\/fr\/wp-content\/uploads\/26202\/Carte-du-territoire-et-limites-de-la-MRC-des-Chenaux-768x958.jpg 768w, https:\/\/gifex.com\/fr\/wp-content\/uploads\/26202\/Carte-du-territoire-et-limites-de-la-MRC-des-Chenaux-1232x1536.jpg 1232w, https:\/\/gifex.com\/fr\/wp-content\/uploads\/26202\/Carte-du-territoire-et-limites-de-la-MRC-des-Chenaux-1642x2048.jpg 1642w, https:\/\/gifex.com\/fr\/wp-content\/uploads\/26202\/Carte-du-territoire-et-limites-de-la-MRC-des-Chenaux-300x374.jpg 300w, https:\/\/gifex.com\/fr\/wp-content\/uploads\/26202\/Carte-du-territoire-et-limites-de-la-MRC-des-Chenaux-1283x1600.jpg 1283w\" sizes=\"(max-width: 360px) 100vw, 360px\" \/><\/a><figcaption id=\"caption-attachment-27686\" class=\"wp-caption-text\"><label style=\"font-size: 15px;\">Carte du territoire et limites de la MRC des Chenaux.<\/label><\/figcaption><\/figure>\n<p><strong>Routes d&#8217;acc\u00e8s de la MRC des Chenaux<\/strong><\/p>\n<p>Routes num\u00e9rot\u00e9es qui traversent la municipalit\u00e9 r\u00e9gionale de comt\u00e9 (MRC), y compris les routes externes qui commencent ou se terminent \u00e0 la fronti\u00e8re de la MRC\u00a0:<\/p>\n<p>Autoroutes<\/p>\n<ul>\n<li>A-40<\/li>\n<\/ul>\n<p>Routes principales<\/p>\n<ul>\n<li>Route 138<\/li>\n<li>Route 157<\/li>\n<li>Route 159<\/li>\n<\/ul>\n<p>Routes secondaires<\/p>\n<ul>\n<li>Route 352<\/li>\n<li>Route 354<\/li>\n<li>Route 359<\/li>\n<li>Route 361<\/li>\n<li>Route 209<\/li>\n<\/ul>\n<p><strong>Municipalit\u00e9s<\/strong><\/p>\n<div class=\"boxscrl\">\n<table width=\"578\">\n<tbody>\n<tr>\n<td rowspan=\"2\" width=\"198\">Nom<\/td>\n<td rowspan=\"2\" width=\"161\">Type<\/td>\n<td width=\"75\">Population<\/td>\n<td width=\"70\">Superficie<\/td>\n<td width=\"74\">Densit\u00e9<\/td>\n<\/tr>\n<tr>\n<td width=\"75\">2014<\/td>\n<td width=\"70\">(km<sup>2<\/sup>)<\/td>\n<td width=\"74\">(hab.\/km<sup>2<\/sup>)<\/td>\n<\/tr>\n<tr>\n<td colspan=\"5\" width=\"578\">Municipalit\u00e9s locales<\/td>\n<\/tr>\n<tr>\n<td>Batiscan<\/td>\n<td width=\"161\">Municipalit\u00e9<\/td>\n<td width=\"75\">953<\/td>\n<td width=\"70\">43,22<\/td>\n<td width=\"74\">22,0<\/td>\n<\/tr>\n<tr>\n<td>Champlain<\/td>\n<td width=\"161\">Municipalit\u00e9<\/td>\n<td width=\"75\">1\u00a0742<\/td>\n<td width=\"70\">57,64<\/td>\n<td width=\"74\">30,2<\/td>\n<\/tr>\n<tr>\n<td>Notre-Dame-du-Mont-Carmel<\/td>\n<td width=\"161\">Municipalit\u00e9 de paroisse<\/td>\n<td width=\"75\">5\u00a0670<\/td>\n<td width=\"70\">128,77<\/td>\n<td width=\"74\">44,0<\/td>\n<\/tr>\n<tr>\n<td>Sainte-Anne-de-la-P\u00e9rade<\/td>\n<td width=\"161\">Municipalit\u00e9<\/td>\n<td width=\"75\">2\u00a0126<\/td>\n<td width=\"70\">109,75<\/td>\n<td width=\"74\">19,4<\/td>\n<\/tr>\n<tr>\n<td>Sainte-Genevi\u00e8ve-de-Batiscan<\/td>\n<td width=\"161\">Municipalit\u00e9 de paroisse<\/td>\n<td width=\"75\">1\u00a0063<\/td>\n<td width=\"70\">97,97<\/td>\n<td width=\"74\">10,9<\/td>\n<\/tr>\n<tr>\n<td>Saint-Luc-de-Vincennes<\/td>\n<td width=\"161\">Municipalit\u00e9<\/td>\n<td width=\"75\">626<\/td>\n<td width=\"70\">54,30<\/td>\n<td width=\"74\">11,5<\/td>\n<\/tr>\n<tr>\n<td>Saint-Maurice<\/td>\n<td width=\"161\">Municipalit\u00e9 de paroisse<\/td>\n<td width=\"75\">2\u00a0995<\/td>\n<td width=\"70\">90,99<\/td>\n<td width=\"74\">32,9<\/td>\n<\/tr>\n<tr>\n<td>Saint-Narcisse<\/td>\n<td width=\"161\">Municipalit\u00e9 de paroisse<\/td>\n<td width=\"75\">1\u00a0810<\/td>\n<td width=\"70\">106,54<\/td>\n<td width=\"74\">17,0<\/td>\n<\/tr>\n<tr>\n<td>Saint-Prosper-de-Champlain<\/td>\n<td width=\"161\">Municipalit\u00e9<\/td>\n<td width=\"75\">528<\/td>\n<td width=\"70\">92,83<\/td>\n<td width=\"74\">5,7<\/td>\n<\/tr>\n<tr>\n<td>Saint-Stanislas<\/td>\n<td width=\"161\">Municipalit\u00e9<\/td>\n<td width=\"75\">1\u00a0042<\/td>\n<td width=\"70\">89,09<\/td>\n<td width=\"74\">11,7<\/td>\n<\/tr>\n<tr>\n<td colspan=\"2\" width=\"359\">Total<\/td>\n<td width=\"75\">18\u00a0555<\/td>\n<td width=\"70\">871,10<\/td>\n<td width=\"74\">21,3<\/td>\n<\/tr>\n<\/tbody>\n<\/table>\n<\/div>\n","protected":false},"excerpt":{"rendered":"<p>La MRC des Chenaux est une municipalit\u00e9 r\u00e9gionale de comt\u00e9 (MRC) de la r\u00e9gion administrative de la Mauricie du Qu\u00e9bec. Situ\u00e9 sur la rive nord du fleuve Sain &#8230;<\/p>\n","protected":false},"author":1,"featured_media":27685,"template":"","categoria_ficha":[1914],"class_list":["post-26202","ficha","type-ficha","status-publish","has-post-thumbnail","hentry","categoria_ficha-cartes-de-la-mauricie"],"acf":[],"_links":{"self":[{"href":"https:\/\/gifex.com\/fr\/wp-json\/wp\/v2\/ficha\/26202","targetHints":{"allow":["GET"]}}],"collection":[{"href":"https:\/\/gifex.com\/fr\/wp-json\/wp\/v2\/ficha"}],"about":[{"href":"https:\/\/gifex.com\/fr\/wp-json\/wp\/v2\/types\/ficha"}],"author":[{"embeddable":true,"href":"https:\/\/gifex.com\/fr\/wp-json\/wp\/v2\/users\/1"}],"version-history":[{"count":8,"href":"https:\/\/gifex.com\/fr\/wp-json\/wp\/v2\/ficha\/26202\/revisions"}],"predecessor-version":[{"id":36236,"href":"https:\/\/gifex.com\/fr\/wp-json\/wp\/v2\/ficha\/26202\/revisions\/36236"}],"wp:featuredmedia":[{"embeddable":true,"href":"https:\/\/gifex.com\/fr\/wp-json\/wp\/v2\/media\/27685"}],"wp:attachment":[{"href":"https:\/\/gifex.com\/fr\/wp-json\/wp\/v2\/media?parent=26202"}],"wp:term":[{"taxonomy":"categoria_ficha","embeddable":true,"href":"https:\/\/gifex.com\/fr\/wp-json\/wp\/v2\/categoria_ficha?post=26202"}],"curies":[{"name":"wp","href":"https:\/\/api.w.org\/{rel}","templated":true}]}}