{"id":26172,"date":"2022-11-22T15:54:53","date_gmt":"2022-11-22T15:54:53","guid":{"rendered":"https:\/\/gifex.com\/fr\/?post_type=ficha&#038;p=26172"},"modified":"2022-12-19T22:38:38","modified_gmt":"2022-12-19T22:38:38","slug":"carte-de-l-agglomeration-de-quebec","status":"publish","type":"ficha","link":"https:\/\/gifex.com\/fr\/fichier\/carte-de-l-agglomeration-de-quebec\/","title":{"rendered":"Carte de l&#8217;agglom\u00e9ration de Qu\u00e9bec"},"content":{"rendered":"<p>Carte de l&#8217;agglom\u00e9ration de Qu\u00e9bec, une instance supra-municipale regroupant la ville de Qu\u00e9bec et les deux villes d\u00e9fusionn\u00e9es en 2006, L&#8217;Ancienne-Lorette et Saint-Augustin-de-Desmaures. Elle est situ\u00e9e dans la r\u00e9gion administrative de la Capitale-Nationale et fait partie de la Communaut\u00e9 m\u00e9tropolitaine de Qu\u00e9bec.<\/p>\n<p><strong>Municipalit\u00e9s de l&#8217;agglom\u00e9ration de Qu\u00e9bec<\/strong><\/p>\n<div class=\"boxscrl\">\n<table width=\"457\">\n<tbody>\n<tr>\n<td rowspan=\"2\" width=\"196\">Ville<\/td>\n<td rowspan=\"2\" width=\"70\">Superficie<\/td>\n<td width=\"82\">Population<\/td>\n<td rowspan=\"2\" width=\"109\">Densit\u00e9<\/td>\n<\/tr>\n<tr>\n<td width=\"82\">20211<\/td>\n<\/tr>\n<tr>\n<td>L&#8217;Ancienne-Lorette<\/td>\n<td width=\"70\">7,72 km\u00b2<\/td>\n<td width=\"82\">16\u00a0970\u00a0hab.<\/td>\n<td width=\"109\">2\u00a0197,0\u00a0hab.\/km<sup>2<\/sup><\/td>\n<\/tr>\n<tr>\n<td>Qu\u00e9bec<\/td>\n<td width=\"70\">452,3 km\u00b2<\/td>\n<td width=\"82\">549\u00a0459\u00a0hab.<\/td>\n<td width=\"109\">1\u00a0214,8\u00a0hab.\/km<sup>2<\/sup><\/td>\n<\/tr>\n<tr>\n<td>Saint-Augustin-de-Desmaures<\/td>\n<td width=\"70\">85,80 km\u00b2<\/td>\n<td width=\"82\">19\u00a0907\u00a0hab.<\/td>\n<td width=\"109\">232,0\u00a0hab.\/km<sup>2<\/sup><\/td>\n<\/tr>\n<\/tbody>\n<\/table>\n<\/div>\n<p>&nbsp;<br \/>\nLa municipalit\u00e9 de paroisse de Notre-Dame-des-Anges et la r\u00e9serve indienne de Wendake, bien qu&#8217;enclav\u00e9es dans le territoire de la ville de Qu\u00e9bec, ne font pas partie de l&#8217;agglom\u00e9ration.<\/p>\n<figure id=\"attachment_27662\" aria-describedby=\"caption-attachment-27662\" style=\"width: 400px\" class=\"wp-caption aligncenter\"><a href=\"https:\/\/gifex.com\/fr\/wp-content\/uploads\/26172\/Carte-du-territoire-et-limites-de-l-agglomeration-de-Quebec.jpg\" target=\"_blank\" rel=\"noopener\"><img fetchpriority=\"high\" decoding=\"async\" class=\"wp-image-27662\" title=\"Carte du territoire et limites de l'agglom\u00e9ration de Qu\u00e9bec.\" src=\"https:\/\/gifex.com\/fr\/wp-content\/uploads\/26172\/Carte-du-territoire-et-limites-de-l-agglomeration-de-Quebec-242x300.jpg\" alt=\"Carte du territoire et limites de l'agglom\u00e9ration de Qu\u00e9bec.\" width=\"400\" height=\"496\" srcset=\"https:\/\/gifex.com\/fr\/wp-content\/uploads\/26172\/Carte-du-territoire-et-limites-de-l-agglomeration-de-Quebec-242x300.jpg 242w, https:\/\/gifex.com\/fr\/wp-content\/uploads\/26172\/Carte-du-territoire-et-limites-de-l-agglomeration-de-Quebec-825x1024.jpg 825w, https:\/\/gifex.com\/fr\/wp-content\/uploads\/26172\/Carte-du-territoire-et-limites-de-l-agglomeration-de-Quebec-768x953.jpg 768w, https:\/\/gifex.com\/fr\/wp-content\/uploads\/26172\/Carte-du-territoire-et-limites-de-l-agglomeration-de-Quebec-1238x1536.jpg 1238w, https:\/\/gifex.com\/fr\/wp-content\/uploads\/26172\/Carte-du-territoire-et-limites-de-l-agglomeration-de-Quebec-1651x2048.jpg 1651w, https:\/\/gifex.com\/fr\/wp-content\/uploads\/26172\/Carte-du-territoire-et-limites-de-l-agglomeration-de-Quebec-300x372.jpg 300w, https:\/\/gifex.com\/fr\/wp-content\/uploads\/26172\/Carte-du-territoire-et-limites-de-l-agglomeration-de-Quebec-1290x1600.jpg 1290w\" sizes=\"(max-width: 400px) 100vw, 400px\" \/><\/a><figcaption id=\"caption-attachment-27662\" class=\"wp-caption-text\"><label style=\"font-size: 15px;\">Carte du territoire et limites de l&#8217;agglom\u00e9ration de Qu\u00e9bec.<\/label><\/figcaption><\/figure>\n","protected":false},"excerpt":{"rendered":"<p>L\u2019agglom\u00e9ration de Qu\u00e9bec est une instance supra-municipale regroupant la ville de Qu\u00e9bec et les deux villes d\u00e9fusionn\u00e9es en 2006, L&#8217;Ancienne-Lorette et Sai &#8230;<\/p>\n","protected":false},"author":1,"featured_media":26173,"template":"","categoria_ficha":[1722],"class_list":["post-26172","ficha","type-ficha","status-publish","has-post-thumbnail","hentry","categoria_ficha-cartes-de-la-ville-de-quebec"],"acf":[],"_links":{"self":[{"href":"https:\/\/gifex.com\/fr\/wp-json\/wp\/v2\/ficha\/26172","targetHints":{"allow":["GET"]}}],"collection":[{"href":"https:\/\/gifex.com\/fr\/wp-json\/wp\/v2\/ficha"}],"about":[{"href":"https:\/\/gifex.com\/fr\/wp-json\/wp\/v2\/types\/ficha"}],"author":[{"embeddable":true,"href":"https:\/\/gifex.com\/fr\/wp-json\/wp\/v2\/users\/1"}],"version-history":[{"count":4,"href":"https:\/\/gifex.com\/fr\/wp-json\/wp\/v2\/ficha\/26172\/revisions"}],"predecessor-version":[{"id":27716,"href":"https:\/\/gifex.com\/fr\/wp-json\/wp\/v2\/ficha\/26172\/revisions\/27716"}],"wp:featuredmedia":[{"embeddable":true,"href":"https:\/\/gifex.com\/fr\/wp-json\/wp\/v2\/media\/26173"}],"wp:attachment":[{"href":"https:\/\/gifex.com\/fr\/wp-json\/wp\/v2\/media?parent=26172"}],"wp:term":[{"taxonomy":"categoria_ficha","embeddable":true,"href":"https:\/\/gifex.com\/fr\/wp-json\/wp\/v2\/categoria_ficha?post=26172"}],"curies":[{"name":"wp","href":"https:\/\/api.w.org\/{rel}","templated":true}]}}