{"id":26163,"date":"2022-11-22T13:23:47","date_gmt":"2022-11-22T13:23:47","guid":{"rendered":"https:\/\/gifex.com\/fr\/?post_type=ficha&#038;p=26163"},"modified":"2022-12-19T22:54:34","modified_gmt":"2022-12-19T22:54:34","slug":"carte-de-la-mrc-de-charlevoix","status":"publish","type":"ficha","link":"https:\/\/gifex.com\/fr\/fichier\/carte-de-la-mrc-de-charlevoix\/","title":{"rendered":"Carte de la MRC de Charlevoix"},"content":{"rendered":"<p style=\"text-align: center;\"><label style=\"font-size: 15px;\">Carte de la municipalit\u00e9 r\u00e9gionale de comt\u00e9 (MRC) de Charlevoix.<\/label><\/p>\n<p>Situ\u00e9e dans la r\u00e9gion de la Capitale-Nationale, la municipalit\u00e9 r\u00e9gionale de comt\u00e9 de Charlevoix regroupe 7 municipalit\u00e9s: 1 ville, 3 municipalit\u00e9s, 2 paroisses et 1 territoire non organis\u00e9 qui comptent 13 314 habitants et couvre un vaste territoire d\u2019une superficie de 3 712 km2.<\/p>\n<figure id=\"attachment_26164\" aria-describedby=\"caption-attachment-26164\" style=\"width: 360px\" class=\"wp-caption alignright\"><a href=\"https:\/\/gifex.com\/fr\/wp-content\/uploads\/26163\/Carte-de-la-ville-de-Baie-Saint-Paul.png\" target=\"_blank\" rel=\"noopener\"><img fetchpriority=\"high\" decoding=\"async\" class=\"wp-image-26164\" title=\"Carte de la ville de Baie-Saint-Paul.\" src=\"https:\/\/gifex.com\/fr\/wp-content\/uploads\/26163\/Carte-de-la-ville-de-Baie-Saint-Paul-300x249.png\" alt=\"Carte de la ville de Baie-Saint-Paul.\" width=\"360\" height=\"299\" srcset=\"https:\/\/gifex.com\/fr\/wp-content\/uploads\/26163\/Carte-de-la-ville-de-Baie-Saint-Paul-300x249.png 300w, https:\/\/gifex.com\/fr\/wp-content\/uploads\/26163\/Carte-de-la-ville-de-Baie-Saint-Paul.png 668w\" sizes=\"(max-width: 360px) 100vw, 360px\" \/><\/a><figcaption id=\"caption-attachment-26164\" class=\"wp-caption-text\"><label style=\"font-size: 15px;\">Carte de la ville de Baie-Saint-Paul, chef-lieu de la municipalit\u00e9 r\u00e9gionale de comt\u00e9 (MRC) de Charlevoix.<\/label><\/figcaption><\/figure>\n<p>Les MRC ou communaut\u00e9s dont le territoire est contigu \u00e0 celui de la MRC de Charlevoix sont; \u00e0 l\u2019ouest, la MRC de La C\u00f4te-de-Beaupr\u00e9 et la Communaut\u00e9 m\u00e9tropolitaine de Qu\u00e9bec (CMQ) et \u00e0 l\u2019est, la MRC de Charlevoix-Est. Au nord, ce sont la MRC du Fjord-du-Saguenay et la MRC du Lac-Saint-Jean-Est, tandis que la limite sud du territoire de la MRC de Charlevoix s\u2019\u00e9tend jusqu\u2019\u00e0 une ligne mitoyenne localis\u00e9e au centre du fleuve Saint-Laurent.<\/p>\n<p>La municipalit\u00e9 r\u00e9gionale de comt\u00e9 de Charlevoix est ainsi situ\u00e9e entre fleuve et montages alors qu\u2019au nord, il faut noter la pr\u00e9sence du vaste territoire montagneux qui comprend notamment le Parc national des Grands-Jardins, localis\u00e9 au c\u0153ur du Territoire non-organis\u00e9 (TNO) du Lac-Pikauba, dont la gestion rel\u00e8ve de la MRC de Charlevoix.<\/p>\n<p>La mission de la municipalit\u00e9 r\u00e9gionale de comt\u00e9 de Charlevoix vise \u00e0 assurer une planification harmonieuse de l\u2019am\u00e9nagement du territoire et \u00e0\u00a0soutenir les initiatives de d\u00e9veloppement social et \u00e9conomique, ce dernier mandat \u00e9tant confi\u00e9\u00a0\u00e0 son Service de d\u00e9veloppement local et entrepreneurial (SDLE) lequel, notamment, oeuvre au d\u00e9marrage, \u00e0 l\u2019expansion et au transfert d\u2019entreprises.<\/p>\n<p><strong>Routes d&#8217;acc\u00e8s de la MRC de Charlevoix<\/strong><\/p>\n<p>Routes num\u00e9rot\u00e9es qui traversent la municipalit\u00e9 r\u00e9gionale de comt\u00e9 (MRC), y compris les routes externes qui commencent ou se terminent \u00e0 la fronti\u00e8re de la MRC\u00a0:<\/p>\n<p>Routes principales<\/p>\n<ul>\n<li>Route 138<\/li>\n<\/ul>\n<p>Routes secondaires<\/p>\n<ul>\n<li>Route 362<\/li>\n<li>Route 381<\/li>\n<\/ul>\n<p><strong>Municipalit\u00e9s<\/strong><\/p>\n<div class=\"boxscrl\">\n<table width=\"419\">\n<tbody>\n<tr>\n<td rowspan=\"2\" width=\"189\">Nom<\/td>\n<td rowspan=\"2\" width=\"85\">Type<\/td>\n<td width=\"75\">Population<\/td>\n<td width=\"70\">Superficie<\/td>\n<\/tr>\n<tr>\n<td width=\"75\">2014<\/td>\n<td width=\"70\">(km<sup>2<\/sup>)<\/td>\n<\/tr>\n<tr>\n<td colspan=\"4\" width=\"419\">Municipalit\u00e9s locales<\/td>\n<\/tr>\n<tr>\n<td>Baie-Saint-Paul<\/td>\n<td width=\"85\">Ville<\/td>\n<td width=\"75\">7\u00a0378<\/td>\n<td width=\"70\">547,43<\/td>\n<\/tr>\n<tr>\n<td>Les \u00c9boulements<\/td>\n<td width=\"85\">Municipalit\u00e9<\/td>\n<td width=\"75\">1\u00a0378<\/td>\n<td width=\"70\">155,95<\/td>\n<\/tr>\n<tr>\n<td>L&#8217;Isle-aux-Coudres<\/td>\n<td width=\"85\">Municipalit\u00e9<\/td>\n<td width=\"75\">1\u00a0261<\/td>\n<td width=\"70\">29,46<\/td>\n<\/tr>\n<tr>\n<td>Petite-Rivi\u00e8re-Saint-Fran\u00e7ois<\/td>\n<td width=\"85\">Municipalit\u00e9<\/td>\n<td width=\"75\">771<\/td>\n<td width=\"70\">134,03<\/td>\n<\/tr>\n<tr>\n<td>Saint-Hilarion<\/td>\n<td width=\"85\">Paroisse<\/td>\n<td width=\"75\">1\u00a0219<\/td>\n<td width=\"70\">100,62<\/td>\n<\/tr>\n<tr>\n<td>Saint-Urbain<\/td>\n<td width=\"85\">Paroisse<\/td>\n<td width=\"75\">1\u00a0468<\/td>\n<td width=\"70\">327,68<\/td>\n<\/tr>\n<tr>\n<td colspan=\"4\" width=\"419\">Territoire non organis\u00e9<\/td>\n<\/tr>\n<tr>\n<td colspan=\"2\">Lac-Pikauba<\/td>\n<td width=\"75\">&#8211;<\/td>\n<td width=\"70\">2\u00a0420,15<\/td>\n<\/tr>\n<tr>\n<td colspan=\"2\" width=\"274\">Total<\/td>\n<td width=\"75\">13\u00a0475<\/td>\n<td width=\"70\">3\u00a0715,32<\/td>\n<\/tr>\n<\/tbody>\n<\/table>\n<\/div>\n","protected":false},"excerpt":{"rendered":"<p>Charlevoix est une municipalit\u00e9 r\u00e9gionale de comt\u00e9 (MRC) de la province du Qu\u00e9bec, dans la r\u00e9gion administrative de la Capitale-Nationale, cr\u00e9\u00e9e le 1er janvier <\/p>\n","protected":false},"author":1,"featured_media":26165,"template":"","categoria_ficha":[1722],"class_list":["post-26163","ficha","type-ficha","status-publish","has-post-thumbnail","hentry","categoria_ficha-cartes-de-la-ville-de-quebec"],"acf":[],"_links":{"self":[{"href":"https:\/\/gifex.com\/fr\/wp-json\/wp\/v2\/ficha\/26163","targetHints":{"allow":["GET"]}}],"collection":[{"href":"https:\/\/gifex.com\/fr\/wp-json\/wp\/v2\/ficha"}],"about":[{"href":"https:\/\/gifex.com\/fr\/wp-json\/wp\/v2\/types\/ficha"}],"author":[{"embeddable":true,"href":"https:\/\/gifex.com\/fr\/wp-json\/wp\/v2\/users\/1"}],"version-history":[{"count":4,"href":"https:\/\/gifex.com\/fr\/wp-json\/wp\/v2\/ficha\/26163\/revisions"}],"predecessor-version":[{"id":27718,"href":"https:\/\/gifex.com\/fr\/wp-json\/wp\/v2\/ficha\/26163\/revisions\/27718"}],"wp:featuredmedia":[{"embeddable":true,"href":"https:\/\/gifex.com\/fr\/wp-json\/wp\/v2\/media\/26165"}],"wp:attachment":[{"href":"https:\/\/gifex.com\/fr\/wp-json\/wp\/v2\/media?parent=26163"}],"wp:term":[{"taxonomy":"categoria_ficha","embeddable":true,"href":"https:\/\/gifex.com\/fr\/wp-json\/wp\/v2\/categoria_ficha?post=26163"}],"curies":[{"name":"wp","href":"https:\/\/api.w.org\/{rel}","templated":true}]}}