{"id":26136,"date":"2022-11-21T22:47:01","date_gmt":"2022-11-21T22:47:01","guid":{"rendered":"https:\/\/gifex.com\/fr\/?post_type=ficha&#038;p=26136"},"modified":"2023-03-24T15:55:27","modified_gmt":"2023-03-24T15:55:27","slug":"carte-de-la-mrc-de-l-ile-dorleans","status":"publish","type":"ficha","link":"https:\/\/gifex.com\/fr\/fichier\/carte-de-la-mrc-de-l-ile-dorleans\/","title":{"rendered":"Carte de la MRC de L&#8217;\u00cele-d&#8217;Orl\u00e9ans"},"content":{"rendered":"<p style=\"text-align: center;\"><label style=\"font-size: 15px;\">Carte de la municipalit\u00e9 r\u00e9gionale de comt\u00e9 (MRC) de L&#8217;\u00cele-d&#8217;Orl\u00e9ans.<\/label><\/p>\n<p>L&#8217;\u00cele-d&#8217;Orl\u00e9ans est une municipalit\u00e9 r\u00e9gionale de comt\u00e9 (MRC) de la province du Qu\u00e9bec, dans la r\u00e9gion administrative de la Capitale-Nationale, cr\u00e9\u00e9e le 1er janvier 19821. Son chef-lieu est la paroisse de Sainte-Famille de l&#8217;\u00cele-d&#8217;Orl\u00e9ans. Avec une population de 7\u00a0082\u00a0habitants (2016), l&#8217;\u00eele est organis\u00e9e en six communes\u00a0: quatre municipalit\u00e9s, un village et une paroisse. Elle occupe en entier l&#8217;\u00eele d&#8217;Orl\u00e9ans et fait partie de la Communaut\u00e9 m\u00e9tropolitaine de Qu\u00e9bec.<\/p>\n<figure id=\"attachment_26138\" aria-describedby=\"caption-attachment-26138\" style=\"width: 360px\" class=\"wp-caption alignright\"><a href=\"https:\/\/gifex.com\/fr\/wp-content\/uploads\/26136\/Carte-de-Sainte-Famille-de-l-Ile-d-Orleans.png\" target=\"_blank\" rel=\"noopener\"><img fetchpriority=\"high\" decoding=\"async\" class=\"wp-image-26138\" title=\"Carte de Sainte-Famille-de-l'\u00cele-d'Orl\u00e9ans.\" src=\"https:\/\/gifex.com\/fr\/wp-content\/uploads\/26136\/Carte-de-Sainte-Famille-de-l-Ile-d-Orleans-300x183.png\" alt=\"Carte de Sainte-Famille-de-l'\u00cele-d'Orl\u00e9ans.\" width=\"360\" height=\"220\" srcset=\"https:\/\/gifex.com\/fr\/wp-content\/uploads\/26136\/Carte-de-Sainte-Famille-de-l-Ile-d-Orleans-300x183.png 300w, https:\/\/gifex.com\/fr\/wp-content\/uploads\/26136\/Carte-de-Sainte-Famille-de-l-Ile-d-Orleans-768x469.png 768w, https:\/\/gifex.com\/fr\/wp-content\/uploads\/26136\/Carte-de-Sainte-Famille-de-l-Ile-d-Orleans.png 907w\" sizes=\"(max-width: 360px) 100vw, 360px\" \/><\/a><figcaption id=\"caption-attachment-26138\" class=\"wp-caption-text\"><label style=\"font-size: 15px;\">Carte de Sainte-Famille-de-l&#8217;\u00cele-d&#8217;Orl\u00e9ans, chef-lieu de la municipalit\u00e9 r\u00e9gionale de comt\u00e9 (MRC) de L&#8217;\u00cele-d&#8217;Orl\u00e9ans.<\/label><\/figcaption><\/figure>\n<p><strong>G\u00e9ographie<\/strong><\/p>\n<p>L&#8217;\u00eele d&#8217;Orl\u00e9ans, qui a une superficie de 190,4\u00a0km<sup>2<\/sup> (33,3\u00a0km de long sur 8\u00a0km de large) se trouve imm\u00e9diatement en aval de Qu\u00e9bec, dans l&#8217;estuaire du Saint-Laurent. Il s&#8217;agit de la plus grande \u00eele du fleuve, apr\u00e8s l&#8217;\u00eele de Montr\u00e9al. Elle forme un plateau relativement r\u00e9gulier dans des roches appalachiennes, culminant \u00e0 137\u00a0m d&#8217;altitude et bord\u00e9 par des versants abrupts. Entour\u00e9e par de larges battures au nord et une \u00e9troite terrasse au sud, la partie centrale de L&#8217;\u00eele d&#8217;Orl\u00e9ans est bois\u00e9e avec de la for\u00eat des feuillus et des conif\u00e8res du Canada. L&#8217;\u00eele est tr\u00e8s fertile et b\u00e9n\u00e9ficie d&#8217;un microclimat doux. Elle est drain\u00e9e par les ruisseaux Maheu, Lafleur, Dauphine et du Moulin.<\/p>\n<p><strong>Municipalit\u00e9s<\/strong><\/p>\n<div class=\"boxscrl\">\n<table width=\"443\">\n<tbody>\n<tr>\n<td rowspan=\"2\" width=\"213\">Nom<\/td>\n<td rowspan=\"2\" width=\"85\">Type<\/td>\n<td width=\"75\">Population<\/td>\n<td width=\"70\">Superficie<\/td>\n<\/tr>\n<tr>\n<td width=\"75\">2016<\/td>\n<td width=\"70\">(km<sup>2<\/sup>)<\/td>\n<\/tr>\n<tr>\n<td colspan=\"4\" width=\"443\">Municipalit\u00e9s locales<\/td>\n<\/tr>\n<tr>\n<td>Saint-Fran\u00e7ois-de-l&#8217;\u00cele-d&#8217;Orl\u00e9ans<\/td>\n<td width=\"85\">Municipalit\u00e9<\/td>\n<td width=\"75\">527<\/td>\n<td width=\"70\">28,96<\/td>\n<\/tr>\n<tr>\n<td>Saint-Jean-de-l&#8217;\u00cele-d&#8217;Orl\u00e9ans<\/td>\n<td width=\"85\">Municipalit\u00e9<\/td>\n<td width=\"75\">1\u00a0059<\/td>\n<td width=\"70\">43,47<\/td>\n<\/tr>\n<tr>\n<td>Saint-Laurent-de-l&#8217;\u00cele-d&#8217;Orl\u00e9ans<\/td>\n<td width=\"85\">Municipalit\u00e9<\/td>\n<td width=\"75\">1\u00a0532<\/td>\n<td width=\"70\">34,85<\/td>\n<\/tr>\n<tr>\n<td>Saint-Pierre-de-l&#8217;\u00cele-d&#8217;Orl\u00e9ans<\/td>\n<td width=\"85\">Municipalit\u00e9<\/td>\n<td width=\"75\">1\u00a0993<\/td>\n<td width=\"70\">32,28<\/td>\n<\/tr>\n<tr>\n<td>Sainte-Famille-de-l&#8217;\u00cele-d&#8217;Orl\u00e9ans<\/td>\n<td width=\"85\">Municipalit\u00e9<\/td>\n<td width=\"75\">938<\/td>\n<td width=\"70\">50,71<\/td>\n<\/tr>\n<tr>\n<td>Sainte-P\u00e9tronille<\/td>\n<td width=\"85\">Village<\/td>\n<td width=\"75\">1\u00a0033<\/td>\n<td width=\"70\">4,32<\/td>\n<\/tr>\n<tr>\n<td colspan=\"2\" width=\"298\">Total<\/td>\n<td width=\"75\">7\u00a0082<\/td>\n<td width=\"70\">194,59<\/td>\n<\/tr>\n<\/tbody>\n<\/table>\n<\/div>\n","protected":false},"excerpt":{"rendered":"<p>L&#8217;\u00cele-d&#8217;Orl\u00e9ans est une municipalit\u00e9 r\u00e9gionale de comt\u00e9 (MRC) de la province du Qu\u00e9bec, dans la r\u00e9gion administrative de la Capitale-Nationale, cr\u00e9\u00e9e le 1er &#8230;<\/p>\n","protected":false},"author":1,"featured_media":26143,"template":"","categoria_ficha":[1722],"class_list":["post-26136","ficha","type-ficha","status-publish","has-post-thumbnail","hentry","categoria_ficha-cartes-de-la-ville-de-quebec"],"acf":[],"_links":{"self":[{"href":"https:\/\/gifex.com\/fr\/wp-json\/wp\/v2\/ficha\/26136","targetHints":{"allow":["GET"]}}],"collection":[{"href":"https:\/\/gifex.com\/fr\/wp-json\/wp\/v2\/ficha"}],"about":[{"href":"https:\/\/gifex.com\/fr\/wp-json\/wp\/v2\/types\/ficha"}],"author":[{"embeddable":true,"href":"https:\/\/gifex.com\/fr\/wp-json\/wp\/v2\/users\/1"}],"version-history":[{"count":7,"href":"https:\/\/gifex.com\/fr\/wp-json\/wp\/v2\/ficha\/26136\/revisions"}],"predecessor-version":[{"id":36238,"href":"https:\/\/gifex.com\/fr\/wp-json\/wp\/v2\/ficha\/26136\/revisions\/36238"}],"wp:featuredmedia":[{"embeddable":true,"href":"https:\/\/gifex.com\/fr\/wp-json\/wp\/v2\/media\/26143"}],"wp:attachment":[{"href":"https:\/\/gifex.com\/fr\/wp-json\/wp\/v2\/media?parent=26136"}],"wp:term":[{"taxonomy":"categoria_ficha","embeddable":true,"href":"https:\/\/gifex.com\/fr\/wp-json\/wp\/v2\/categoria_ficha?post=26136"}],"curies":[{"name":"wp","href":"https:\/\/api.w.org\/{rel}","templated":true}]}}