{"id":26132,"date":"2022-11-21T21:56:35","date_gmt":"2022-11-21T21:56:35","guid":{"rendered":"https:\/\/gifex.com\/fr\/?post_type=ficha&#038;p=26132"},"modified":"2023-03-24T15:55:33","modified_gmt":"2023-03-24T15:55:33","slug":"carte-de-la-mrc-de-la-cote-de-beaupre","status":"publish","type":"ficha","link":"https:\/\/gifex.com\/fr\/fichier\/carte-de-la-mrc-de-la-cote-de-beaupre\/","title":{"rendered":"Carte de la MRC de La C\u00f4te-de-Beaupr\u00e9"},"content":{"rendered":"<p style=\"text-align: center;\"><label style=\"font-size: 15px;\">Carte de la municipalit\u00e9 r\u00e9gionale de comt\u00e9 (MRC) de La C\u00f4te-de-Beaupr\u00e9.<\/label><\/p>\n<figure id=\"attachment_26134\" aria-describedby=\"caption-attachment-26134\" style=\"width: 360px\" class=\"wp-caption alignright\"><a href=\"https:\/\/gifex.com\/fr\/wp-content\/uploads\/26132\/Carte-de-la-ville-de-Chateau-Richer-au-Quebec-Canada.png\" target=\"_blank\" rel=\"noopener\"><img fetchpriority=\"high\" decoding=\"async\" class=\"wp-image-26134\" title=\"Carte de la ville de Ch\u00e2teau-Richer au Qu\u00e9bec (Canada).\" src=\"https:\/\/gifex.com\/fr\/wp-content\/uploads\/26132\/Carte-de-la-ville-de-Chateau-Richer-au-Quebec-Canada-300x243.png\" alt=\"Carte de la ville de Ch\u00e2teau-Richer au Qu\u00e9bec (Canada).\" width=\"360\" height=\"292\" srcset=\"https:\/\/gifex.com\/fr\/wp-content\/uploads\/26132\/Carte-de-la-ville-de-Chateau-Richer-au-Quebec-Canada-300x243.png 300w, https:\/\/gifex.com\/fr\/wp-content\/uploads\/26132\/Carte-de-la-ville-de-Chateau-Richer-au-Quebec-Canada.png 683w\" sizes=\"(max-width: 360px) 100vw, 360px\" \/><\/a><figcaption id=\"caption-attachment-26134\" class=\"wp-caption-text\"><label style=\"font-size: 15px;\">Carte de la ville de Ch\u00e2teau-Richer, chef-lieu de la municipalit\u00e9 r\u00e9gionale de comt\u00e9 (MRC) de La C\u00f4te-de-Beaupr\u00e9.<\/label><\/figcaption><\/figure>\n<p>La C\u00f4te-de-Beaupr\u00e9 est une municipalit\u00e9 r\u00e9gionale de comt\u00e9 (MRC) du Qu\u00e9bec situ\u00e9e dans la r\u00e9gion administrative de la Capitale-Nationale, cr\u00e9\u00e9e le 1er janvier 1982. Son chef-lieu est la ville de Ch\u00e2teau-Richer. Elle est compos\u00e9e de 11 municipalit\u00e9s\u00a0: 3 villes, 4 municipalit\u00e9s, 2 paroisses et 2 territoires non organis\u00e9s. Elle fait partie, sauf ses territoires non organis\u00e9s, de la Communaut\u00e9 m\u00e9tropolitaine de Qu\u00e9bec.<\/p>\n<p><strong>G\u00e9ographie<\/strong><\/p>\n<p>On retrouve aussi sur son territoire la R\u00e9serve nationale de faune du cap Tourmente.<\/p>\n<p>La municipalit\u00e9 r\u00e9gionale de comt\u00e9 de La C\u00f4te-de-Beaupr\u00e9 se situe sur la rive nord du fleuve Saint-Laurent entre la ville de Qu\u00e9bec et la r\u00e9gion de Charlevoix, au nord de l&#8217;\u00eele d&#8217;Orl\u00e9ans. Le territoire d\u00e9bute avec la chute Montmorency et se termine aux portes de Charlevoix. Il comprend \u00e9galement dans l&#8217;arri\u00e8re-pays de vastes territoires qui font partie de la Seigneurie de Beaupr\u00e9 (sur lesquelles un vaste parc \u00e9olien est en voie d&#8217;am\u00e9nagement depuis 2005) ou de la r\u00e9serve faunique des Laurentides.<\/p>\n<p><strong>Routes d&#8217;acc\u00e8s de la MRC de La C\u00f4te-de-Beaupr\u00e9<\/strong><\/p>\n<p>Routes num\u00e9rot\u00e9es qui traversent la municipalit\u00e9 r\u00e9gionale de comt\u00e9 (MRC), y compris les routes externes qui commencent ou se terminent \u00e0 la fronti\u00e8re de la MRC\u00a0:<\/p>\n<p>Routes principales<\/p>\n<ul>\n<li>Route 138<\/li>\n<li>Route 175<\/li>\n<\/ul>\n<p>Routes secondaires<\/p>\n<ul>\n<li>Route 360<\/li>\n<\/ul>\n<p><strong>Municipalit\u00e9s de La C\u00f4te-de-Beaupr\u00e9<\/strong><\/p>\n<div class=\"boxscrl\">\n<table width=\"520\">\n<tbody>\n<tr>\n<td rowspan=\"2\" width=\"290\">Nom<\/td>\n<td rowspan=\"2\" width=\"85\">Type<\/td>\n<td width=\"75\">Population<\/td>\n<td width=\"70\">Superficie<\/td>\n<\/tr>\n<tr>\n<td width=\"75\">2014<\/td>\n<td width=\"70\">(km<sup>2<\/sup>)<\/td>\n<\/tr>\n<tr>\n<td colspan=\"4\" width=\"520\">Municipalit\u00e9s locales<\/td>\n<\/tr>\n<tr>\n<td>Beaupr\u00e9<\/td>\n<td width=\"85\">Ville<\/td>\n<td width=\"75\">3\u00a0634<\/td>\n<td width=\"70\">22,64<\/td>\n<\/tr>\n<tr>\n<td>Boischatel<\/td>\n<td width=\"85\">Municipalit\u00e9<\/td>\n<td width=\"75\">6\u00a0871<\/td>\n<td width=\"70\">19,95<\/td>\n<\/tr>\n<tr>\n<td>Ch\u00e2teau-Richer<\/td>\n<td width=\"85\">Ville<\/td>\n<td width=\"75\">3\u00a0979<\/td>\n<td width=\"70\">232,00<\/td>\n<\/tr>\n<tr>\n<td>L&#8217;Ange-Gardien<\/td>\n<td width=\"85\">Municipalit\u00e9<\/td>\n<td width=\"75\">3\u00a0767<\/td>\n<td width=\"70\">52,64<\/td>\n<\/tr>\n<tr>\n<td>Sainte-Anne-de-Beaupr\u00e9<\/td>\n<td width=\"85\">Ville<\/td>\n<td width=\"75\">2\u00a0920<\/td>\n<td width=\"70\">62,35<\/td>\n<\/tr>\n<tr>\n<td>Saint-Ferr\u00e9ol-les-Neiges<\/td>\n<td width=\"85\">Municipalit\u00e9<\/td>\n<td width=\"75\">3\u00a0160<\/td>\n<td width=\"70\">84,09<\/td>\n<\/tr>\n<tr>\n<td>Saint-Joachim<\/td>\n<td width=\"85\">Paroisse<\/td>\n<td width=\"75\">1 441<\/td>\n<td width=\"70\">34,89<\/td>\n<\/tr>\n<tr>\n<td>Saint-Louis-de-Gonzague-du-Cap-Tourmente<\/td>\n<td width=\"85\">Paroisse<\/td>\n<td width=\"75\">2<\/td>\n<td width=\"70\">7,95<\/td>\n<\/tr>\n<tr>\n<td>Saint-Tite-des-Caps<\/td>\n<td width=\"85\">Municipalit\u00e9<\/td>\n<td width=\"75\">1\u00a0473<\/td>\n<td width=\"70\">128,93<\/td>\n<\/tr>\n<tr>\n<td colspan=\"4\" width=\"520\">Territoires non organis\u00e9s<\/td>\n<\/tr>\n<tr>\n<td colspan=\"2\">Lac-Jacques-Cartier<\/td>\n<td width=\"75\">0<\/td>\n<td width=\"70\">4\u00a0133,19<\/td>\n<\/tr>\n<tr>\n<td colspan=\"2\">Sault-au-Cochon<\/td>\n<td width=\"75\">0<\/td>\n<td width=\"70\">70,13<\/td>\n<\/tr>\n<tr>\n<td colspan=\"2\" width=\"375\">Total<\/td>\n<td width=\"75\">27\u00a0394<\/td>\n<td width=\"70\">4\u00a0848,76<\/td>\n<\/tr>\n<\/tbody>\n<\/table>\n<\/div>\n","protected":false},"excerpt":{"rendered":"<p>La C\u00f4te-de-Beaupr\u00e9 est une municipalit\u00e9 r\u00e9gionale de comt\u00e9 (MRC) du Qu\u00e9bec situ\u00e9e dans la r\u00e9gion administrative de la Capitale-Nationale, cr\u00e9\u00e9e le 1er janv &#8230;<\/p>\n","protected":false},"author":1,"featured_media":26147,"template":"","categoria_ficha":[1722],"class_list":["post-26132","ficha","type-ficha","status-publish","has-post-thumbnail","hentry","categoria_ficha-cartes-de-la-ville-de-quebec"],"acf":[],"_links":{"self":[{"href":"https:\/\/gifex.com\/fr\/wp-json\/wp\/v2\/ficha\/26132","targetHints":{"allow":["GET"]}}],"collection":[{"href":"https:\/\/gifex.com\/fr\/wp-json\/wp\/v2\/ficha"}],"about":[{"href":"https:\/\/gifex.com\/fr\/wp-json\/wp\/v2\/types\/ficha"}],"author":[{"embeddable":true,"href":"https:\/\/gifex.com\/fr\/wp-json\/wp\/v2\/users\/1"}],"version-history":[{"count":6,"href":"https:\/\/gifex.com\/fr\/wp-json\/wp\/v2\/ficha\/26132\/revisions"}],"predecessor-version":[{"id":36239,"href":"https:\/\/gifex.com\/fr\/wp-json\/wp\/v2\/ficha\/26132\/revisions\/36239"}],"wp:featuredmedia":[{"embeddable":true,"href":"https:\/\/gifex.com\/fr\/wp-json\/wp\/v2\/media\/26147"}],"wp:attachment":[{"href":"https:\/\/gifex.com\/fr\/wp-json\/wp\/v2\/media?parent=26132"}],"wp:term":[{"taxonomy":"categoria_ficha","embeddable":true,"href":"https:\/\/gifex.com\/fr\/wp-json\/wp\/v2\/categoria_ficha?post=26132"}],"curies":[{"name":"wp","href":"https:\/\/api.w.org\/{rel}","templated":true}]}}