{"id":26126,"date":"2022-11-21T21:21:19","date_gmt":"2022-11-21T21:21:19","guid":{"rendered":"https:\/\/gifex.com\/fr\/?post_type=ficha&#038;p=26126"},"modified":"2023-03-24T13:52:41","modified_gmt":"2023-03-24T13:52:41","slug":"carte-de-la-mrc-de-la-jacques-cartier","status":"publish","type":"ficha","link":"https:\/\/gifex.com\/fr\/fichier\/carte-de-la-mrc-de-la-jacques-cartier\/","title":{"rendered":"Carte de la MRC de La Jacques-Cartier"},"content":{"rendered":"<p style=\"text-align: center;\"><label style=\"font-size: 15px;\">Carte de la municipalit\u00e9 r\u00e9gionale de comt\u00e9 (MRC) de La Jacques-Cartier.<\/label><\/p>\n<p>La Jacques-Cartier est une municipalit\u00e9 r\u00e9gionale de comt\u00e9 du Qu\u00e9bec (Canada) situ\u00e9e dans la r\u00e9gion administrative de la Capitale-Nationale, cr\u00e9\u00e9e le 1er avril 1981. Son chef-lieu est la municipalit\u00e9 de Shannon. Elle est compos\u00e9e de 10 municipalit\u00e9s: 5 villes, 3 municipalit\u00e9s, 1 municipalit\u00e9 de cantons unis et 1 territoire non organis\u00e9. Elle fait partie, sauf son territoire non organis\u00e9, de la Communaut\u00e9 m\u00e9tropolitaine de Qu\u00e9bec.<\/p>\n<figure id=\"attachment_26128\" aria-describedby=\"caption-attachment-26128\" style=\"width: 360px\" class=\"wp-caption alignright\"><a href=\"https:\/\/gifex.com\/fr\/wp-content\/uploads\/26126\/Carte-de-la-ville-de-Shannon-au-Quebec-Canada.png\" target=\"_blank\" rel=\"noopener\"><img fetchpriority=\"high\" decoding=\"async\" class=\"wp-image-26128\" title=\"Carte de la ville de Shannon au Qu\u00e9bec (Canada).\" src=\"https:\/\/gifex.com\/fr\/wp-content\/uploads\/26126\/Carte-de-la-ville-de-Shannon-au-Quebec-Canada-300x167.png\" alt=\"Carte de la ville de Shannon au Qu\u00e9bec (Canada).\" width=\"360\" height=\"200\" srcset=\"https:\/\/gifex.com\/fr\/wp-content\/uploads\/26126\/Carte-de-la-ville-de-Shannon-au-Quebec-Canada-300x167.png 300w, https:\/\/gifex.com\/fr\/wp-content\/uploads\/26126\/Carte-de-la-ville-de-Shannon-au-Quebec-Canada-768x427.png 768w, https:\/\/gifex.com\/fr\/wp-content\/uploads\/26126\/Carte-de-la-ville-de-Shannon-au-Quebec-Canada.png 995w\" sizes=\"(max-width: 360px) 100vw, 360px\" \/><\/a><figcaption id=\"caption-attachment-26128\" class=\"wp-caption-text\"><label style=\"font-size: 15px;\">Carte de la ville de Shannon, chef-lieu de la municipalit\u00e9 r\u00e9gionale de comt\u00e9 (MRC) de La Jacques-Cartier.<\/label><\/figcaption><\/figure>\n<p>La municipalit\u00e9 r\u00e9gionale de comt\u00e9 de La Jacques-Cartier est le ma\u00eetre d\u2019\u0153uvre de l\u2019am\u00e9nagement et du d\u00e9veloppement durable de son territoire. Elle assume un r\u00f4le de rassembleur, de planificateur et de coordonnateur aupr\u00e8s de ses municipalit\u00e9s constituantes afin de procurer \u00e0 celles-ci et aux citoyens des services de qualit\u00e9 qui favorisent un progr\u00e8s social, culturel, environnemental et \u00e9conomique harmonieux.<\/p>\n<p><strong>Routes d&#8217;acc\u00e8s de la MRC de La Jacques-Cartier<\/strong><\/p>\n<p>Routes num\u00e9rot\u00e9es qui traversent la municipalit\u00e9 r\u00e9gionale de comt\u00e9 (MRC), y compris les routes externes qui commencent ou se terminent \u00e0 la fronti\u00e8re de la MRC\u00a0:<\/p>\n<p>Autoroutes<\/p>\n<ul>\n<li>A-73<\/li>\n<li>A-973<\/li>\n<\/ul>\n<p>Routes principales<\/p>\n<ul>\n<li>Route 175<\/li>\n<\/ul>\n<p>Routes secondaires<\/p>\n<ul>\n<li>Route 358<\/li>\n<li>Route 367<\/li>\n<li>Route 369<\/li>\n<li>Route 371<\/li>\n<\/ul>\n<p><strong>Municipalit\u00e9s<\/strong><\/p>\n<div class=\"boxscrl\">\n<table width=\"483\">\n<tbody>\n<tr>\n<td rowspan=\"2\" width=\"253\">Nom<\/td>\n<td rowspan=\"2\" width=\"85\">Type<\/td>\n<td width=\"75\">Population<\/td>\n<td width=\"70\">Superficie<\/td>\n<\/tr>\n<tr>\n<td width=\"75\">2014<\/td>\n<td width=\"70\">(km<sup>2<\/sup>)<\/td>\n<\/tr>\n<tr>\n<td colspan=\"4\" width=\"483\">Municipalit\u00e9s locales<\/td>\n<\/tr>\n<tr>\n<td>Fossambault-sur-le-Lac<\/td>\n<td width=\"85\">Ville<\/td>\n<td width=\"75\">1\u00a0757<\/td>\n<td width=\"70\">11,28<\/td>\n<\/tr>\n<tr>\n<td>Lac-Beauport<\/td>\n<td width=\"85\">Municipalit\u00e9<\/td>\n<td width=\"75\">7\u00a0654<\/td>\n<td width=\"70\">62,24<\/td>\n<\/tr>\n<tr>\n<td>Lac-Delage<\/td>\n<td width=\"85\">Ville<\/td>\n<td width=\"75\">639<\/td>\n<td width=\"70\">1,57<\/td>\n<\/tr>\n<tr>\n<td>Lac-Saint-Joseph<\/td>\n<td width=\"85\">Ville<\/td>\n<td width=\"75\">237<\/td>\n<td width=\"70\">33,21<\/td>\n<\/tr>\n<tr>\n<td>Sainte-Brigitte-de-Laval<\/td>\n<td width=\"85\">Ville<\/td>\n<td width=\"75\">6\u00a0638<\/td>\n<td width=\"70\">108,26<\/td>\n<\/tr>\n<tr>\n<td>Sainte-Catherine-de-la-Jacques-Cartier<\/td>\n<td width=\"85\">Ville<\/td>\n<td width=\"75\">7\u00a0200<\/td>\n<td width=\"70\">120,01<\/td>\n<\/tr>\n<tr>\n<td>Saint-Gabriel-de-Valcartier<\/td>\n<td width=\"85\">Municipalit\u00e9<\/td>\n<td width=\"75\">3\u00a0038<\/td>\n<td width=\"70\">435,22<\/td>\n<\/tr>\n<tr>\n<td>Shannon<\/td>\n<td width=\"85\">Ville<\/td>\n<td width=\"75\">6 031<\/td>\n<td width=\"70\">63,44<\/td>\n<\/tr>\n<tr>\n<td>Stoneham-et-Tewkesbury<\/td>\n<td width=\"85\">Cantons unis<\/td>\n<td width=\"75\">7\u00a0643<\/td>\n<td width=\"70\">668,49<\/td>\n<\/tr>\n<tr>\n<td colspan=\"4\" width=\"483\">Territoire non organis\u00e9<\/td>\n<\/tr>\n<tr>\n<td colspan=\"2\">Lac-Croche<\/td>\n<td width=\"75\">0<\/td>\n<td width=\"70\">1\u00a0676,25<\/td>\n<\/tr>\n<tr>\n<td colspan=\"2\" width=\"338\">Total<\/td>\n<td width=\"75\">40\u00a0395<\/td>\n<td width=\"70\">3\u00a0179,97<\/td>\n<\/tr>\n<\/tbody>\n<\/table>\n<\/div>\n","protected":false},"excerpt":{"rendered":"<p>La Jacques-Cartier est une municipalit\u00e9 r\u00e9gionale de comt\u00e9 du Qu\u00e9bec (Canada) situ\u00e9e dans la r\u00e9gion administrative de la Capitale-Nationale, cr\u00e9\u00e9e le 1er av &#8230;<\/p>\n","protected":false},"author":1,"featured_media":26142,"template":"","categoria_ficha":[1722],"class_list":["post-26126","ficha","type-ficha","status-publish","has-post-thumbnail","hentry","categoria_ficha-cartes-de-la-ville-de-quebec"],"acf":[],"_links":{"self":[{"href":"https:\/\/gifex.com\/fr\/wp-json\/wp\/v2\/ficha\/26126","targetHints":{"allow":["GET"]}}],"collection":[{"href":"https:\/\/gifex.com\/fr\/wp-json\/wp\/v2\/ficha"}],"about":[{"href":"https:\/\/gifex.com\/fr\/wp-json\/wp\/v2\/types\/ficha"}],"author":[{"embeddable":true,"href":"https:\/\/gifex.com\/fr\/wp-json\/wp\/v2\/users\/1"}],"version-history":[{"count":6,"href":"https:\/\/gifex.com\/fr\/wp-json\/wp\/v2\/ficha\/26126\/revisions"}],"predecessor-version":[{"id":36006,"href":"https:\/\/gifex.com\/fr\/wp-json\/wp\/v2\/ficha\/26126\/revisions\/36006"}],"wp:featuredmedia":[{"embeddable":true,"href":"https:\/\/gifex.com\/fr\/wp-json\/wp\/v2\/media\/26142"}],"wp:attachment":[{"href":"https:\/\/gifex.com\/fr\/wp-json\/wp\/v2\/media?parent=26126"}],"wp:term":[{"taxonomy":"categoria_ficha","embeddable":true,"href":"https:\/\/gifex.com\/fr\/wp-json\/wp\/v2\/categoria_ficha?post=26126"}],"curies":[{"name":"wp","href":"https:\/\/api.w.org\/{rel}","templated":true}]}}