{"id":26091,"date":"2022-11-21T15:26:46","date_gmt":"2022-11-21T15:26:46","guid":{"rendered":"https:\/\/gifex.com\/fr\/?post_type=ficha&#038;p=26091"},"modified":"2023-03-24T13:54:48","modified_gmt":"2023-03-24T13:54:48","slug":"carte-de-la-mrc-du-fjord-du-saguenay","status":"publish","type":"ficha","link":"https:\/\/gifex.com\/fr\/fichier\/carte-de-la-mrc-du-fjord-du-saguenay\/","title":{"rendered":"Carte de la MRC du Fjord-du-Saguenay"},"content":{"rendered":"<p style=\"text-align: center;\"><label style=\"font-size: 15px;\">Carte de la municipalit\u00e9 r\u00e9gionale de comt\u00e9 (MRC) du Fjord-du-Saguenay.<\/label><\/p>\n<figure id=\"attachment_26093\" aria-describedby=\"caption-attachment-26093\" style=\"width: 360px\" class=\"wp-caption alignright\"><a href=\"https:\/\/gifex.com\/fr\/wp-content\/uploads\/26091\/Carte-routiere-des-environs-de-Saint-Honore-chef-lieu-de-la-municipalite-regionale-de-comte-du-Fjord-du-Saguenay.jpg\" target=\"_blank\" rel=\"noopener\"><img fetchpriority=\"high\" decoding=\"async\" class=\"wp-image-26093\" title=\"Carte routi\u00e8re des environs de Saint-Honor\u00e9, chef-lieu de la municipalit\u00e9 r\u00e9gionale de comt\u00e9 du Fjord-du-Saguenay.\" src=\"https:\/\/gifex.com\/fr\/wp-content\/uploads\/26091\/Carte-routiere-des-environs-de-Saint-Honore-chef-lieu-de-la-municipalite-regionale-de-comte-du-Fjord-du-Saguenay-300x219.jpg\" alt=\"Carte routi\u00e8re des environs de Saint-Honor\u00e9, chef-lieu de la municipalit\u00e9 r\u00e9gionale de comt\u00e9 du Fjord-du-Saguenay.\" width=\"360\" height=\"263\" srcset=\"https:\/\/gifex.com\/fr\/wp-content\/uploads\/26091\/Carte-routiere-des-environs-de-Saint-Honore-chef-lieu-de-la-municipalite-regionale-de-comte-du-Fjord-du-Saguenay-300x219.jpg 300w, https:\/\/gifex.com\/fr\/wp-content\/uploads\/26091\/Carte-routiere-des-environs-de-Saint-Honore-chef-lieu-de-la-municipalite-regionale-de-comte-du-Fjord-du-Saguenay.jpg 673w\" sizes=\"(max-width: 360px) 100vw, 360px\" \/><\/a><figcaption id=\"caption-attachment-26093\" class=\"wp-caption-text\"><label style=\"font-size: 15px;\">Carte routi\u00e8re des environs de Saint-Honor\u00e9, chef-lieu de la municipalit\u00e9 r\u00e9gionale de comt\u00e9 (MRC) du Fjord-du-Saguenay.<\/label><\/figcaption><\/figure>\n<p>Le Fjord-du-Saguenay est une municipalit\u00e9 r\u00e9gionale de comt\u00e9 (MRC) du Qu\u00e9bec (Canada), cr\u00e9\u00e9e en 1983 dans la r\u00e9gion du Saguenay\u2013Lac-Saint-Jean. Le conseil de la MRC du Fjord-du-Saguenay se r\u00e9unit dans la municipalit\u00e9 de Saint-Honor\u00e9. La ville de Saguenay s&#8217;est d\u00e9tach\u00e9e de la MRC lors des fusions municipales de 2002.<\/p>\n<p>La municipalit\u00e9 r\u00e9gionale de comt\u00e9 du Fjord-du-Saguenay, est un vaste territoire regroupant 13 municipalit\u00e9s r\u00e9parti de part et d\u2019autre de la rivi\u00e8re Saguenay et de 3 territoires non organis\u00e9s compos\u00e9s de luxuriantes \u00e9tendues de for\u00eat et de cours d\u2019eau abondants. C\u2019est aussi plus de 23 467 r\u00e9sidents qui ont fait le choix de s\u2019\u00e9tablir dans un milieu vivant pour profiter d\u2019une qualit\u00e9 de vie \u00e0 la port\u00e9e de la nature.<\/p>\n<p><strong>Routes d&#8217;acc\u00e8s de la MRC du Fjord-du-Saguenay<\/strong><\/p>\n<p>Routes num\u00e9rot\u00e9es qui traversent la municipalit\u00e9 r\u00e9gionale de comt\u00e9 (MRC), y compris les routes externes qui commencent ou se terminent \u00e0 la fronti\u00e8re de la MRC\u00a0:<\/p>\n<p>Autoroutes<\/p>\n<ul>\n<li>A-70<\/li>\n<\/ul>\n<p>Routes principales<\/p>\n<ul>\n<li>Route 170<\/li>\n<li>Route 172<\/li>\n<li>Route 175<\/li>\n<\/ul>\n<p>Routes secondaires<\/p>\n<ul>\n<li>Route 381<\/li>\n<\/ul>\n<p><strong>Municipalit\u00e9s de la MRC<\/strong><\/p>\n<div class=\"boxscrl\">\n<table width=\"636\">\n<tbody>\n<tr>\n<td rowspan=\"2\" width=\"167\">Municipalit\u00e9<\/td>\n<td rowspan=\"2\" width=\"161\">Statut<\/td>\n<td rowspan=\"2\" width=\"107\">Superficie (km\u00b2)<\/td>\n<td width=\"75\">Population<\/td>\n<td rowspan=\"2\" width=\"126\">Densit\u00e9 (hab.\/km\u00b2)<\/td>\n<\/tr>\n<tr>\n<td width=\"75\">2021 (hab.)<\/td>\n<\/tr>\n<tr>\n<td>B\u00e9gin<\/td>\n<td>Municipalit\u00e9<\/td>\n<td width=\"107\">189,41<\/td>\n<td width=\"75\">851<\/td>\n<td width=\"126\">4,7<\/td>\n<\/tr>\n<tr>\n<td>Ferland-et-Boilleau<\/td>\n<td>Municipalit\u00e9<\/td>\n<td width=\"107\">390,63<\/td>\n<td width=\"75\">632<\/td>\n<td width=\"126\">1,5<\/td>\n<\/tr>\n<tr>\n<td>L&#8217;Anse-Saint-Jean<\/td>\n<td>Municipalit\u00e9<\/td>\n<td width=\"107\">506,78<\/td>\n<td width=\"75\">1\u00a0301<\/td>\n<td width=\"126\">2,4<\/td>\n<\/tr>\n<tr>\n<td>Lac-Ministuk<\/td>\n<td>Territoire non organis\u00e9<\/td>\n<td width=\"107\">1\u00a0465,90<\/td>\n<td width=\"75\">58<\/td>\n<td width=\"126\">0,0<\/td>\n<\/tr>\n<tr>\n<td>Lalemant<\/td>\n<td>Territoire non organis\u00e9<\/td>\n<td width=\"107\">198,97<\/td>\n<td width=\"75\">0<\/td>\n<td width=\"126\">0,0<\/td>\n<\/tr>\n<tr>\n<td>Larouche<\/td>\n<td>Municipalit\u00e9<\/td>\n<td width=\"107\">84,51<\/td>\n<td width=\"75\">1\u00a0601<\/td>\n<td width=\"126\">15,7<\/td>\n<\/tr>\n<tr>\n<td>Mont-Valin<\/td>\n<td>Territoire non organis\u00e9<\/td>\n<td width=\"107\">33\u00a0792,67<\/td>\n<td width=\"75\">10<\/td>\n<td width=\"126\">0,0<\/td>\n<\/tr>\n<tr>\n<td>Petit-Saguenay<\/td>\n<td>Municipalit\u00e9<\/td>\n<td width=\"107\">328,64<\/td>\n<td width=\"75\">600<\/td>\n<td width=\"126\">2,2<\/td>\n<\/tr>\n<tr>\n<td>Rivi\u00e8re-\u00c9ternit\u00e9<\/td>\n<td>Municipalit\u00e9<\/td>\n<td width=\"107\">478,12<\/td>\n<td width=\"75\">414<\/td>\n<td width=\"126\">1,0<\/td>\n<\/tr>\n<tr>\n<td>Saint-Ambroise<\/td>\n<td>Municipalit\u00e9<\/td>\n<td width=\"107\">149,12<\/td>\n<td width=\"75\">3\u00a0883<\/td>\n<td width=\"126\">24,9<\/td>\n<\/tr>\n<tr>\n<td>Saint-Charles-de-Bourget<\/td>\n<td>Municipalit\u00e9<\/td>\n<td width=\"107\">62,46<\/td>\n<td width=\"75\">784<\/td>\n<td width=\"126\">11,8<\/td>\n<\/tr>\n<tr>\n<td>Saint-David-de-Falardeau<\/td>\n<td>Municipalit\u00e9<\/td>\n<td width=\"107\">395,75<\/td>\n<td width=\"75\">2\u00a0996<\/td>\n<td width=\"126\">6,9<\/td>\n<\/tr>\n<tr>\n<td>Sainte-Rose-du-Nord<\/td>\n<td>Municipalit\u00e9 de paroisse<\/td>\n<td width=\"107\">117,50<\/td>\n<td width=\"75\">434<\/td>\n<td width=\"126\">3,5<\/td>\n<\/tr>\n<tr>\n<td>Saint-F\u00e9lix-d&#8217;Otis<\/td>\n<td>Municipalit\u00e9<\/td>\n<td width=\"107\">232,96<\/td>\n<td width=\"75\">1\u00a0109<\/td>\n<td width=\"126\">4,5<\/td>\n<\/tr>\n<tr>\n<td>Saint-Fulgence<\/td>\n<td>Municipalit\u00e9<\/td>\n<td width=\"107\">351,04<\/td>\n<td width=\"75\">2\u00a0061<\/td>\n<td width=\"126\">5,7<\/td>\n<\/tr>\n<tr>\n<td>Saint-Honor\u00e9<\/td>\n<td>Ville<\/td>\n<td width=\"107\">191,34<\/td>\n<td width=\"75\">6\u00a0376<\/td>\n<td width=\"126\">30,0<\/td>\n<\/tr>\n<tr>\n<td width=\"167\">Total<\/td>\n<td width=\"161\"><\/td>\n<td width=\"107\">38 395,80 km\u00b2<\/td>\n<td width=\"75\">23 110 hab.<\/td>\n<td width=\"126\">0,6 hab.\/km\u00b2<\/td>\n<\/tr>\n<\/tbody>\n<\/table>\n<\/div>\n","protected":false},"excerpt":{"rendered":"<p>Le Fjord-du-Saguenay est une municipalit\u00e9 r\u00e9gionale de comt\u00e9 (MRC) du Qu\u00e9bec (Canada), cr\u00e9\u00e9e en 1983 dans la r\u00e9gion du Saguenay\u2013Lac-Saint-Jean. Le conseil d &#8230;<\/p>\n","protected":false},"author":1,"featured_media":26148,"template":"","categoria_ficha":[1913],"class_list":["post-26091","ficha","type-ficha","status-publish","has-post-thumbnail","hentry","categoria_ficha-cartes-du-saguenay-lac-saint-jean"],"acf":[],"_links":{"self":[{"href":"https:\/\/gifex.com\/fr\/wp-json\/wp\/v2\/ficha\/26091","targetHints":{"allow":["GET"]}}],"collection":[{"href":"https:\/\/gifex.com\/fr\/wp-json\/wp\/v2\/ficha"}],"about":[{"href":"https:\/\/gifex.com\/fr\/wp-json\/wp\/v2\/types\/ficha"}],"author":[{"embeddable":true,"href":"https:\/\/gifex.com\/fr\/wp-json\/wp\/v2\/users\/1"}],"version-history":[{"count":9,"href":"https:\/\/gifex.com\/fr\/wp-json\/wp\/v2\/ficha\/26091\/revisions"}],"predecessor-version":[{"id":36010,"href":"https:\/\/gifex.com\/fr\/wp-json\/wp\/v2\/ficha\/26091\/revisions\/36010"}],"wp:featuredmedia":[{"embeddable":true,"href":"https:\/\/gifex.com\/fr\/wp-json\/wp\/v2\/media\/26148"}],"wp:attachment":[{"href":"https:\/\/gifex.com\/fr\/wp-json\/wp\/v2\/media?parent=26091"}],"wp:term":[{"taxonomy":"categoria_ficha","embeddable":true,"href":"https:\/\/gifex.com\/fr\/wp-json\/wp\/v2\/categoria_ficha?post=26091"}],"curies":[{"name":"wp","href":"https:\/\/api.w.org\/{rel}","templated":true}]}}