{"id":26018,"date":"2022-11-20T13:52:54","date_gmt":"2022-11-20T13:52:54","guid":{"rendered":"https:\/\/gifex.com\/fr\/?post_type=ficha&#038;p=26018"},"modified":"2023-03-24T15:56:08","modified_gmt":"2023-03-24T15:56:08","slug":"carte-de-la-mrc-des-basques","status":"publish","type":"ficha","link":"https:\/\/gifex.com\/fr\/fichier\/carte-de-la-mrc-des-basques\/","title":{"rendered":"Carte de la MRC des Basques"},"content":{"rendered":"<p style=\"text-align: center;\"><label style=\"font-size: 15px;\">Carte de la municipalit\u00e9 r\u00e9gionale de comt\u00e9 (MRC) des Basques.<\/label><\/p>\n<figure id=\"attachment_26052\" aria-describedby=\"caption-attachment-26052\" style=\"width: 360px\" class=\"wp-caption alignright\"><a href=\"https:\/\/gifex.com\/fr\/wp-content\/uploads\/26018\/Carte-routiere-des-environs-de-Trois-Pistoles.jpg\" target=\"_blank\" rel=\"noopener\"><img fetchpriority=\"high\" decoding=\"async\" class=\"wp-image-26052\" title=\"Carte routi\u00e8re des environs de Trois-Pistoles.\" src=\"https:\/\/gifex.com\/fr\/wp-content\/uploads\/26018\/Carte-routiere-des-environs-de-Trois-Pistoles-298x300.jpg\" alt=\"Carte routi\u00e8re des environs de Trois-Pistoles.\" width=\"360\" height=\"362\" srcset=\"https:\/\/gifex.com\/fr\/wp-content\/uploads\/26018\/Carte-routiere-des-environs-de-Trois-Pistoles-298x300.jpg 298w, https:\/\/gifex.com\/fr\/wp-content\/uploads\/26018\/Carte-routiere-des-environs-de-Trois-Pistoles-150x150.jpg 150w, https:\/\/gifex.com\/fr\/wp-content\/uploads\/26018\/Carte-routiere-des-environs-de-Trois-Pistoles-300x302.jpg 300w, https:\/\/gifex.com\/fr\/wp-content\/uploads\/26018\/Carte-routiere-des-environs-de-Trois-Pistoles.jpg 441w\" sizes=\"(max-width: 360px) 100vw, 360px\" \/><\/a><figcaption id=\"caption-attachment-26052\" class=\"wp-caption-text\"><label style=\"font-size: 15px;\">Carte routi\u00e8re des environs de Trois-Pistoles, chef-lieu de la municipalit\u00e9 r\u00e9gionale de comt\u00e9 (MRC) des Basques.<\/label><\/figcaption><\/figure>\n<p>Les Basques est une municipalit\u00e9 r\u00e9gionale de comt\u00e9 (MRC) du Qu\u00e9bec, dans la r\u00e9gion administrative du Bas-Saint-Laurent, cr\u00e9\u00e9e le 1er avril 1981. Son chef-lieu est la ville de Trois-Pistoles.<\/p>\n<p>La municipalit\u00e9 r\u00e9gionale de comt\u00e9 emprunte son nom \u00e0 l&#8217;\u00eele aux Basques, situ\u00e9e en face de Trois-Pistoles, o\u00f9 la pr\u00e9sence de p\u00eacheurs basques entre 1580 et 1630 est attest\u00e9e.<\/p>\n<p><strong>D\u00e9mographie<\/strong><\/p>\n<p>La MRC des Basques est une des MRC les moins peupl\u00e9es du Qu\u00e9bec et l&#8217;une des plus pauvres. Territoire essentiellement rural, sa croissance d\u00e9mographique s&#8217;est arr\u00eat\u00e9e en 1961 pour amorcer un d\u00e9clin prononc\u00e9. Entre 1961 et 2006, la MRC des Basques a perdu 42\u00a0% de sa population. Certains villages de l&#8217;arri\u00e8re-pays ont subi des pertes d\u00e9mographiques encore plus importantes. Le poids de la population de la MRC dans le total qu\u00e9b\u00e9cois a \u00e9t\u00e9 r\u00e9duit par trois entre 1951 et 2016, passant de 0,36\u00a0% \u00e0 0,11\u00a0%.<\/p>\n<figure id=\"attachment_27616\" aria-describedby=\"caption-attachment-27616\" style=\"width: 360px\" class=\"wp-caption alignright\"><a href=\"https:\/\/gifex.com\/fr\/wp-content\/uploads\/26018\/Carte-touristique-du-secteur-des-Basques.jpg\" target=\"_blank\" rel=\"noopener\"><img decoding=\"async\" class=\"wp-image-27616\" title=\"Carte touristique du secteur des Basques.\" src=\"https:\/\/gifex.com\/fr\/wp-content\/uploads\/26018\/Carte-touristique-du-secteur-des-Basques-300x247.jpg\" alt=\"Carte touristique du secteur des Basques.\" width=\"360\" height=\"296\" srcset=\"https:\/\/gifex.com\/fr\/wp-content\/uploads\/26018\/Carte-touristique-du-secteur-des-Basques-300x247.jpg 300w, https:\/\/gifex.com\/fr\/wp-content\/uploads\/26018\/Carte-touristique-du-secteur-des-Basques-1024x843.jpg 1024w, https:\/\/gifex.com\/fr\/wp-content\/uploads\/26018\/Carte-touristique-du-secteur-des-Basques-768x632.jpg 768w, https:\/\/gifex.com\/fr\/wp-content\/uploads\/26018\/Carte-touristique-du-secteur-des-Basques-1536x1264.jpg 1536w, https:\/\/gifex.com\/fr\/wp-content\/uploads\/26018\/Carte-touristique-du-secteur-des-Basques.jpg 1580w\" sizes=\"(max-width: 360px) 100vw, 360px\" \/><\/a><figcaption id=\"caption-attachment-27616\" class=\"wp-caption-text\"><label style=\"font-size: 15px;\">Carte touristique du secteur des Basques.<\/label><\/figcaption><\/figure>\n<p><strong>Routes d&#8217;acc\u00e8s de la MRC des Basques<\/strong><\/p>\n<p>Routes num\u00e9rot\u00e9es qui traversent la municipalit\u00e9 r\u00e9gionale de comt\u00e9 (MRC), y compris les routes externes qui commencent ou se terminent \u00e0 la fronti\u00e8re de la MRC\u00a0:<\/p>\n<p>Routes principales<\/p>\n<ul>\n<li>Route 132<\/li>\n<\/ul>\n<p>Routes secondaires<\/p>\n<ul>\n<li>Route 293<\/li>\n<li>Route 295<\/li>\n<li>Route 296<\/li>\n<\/ul>\n<p><strong>Municipalit\u00e9s<\/strong><\/p>\n<p>Les municipalit\u00e9s r\u00e9gionales de comt\u00e9 des Basques comptent onze municipalit\u00e9s locales et un territoire non organis\u00e9.<\/p>\n<div class=\"boxscrl\">\n<table width=\"397\">\n<tbody>\n<tr>\n<td rowspan=\"2\" width=\"167\">Nom<\/td>\n<td rowspan=\"2\" width=\"85\">Type<\/td>\n<td width=\"75\">Population<\/td>\n<td width=\"70\">Superficie<\/td>\n<\/tr>\n<tr>\n<td>2016<\/td>\n<td width=\"70\">(km<sup>2<\/sup>)<\/td>\n<\/tr>\n<tr>\n<td colspan=\"4\" width=\"397\">Municipalit\u00e9s locales<\/td>\n<\/tr>\n<tr>\n<td>Notre-Dame-des-Neiges<\/td>\n<td width=\"85\">Municipalit\u00e9<\/td>\n<td width=\"75\">1\u00a0085<\/td>\n<td width=\"70\">94,21<\/td>\n<\/tr>\n<tr>\n<td>Saint-Cl\u00e9ment<\/td>\n<td width=\"85\">Paroisse<\/td>\n<td width=\"75\">460<\/td>\n<td width=\"70\">86,84<\/td>\n<\/tr>\n<tr>\n<td>Saint-\u00c9loi<\/td>\n<td width=\"85\">Paroisse<\/td>\n<td width=\"75\">286<\/td>\n<td width=\"70\">66,11<\/td>\n<\/tr>\n<tr>\n<td>Sainte-Fran\u00e7oise<\/td>\n<td width=\"85\">Paroisse<\/td>\n<td width=\"75\">386<\/td>\n<td width=\"70\">88,88<\/td>\n<\/tr>\n<tr>\n<td>Saint-Guy<\/td>\n<td width=\"85\">Municipalit\u00e9<\/td>\n<td width=\"75\">54<\/td>\n<td width=\"70\">139,82<\/td>\n<\/tr>\n<tr>\n<td>Saint-Jean-de-Dieu<\/td>\n<td width=\"85\">Municipalit\u00e9<\/td>\n<td width=\"75\">1\u00a0596<\/td>\n<td width=\"70\">152,38<\/td>\n<\/tr>\n<tr>\n<td>Saint-Mathieu-de-Rioux<\/td>\n<td width=\"85\">Paroisse<\/td>\n<td width=\"75\">639<\/td>\n<td width=\"70\">107,82<\/td>\n<\/tr>\n<tr>\n<td>Saint-M\u00e9dard<\/td>\n<td width=\"85\">Municipalit\u00e9<\/td>\n<td width=\"75\">209<\/td>\n<td width=\"70\">75,28<\/td>\n<\/tr>\n<tr>\n<td>Sainte-Rita<\/td>\n<td width=\"85\">Municipalit\u00e9<\/td>\n<td width=\"75\">307<\/td>\n<td width=\"70\">129,44<\/td>\n<\/tr>\n<tr>\n<td>Saint-Simon-de-Rimouski<\/td>\n<td width=\"85\">Municipalit\u00e9<\/td>\n<td width=\"75\">426<\/td>\n<td width=\"70\">75,01<\/td>\n<\/tr>\n<tr>\n<td>Trois-Pistoles<\/td>\n<td width=\"85\">Ville<\/td>\n<td width=\"75\">3\u00a0246<\/td>\n<td width=\"70\">7,64<\/td>\n<\/tr>\n<tr>\n<td colspan=\"4\" width=\"397\">Territoires non organis\u00e9s<\/td>\n<\/tr>\n<tr>\n<td colspan=\"2\">Lac-Boisbouscache<\/td>\n<td width=\"75\">&#8211;<\/td>\n<td width=\"70\">98,37<\/td>\n<\/tr>\n<tr>\n<td colspan=\"2\" width=\"252\">Total<\/td>\n<td width=\"75\">8\u00a0694<\/td>\n<td width=\"70\">1\u00a0121,82<\/td>\n<\/tr>\n<\/tbody>\n<\/table>\n<\/div>\n","protected":false},"excerpt":{"rendered":"<p>Les Basques est une municipalit\u00e9 r\u00e9gionale de comt\u00e9 (MRC) du Qu\u00e9bec, dans la r\u00e9gion administrative du Bas-Saint-Laurent, cr\u00e9\u00e9e le 1er avril 1981. Son chef-lieu <\/p>\n","protected":false},"author":1,"featured_media":26156,"template":"","categoria_ficha":[1912],"class_list":["post-26018","ficha","type-ficha","status-publish","has-post-thumbnail","hentry","categoria_ficha-cartes-du-bas-saint-laurent"],"acf":[],"_links":{"self":[{"href":"https:\/\/gifex.com\/fr\/wp-json\/wp\/v2\/ficha\/26018","targetHints":{"allow":["GET"]}}],"collection":[{"href":"https:\/\/gifex.com\/fr\/wp-json\/wp\/v2\/ficha"}],"about":[{"href":"https:\/\/gifex.com\/fr\/wp-json\/wp\/v2\/types\/ficha"}],"author":[{"embeddable":true,"href":"https:\/\/gifex.com\/fr\/wp-json\/wp\/v2\/users\/1"}],"version-history":[{"count":10,"href":"https:\/\/gifex.com\/fr\/wp-json\/wp\/v2\/ficha\/26018\/revisions"}],"predecessor-version":[{"id":36243,"href":"https:\/\/gifex.com\/fr\/wp-json\/wp\/v2\/ficha\/26018\/revisions\/36243"}],"wp:featuredmedia":[{"embeddable":true,"href":"https:\/\/gifex.com\/fr\/wp-json\/wp\/v2\/media\/26156"}],"wp:attachment":[{"href":"https:\/\/gifex.com\/fr\/wp-json\/wp\/v2\/media?parent=26018"}],"wp:term":[{"taxonomy":"categoria_ficha","embeddable":true,"href":"https:\/\/gifex.com\/fr\/wp-json\/wp\/v2\/categoria_ficha?post=26018"}],"curies":[{"name":"wp","href":"https:\/\/api.w.org\/{rel}","templated":true}]}}