{"id":25947,"date":"2022-11-18T20:57:57","date_gmt":"2022-11-18T20:57:57","guid":{"rendered":"https:\/\/gifex.com\/fr\/?post_type=ficha&#038;p=25947"},"modified":"2023-03-24T15:58:44","modified_gmt":"2023-03-24T15:58:44","slug":"carte-de-la-region-de-la-capitale-nationale","status":"publish","type":"ficha","link":"https:\/\/gifex.com\/fr\/fichier\/carte-de-la-region-de-la-capitale-nationale\/","title":{"rendered":"Carte de la r\u00e9gion de la Capitale-Nationale"},"content":{"rendered":"<p style=\"text-align: center;\"><label style=\"font-size: 15px;\">Carte de la r\u00e9gion de la Capitale-Nationale.<\/label><\/p>\n<p>La Capitale-Nationale est une r\u00e9gion administrative du Qu\u00e9bec. Elle est compos\u00e9e de l&#8217;agglom\u00e9ration de Qu\u00e9bec, de six municipalit\u00e9s r\u00e9gionales de comt\u00e9 (MRC), d&#8217;une r\u00e9serve autochtone hors MRC et d&#8217;une municipalit\u00e9 de paroisse hors MRC. Elle ne doit pas \u00eatre confondue avec la r\u00e9gion de Qu\u00e9bec.<\/p>\n<figure id=\"attachment_25968\" aria-describedby=\"caption-attachment-25968\" style=\"width: 360px\" class=\"wp-caption alignright\"><a href=\"https:\/\/gifex.com\/fr\/wp-content\/uploads\/25967\/Carte-topographique-de-la-region-de-la-Capitale-Nationale.png\" target=\"_blank\" rel=\"noopener\"><img fetchpriority=\"high\" decoding=\"async\" class=\"wp-image-25968\" title=\"Carte topographique de la r\u00e9gion de la Capitale-Nationale.\" src=\"https:\/\/gifex.com\/fr\/wp-content\/uploads\/25967\/Carte-topographique-de-la-region-de-la-Capitale-Nationale-243x300.png\" alt=\"Carte topographique de la r\u00e9gion de la Capitale-Nationale.\" width=\"360\" height=\"444\" srcset=\"https:\/\/gifex.com\/fr\/wp-content\/uploads\/25967\/Carte-topographique-de-la-region-de-la-Capitale-Nationale-243x300.png 243w, https:\/\/gifex.com\/fr\/wp-content\/uploads\/25967\/Carte-topographique-de-la-region-de-la-Capitale-Nationale-768x948.png 768w, https:\/\/gifex.com\/fr\/wp-content\/uploads\/25967\/Carte-topographique-de-la-region-de-la-Capitale-Nationale-300x370.png 300w, https:\/\/gifex.com\/fr\/wp-content\/uploads\/25967\/Carte-topographique-de-la-region-de-la-Capitale-Nationale.png 800w\" sizes=\"(max-width: 360px) 100vw, 360px\" \/><\/a><figcaption id=\"caption-attachment-25968\" class=\"wp-caption-text\"><label style=\"font-size: 15px;\">Carte topographique de la r\u00e9gion de la Capitale-Nationale.<\/label><\/figcaption><\/figure>\n<p><strong>G\u00e9ographie<\/strong><\/p>\n<p>La r\u00e9gion est situ\u00e9e au nord du fleuve Saint-Laurent, \u00e0 l&#8217;entr\u00e9e de l&#8217;estuaire fluvial. Couramment d\u00e9sign\u00e9 comme se trouvant au \u00ab centre du Qu\u00e9bec \u00bb, la Capitale-Nationale s&#8217;\u00e9tend sur 20 971 km2 de superficie, dont 18 644 <span class=\"HwtZe\" lang=\"fr\"><span class=\"jCAhz ChMk0b\"><span class=\"ryNqvb\">km\u00b2<\/span><\/span><\/span> qui sont terrestres, soit 1,3 % du territoire qu\u00e9b\u00e9cois. L&#8217;agglom\u00e9ration urbaine de Qu\u00e9bec, dont l&#8217;origine du nom signifie \u00ab l\u00e0 o\u00f9 le fleuve se r\u00e9tr\u00e9cit \u00bb en certaines langues algonquiennes, se trouve en son centre g\u00e9ographique. En raison de sa position g\u00e9ographique, la r\u00e9gion est un carrefour \u00e9conomique, historique et social entre l&#8217;ouest, l&#8217;est et le nord de la province.<\/p>\n<p>Elle est bord\u00e9e au sud par le fleuve Saint-Laurent, o\u00f9 de l&#8217;autre c\u00f4t\u00e9 se trouve les r\u00e9gions de la Chaudi\u00e8re-Appalaches et du Bas-Saint-Laurent, \u00e0 l&#8217;ouest par la r\u00e9gion de la Mauricie et au nord et \u00e0 l&#8217;est par la r\u00e9gion du Saguenay\u2013Lac-Saint-Jean.<\/p>\n<p>La topographie de la Capitale-Nationale varie beaucoup. L\u2019altitude minimale est de 0 m au fleuve Saint-Laurent et s\u2019\u00e9l\u00e8ve jusqu\u2019\u00e0 1\u00a0181\u00a0m\u00e8tres au mont Raoul-Blanchard. Dans sa partie sud, de la plaine de Portneuf \u00e0 la base de la C\u00f4te de Beaupr\u00e9, le relief est plut\u00f4t plat, variant autour d\u2019une centaine de m\u00e8tres. Le reste de la r\u00e9gion est caract\u00e9ris\u00e9 par la cha\u00eene des Laurentides. Avec le massif du Lac Jacques-Cartier, la Capitale-Nationale est l\u2019une des r\u00e9gions les plus \u00e9lev\u00e9es du Qu\u00e9bec. Par ailleurs, la sous-r\u00e9gion de Charlevoix pr\u00e9sente des particularit\u00e9s uniques en raison de son astrobl\u00e8me.<\/p>\n<p><strong>Administration<\/strong><\/p>\n<p>La r\u00e9gion de la Capitale-Nationale est compos\u00e9e de 59 municipalit\u00e9s locales et 9 territoires non organis\u00e9s r\u00e9partis dans 6 municipalit\u00e9s r\u00e9gionales de comt\u00e9 (MRC). Elle comporte \u00e9galement une r\u00e9serve indienne (Wendake) et une paroisse monastique (Notre-Dame-des-Anges).<\/p>\n<div class=\"boxscrl\">\n<table width=\"662\">\n<tbody>\n<tr>\n<td colspan=\"5\" width=\"662\">Municipalit\u00e9s r\u00e9gionales de comt\u00e9 ou territoires \u00e9quivalents de la Capitale-Nationale<\/td>\n<\/tr>\n<tr>\n<td rowspan=\"2\" width=\"171\">Nom<\/td>\n<td rowspan=\"2\" width=\"213\">Chef-lieu<\/td>\n<td width=\"75\">Population<\/td>\n<td width=\"129\">Superficie terrestre<\/td>\n<td width=\"74\">Densit\u00e9<\/td>\n<\/tr>\n<tr>\n<td width=\"75\">2016<\/td>\n<td width=\"129\">(km<sup>2<\/sup>)<\/td>\n<td width=\"74\">(hab.\/km<sup>2<\/sup>)<\/td>\n<\/tr>\n<tr>\n<td>Agglom\u00e9ration de Qu\u00e9bec<\/td>\n<td>Qu\u00e9bec<\/td>\n<td width=\"75\">569 717<\/td>\n<td width=\"129\">548,72<\/td>\n<td width=\"74\">1 038,3<\/td>\n<\/tr>\n<tr>\n<td>Charlevoix<\/td>\n<td>Baie-Saint-Paul<\/td>\n<td width=\"75\">12 997<\/td>\n<td width=\"129\">3 763,22<\/td>\n<td width=\"74\">3,5<\/td>\n<\/tr>\n<tr>\n<td>Charlevoix-Est<\/td>\n<td>Clermont<\/td>\n<td width=\"75\">15 509<\/td>\n<td width=\"129\">2 307,23<\/td>\n<td width=\"74\">6,7<\/td>\n<\/tr>\n<tr>\n<td>La C\u00f4te-de-Beaupr\u00e9<\/td>\n<td>Ch\u00e2teau-Richer<\/td>\n<td width=\"75\">28 199<\/td>\n<td width=\"129\">4 865,97<\/td>\n<td width=\"74\">5,8<\/td>\n<\/tr>\n<tr>\n<td>La Jacques-Cartier<\/td>\n<td>Shannon<\/td>\n<td width=\"75\">43 485<\/td>\n<td width=\"129\">3 195,75<\/td>\n<td width=\"74\">13,6<\/td>\n<\/tr>\n<tr>\n<td>L&#8217;\u00cele-d&#8217;Orl\u00e9ans<\/td>\n<td>Sainte-Famille-de-l&#8217;\u00cele-d&#8217;Orl\u00e9ans<\/td>\n<td width=\"75\">7 082<\/td>\n<td width=\"129\">192,85<\/td>\n<td width=\"74\">36,7<\/td>\n<\/tr>\n<tr>\n<td>Portneuf<\/td>\n<td>Cap-Sant\u00e9<\/td>\n<td width=\"75\">53 008<\/td>\n<td width=\"129\">3 923,70<\/td>\n<td width=\"74\">13,5<\/td>\n<\/tr>\n<tr>\n<td colspan=\"2\" width=\"384\">R\u00e9gion<\/td>\n<td width=\"75\">729 997<\/td>\n<td width=\"129\">18 797,45<\/td>\n<td width=\"74\">38,8<\/td>\n<\/tr>\n<\/tbody>\n<\/table>\n<\/div>\n<p>&nbsp;<\/p>\n<figure id=\"attachment_27660\" aria-describedby=\"caption-attachment-27660\" style=\"width: 400px\" class=\"wp-caption aligncenter\"><a href=\"https:\/\/gifex.com\/fr\/wp-content\/uploads\/25947\/Carte-du-territoire-et-limites-de-la-region-de-la-Capitale-Nationale.jpg\" target=\"_blank\" rel=\"noopener\"><img decoding=\"async\" class=\"wp-image-27660\" title=\"Carte du territoire et limites de la r\u00e9gion de la Capitale-Nationale.\" src=\"https:\/\/gifex.com\/fr\/wp-content\/uploads\/25947\/Carte-du-territoire-et-limites-de-la-region-de-la-Capitale-Nationale-300x234.jpg\" alt=\"Carte du territoire et limites de la r\u00e9gion de la Capitale-Nationale.\" width=\"400\" height=\"312\" srcset=\"https:\/\/gifex.com\/fr\/wp-content\/uploads\/25947\/Carte-du-territoire-et-limites-de-la-region-de-la-Capitale-Nationale-300x234.jpg 300w, https:\/\/gifex.com\/fr\/wp-content\/uploads\/25947\/Carte-du-territoire-et-limites-de-la-region-de-la-Capitale-Nationale-1024x798.jpg 1024w, https:\/\/gifex.com\/fr\/wp-content\/uploads\/25947\/Carte-du-territoire-et-limites-de-la-region-de-la-Capitale-Nationale-768x599.jpg 768w, https:\/\/gifex.com\/fr\/wp-content\/uploads\/25947\/Carte-du-territoire-et-limites-de-la-region-de-la-Capitale-Nationale-1536x1198.jpg 1536w, https:\/\/gifex.com\/fr\/wp-content\/uploads\/25947\/Carte-du-territoire-et-limites-de-la-region-de-la-Capitale-Nationale-2048x1597.jpg 2048w, https:\/\/gifex.com\/fr\/wp-content\/uploads\/25947\/Carte-du-territoire-et-limites-de-la-region-de-la-Capitale-Nationale-1600x1247.jpg 1600w\" sizes=\"(max-width: 400px) 100vw, 400px\" \/><\/a><figcaption id=\"caption-attachment-27660\" class=\"wp-caption-text\"><label style=\"font-size: 15px;\">Carte du territoire et limites de la r\u00e9gion de la Capitale-Nationale.<\/label><\/figcaption><\/figure>\n","protected":false},"excerpt":{"rendered":"<p>La Capitale-Nationale est une r\u00e9gion administrative du Qu\u00e9bec. Elle est compos\u00e9e de l&#8217;agglom\u00e9ration de Qu\u00e9bec, de six municipalit\u00e9s r\u00e9gionales de comt\u00e9 (MRC)<\/p>\n","protected":false},"author":1,"featured_media":26117,"template":"","categoria_ficha":[1722],"class_list":["post-25947","ficha","type-ficha","status-publish","has-post-thumbnail","hentry","categoria_ficha-cartes-de-la-ville-de-quebec"],"acf":[],"_links":{"self":[{"href":"https:\/\/gifex.com\/fr\/wp-json\/wp\/v2\/ficha\/25947","targetHints":{"allow":["GET"]}}],"collection":[{"href":"https:\/\/gifex.com\/fr\/wp-json\/wp\/v2\/ficha"}],"about":[{"href":"https:\/\/gifex.com\/fr\/wp-json\/wp\/v2\/types\/ficha"}],"author":[{"embeddable":true,"href":"https:\/\/gifex.com\/fr\/wp-json\/wp\/v2\/users\/1"}],"version-history":[{"count":6,"href":"https:\/\/gifex.com\/fr\/wp-json\/wp\/v2\/ficha\/25947\/revisions"}],"predecessor-version":[{"id":36250,"href":"https:\/\/gifex.com\/fr\/wp-json\/wp\/v2\/ficha\/25947\/revisions\/36250"}],"wp:featuredmedia":[{"embeddable":true,"href":"https:\/\/gifex.com\/fr\/wp-json\/wp\/v2\/media\/26117"}],"wp:attachment":[{"href":"https:\/\/gifex.com\/fr\/wp-json\/wp\/v2\/media?parent=25947"}],"wp:term":[{"taxonomy":"categoria_ficha","embeddable":true,"href":"https:\/\/gifex.com\/fr\/wp-json\/wp\/v2\/categoria_ficha?post=25947"}],"curies":[{"name":"wp","href":"https:\/\/api.w.org\/{rel}","templated":true}]}}