{"id":25867,"date":"2022-11-17T14:50:05","date_gmt":"2022-11-17T14:50:05","guid":{"rendered":"https:\/\/gifex.com\/fr\/?post_type=ficha&#038;p=25867"},"modified":"2023-03-24T19:09:16","modified_gmt":"2023-03-24T19:09:16","slug":"geographie-du-saguenay-lac-saint-jean","status":"publish","type":"ficha","link":"https:\/\/gifex.com\/fr\/fichier\/geographie-du-saguenay-lac-saint-jean\/","title":{"rendered":"G\u00e9ographie du Saguenay\u2013Lac-Saint-Jean"},"content":{"rendered":"<p style=\"text-align: center;\"><label style=\"font-size: 15px;\">Carte physique du Saguenay\u2013Lac-Saint-Jean.<\/label><\/p>\n<p>La r\u00e9gion du Saguenay\u2013Lac-Saint-Jean repr\u00e9sente la troisi\u00e8me division territoriale en superficie du Qu\u00e9bec avec ses 95 782 km\u00b2 (1,04 % du Canada et 6,74 % du Qu\u00e9bec).<\/p>\n<p>Elle couvre une superficie \u00e9quivalente \u00e0 la Cor\u00e9e du Sud, l&#8217;Indiana ou de plus de trois fois la Belgique. Sur une carte, les limites du territoire prennent la relative forme d&#8217;un cerf-volant invers\u00e9 (550 kilom\u00e8tres du nord au sud et 330 kilom\u00e8tres d&#8217;est en ouest) et correspondent pratiquement au bassin hydrographique de la rivi\u00e8re Saguenay.<\/p>\n<figure id=\"attachment_25868\" aria-describedby=\"caption-attachment-25868\" style=\"width: 360px\" class=\"wp-caption alignright\"><a href=\"https:\/\/gifex.com\/fr\/wp-content\/uploads\/25867\/Carte-du-relief-du-Saguenay\u2013Lac-Saint-Jean.jpg\" target=\"_blank\" rel=\"noopener\"><img fetchpriority=\"high\" decoding=\"async\" class=\"wp-image-25868\" title=\"Carte du relief du Saguenay\u2013Lac-Saint-Jean.\" src=\"https:\/\/gifex.com\/fr\/wp-content\/uploads\/25867\/Carte-du-relief-du-Saguenay\u2013Lac-Saint-Jean-300x188.jpg\" alt=\"Carte du relief du Saguenay\u2013Lac-Saint-Jean.\" width=\"360\" height=\"226\" srcset=\"https:\/\/gifex.com\/fr\/wp-content\/uploads\/25867\/Carte-du-relief-du-Saguenay\u2013Lac-Saint-Jean-300x188.jpg 300w, https:\/\/gifex.com\/fr\/wp-content\/uploads\/25867\/Carte-du-relief-du-Saguenay\u2013Lac-Saint-Jean.jpg 640w\" sizes=\"(max-width: 360px) 100vw, 360px\" \/><\/a><figcaption id=\"caption-attachment-25868\" class=\"wp-caption-text\"><label style=\"font-size: 15px;\">Carte du relief du Saguenay\u2013Lac-Saint-Jean.<\/label><\/figcaption><\/figure>\n<p><strong>Fjord du Saguenay<\/strong><\/p>\n<p>Une des principales particularit\u00e9s g\u00e9omorphologiques de la r\u00e9gion est le fjord du Saguenay. Constituant l&#8217;un des rares fjords qui ne d\u00e9bouchent pas sur une mer, cette profonde d\u00e9chirure du bouclier canadien est consid\u00e9r\u00e9e comme le fjord le plus m\u00e9ridional du monde. Les falaises escarp\u00e9es surplombant la rivi\u00e8re Saguenay aurait \u00e9t\u00e9 form\u00e9es par une succession d&#8217;\u00e9v\u00e9nements g\u00e9ologiques s&#8217;\u00e9chelonnant sur 900 millions d&#8217;ann\u00e9es. La phase finale se serait produite il y a 180 millions d&#8217;ann\u00e9es, cr\u00e9ant un foss\u00e9 d&#8217;effondrement appel\u00e9 graben du Saguenay. Les glaciers auraient par la suite alt\u00e9r\u00e9 et model\u00e9 cette gigantesque faille en forme d&#8217;auge, caract\u00e9ristique des vall\u00e9es glaciaires. \u00c0 la suite du retrait des glaciers, l&#8217;eau de mer envahissait le secteur conf\u00e9rant \u00e0 la faille ses caract\u00e9ristiques de fjord, soit une vall\u00e9e glaciaire envahie par la mer.<\/p>\n<figure id=\"attachment_25869\" aria-describedby=\"caption-attachment-25869\" style=\"width: 360px\" class=\"wp-caption alignright\"><a href=\"https:\/\/gifex.com\/fr\/wp-content\/uploads\/25867\/Carte-du-relief-de-l-espace-municipalise-du-Saguenay\u2013Lac-Saint-Jean.jpg\" target=\"_blank\" rel=\"noopener\"><img decoding=\"async\" class=\"wp-image-25869\" title=\"Carte du relief de l'espace municipalis\u00e9 du Saguenay\u2013Lac-Saint-Jean.\" src=\"https:\/\/gifex.com\/fr\/wp-content\/uploads\/25867\/Carte-du-relief-de-l-espace-municipalise-du-Saguenay\u2013Lac-Saint-Jean-300x188.jpg\" alt=\"Carte du relief de l'espace municipalis\u00e9 du Saguenay\u2013Lac-Saint-Jean.\" width=\"360\" height=\"226\" srcset=\"https:\/\/gifex.com\/fr\/wp-content\/uploads\/25867\/Carte-du-relief-de-l-espace-municipalise-du-Saguenay\u2013Lac-Saint-Jean-300x188.jpg 300w, https:\/\/gifex.com\/fr\/wp-content\/uploads\/25867\/Carte-du-relief-de-l-espace-municipalise-du-Saguenay\u2013Lac-Saint-Jean.jpg 640w\" sizes=\"(max-width: 360px) 100vw, 360px\" \/><\/a><figcaption id=\"caption-attachment-25869\" class=\"wp-caption-text\"><label style=\"font-size: 15px;\">Carte du relief de l&#8217;espace municipalis\u00e9 du Saguenay\u2013Lac-Saint-Jean.<\/label><\/figcaption><\/figure>\n<p>Le fjord du Saguenay est aujourd&#8217;hui une aire prot\u00e9g\u00e9e, un statut assum\u00e9 pour sa partie terrestre par le Parc national du Saguenay et par le Parc marin du Saguenay\/Saint-Laurent pour sa partie maritime. Cette r\u00e9alisation est le fruit d&#8217;une concertation des deux paliers gouvernementaux, f\u00e9d\u00e9ral et provincial, ce qui constitue un pr\u00e9c\u00e9dent au Qu\u00e9bec en mati\u00e8re de protection de territoire.<\/p>\n<p>Recevant \u00e0 la fois l&#8217;eau sal\u00e9e du fleuve Saint-Laurent et l&#8217;eau douce du lac Saint-Jean, la rivi\u00e8re fait pr\u00e8s de 120\u00a0kilom\u00e8tres de longueur, poss\u00e8de une largeur maximale de 3\u00a0kilom\u00e8tres et une profondeur maximale de 275\u00a0m\u00e8tres.<\/p>\n<p><strong>Plaine du Lac Saint-Jean<\/strong><\/p>\n<figure id=\"attachment_25870\" aria-describedby=\"caption-attachment-25870\" style=\"width: 360px\" class=\"wp-caption alignright\"><a href=\"https:\/\/gifex.com\/fr\/wp-content\/uploads\/25867\/Carte-du-fjord-du-Saguenay.jpg\" target=\"_blank\" rel=\"noopener\"><img decoding=\"async\" class=\"wp-image-25870\" title=\"Carte du fjord du Saguenay.\" src=\"https:\/\/gifex.com\/fr\/wp-content\/uploads\/25867\/Carte-du-fjord-du-Saguenay-300x175.jpg\" alt=\"Carte du fjord du Saguenay.\" width=\"360\" height=\"210\" srcset=\"https:\/\/gifex.com\/fr\/wp-content\/uploads\/25867\/Carte-du-fjord-du-Saguenay-300x175.jpg 300w, https:\/\/gifex.com\/fr\/wp-content\/uploads\/25867\/Carte-du-fjord-du-Saguenay-1024x597.jpg 1024w, https:\/\/gifex.com\/fr\/wp-content\/uploads\/25867\/Carte-du-fjord-du-Saguenay-768x448.jpg 768w, https:\/\/gifex.com\/fr\/wp-content\/uploads\/25867\/Carte-du-fjord-du-Saguenay-1536x895.jpg 1536w, https:\/\/gifex.com\/fr\/wp-content\/uploads\/25867\/Carte-du-fjord-du-Saguenay-2048x1194.jpg 2048w, https:\/\/gifex.com\/fr\/wp-content\/uploads\/25867\/Carte-du-fjord-du-Saguenay-1600x933.jpg 1600w\" sizes=\"(max-width: 360px) 100vw, 360px\" \/><\/a><figcaption id=\"caption-attachment-25870\" class=\"wp-caption-text\"><label style=\"font-size: 15px;\">Carte du fjord du Saguenay.<\/label><\/figcaption><\/figure>\n<p>Le pourtour du lac Saint-Jean, r\u00e9servoir d&#8217;eau douce, est le r\u00e9sultat du retrait du golfe de Laflamme de la mer de Champlain il y a 10\u00a0000\u00a0ans. Constituant une plaine fertile \u00e0 l&#8217;est comme \u00e0 l&#8217;ouest, enrichie par des d\u00e9p\u00f4ts marins argileux, cette vall\u00e9e est entour\u00e9e par le bouclier canadien.<\/p>\n<p><strong>Hydrographie<\/strong><\/p>\n<p>L&#8217;eau douce recouvre plus de 7,4 % (7 929 km\u00b2) de la superficie du Saguenay\u2013Lac-Saint-Jean. On y compte des milliers de cours d\u2019eau et plus de 35 000 lacs. Le territoire englob\u00e9 par la r\u00e9gion correspond de tr\u00e8s pr\u00e8s au bassin hydrographique des affluents de la rivi\u00e8re Saguenay. Avec des ramifications sur 88 000 km\u00b2, il est le deuxi\u00e8me plus grand bassin affluent du fleuve Saint-Laurent apr\u00e8s la rivi\u00e8re des Outaouais. La r\u00e9gion compte 24 sous-bassins.<\/p>\n<figure id=\"attachment_25879\" aria-describedby=\"caption-attachment-25879\" style=\"width: 360px\" class=\"wp-caption alignright\"><a href=\"https:\/\/gifex.com\/fr\/wp-content\/uploads\/25867\/Carte-des-ecoregions-du-Saguenay\u2013Lac-Saint-Jean.gif\" target=\"_blank\" rel=\"noopener\"><img loading=\"lazy\" decoding=\"async\" class=\"wp-image-25879\" title=\"Carte des \u00e9cor\u00e9gions du Saguenay\u2013Lac-Saint-Jean.\" src=\"https:\/\/gifex.com\/fr\/wp-content\/uploads\/25867\/Carte-des-ecoregions-du-Saguenay\u2013Lac-Saint-Jean-300x187.gif\" alt=\"Carte des \u00e9cor\u00e9gions du Saguenay\u2013Lac-Saint-Jean.\" width=\"360\" height=\"224\" \/><\/a><figcaption id=\"caption-attachment-25879\" class=\"wp-caption-text\"><label style=\"font-size: 15px;\">Carte des \u00e9cor\u00e9gions du Saguenay\u2013Lac-Saint-Jean.<\/label><\/figcaption><\/figure>\n<p>La rivi\u00e8re Saguenay poss\u00e8de un d\u00e9bit de 1 750 m\u00b3\/s et peut atteindre une profondeur de 278 m\u00e8tres dans son fjord. Des mar\u00e9es sont pr\u00e9sentes jusqu\u2019\u00e0 Chicoutimi. Plusieurs rivi\u00e8res se jettent directement dans le Saguenay, on compte de l\u2019aval vers l\u2019amont la rivi\u00e8re Sainte-Marguerite, la rivi\u00e8re Petit Saguenay, la rivi\u00e8re Saint-Jean, la rivi\u00e8re \u00c9ternit\u00e9, la rivi\u00e8re Ha! Ha! et la rivi\u00e8re \u00e0 Mars dans la baie des Ha! Ha!, la rivi\u00e8re Valin, la rivi\u00e8re Caribou, la rivi\u00e8re du Moulin, le lac K\u00e9nogami (49 km\u00b2) via ses \u00e9missaires la rivi\u00e8re Chicoutimi et la rivi\u00e8re aux Sables, la rivi\u00e8re Shipshaw, la rivi\u00e8re Mistouk et la rivi\u00e8re B\u00e9dard.<\/p>\n<p>Se jetant dans la rivi\u00e8re Saguenay par la Grande et la Petite D\u00e9charge, le lac Saint-Jean collecte les eaux de 90 % du bassin et avec ses 1 041 km\u00b2 est le cinqui\u00e8me plus grand lac du Qu\u00e9bec. Ses principaux affluents, par ordre de superficies de leur bassins versants, sont la rivi\u00e8re P\u00e9ribonka et Petite P\u00e9ribonka, les rivi\u00e8res Mistassini et Mistassibi, la rivi\u00e8re Ashuapmushuan, la rivi\u00e8re M\u00e9tabetchouane, la rivi\u00e8re Ouiatchouan, la rivi\u00e8re Ticouap\u00e9, la Belle Rivi\u00e8re, la rivi\u00e8re des Aulnaies, la rivi\u00e8re Ouiatchouaniche et la rivi\u00e8re aux Iroquois.<\/p>\n<p>Parmi les milliers d\u2019autres \u00e9tendues d\u2019eau douce de la r\u00e9gion, les plus importantes sont le r\u00e9servoir Pipmuacan (676 km\u00b2), le lac Manouane (Mont-Valin) (465 km\u00b2), le r\u00e9servoir Pl\u00e9tipi (331 km\u00b2) et le r\u00e9servoir P\u00e9ribonka (676 km\u00b2).<\/p>\n<figure id=\"attachment_25927\" aria-describedby=\"caption-attachment-25927\" style=\"width: 400px\" class=\"wp-caption aligncenter\"><a href=\"https:\/\/gifex.com\/fr\/wp-content\/uploads\/25867\/Carte-des-bassins-versants-de-la-riviere-Saguenay-et-du-lac-Saint-Jean.gif\" target=\"_blank\" rel=\"noopener\"><img loading=\"lazy\" decoding=\"async\" class=\"wp-image-25927\" title=\"Carte des bassins versants de la rivi\u00e8re Saguenay et du lac Saint-Jean.\" src=\"https:\/\/gifex.com\/fr\/wp-content\/uploads\/25867\/Carte-des-bassins-versants-de-la-riviere-Saguenay-et-du-lac-Saint-Jean-300x188.gif\" alt=\"Carte des bassins versants de la rivi\u00e8re Saguenay et du lac Saint-Jean.\" width=\"400\" height=\"250\" \/><\/a><figcaption id=\"caption-attachment-25927\" class=\"wp-caption-text\"><label style=\"font-size: 15px;\">Carte des bassins versants de la rivi\u00e8re Saguenay et du lac Saint-Jean.<\/label><\/figcaption><\/figure>\n","protected":false},"excerpt":{"rendered":"<p>Carte physique du Saguenay\u2013Lac-Saint-Jean. La r\u00e9gion du Saguenay\u2013Lac-Saint-Jean repr\u00e9sente la troisi\u00e8me division territoriale en superficie du Qu\u00e9bec avec s &#8230;<\/p>\n","protected":false},"author":1,"featured_media":25863,"template":"","categoria_ficha":[1913],"class_list":["post-25867","ficha","type-ficha","status-publish","has-post-thumbnail","hentry","categoria_ficha-cartes-du-saguenay-lac-saint-jean"],"acf":[],"_links":{"self":[{"href":"https:\/\/gifex.com\/fr\/wp-json\/wp\/v2\/ficha\/25867","targetHints":{"allow":["GET"]}}],"collection":[{"href":"https:\/\/gifex.com\/fr\/wp-json\/wp\/v2\/ficha"}],"about":[{"href":"https:\/\/gifex.com\/fr\/wp-json\/wp\/v2\/types\/ficha"}],"author":[{"embeddable":true,"href":"https:\/\/gifex.com\/fr\/wp-json\/wp\/v2\/users\/1"}],"version-history":[{"count":13,"href":"https:\/\/gifex.com\/fr\/wp-json\/wp\/v2\/ficha\/25867\/revisions"}],"predecessor-version":[{"id":36448,"href":"https:\/\/gifex.com\/fr\/wp-json\/wp\/v2\/ficha\/25867\/revisions\/36448"}],"wp:featuredmedia":[{"embeddable":true,"href":"https:\/\/gifex.com\/fr\/wp-json\/wp\/v2\/media\/25863"}],"wp:attachment":[{"href":"https:\/\/gifex.com\/fr\/wp-json\/wp\/v2\/media?parent=25867"}],"wp:term":[{"taxonomy":"categoria_ficha","embeddable":true,"href":"https:\/\/gifex.com\/fr\/wp-json\/wp\/v2\/categoria_ficha?post=25867"}],"curies":[{"name":"wp","href":"https:\/\/api.w.org\/{rel}","templated":true}]}}