{"id":25860,"date":"2022-11-17T13:59:32","date_gmt":"2022-11-17T13:59:32","guid":{"rendered":"https:\/\/gifex.com\/fr\/?post_type=ficha&#038;p=25860"},"modified":"2023-03-24T16:02:36","modified_gmt":"2023-03-24T16:02:36","slug":"carte-du-saguenay-lac-saint-jean","status":"publish","type":"ficha","link":"https:\/\/gifex.com\/fr\/fichier\/carte-du-saguenay-lac-saint-jean\/","title":{"rendered":"Carte du Saguenay\u2013Lac-Saint-Jean"},"content":{"rendered":"<p style=\"text-align: center;\"><label style=\"font-size: 15px;\">Carte du Saguenay\u2013Lac-Saint-Jean.<\/label><\/p>\n<p>Le Saguenay\u2013Lac-Saint-Jean (SLSJ) est l&#8217;une des dix-sept r\u00e9gions administratives du Qu\u00e9bec, situ\u00e9e sur la rive nord du Saint-Laurent. Elle est compos\u00e9e de cinq municipalit\u00e9s r\u00e9gionales de comt\u00e9 (MRC) et de quarante-neuf municipalit\u00e9s locales. S\u00e9par\u00e9ment, les habitants du Saguenay et du Lac-Saint-Jean s&#8217;appellent respectivement Saguen\u00e9ens et Jeannois. Collectivement, ils sont appel\u00e9s Saguenay-Jeannois, dans le registre standard, ainsi que Bleuets dans l&#8217;usage familier.<\/p>\n<figure id=\"attachment_26068\" aria-describedby=\"caption-attachment-26068\" style=\"width: 360px\" class=\"wp-caption alignright\"><a href=\"https:\/\/gifex.com\/fr\/wp-content\/uploads\/25860\/Carte-routiere-des-environs-de-la-ville-de-Saguenay.jpg\" target=\"_blank\" rel=\"noopener\"><img fetchpriority=\"high\" decoding=\"async\" class=\"wp-image-26068\" title=\"Carte routi\u00e8re des environs de la ville de Saguenay.\" src=\"https:\/\/gifex.com\/fr\/wp-content\/uploads\/25860\/Carte-routiere-des-environs-de-la-ville-de-Saguenay-247x300.jpg\" alt=\"Carte routi\u00e8re des environs de la ville de Saguenay.\" width=\"360\" height=\"437\" srcset=\"https:\/\/gifex.com\/fr\/wp-content\/uploads\/25860\/Carte-routiere-des-environs-de-la-ville-de-Saguenay-247x300.jpg 247w, https:\/\/gifex.com\/fr\/wp-content\/uploads\/25860\/Carte-routiere-des-environs-de-la-ville-de-Saguenay-843x1024.jpg 843w, https:\/\/gifex.com\/fr\/wp-content\/uploads\/25860\/Carte-routiere-des-environs-de-la-ville-de-Saguenay-768x933.jpg 768w, https:\/\/gifex.com\/fr\/wp-content\/uploads\/25860\/Carte-routiere-des-environs-de-la-ville-de-Saguenay-1264x1536.jpg 1264w, https:\/\/gifex.com\/fr\/wp-content\/uploads\/25860\/Carte-routiere-des-environs-de-la-ville-de-Saguenay-300x365.jpg 300w, https:\/\/gifex.com\/fr\/wp-content\/uploads\/25860\/Carte-routiere-des-environs-de-la-ville-de-Saguenay-1317x1600.jpg 1317w, https:\/\/gifex.com\/fr\/wp-content\/uploads\/25860\/Carte-routiere-des-environs-de-la-ville-de-Saguenay.jpg 1544w\" sizes=\"(max-width: 360px) 100vw, 360px\" \/><\/a><figcaption id=\"caption-attachment-26068\" class=\"wp-caption-text\"><label style=\"font-size: 15px;\">Carte routi\u00e8re des environs de la ville de Saguenay, m\u00e9tropole r\u00e9gionale du Saguenay\u2013Lac-Saint-Jean. La ville compte 147\u00a0361\u00a0habitants r\u00e9partis dans trois arrondissements\u00a0: Chicoutimi, Jonqui\u00e8re et La Baie et leurs secteurs p\u00e9riph\u00e9riques de Laterri\u00e8re, Canton-Tremblay, Lac-K\u00e9nogami et Shipshaw.<\/label><\/figcaption><\/figure>\n<p>Le Saguenay\u2013Lac-Saint-Jean est la troisi\u00e8me plus grande division territoriale du Qu\u00e9bec avec une superficie de 95 761 km\u00b2. En d\u00e9pit de cette \u00e9tendue, il s&#8217;agit principalement du long de la rivi\u00e8re Saguenay et autour du lac Saint-Jean, dans une immense d\u00e9pression du bouclier g\u00e9ologique canadien, que l&#8217;on retrouve les 273 461 Saguenay-Jeannois. La for\u00eat et surtout l&#8217;eau sont les principales ressources naturelles de la r\u00e9gion.<\/p>\n<p>Habit\u00e9e au d\u00e9part par les Innus (anciennement appel\u00e9s Montagnais), la r\u00e9gion, exploit\u00e9e par les premiers Europ\u00e9ens (Fran\u00e7ais et Anglais) pour commerce des fourrures au XVIIe et XVIIIe\u00a0si\u00e8cles, est ouverte \u00e0 la colonisation au cours du XIXe\u00a0si\u00e8cle, principalement par des gens de Charlevoix. L&#8217;installation de scieries et l&#8217;exploitation du bois pour la p\u00e2te \u00e0 papier, puis le papier, permettent le d\u00e9veloppement \u00e9conomique au d\u00e9but du XXe\u00a0si\u00e8cle. Au cours des ann\u00e9es 1920, les principaux cours d&#8217;eau sont harnach\u00e9s pour la production \u00e9lectrique, ce qui m\u00e8nera \u00e0 l&#8217;implantation d&#8217;alumineries. Celles-ci stimuleront la croissance d\u00e9mographique et \u00e9conomique et la r\u00e9gion deviendra un p\u00f4le industriel important.<\/p>\n<p><strong>\u00c9conomie<\/strong><\/p>\n<figure id=\"attachment_25862\" aria-describedby=\"caption-attachment-25862\" style=\"width: 360px\" class=\"wp-caption alignright\"><a href=\"https:\/\/gifex.com\/fr\/wp-content\/uploads\/25860\/Carte-de-l-espace-municipalise-du-Saguenay\u2013Lac-Saint-Jean.png\" target=\"_blank\" rel=\"noopener\"><img decoding=\"async\" class=\"wp-image-25862\" title=\"Carte de l'espace municipalis\u00e9 du Saguenay\u2013Lac-Saint-Jean.\" src=\"https:\/\/gifex.com\/fr\/wp-content\/uploads\/25860\/Carte-de-l-espace-municipalise-du-Saguenay\u2013Lac-Saint-Jean-300x152.png\" alt=\"Carte de l'espace municipalis\u00e9 du Saguenay\u2013Lac-Saint-Jean.\" width=\"360\" height=\"183\" srcset=\"https:\/\/gifex.com\/fr\/wp-content\/uploads\/25860\/Carte-de-l-espace-municipalise-du-Saguenay\u2013Lac-Saint-Jean-300x152.png 300w, https:\/\/gifex.com\/fr\/wp-content\/uploads\/25860\/Carte-de-l-espace-municipalise-du-Saguenay\u2013Lac-Saint-Jean-1024x520.png 1024w, https:\/\/gifex.com\/fr\/wp-content\/uploads\/25860\/Carte-de-l-espace-municipalise-du-Saguenay\u2013Lac-Saint-Jean-768x390.png 768w, https:\/\/gifex.com\/fr\/wp-content\/uploads\/25860\/Carte-de-l-espace-municipalise-du-Saguenay\u2013Lac-Saint-Jean-1536x779.png 1536w, https:\/\/gifex.com\/fr\/wp-content\/uploads\/25860\/Carte-de-l-espace-municipalise-du-Saguenay\u2013Lac-Saint-Jean-2048x1039.png 2048w, https:\/\/gifex.com\/fr\/wp-content\/uploads\/25860\/Carte-de-l-espace-municipalise-du-Saguenay\u2013Lac-Saint-Jean-1600x812.png 1600w\" sizes=\"(max-width: 360px) 100vw, 360px\" \/><\/a><figcaption id=\"caption-attachment-25862\" class=\"wp-caption-text\"><label style=\"font-size: 15px;\">Carte de l&#8217;espace municipalis\u00e9 du Saguenay\u2013Lac-Saint-Jean.<\/label><\/figcaption><\/figure>\n<p>En 2009, les secteurs de la fabrication, de l\u2019enseignement, la sant\u00e9 et l&#8217;assistance sociale et du commerce repr\u00e9sentaient pr\u00e8s de la moiti\u00e9 du PIB au Saguenay\u2013Lac-Saint-Jean. La fabrication \u00e9tait un des secteurs important de l\u2019\u00e9conomie de la r\u00e9gion, avec 20,7\u00a0% du PIB r\u00e9gional, pla\u00e7ant la r\u00e9gion au troisi\u00e8me rang pour ce secteur au Qu\u00e9bec. Ce secteur arrivait au troisi\u00e8me rang en termes d\u2019emploi, avec 13,4\u00a0% de l&#8217;emploi de la r\u00e9gion. Le secteur de l\u2019enseignement, de la sant\u00e9 et de l&#8217;assistance sociale arrivait au deuxi\u00e8me rang de l\u2019\u00e9conomie de la r\u00e9gion, avec 15,4\u00a0% du PIB, mais au premier rang des emplois, avec 21,6\u00a0%, tandis que le commerce repr\u00e9sentait 11,7\u00a0% du PIB et 18,8\u00a0% des emplois.<\/p>\n<p>Selon les estimations du gouvernement canadien, l&#8217;exploitation foresti\u00e8re g\u00e9n\u00e8re pr\u00e8s de deux milliards de dollars et 25\u00a0000\u00a0emplois au Saguenay\u2013Lac-Saint-Jean. Sur un total de 49 municipalit\u00e9s, 23 d\u00e9pendraient de l&#8217;industrie foresti\u00e8re.<\/p>\n<p>La r\u00e9gion du Saguenay\u2013Lac-Saint-Jean regroupe un total de 49 municipalit\u00e9s, dix territoires non organis\u00e9s et une r\u00e9serve innue.<\/p>\n<figure id=\"attachment_27630\" aria-describedby=\"caption-attachment-27630\" style=\"width: 360px\" class=\"wp-caption alignright\"><a href=\"https:\/\/gifex.com\/fr\/wp-content\/uploads\/25860\/Carte-du-territoire-et-limites-du-Saguenay\u2013Lac-Saint-Jean.jpg\" target=\"_blank\" rel=\"noopener\"><img decoding=\"async\" class=\"wp-image-27630\" title=\"Carte du territoire et limites du Saguenay\u2013Lac-Saint-Jean.\" src=\"https:\/\/gifex.com\/fr\/wp-content\/uploads\/25860\/Carte-du-territoire-et-limites-du-Saguenay\u2013Lac-Saint-Jean-224x300.jpg\" alt=\"Carte du territoire et limites du Saguenay\u2013Lac-Saint-Jean.\" width=\"360\" height=\"483\" srcset=\"https:\/\/gifex.com\/fr\/wp-content\/uploads\/25860\/Carte-du-territoire-et-limites-du-Saguenay\u2013Lac-Saint-Jean-224x300.jpg 224w, https:\/\/gifex.com\/fr\/wp-content\/uploads\/25860\/Carte-du-territoire-et-limites-du-Saguenay\u2013Lac-Saint-Jean-763x1024.jpg 763w, https:\/\/gifex.com\/fr\/wp-content\/uploads\/25860\/Carte-du-territoire-et-limites-du-Saguenay\u2013Lac-Saint-Jean-768x1030.jpg 768w, https:\/\/gifex.com\/fr\/wp-content\/uploads\/25860\/Carte-du-territoire-et-limites-du-Saguenay\u2013Lac-Saint-Jean-1145x1536.jpg 1145w, https:\/\/gifex.com\/fr\/wp-content\/uploads\/25860\/Carte-du-territoire-et-limites-du-Saguenay\u2013Lac-Saint-Jean-1526x2048.jpg 1526w, https:\/\/gifex.com\/fr\/wp-content\/uploads\/25860\/Carte-du-territoire-et-limites-du-Saguenay\u2013Lac-Saint-Jean-300x403.jpg 300w, https:\/\/gifex.com\/fr\/wp-content\/uploads\/25860\/Carte-du-territoire-et-limites-du-Saguenay\u2013Lac-Saint-Jean-1193x1600.jpg 1193w\" sizes=\"(max-width: 360px) 100vw, 360px\" \/><\/a><figcaption id=\"caption-attachment-27630\" class=\"wp-caption-text\"><label style=\"font-size: 15px;\">Carte du territoire et limites du Saguenay\u2013Lac-Saint-Jean.<\/label><\/figcaption><\/figure>\n<p><strong>Municipalit\u00e9s<\/strong>\u00a0:<\/p>\n<ol>\n<li>Municipalit\u00e9 d&#8217;Albanel<\/li>\n<li>Ville d&#8217;Alma<\/li>\n<li>Municipalit\u00e9 de B\u00e9gin<\/li>\n<li>Municipalit\u00e9 de Chambord<\/li>\n<li>Ville de Desbiens<\/li>\n<li>Ville de Dolbeau-Mistassini<\/li>\n<li>Municipalit\u00e9 de Ferland-et-Boilleau<\/li>\n<li>Municipalit\u00e9 de Girardville<\/li>\n<li>Municipalit\u00e9 d&#8217;H\u00e9bertville<\/li>\n<li>Village d&#8217;H\u00e9bertville-Station<\/li>\n<li>Municipalit\u00e9 de Labrecque<\/li>\n<li>Municipalit\u00e9 de Lac-Bouchette<\/li>\n<li>Paroisse de La Dor\u00e9<\/li>\n<li>Municipalit\u00e9 de Lamarche<\/li>\n<li>Municipalit\u00e9 de L&#8217;Anse-Saint-Jean<\/li>\n<li>Municipalit\u00e9 de Larouche<\/li>\n<li>Paroisse de L&#8217;Ascension-de-Notre-Seigneur<\/li>\n<li>Ville de M\u00e9tabetchouan\u2013Lac-\u00e0-la-Croix<\/li>\n<li>Ville de Normandin<\/li>\n<li>Municipalit\u00e9 de Notre-Dame-de-Lorette<\/li>\n<li>Municipalit\u00e9 de P\u00e9ribonka<\/li>\n<li>Municipalit\u00e9 de Petit-Saguenay<\/li>\n<li>Municipalit\u00e9 de Rivi\u00e8re-\u00c9ternit\u00e9<\/li>\n<li>Ville de Roberval<\/li>\n<li>Ville de Saguenay<\/li>\n<li>Municipalit\u00e9 de Saint-Ambroise<\/li>\n<li>Village de Saint-Andr\u00e9-du-Lac-Saint-Jean<\/li>\n<li>Paroisse de Saint-Augustin<\/li>\n<li>Municipalit\u00e9 de Saint-Bruno<\/li>\n<li>Municipalit\u00e9 de Saint-Charles-de-Bourget<\/li>\n<li>Municipalit\u00e9 de Saint-David-de-Falardeau<\/li>\n<li>Municipalit\u00e9 de Saint-Edmond-les-Plaines<\/li>\n<li>Municipalit\u00e9 de Sainte-Hedwidge<\/li>\n<li>Village de Sainte-Jeanne-d&#8217;Arc<\/li>\n<li>Municipalit\u00e9 de Sainte-Monique<\/li>\n<li>Paroisse de Sainte-Rose-du-Nord<\/li>\n<li>Municipalit\u00e9 de Saint-Eug\u00e8ne-d&#8217;Argentenay<\/li>\n<li>Ville de Saint-F\u00e9licien<\/li>\n<li>Municipalit\u00e9 de Saint-F\u00e9lix-d&#8217;Otis<\/li>\n<li>Municipalit\u00e9 de Saint-Fran\u00e7ois-de-Sales<\/li>\n<li>Municipalit\u00e9 de Saint-Fulgence<\/li>\n<li>Municipalit\u00e9 de Saint-G\u00e9d\u00e9on<\/li>\n<li>Municipalit\u00e9 de Saint-Henri-de-Taillon<\/li>\n<li>Ville de Saint-Honor\u00e9<\/li>\n<li>Municipalit\u00e9 de Saint-Ludger-de-Milot<\/li>\n<li>Municipalit\u00e9 de Saint-Nazaire<\/li>\n<li>Municipalit\u00e9 de Saint-Prime<\/li>\n<li>Municipalit\u00e9 de Saint-Stanislas<\/li>\n<li>Municipalit\u00e9 de Saint-Thomas-Didyme<\/li>\n<\/ol>\n<p><strong>Territoires non-organis\u00e9s<\/strong>\u00a0:<\/p>\n<ol>\n<li>TNO de Belle-Rivi\u00e8re<\/li>\n<li>TNO de Chute-des-Passes<\/li>\n<li>TNO de Lac-Achouakan<\/li>\n<li>TNO de Lac-Ashuapmushuan<\/li>\n<li>TNO de Lac-Ministuk<\/li>\n<li>TNO de Lac-Moncouche<\/li>\n<li>TNO de Lalemant<\/li>\n<li>TNO de Mont-Apica<\/li>\n<li>TNO de Mont-Valin<\/li>\n<li>TNO de Rivi\u00e8re-Mistassini<\/li>\n<\/ol>\n<p><strong>R\u00e9serve Innue<\/strong>\u00a0:<\/p>\n<ul>\n<li>Mashteuiatsh<\/li>\n<\/ul>\n","protected":false},"excerpt":{"rendered":"<p>Le Saguenay\u2013Lac-Saint-Jean (SLSJ) est l&#8217;une des dix-sept r\u00e9gions administratives du Qu\u00e9bec, situ\u00e9e sur la rive nord <\/p>\n","protected":false},"author":1,"featured_media":27629,"template":"","categoria_ficha":[1913],"class_list":["post-25860","ficha","type-ficha","status-publish","has-post-thumbnail","hentry","categoria_ficha-cartes-du-saguenay-lac-saint-jean"],"acf":[],"_links":{"self":[{"href":"https:\/\/gifex.com\/fr\/wp-json\/wp\/v2\/ficha\/25860","targetHints":{"allow":["GET"]}}],"collection":[{"href":"https:\/\/gifex.com\/fr\/wp-json\/wp\/v2\/ficha"}],"about":[{"href":"https:\/\/gifex.com\/fr\/wp-json\/wp\/v2\/types\/ficha"}],"author":[{"embeddable":true,"href":"https:\/\/gifex.com\/fr\/wp-json\/wp\/v2\/users\/1"}],"version-history":[{"count":10,"href":"https:\/\/gifex.com\/fr\/wp-json\/wp\/v2\/ficha\/25860\/revisions"}],"predecessor-version":[{"id":36258,"href":"https:\/\/gifex.com\/fr\/wp-json\/wp\/v2\/ficha\/25860\/revisions\/36258"}],"wp:featuredmedia":[{"embeddable":true,"href":"https:\/\/gifex.com\/fr\/wp-json\/wp\/v2\/media\/27629"}],"wp:attachment":[{"href":"https:\/\/gifex.com\/fr\/wp-json\/wp\/v2\/media?parent=25860"}],"wp:term":[{"taxonomy":"categoria_ficha","embeddable":true,"href":"https:\/\/gifex.com\/fr\/wp-json\/wp\/v2\/categoria_ficha?post=25860"}],"curies":[{"name":"wp","href":"https:\/\/api.w.org\/{rel}","templated":true}]}}