{"id":25842,"date":"2022-11-16T18:37:37","date_gmt":"2022-11-16T18:37:37","guid":{"rendered":"https:\/\/gifex.com\/fr\/?post_type=ficha&#038;p=25842"},"modified":"2023-03-24T16:02:54","modified_gmt":"2023-03-24T16:02:54","slug":"climat-du-bas-saint-laurent","status":"publish","type":"ficha","link":"https:\/\/gifex.com\/fr\/fichier\/climat-du-bas-saint-laurent\/","title":{"rendered":"Climat du Bas-Saint-Laurent"},"content":{"rendered":"<p style=\"text-align: center;\"><label style=\"font-size: 15px;\">Carte des domaines bioclimatiques du Bas-Saint-Laurent.<\/label><\/p>\n<p>Le Bas-Saint-Laurent, tout comme le reste du Qu\u00e9bec, est un territoire nordique am\u00e9ricain. Le g\u00e9ographe qu\u00e9b\u00e9cois Louis-Edmond Hamelin a class\u00e9 la r\u00e9gion dans le pr\u00e9-nord, deuxi\u00e8me des cinq zones de sa carte des zones de nordicit\u00e9.<\/p>\n<p>L&#8217;influence oc\u00e9anique de l&#8217;estuaire du fleuve Saint-Laurent influence quelque peu le climat du Bas-Saint-Laurent, le rendant plus semblable avec celui du Qu\u00e9bec m\u00e9ridional, qu&#8217;avec des villes, dites \u00ab nordiques \u00bb, comme La Sarre en Abitibi ou Roberval au Saguenay-Lac-Saint-Jean, pourtant situ\u00e9es \u00e0 la m\u00eame latitude que Matane. Il est aussi semblable dans la mesure o\u00f9 il est aussi de type continental \u00ab \u00e0 grande amplitude et sans p\u00e9riode s\u00e8che \u00bb.<\/p>\n<p>Le g\u00e9ographe fran\u00e7ais Raoul Blanchard parlait de \u00ab brutalit\u00e9 \u00bb en d\u00e9crivant les variations de temp\u00e9rature entre le froid de l&#8217;hiver et les chaleurs de l&#8217;\u00e9t\u00e9. Pendant l&#8217;hiver, qui dure cinq mois, le froid fige lacs et rivi\u00e8res et transforme l&#8217;estuaire \u00ab en vaste prairie de glace \u00bb.<\/p>\n<p>Cette influence maritime est toutefois une arme \u00e0 deux tranchants : si elle adoucit les grands froids hivernaux, elle ti\u00e9dit en revanche les saisons estivales. La moyenne de juillet \u00e0 Rimouski est inf\u00e9rieure de 4 degr\u00e9s \u00e0 celle enregistr\u00e9e \u00e0 Qu\u00e9bec. \u00c0 cela s&#8217;ajoute le vent froid et humide du nord-est.<\/p>\n<p>Les pr\u00e9cipitations sont abondantes et r\u00e9parties sur toute l&#8217;ann\u00e9e. La r\u00e9gion re\u00e7oit annuellement entre 800 et 1 200 mm de pr\u00e9cipitations, dont 250 \u00e0 360 cm de neige. L&#8217;influence de la mer se fait moins sentir dans les vall\u00e9es, qui enregistrent des temp\u00e9ratures un peu plus \u00e9lev\u00e9es l&#8217;\u00e9t\u00e9 et un peu plus froides l&#8217;hiver.<\/p>\n","protected":false},"excerpt":{"rendered":"<p>Carte des domaines bioclimatiques du Bas-Saint-Laurent. Le Bas-Saint-Laurent, tout comme le reste du Qu\u00e9bec, est un territoire nordique am\u00e9ricain. Le g\u00e9ographe <\/p>\n","protected":false},"author":1,"featured_media":25824,"template":"","categoria_ficha":[1912],"class_list":["post-25842","ficha","type-ficha","status-publish","has-post-thumbnail","hentry","categoria_ficha-cartes-du-bas-saint-laurent"],"acf":[],"_links":{"self":[{"href":"https:\/\/gifex.com\/fr\/wp-json\/wp\/v2\/ficha\/25842","targetHints":{"allow":["GET"]}}],"collection":[{"href":"https:\/\/gifex.com\/fr\/wp-json\/wp\/v2\/ficha"}],"about":[{"href":"https:\/\/gifex.com\/fr\/wp-json\/wp\/v2\/types\/ficha"}],"author":[{"embeddable":true,"href":"https:\/\/gifex.com\/fr\/wp-json\/wp\/v2\/users\/1"}],"version-history":[{"count":4,"href":"https:\/\/gifex.com\/fr\/wp-json\/wp\/v2\/ficha\/25842\/revisions"}],"predecessor-version":[{"id":36261,"href":"https:\/\/gifex.com\/fr\/wp-json\/wp\/v2\/ficha\/25842\/revisions\/36261"}],"wp:featuredmedia":[{"embeddable":true,"href":"https:\/\/gifex.com\/fr\/wp-json\/wp\/v2\/media\/25824"}],"wp:attachment":[{"href":"https:\/\/gifex.com\/fr\/wp-json\/wp\/v2\/media?parent=25842"}],"wp:term":[{"taxonomy":"categoria_ficha","embeddable":true,"href":"https:\/\/gifex.com\/fr\/wp-json\/wp\/v2\/categoria_ficha?post=25842"}],"curies":[{"name":"wp","href":"https:\/\/api.w.org\/{rel}","templated":true}]}}