{"id":25643,"date":"2022-11-10T19:17:35","date_gmt":"2022-11-10T19:17:35","guid":{"rendered":"https:\/\/gifex.com\/fr\/?post_type=ficha&#038;p=25643"},"modified":"2023-03-25T01:13:35","modified_gmt":"2023-03-25T01:13:35","slug":"carte-d-agadir","status":"publish","type":"ficha","link":"https:\/\/gifex.com\/fr\/fichier\/carte-d-agadir\/","title":{"rendered":"Carte d&#8217;Agadir"},"content":{"rendered":"<p>Plan du centre-ville d&#8217;Agadir, une ville du sud-ouest marocain, situ\u00e9e sur la c\u00f4te atlantique, dans la r\u00e9gion du Souss, \u00e0 508 km au sud de Casablanca, \u00e0 173 km d&#8217;Essaouira et \u00e0 235 km \u00e0 l&#8217;ouest de Marrakech. Surnomm\u00e9e \u00abla capitale du Souss\u00bb, Agadir est le chef-lieu de la r\u00e9gion administrative Souss-Massa et de la pr\u00e9fecture d&#8217;Agadir Ida-Outanane.<\/p>\n<figure id=\"attachment_25646\" aria-describedby=\"caption-attachment-25646\" style=\"width: 360px\" class=\"wp-caption alignright\"><a href=\"https:\/\/gifex.com\/fr\/wp-content\/uploads\/25643\/Carte-de-localisation-de-la-ville-d-Agadir.png\" target=\"_blank\" rel=\"noopener\"><img fetchpriority=\"high\" decoding=\"async\" class=\"wp-image-25646\" title=\"Carte de localisation de la ville d'Agadir au Maroc.\" src=\"https:\/\/gifex.com\/fr\/wp-content\/uploads\/25643\/Carte-de-localisation-de-la-ville-d-Agadir-300x243.png\" alt=\"Carte de localisation de la ville d'Agadir au Maroc.\" width=\"360\" height=\"291\" srcset=\"https:\/\/gifex.com\/fr\/wp-content\/uploads\/25643\/Carte-de-localisation-de-la-ville-d-Agadir-300x243.png 300w, https:\/\/gifex.com\/fr\/wp-content\/uploads\/25643\/Carte-de-localisation-de-la-ville-d-Agadir-768x622.png 768w, https:\/\/gifex.com\/fr\/wp-content\/uploads\/25643\/Carte-de-localisation-de-la-ville-d-Agadir.png 1002w\" sizes=\"(max-width: 360px) 100vw, 360px\" \/><\/a><figcaption id=\"caption-attachment-25646\" class=\"wp-caption-text\"><label style=\"font-size: 15px;\">Carte de localisation de la ville d&#8217;Agadir au Maroc.<\/label><\/figcaption><\/figure>\n<p>D&#8217;apr\u00e8s le recensement de 2014, Agadir comptait cette ann\u00e9e-l\u00e0 421 844 habitants, et la population de la pr\u00e9fecture d&#8217;Agadir Ida-Outanane \u00e9tait de 600 599 habitants.<\/p>\n<p>La population locale de la ville est chleuhe et est majoritairement chleuhophone. La darija, la langue \u00e9trang\u00e8re la plus r\u00e9pandue dans la ville, est utilis\u00e9e comme lingua franca par les Marocains non-berb\u00e9rophones y r\u00e9sidant.<\/p>\n<p>Ravag\u00e9e par un tremblement de terre en 1960, la ville a \u00e9t\u00e9 enti\u00e8rement reconstruite selon les normes parasismiques obligatoires. C&#8217;est d\u00e9sormais la plus grande station baln\u00e9aire du Maroc au climat exceptionnellement doux tout au long de l&#8217;ann\u00e9e. Depuis 2010, bien desservie par les vols low cost (\u00ab bas prix \u00bb) et l&#8217;autoroute jusqu&#8217;\u00e0 Tanger, la ville attire de tous horizons et conna\u00eet une croissance annuelle de plus de 6 % par an en demande de logements.<\/p>\n<figure id=\"attachment_25648\" aria-describedby=\"caption-attachment-25648\" style=\"width: 360px\" class=\"wp-caption alignright\"><a href=\"https:\/\/gifex.com\/fr\/wp-content\/uploads\/25643\/Vue-satellite-de-la-ville-d-Agadir.jpg\" target=\"_blank\" rel=\"noopener\"><img decoding=\"async\" class=\"wp-image-25648\" title=\"Vue satellite de la ville d'Agadir.\" src=\"https:\/\/gifex.com\/fr\/wp-content\/uploads\/25643\/Vue-satellite-de-la-ville-d-Agadir-300x300.jpg\" alt=\"Vue satellite de la ville d'Agadir.\" width=\"360\" height=\"360\" srcset=\"https:\/\/gifex.com\/fr\/wp-content\/uploads\/25643\/Vue-satellite-de-la-ville-d-Agadir-300x300.jpg 300w, https:\/\/gifex.com\/fr\/wp-content\/uploads\/25643\/Vue-satellite-de-la-ville-d-Agadir-150x150.jpg 150w, https:\/\/gifex.com\/fr\/wp-content\/uploads\/25643\/Vue-satellite-de-la-ville-d-Agadir.jpg 500w\" sizes=\"(max-width: 360px) 100vw, 360px\" \/><\/a><figcaption id=\"caption-attachment-25648\" class=\"wp-caption-text\"><label style=\"font-size: 15px;\">Vue satellite de la ville d&#8217;Agadir.<\/label><\/figcaption><\/figure>\n<p><strong>Le centre-ville<\/strong><\/p>\n<p>Vaste et dynamique, il englobe les boulevards Mohammed V et Hassan II, la Vall\u00e9e des Oiseaux, les avenues du G\u00e9n\u00e9ral Kettani, Mohammed VI, Moulay Abdellah et Mokhtar Soussi ainsi que de la grande avenue des FAR (Forces arm\u00e9es royales). En font \u00e9galement partie la place Salam, la place de l&#8217;Esp\u00e9rance et la mosqu\u00e9e Loubnane, ainsi que la Place des Deux-Fontaines qui m\u00e8ne au grand th\u00e9\u00e2tre de verdure de la municipalit\u00e9.<\/p>\n<p>Avec le regroupement de plusieurs communes, le centre ville est en train de se d\u00e9placer progressivement vers le quartier Haut Founty o\u00f9 de nouvelles administrations se construisent autour de la nouvelle cour d&#8217;appel.<\/p>\n<p><strong>Le bord de mer<\/strong><\/p>\n<p>Anim\u00e9 et dynamique, le secteur touristique du bord de mer est constitu\u00e9 du boulevard du 20-Ao\u00fbt, de l&#8217;avenue Tawada, du boulevard de la Corniche, de l&#8217;avenue de l&#8217;Oued Souss, et du quartier Founty, Baie des Palmiers. Il compte de nombreux h\u00f4tels, restaurants, caf\u00e9s modernes, et un quartier r\u00e9sidentiel de villas.<\/p>\n<figure id=\"attachment_25649\" aria-describedby=\"caption-attachment-25649\" style=\"width: 360px\" class=\"wp-caption alignright\"><a href=\"https:\/\/gifex.com\/fr\/wp-content\/uploads\/25643\/Plan-d-acces-routier-d-Agadir.jpg\" target=\"_blank\" rel=\"noopener\"><img decoding=\"async\" class=\"wp-image-25649\" title=\"Plan d'acc\u00e8s routier d'Agadir.\" src=\"https:\/\/gifex.com\/fr\/wp-content\/uploads\/25643\/Plan-d-acces-routier-d-Agadir-300x231.jpg\" alt=\"Plan d'acc\u00e8s routier d'Agadir.\" width=\"360\" height=\"278\" srcset=\"https:\/\/gifex.com\/fr\/wp-content\/uploads\/25643\/Plan-d-acces-routier-d-Agadir-300x231.jpg 300w, https:\/\/gifex.com\/fr\/wp-content\/uploads\/25643\/Plan-d-acces-routier-d-Agadir.jpg 718w\" sizes=\"(max-width: 360px) 100vw, 360px\" \/><\/a><figcaption id=\"caption-attachment-25649\" class=\"wp-caption-text\"><label style=\"font-size: 15px;\">Plan d&#8217;acc\u00e8s routier d&#8217;Agadir.<\/label><\/figcaption><\/figure>\n<p>Un vaste projet d&#8217;embellissement de la ville est en cours de finition. Agadir s&#8217;est ainsi dot\u00e9e d&#8217;une belle promenade am\u00e9nag\u00e9e de front de mer sur environ neuf kilom\u00e8tres. Une r\u00e9cente marina avec de nombreux commerces de luxe a \u00e9t\u00e9 construite au pied de la Casbah.<\/p>\n<p><strong>Les ports<\/strong><\/p>\n<p>Au fil des d\u00e9cennies, Agadir s&#8217;est dot\u00e9e de plusieurs ports : deux ports de p\u00eache, un grand port de commerce et le r\u00e9cent port de plaisance avec sa marina.<\/p>\n<p>L&#8217;avenue du Port, principale art\u00e8re du quartier Anza, est entour\u00e9e d&#8217;usines de conserves et compte quelques petits restaurants populaires limitrophes du march\u00e9 aux poissons.<\/p>\n<p><strong>\u00c9conomie<\/strong><\/p>\n<p>La ville abrite une cimenterie de la soci\u00e9t\u00e9 Ciments du Maroc, filiale du groupe italien Italcementi, qui est en cours de transfert vers la nouvelle unit\u00e9 de production construite, \u00e0 40 kilom\u00e8tres.<\/p>\n<p>Elle est aussi dot\u00e9e d&#8217;un port abritant entre autres un chantier naval, la seule \u00e9cole de marine marchande marocaine et une zone industrielle.<\/p>\n<p>L&#8217;exploration p\u00e9troli\u00e8re devait commencer pour la premi\u00e8re fois au large d&#8217;Agadir, en 2013, avec l&#8217;installation de plusieurs soci\u00e9t\u00e9s parap\u00e9troli\u00e8res.<\/p>\n<p><strong>A\u00e9roport international<\/strong><\/p>\n<p>L\u2019a\u00e9roport d&#8217;Agadir-Al Massira est situ\u00e9 \u00e0 7 kilom\u00e8tres \u00e0 l\u2019est d\u2019A\u00eft Melloul et \u00e0 13 kilom\u00e8tres au sud-est d\u2019Agadir. C\u2019est le troisi\u00e8me a\u00e9roport marocain en termes de fr\u00e9quentation. Agadir dispose d\u2019un large \u00e9ventail de connexions a\u00e9riennes vers l\u2019Europe, principalement \u00e0 destination de la France, de l\u2019Allemagne, du Royaume-Uni, de la Scandinavie, de l\u2019Europe centrale et orientale (principalement via des vols charters).<\/p>\n<p><strong>R\u00e9seau routier<\/strong><\/p>\n<p>Agadir est connect\u00e9e au r\u00e9seau autoroutier national depuis 2010 et l\u2019inauguration de l\u2019autoroute A 3 reliant Marrakech \u00e0 Agadir. L\u2019inauguration de ce tron\u00e7on autoroutier a constitu\u00e9 une \u00e9tape importante dans le d\u00e9senclavement d\u2019Agadir et plus g\u00e9n\u00e9ralement du sud-marocain. Une autoroute de contournement d\u2019Agadir de 40 kilom\u00e8tres est pr\u00e9vue pour contourner par l\u2019est le Grand Agadir.<\/p>\n<p>Agadir est par ailleurs au c\u0153ur d\u2019un important r\u00e9seau de voies express (routes d\u00e9doubl\u00e9es sans p\u00e9age) reliant la ville \u00e0 Taghazout au nord, Taroudant \u00e0 l\u2019est et Tiznit au sud.<\/p>\n<p><strong>Transport ferroviaire<\/strong><\/p>\n<p>Agadir n\u2019a jusqu\u2019ici jamais \u00e9t\u00e9 reli\u00e9e au r\u00e9seau ferroviaire national, dont le point le plus m\u00e9ridional est depuis 1923 la gare de Marrakech. Cette situation est appel\u00e9e \u00e0 changer gr\u00e2ce au projet de LGV Marrakech &#8211; Agadir. En mars 2020, le gouvernement annonce l\u2019expropriation de plusieurs terrains dans le quartier de Hay Mohammadi au nord-est d\u2019Agadir o\u00f9 sera b\u00e2tie la future gare de la ville.<\/p>\n","protected":false},"excerpt":{"rendered":"<p>Agadir est une ville du sud-ouest marocain, situ\u00e9e sur la c\u00f4te atlantique, dans la r\u00e9gion du Souss, \u00e0 508 km au sud de Casablanca, \u00e0 173 km d&#8217;Essaouira et \u00e0 &#8230;<\/p>\n","protected":false},"author":1,"featured_media":25644,"template":"","categoria_ficha":[1905],"class_list":["post-25643","ficha","type-ficha","status-publish","has-post-thumbnail","hentry","categoria_ficha-cartes-de-souss-massa"],"acf":[],"_links":{"self":[{"href":"https:\/\/gifex.com\/fr\/wp-json\/wp\/v2\/ficha\/25643","targetHints":{"allow":["GET"]}}],"collection":[{"href":"https:\/\/gifex.com\/fr\/wp-json\/wp\/v2\/ficha"}],"about":[{"href":"https:\/\/gifex.com\/fr\/wp-json\/wp\/v2\/types\/ficha"}],"author":[{"embeddable":true,"href":"https:\/\/gifex.com\/fr\/wp-json\/wp\/v2\/users\/1"}],"version-history":[{"count":12,"href":"https:\/\/gifex.com\/fr\/wp-json\/wp\/v2\/ficha\/25643\/revisions"}],"predecessor-version":[{"id":36585,"href":"https:\/\/gifex.com\/fr\/wp-json\/wp\/v2\/ficha\/25643\/revisions\/36585"}],"wp:featuredmedia":[{"embeddable":true,"href":"https:\/\/gifex.com\/fr\/wp-json\/wp\/v2\/media\/25644"}],"wp:attachment":[{"href":"https:\/\/gifex.com\/fr\/wp-json\/wp\/v2\/media?parent=25643"}],"wp:term":[{"taxonomy":"categoria_ficha","embeddable":true,"href":"https:\/\/gifex.com\/fr\/wp-json\/wp\/v2\/categoria_ficha?post=25643"}],"curies":[{"name":"wp","href":"https:\/\/api.w.org\/{rel}","templated":true}]}}