{"id":25082,"date":"2022-10-05T16:23:10","date_gmt":"2022-10-05T16:23:10","guid":{"rendered":"https:\/\/gifex.com\/fr\/?post_type=ficha&#038;p=25082"},"modified":"2022-10-05T16:23:10","modified_gmt":"2022-10-05T16:23:10","slug":"quels-sont-les-departements-du-perou","status":"publish","type":"ficha","link":"https:\/\/gifex.com\/fr\/fichier\/quels-sont-les-departements-du-perou\/","title":{"rendered":"Quels sont les d\u00e9partements du P\u00e9rou ?"},"content":{"rendered":"<p style=\"text-align: center;\"><label style=\"font-size: 15px;\">Carte des d\u00e9partements du P\u00e9rou.<\/label><\/p>\n<p>Les divisions administratives du P\u00e9rou ont chang\u00e9 de temps \u00e0 autre depuis que la nation a obtenu son ind\u00e9pendance de l&#8217;Espagne au d\u00e9but du XIXe si\u00e8cle. Les anciennes subdivisions territoriales se sont scind\u00e9es ou fusionn\u00e9es pour diverses raisons, la plus courante \u00e9tant le besoin de d\u00e9centralisation et la croissance d\u00e9mographique, en particulier \u00e0 Lima.<\/p>\n<figure id=\"attachment_25084\" aria-describedby=\"caption-attachment-25084\" style=\"width: 360px\" class=\"wp-caption alignright\"><a href=\"https:\/\/gifex.com\/fr\/wp-content\/uploads\/25082\/Carte-des-subdivisions-administratives-au-niveau-departemental-du-Perou.jpg\" target=\"_blank\" rel=\"noopener\"><img fetchpriority=\"high\" decoding=\"async\" class=\"wp-image-25084\" src=\"https:\/\/gifex.com\/fr\/wp-content\/uploads\/25082\/Carte-des-subdivisions-administratives-au-niveau-departemental-du-Perou-300x300.jpg\" alt=\"Carte des subdivisions administratives au niveau d\u00e9partemental du P\u00e9rou.\" width=\"360\" height=\"360\" srcset=\"https:\/\/gifex.com\/fr\/wp-content\/uploads\/25082\/Carte-des-subdivisions-administratives-au-niveau-departemental-du-Perou-300x300.jpg 300w, https:\/\/gifex.com\/fr\/wp-content\/uploads\/25082\/Carte-des-subdivisions-administratives-au-niveau-departemental-du-Perou-1024x1024.jpg 1024w, https:\/\/gifex.com\/fr\/wp-content\/uploads\/25082\/Carte-des-subdivisions-administratives-au-niveau-departemental-du-Perou-150x150.jpg 150w, https:\/\/gifex.com\/fr\/wp-content\/uploads\/25082\/Carte-des-subdivisions-administratives-au-niveau-departemental-du-Perou-768x768.jpg 768w, https:\/\/gifex.com\/fr\/wp-content\/uploads\/25082\/Carte-des-subdivisions-administratives-au-niveau-departemental-du-Perou-1536x1536.jpg 1536w, https:\/\/gifex.com\/fr\/wp-content\/uploads\/25082\/Carte-des-subdivisions-administratives-au-niveau-departemental-du-Perou-1600x1600.jpg 1600w, https:\/\/gifex.com\/fr\/wp-content\/uploads\/25082\/Carte-des-subdivisions-administratives-au-niveau-departemental-du-Perou.jpg 2000w\" sizes=\"(max-width: 360px) 100vw, 360px\" \/><\/a><figcaption id=\"caption-attachment-25084\" class=\"wp-caption-text\"><label style=\"font-size: 15px;\">Carte des subdivisions administratives au niveau d\u00e9partemental du P\u00e9rou.<\/label><\/figcaption><\/figure>\n<p>Les R\u00e9gions du P\u00e9rou sont le niveau le plus \u00e9lev\u00e9 au P\u00e9rou. Au nombre de vingt-six, ils sont constitu\u00e9s, depuis 2002, de 24 d\u00e9partements et de 2 provinces \u00e0 statut particulier, la province constitutionnelle de Callao et la province de Lima, ces d\u00e9partements \u00e0 leur tour subdivis\u00e9s en provinces, \u00e0 leur tour subdivis\u00e9s en districts.<\/p>\n<p>Actuellement, aucune r\u00e9gion politique n&#8217;est constitu\u00e9e dans le pays, \u00e9tant la seule cat\u00e9gorie de circonscription politico-administrative du pays. Finalement, tous les d\u00e9partements doivent fusionner pour former des r\u00e9gions par r\u00e9f\u00e9rendum. Les informations ubigeo, superficie et population pr\u00e9sent\u00e9es dans le tableau suivant ont \u00e9t\u00e9 compil\u00e9es \u00e0 partir des donn\u00e9es officielles du recensement r\u00e9alis\u00e9 par l&#8217;Institut national de la statistique et de l&#8217;informatique (INEI) en 2017. Les num\u00e9ros ubigeo sont utilis\u00e9s par l&#8217;INEI pour identifier les subdivisions administratives nationales.<\/p>\n<p>Les d\u00e9partements du P\u00e9rou sont :<\/p>\n<div class=\"boxscrl\">\n<table width=\"704\">\n<tbody>\n<tr>\n<td rowspan=\"2\" width=\"51\">Ubigeo<\/td>\n<td rowspan=\"2\" width=\"150\">D\u00e9partement<\/td>\n<td rowspan=\"2\" width=\"98\">Chef-lieu<\/td>\n<td colspan=\"3\" width=\"275\">Population<\/td>\n<td width=\"70\">Superficie<\/td>\n<td rowspan=\"2\" width=\"60\">Cr\u00e9ation<\/td>\n<\/tr>\n<tr>\n<td width=\"124\">Recensement 2017<\/td>\n<td colspan=\"2\" width=\"151\">Estimation 2022<\/td>\n<td width=\"70\">(km\u00b2)<\/td>\n<\/tr>\n<tr>\n<td width=\"51\">1<\/td>\n<td width=\"150\">Amazonas<\/td>\n<td width=\"98\">Chachapoyas<\/td>\n<td width=\"124\">379\u00a0384<\/td>\n<td colspan=\"2\" width=\"151\">429\u00a0515<\/td>\n<td width=\"70\">39\u00a0200<\/td>\n<td width=\"60\">1832<\/td>\n<\/tr>\n<tr>\n<td width=\"51\">2<\/td>\n<td width=\"150\">\u00c1ncash<\/td>\n<td width=\"98\">Huaraz<\/td>\n<td width=\"124\">1\u00a0083\u00a0519<\/td>\n<td colspan=\"2\" width=\"151\">1\u00a0194\u00a0580<\/td>\n<td width=\"70\">35\u00a0900<\/td>\n<td width=\"60\">1835<\/td>\n<\/tr>\n<tr>\n<td width=\"51\">3<\/td>\n<td width=\"150\">Apur\u00edmac<\/td>\n<td width=\"98\">Abancay<\/td>\n<td width=\"124\">405\u00a0759<\/td>\n<td colspan=\"2\" width=\"151\">429\u00a0936<\/td>\n<td width=\"70\">20\u00a0900<\/td>\n<td width=\"60\">1873<\/td>\n<\/tr>\n<tr>\n<td width=\"51\">4<\/td>\n<td width=\"150\">Arequipa<\/td>\n<td width=\"98\">Arequipa<\/td>\n<td width=\"124\">1\u00a0382\u00a0730<\/td>\n<td colspan=\"2\" width=\"151\">1\u00a0554\u00a0251<\/td>\n<td width=\"70\">63\u00a0300<\/td>\n<td width=\"60\">1825<\/td>\n<\/tr>\n<tr>\n<td width=\"51\">5<\/td>\n<td width=\"150\">Ayacucho<\/td>\n<td width=\"98\">Ayacucho<\/td>\n<td width=\"124\">616\u00a0176<\/td>\n<td colspan=\"2\" width=\"151\">670\u00a0967<\/td>\n<td width=\"70\">43\u00a0800<\/td>\n<td width=\"60\">1822<\/td>\n<\/tr>\n<tr>\n<td width=\"51\">6<\/td>\n<td width=\"150\">Cajamarca<\/td>\n<td width=\"98\">Cajamarca<\/td>\n<td width=\"124\">1\u00a0341\u00a0012<\/td>\n<td colspan=\"2\" width=\"151\">1\u00a0454\u00a0484<\/td>\n<td width=\"70\">33\u00a0300<\/td>\n<td width=\"60\">1855<\/td>\n<\/tr>\n<tr>\n<td width=\"51\">7<\/td>\n<td width=\"150\">Prov. const. du Callao<\/td>\n<td width=\"98\">Callao<\/td>\n<td width=\"124\">994\u00a0494<\/td>\n<td colspan=\"2\" width=\"151\">1\u00a0171\u00a0658<\/td>\n<td width=\"70\">147<\/td>\n<td width=\"60\">1857<\/td>\n<\/tr>\n<tr>\n<td width=\"51\">8<\/td>\n<td width=\"150\">Cuzco<\/td>\n<td width=\"98\">Cuzco<\/td>\n<td width=\"124\">1\u00a0205\u00a0527<\/td>\n<td colspan=\"2\" width=\"151\">1\u00a0380\u00a0760<\/td>\n<td width=\"70\">72\u00a0000<\/td>\n<td width=\"60\">1822<\/td>\n<\/tr>\n<tr>\n<td width=\"51\">9<\/td>\n<td width=\"150\">Huancavelica<\/td>\n<td width=\"98\">Huancavelica<\/td>\n<td width=\"124\">347\u00a0639<\/td>\n<td colspan=\"2\" width=\"151\">351\u00a0085<\/td>\n<td width=\"70\">22\u00a0100<\/td>\n<td width=\"60\">1822<\/td>\n<\/tr>\n<tr>\n<td width=\"51\">10<\/td>\n<td width=\"150\">Hu\u00e1nuco<\/td>\n<td width=\"98\">Hu\u00e1nuco<\/td>\n<td width=\"124\">721\u00a0047<\/td>\n<td colspan=\"2\" width=\"151\">755\u00a0280<\/td>\n<td width=\"70\">37\u00a0300<\/td>\n<td width=\"60\">1869<\/td>\n<\/tr>\n<tr>\n<td width=\"51\">11<\/td>\n<td width=\"150\">Ica<\/td>\n<td width=\"98\">Ica<\/td>\n<td width=\"124\">850\u00a0765<\/td>\n<td colspan=\"2\" width=\"151\">1\u00a0020\u00a0054<\/td>\n<td width=\"70\">21\u00a0300<\/td>\n<td width=\"60\">1866<\/td>\n<\/tr>\n<tr>\n<td width=\"51\">12<\/td>\n<td width=\"150\">Jun\u00edn<\/td>\n<td width=\"98\">Huancayo<\/td>\n<td width=\"124\">1\u00a0246\u00a0038<\/td>\n<td colspan=\"2\" width=\"151\">1\u00a0374\u00a0642<\/td>\n<td width=\"70\">38\u00a0400<\/td>\n<td width=\"60\">1825<\/td>\n<\/tr>\n<tr>\n<td width=\"51\">13<\/td>\n<td width=\"150\">La Libertad<\/td>\n<td width=\"98\">Trujillo<\/td>\n<td width=\"124\">1\u00a0778\u00a0080<\/td>\n<td colspan=\"2\" width=\"151\">2\u00a0077\u00a0489<\/td>\n<td width=\"70\">25\u00a0500<\/td>\n<td width=\"60\">1821<\/td>\n<\/tr>\n<tr>\n<td width=\"51\">14<\/td>\n<td width=\"150\">Lambayeque<\/td>\n<td width=\"98\">Chiclayo<\/td>\n<td width=\"124\">1\u00a0197\u00a0260<\/td>\n<td colspan=\"2\" width=\"151\">1\u00a0339\u00a0031<\/td>\n<td width=\"70\">14\u00a0500<\/td>\n<td width=\"60\">1872<\/td>\n<\/tr>\n<tr>\n<td width=\"51\">15<\/td>\n<td width=\"150\">Province de Lima<\/td>\n<td width=\"98\">Lima\u200b<\/td>\n<td width=\"124\">9\u00a0485\u00a0405<\/td>\n<td colspan=\"2\" width=\"151\">10\u00a0004\u00a0133<\/td>\n<td width=\"70\">2672<\/td>\n<td width=\"60\">1821<\/td>\n<\/tr>\n<tr>\n<td width=\"51\">16<\/td>\n<td width=\"150\">D\u00e9partement de Lima<\/td>\n<td width=\"98\">Huacho\u200b<\/td>\n<td width=\"124\">910\u00a0466<\/td>\n<td colspan=\"2\" width=\"151\">982\u00a0166<\/td>\n<td width=\"70\">32\u00a0130<\/td>\n<td width=\"60\">1821<\/td>\n<\/tr>\n<tr>\n<td width=\"51\">17<\/td>\n<td width=\"150\">Loreto<\/td>\n<td width=\"98\">Iquitos<\/td>\n<td width=\"124\">883\u00a0510<\/td>\n<td colspan=\"2\" width=\"151\">1\u00a0044\u00a0907<\/td>\n<td width=\"70\">368\u00a0800<\/td>\n<td width=\"60\">1866<\/td>\n<\/tr>\n<tr>\n<td width=\"51\">18<\/td>\n<td width=\"150\">Madre de Dios<\/td>\n<td width=\"98\">Puerto Maldonado<\/td>\n<td width=\"124\">141\u00a0070<\/td>\n<td colspan=\"2\" width=\"151\">185\u00a0496<\/td>\n<td width=\"70\">85\u00a0300<\/td>\n<td width=\"60\">1912<\/td>\n<\/tr>\n<tr>\n<td width=\"51\">19<\/td>\n<td width=\"150\">Moquegua<\/td>\n<td width=\"98\">Moquegua<\/td>\n<td width=\"124\">174\u00a0863<\/td>\n<td colspan=\"2\" width=\"151\">197\u00a0440<\/td>\n<td width=\"70\">15\u00a0700<\/td>\n<td width=\"60\">1853<\/td>\n<\/tr>\n<tr>\n<td width=\"51\">20<\/td>\n<td width=\"150\">Pasco<\/td>\n<td width=\"98\">Cerro de Pasco<\/td>\n<td width=\"124\">254\u00a0065<\/td>\n<td colspan=\"2\" width=\"151\">269\u00a0341<\/td>\n<td width=\"70\">25\u00a0000<\/td>\n<td width=\"60\">1944<\/td>\n<\/tr>\n<tr>\n<td width=\"51\">21<\/td>\n<td width=\"150\">Piura<\/td>\n<td width=\"98\">Piura<\/td>\n<td width=\"124\">1\u00a0856\u00a0809<\/td>\n<td colspan=\"2\" width=\"151\">2\u00a0103\u00a0133<\/td>\n<td width=\"70\">35\u00a0700<\/td>\n<td width=\"60\">1861<\/td>\n<\/tr>\n<tr>\n<td width=\"51\">22<\/td>\n<td width=\"150\">Puno<\/td>\n<td width=\"98\">Puno<\/td>\n<td width=\"124\">1\u00a0172\u00a0697<\/td>\n<td colspan=\"2\" width=\"151\">1\u00a0226\u00a0663<\/td>\n<td width=\"70\">67\u00a0000<\/td>\n<td width=\"60\">1822<\/td>\n<\/tr>\n<tr>\n<td width=\"51\">23<\/td>\n<td width=\"150\">San Mart\u00edn<\/td>\n<td width=\"98\">Moyobamba<\/td>\n<td width=\"124\">813\u00a0381<\/td>\n<td colspan=\"2\" width=\"151\">924\u00a0516<\/td>\n<td width=\"70\">51\u00a0300<\/td>\n<td width=\"60\">1906<\/td>\n<\/tr>\n<tr>\n<td width=\"51\">24<\/td>\n<td width=\"150\">Tacna<\/td>\n<td width=\"98\">Tacna<\/td>\n<td width=\"124\">329\u00a0332<\/td>\n<td colspan=\"2\" width=\"151\">384\u00a0342<\/td>\n<td width=\"70\">16\u00a0100<\/td>\n<td width=\"60\">1875<\/td>\n<\/tr>\n<tr>\n<td width=\"51\">25<\/td>\n<td width=\"150\">Tumbes<\/td>\n<td width=\"98\">Tumbes<\/td>\n<td width=\"124\">224\u00a0863<\/td>\n<td colspan=\"2\" width=\"151\">259\u00a0548<\/td>\n<td width=\"70\">4700<\/td>\n<td width=\"60\">1942<\/td>\n<\/tr>\n<tr>\n<td width=\"51\">26<\/td>\n<td width=\"150\">Ucayali<\/td>\n<td width=\"98\">Pucallpa<\/td>\n<td width=\"124\">496\u00a0459<\/td>\n<td colspan=\"2\" width=\"151\">614\u00a0993<\/td>\n<td width=\"70\">102\u00a0200<\/td>\n<td width=\"60\">1980<\/td>\n<\/tr>\n<\/tbody>\n<\/table>\n<\/div>\n","protected":false},"excerpt":{"rendered":"<p>Carte des d\u00e9partements du P\u00e9rou. Les d\u00e9partements du P\u00e9rou sont : Amazonas, \u00c1ncash, Apur\u00edmac, Arequipa, Ayacucho, Cajamarca, Prov. const. du Callao, Cuzco &#8230;  <\/p>\n","protected":false},"author":1,"featured_media":25083,"template":"","categoria_ficha":[92],"class_list":["post-25082","ficha","type-ficha","status-publish","has-post-thumbnail","hentry","categoria_ficha-cartes-du-perou"],"acf":[],"_links":{"self":[{"href":"https:\/\/gifex.com\/fr\/wp-json\/wp\/v2\/ficha\/25082","targetHints":{"allow":["GET"]}}],"collection":[{"href":"https:\/\/gifex.com\/fr\/wp-json\/wp\/v2\/ficha"}],"about":[{"href":"https:\/\/gifex.com\/fr\/wp-json\/wp\/v2\/types\/ficha"}],"author":[{"embeddable":true,"href":"https:\/\/gifex.com\/fr\/wp-json\/wp\/v2\/users\/1"}],"version-history":[{"count":1,"href":"https:\/\/gifex.com\/fr\/wp-json\/wp\/v2\/ficha\/25082\/revisions"}],"predecessor-version":[{"id":25085,"href":"https:\/\/gifex.com\/fr\/wp-json\/wp\/v2\/ficha\/25082\/revisions\/25085"}],"wp:featuredmedia":[{"embeddable":true,"href":"https:\/\/gifex.com\/fr\/wp-json\/wp\/v2\/media\/25083"}],"wp:attachment":[{"href":"https:\/\/gifex.com\/fr\/wp-json\/wp\/v2\/media?parent=25082"}],"wp:term":[{"taxonomy":"categoria_ficha","embeddable":true,"href":"https:\/\/gifex.com\/fr\/wp-json\/wp\/v2\/categoria_ficha?post=25082"}],"curies":[{"name":"wp","href":"https:\/\/api.w.org\/{rel}","templated":true}]}}