{"id":2488,"date":"2022-02-04T00:33:59","date_gmt":"2022-02-04T00:33:59","guid":{"rendered":"https:\/\/gifex.com\/fr\/?post_type=ficha&#038;p=2488"},"modified":"2022-08-10T22:14:20","modified_gmt":"2022-08-10T22:14:20","slug":"image-satellite-de-la-bande-de-gaza-et-la-mer-mediterranee","status":"publish","type":"ficha","link":"https:\/\/gifex.com\/fr\/fichier\/image-satellite-de-la-bande-de-gaza-et-la-mer-mediterranee\/","title":{"rendered":"Image satellite de la bande de Gaza et la mer M\u00e9diterran\u00e9e"},"content":{"rendered":"<p>Cette image couvre une superficie d&#8217;environ 100 \u00d7 150 km ; en raison de l&#8217;orientation de la navette, le nord est situ\u00e9 \u00e0 environ onze heures sur cette image. La bande de Gaza (environ le tiers central de la bande c\u00f4ti\u00e8re) et la mer M\u00e9diterran\u00e9e sont repr\u00e9sent\u00e9es. La fronti\u00e8re en ligne droite entre l&#8217;\u00c9gypte et Isra\u00ebl est apparente dans la partie centrale inf\u00e9rieure en raison d&#8217;une diff\u00e9rence dans les mod\u00e8les de v\u00e9g\u00e9tation, le c\u00f4t\u00e9 \u00e9gyptien (sud) \u00e9tant moins v\u00e9g\u00e9talis\u00e9, peut-\u00eatre en raison de l&#8217;utilisation intensive des terres pour le p\u00e2turage. Image satellite de la bande de Gaza et la mer M\u00e9diterran\u00e9e gracieuset\u00e9 de la NASA.<\/p>\n","protected":false},"excerpt":{"rendered":"<p>Cette image couvre une superficie d&#8217;environ 100 \u00d7 150 km ; en raison de l&#8217;orientation de la navette, le nord est situ\u00e9 \u00e0 environ onze heures sur cette image. La bande de Gaza (environ le tiers central de la bande c\u00f4ti\u00e8re)<\/p>\n","protected":false},"author":1,"featured_media":5523,"template":"","categoria_ficha":[376],"class_list":["post-2488","ficha","type-ficha","status-publish","has-post-thumbnail","hentry","categoria_ficha-cartes-de-la-palestine"],"acf":[],"_links":{"self":[{"href":"https:\/\/gifex.com\/fr\/wp-json\/wp\/v2\/ficha\/2488","targetHints":{"allow":["GET"]}}],"collection":[{"href":"https:\/\/gifex.com\/fr\/wp-json\/wp\/v2\/ficha"}],"about":[{"href":"https:\/\/gifex.com\/fr\/wp-json\/wp\/v2\/types\/ficha"}],"author":[{"embeddable":true,"href":"https:\/\/gifex.com\/fr\/wp-json\/wp\/v2\/users\/1"}],"version-history":[{"count":3,"href":"https:\/\/gifex.com\/fr\/wp-json\/wp\/v2\/ficha\/2488\/revisions"}],"predecessor-version":[{"id":20342,"href":"https:\/\/gifex.com\/fr\/wp-json\/wp\/v2\/ficha\/2488\/revisions\/20342"}],"wp:featuredmedia":[{"embeddable":true,"href":"https:\/\/gifex.com\/fr\/wp-json\/wp\/v2\/media\/5523"}],"wp:attachment":[{"href":"https:\/\/gifex.com\/fr\/wp-json\/wp\/v2\/media?parent=2488"}],"wp:term":[{"taxonomy":"categoria_ficha","embeddable":true,"href":"https:\/\/gifex.com\/fr\/wp-json\/wp\/v2\/categoria_ficha?post=2488"}],"curies":[{"name":"wp","href":"https:\/\/api.w.org\/{rel}","templated":true}]}}