{"id":24795,"date":"2022-09-29T20:22:07","date_gmt":"2022-09-29T20:22:07","guid":{"rendered":"https:\/\/gifex.com\/fr\/?post_type=ficha&#038;p=24795"},"modified":"2022-09-29T20:22:07","modified_gmt":"2022-09-29T20:22:07","slug":"carte-climatique-du-maroc","status":"publish","type":"ficha","link":"https:\/\/gifex.com\/fr\/fichier\/carte-climatique-du-maroc\/","title":{"rendered":"Carte climatique du Maroc"},"content":{"rendered":"<p style=\"text-align: center;\"><label style=\"font-size: 15px;\">Carte climatique du Maroc.<\/label><\/p>\n<p>Le Maroc est compos\u00e9 principalement de zones de \u00ab climat m\u00e9diterran\u00e9en d&#8217;\u00e9t\u00e9 chaud \u00bb (Csa) et de \u00ab climat d\u00e9sertique chaud \u00bb (BWh).<\/p>\n<figure id=\"attachment_24798\" aria-describedby=\"caption-attachment-24798\" style=\"width: 360px\" class=\"wp-caption alignright\"><a href=\"https:\/\/gifex.com\/fr\/wp-content\/uploads\/24795\/Montagnes-enneigees-du-Haut-Atlas-au-Maroc-2018.jpg\" target=\"_blank\" rel=\"noopener\"><img fetchpriority=\"high\" decoding=\"async\" class=\"wp-image-24798\" title=\"Montagnes enneig\u00e9es du Haut Atlas au Maroc.\" src=\"https:\/\/gifex.com\/fr\/wp-content\/uploads\/24795\/Montagnes-enneigees-du-Haut-Atlas-au-Maroc-2018-300x200.jpg\" alt=\"Montagnes enneig\u00e9es du Haut Atlas au Maroc.\" width=\"360\" height=\"240\" srcset=\"https:\/\/gifex.com\/fr\/wp-content\/uploads\/24795\/Montagnes-enneigees-du-Haut-Atlas-au-Maroc-2018-300x200.jpg 300w, https:\/\/gifex.com\/fr\/wp-content\/uploads\/24795\/Montagnes-enneigees-du-Haut-Atlas-au-Maroc-2018-1024x682.jpg 1024w, https:\/\/gifex.com\/fr\/wp-content\/uploads\/24795\/Montagnes-enneigees-du-Haut-Atlas-au-Maroc-2018-768x512.jpg 768w, https:\/\/gifex.com\/fr\/wp-content\/uploads\/24795\/Montagnes-enneigees-du-Haut-Atlas-au-Maroc-2018.jpg 1280w\" sizes=\"(max-width: 360px) 100vw, 360px\" \/><\/a><figcaption id=\"caption-attachment-24798\" class=\"wp-caption-text\"><label style=\"font-size: 15px;\">Montagnes enneig\u00e9es du Haut Atlas au Maroc.<\/label><\/figcaption><\/figure>\n<p>Les cha\u00eenes de montagnes centrales et les effets du courant froid des Canaries, au large de la c\u00f4te atlantique, sont des facteurs importants dans la vari\u00e9t\u00e9 relativement grande des zones de v\u00e9g\u00e9tation du Maroc, allant de for\u00eats luxuriantes dans les montagnes du nord et du centre, laissant place \u00e0 des zones steppiques, semi-arides et d\u00e9sertiques dans les r\u00e9gions de l&#8217;est et du sud. Les plaines c\u00f4ti\u00e8res marocaines connaissent des temp\u00e9ratures remarquablement mod\u00e9r\u00e9es m\u00eame en \u00e9t\u00e9. Dans l&#8217;ensemble, cette gamme de climats est similaire \u00e0 celle de la Californie du Sud.<\/p>\n<p>Dans les montagnes du Rif, du Moyen et du Haut Atlas, il existe plusieurs types de climats diff\u00e9rents : m\u00e9diterran\u00e9en le long des basses terres c\u00f4ti\u00e8res, laissant place \u00e0 un climat temp\u00e9r\u00e9 humide \u00e0 des altitudes plus \u00e9lev\u00e9es avec une humidit\u00e9 suffisante pour permettre la croissance de diff\u00e9rentes esp\u00e8ces de ch\u00eanes, tapis de mousse, les gen\u00e9vriers et le sapin de l&#8217;Atlantique qui est un conif\u00e8re royal end\u00e9mique du Maroc. Dans les vall\u00e9es, les sols fertiles et les fortes pr\u00e9cipitations permettent la croissance de for\u00eats \u00e9paisses et luxuriantes. Les for\u00eats de nuages se trouvent \u00e0 l&#8217;ouest des montagnes du Rif et du Moyen Atlas. \u00c0 des altitudes plus \u00e9lev\u00e9es, le climat devient de caract\u00e8re alpin et peut soutenir les stations de ski.<\/p>\n<figure id=\"attachment_24799\" aria-describedby=\"caption-attachment-24799\" style=\"width: 360px\" class=\"wp-caption alignright\"><a href=\"https:\/\/gifex.com\/fr\/wp-content\/uploads\/24795\/Touristes-en-excursion-a-dos-de-chameau-dans-le-desert-du-Sahara-au-Maroc-2010.jpg\" target=\"_blank\" rel=\"noopener\"><img decoding=\"async\" class=\"wp-image-24799\" title=\"Touristes en excursion \u00e0 dos de chameau dans le d\u00e9sert du Sahara au Maroc.\" src=\"https:\/\/gifex.com\/fr\/wp-content\/uploads\/24795\/Touristes-en-excursion-a-dos-de-chameau-dans-le-desert-du-Sahara-au-Maroc-2010-300x149.jpg\" alt=\"Touristes en excursion \u00e0 dos de chameau dans le d\u00e9sert du Sahara au Maroc.\" width=\"360\" height=\"179\" srcset=\"https:\/\/gifex.com\/fr\/wp-content\/uploads\/24795\/Touristes-en-excursion-a-dos-de-chameau-dans-le-desert-du-Sahara-au-Maroc-2010-300x149.jpg 300w, https:\/\/gifex.com\/fr\/wp-content\/uploads\/24795\/Touristes-en-excursion-a-dos-de-chameau-dans-le-desert-du-Sahara-au-Maroc-2010-1024x509.jpg 1024w, https:\/\/gifex.com\/fr\/wp-content\/uploads\/24795\/Touristes-en-excursion-a-dos-de-chameau-dans-le-desert-du-Sahara-au-Maroc-2010-768x382.jpg 768w, https:\/\/gifex.com\/fr\/wp-content\/uploads\/24795\/Touristes-en-excursion-a-dos-de-chameau-dans-le-desert-du-Sahara-au-Maroc-2010.jpg 1280w\" sizes=\"(max-width: 360px) 100vw, 360px\" \/><\/a><figcaption id=\"caption-attachment-24799\" class=\"wp-caption-text\"><label style=\"font-size: 15px;\">Touristes en excursion \u00e0 dos de chameau dans le d\u00e9sert du Sahara pr\u00e8s du village de M&#8217;Hamid El Ghizlane, Maroc.<\/label><\/figcaption><\/figure>\n<p>Au sud-est des montagnes de l&#8217;Atlas, pr\u00e8s des fronti\u00e8res alg\u00e9riennes, le climat devient tr\u00e8s sec, avec des \u00e9t\u00e9s longs et chauds. La chaleur extr\u00eame et les faibles niveaux d&#8217;humidit\u00e9 sont particuli\u00e8rement prononc\u00e9s dans les r\u00e9gions de plaine \u00e0 l&#8217;est de la cha\u00eene de l&#8217;Atlas en raison de l&#8217;effet d&#8217;ombre pluviom\u00e9trique du syst\u00e8me montagneux. Les parties les plus au sud-est du Maroc sont tr\u00e8s chaudes et comprennent des parties du d\u00e9sert du Sahara, o\u00f9 de vastes \u00e9tendues de dunes de sable et de plaines rocheuses sont parsem\u00e9es d&#8217;oasis luxuriantes.<\/p>\n<p>Contrairement \u00e0 la r\u00e9gion du Sahara au sud, les plaines c\u00f4ti\u00e8res sont fertiles dans les r\u00e9gions du centre et du nord du pays et constituent l&#8217;\u00e9pine dorsale de l&#8217;agriculture du pays, dans laquelle vit 95% de la population. L&#8217;exposition directe \u00e0 l&#8217;oc\u00e9an Atlantique Nord, la proximit\u00e9 de l&#8217;Europe continentale et les longues montagnes du Rif et de l&#8217;Atlas sont les facteurs du climat plut\u00f4t europ\u00e9en dans la moiti\u00e9 nord du pays. Cela fait du Maroc un pays de contrastes. Les zones bois\u00e9es couvrent environ 12% du pays tandis que les terres arables repr\u00e9sentent 18%. Environ 5% des terres marocaines sont irrigu\u00e9es \u00e0 des fins agricoles.<\/p>\n<p>En g\u00e9n\u00e9ral, \u00e0 part les r\u00e9gions du sud-est (zones pr\u00e9sahariennes et d\u00e9sertiques), le climat et la g\u00e9ographie du Maroc sont tr\u00e8s similaires \u00e0 la p\u00e9ninsule ib\u00e9rique.<\/p>\n","protected":false},"excerpt":{"rendered":"<p>Le Maroc est compos\u00e9 principalement de zones de \u00ab climat m\u00e9diterran\u00e9en d&#8217;\u00e9t\u00e9 chaud \u00bb (Csa) et de \u00ab climat d\u00e9sertique chaud \u00bb (BWh). Les cha\u00eenes de montagnes &#8230;<\/p>\n","protected":false},"author":1,"featured_media":24796,"template":"","categoria_ficha":[218],"class_list":["post-24795","ficha","type-ficha","status-publish","has-post-thumbnail","hentry","categoria_ficha-cartes-du-maroc"],"acf":[],"_links":{"self":[{"href":"https:\/\/gifex.com\/fr\/wp-json\/wp\/v2\/ficha\/24795","targetHints":{"allow":["GET"]}}],"collection":[{"href":"https:\/\/gifex.com\/fr\/wp-json\/wp\/v2\/ficha"}],"about":[{"href":"https:\/\/gifex.com\/fr\/wp-json\/wp\/v2\/types\/ficha"}],"author":[{"embeddable":true,"href":"https:\/\/gifex.com\/fr\/wp-json\/wp\/v2\/users\/1"}],"version-history":[{"count":4,"href":"https:\/\/gifex.com\/fr\/wp-json\/wp\/v2\/ficha\/24795\/revisions"}],"predecessor-version":[{"id":24805,"href":"https:\/\/gifex.com\/fr\/wp-json\/wp\/v2\/ficha\/24795\/revisions\/24805"}],"wp:featuredmedia":[{"embeddable":true,"href":"https:\/\/gifex.com\/fr\/wp-json\/wp\/v2\/media\/24796"}],"wp:attachment":[{"href":"https:\/\/gifex.com\/fr\/wp-json\/wp\/v2\/media?parent=24795"}],"wp:term":[{"taxonomy":"categoria_ficha","embeddable":true,"href":"https:\/\/gifex.com\/fr\/wp-json\/wp\/v2\/categoria_ficha?post=24795"}],"curies":[{"name":"wp","href":"https:\/\/api.w.org\/{rel}","templated":true}]}}