{"id":24088,"date":"2022-09-14T22:10:49","date_gmt":"2022-09-14T22:10:49","guid":{"rendered":"https:\/\/gifex.com\/fr\/?post_type=ficha&#038;p=24088"},"modified":"2022-09-14T22:10:49","modified_gmt":"2022-09-14T22:10:49","slug":"cartes-historiques-d-istanbul","status":"publish","type":"ficha","link":"https:\/\/gifex.com\/fr\/fichier\/cartes-historiques-d-istanbul\/","title":{"rendered":"Cartes historiques d&#8217;Istanbul"},"content":{"rendered":"<p style=\"text-align: center;\"><label style=\"font-size: 15px;\">Plan d&#8217;Istanbul au XVIe si\u00e8cle par Matrak\u00e7\u0131 Nasuh.<\/label><\/p>\n<figure id=\"attachment_24090\" aria-describedby=\"caption-attachment-24090\" style=\"width: 360px\" class=\"wp-caption alignright\"><a href=\"https:\/\/gifex.com\/fr\/wp-content\/uploads\/24088\/Carte-medievale-de-Constantinople.jpg\" target=\"_blank\" rel=\"noopener\"><img fetchpriority=\"high\" decoding=\"async\" class=\"wp-image-24090\" title=\"Carte m\u00e9di\u00e9vale de Constantinople.\" src=\"https:\/\/gifex.com\/fr\/wp-content\/uploads\/24088\/Carte-medievale-de-Constantinople-202x300.jpg\" alt=\"Carte m\u00e9di\u00e9vale de Constantinople.\" width=\"360\" height=\"534\" srcset=\"https:\/\/gifex.com\/fr\/wp-content\/uploads\/24088\/Carte-medievale-de-Constantinople-202x300.jpg 202w, https:\/\/gifex.com\/fr\/wp-content\/uploads\/24088\/Carte-medievale-de-Constantinople-691x1024.jpg 691w, https:\/\/gifex.com\/fr\/wp-content\/uploads\/24088\/Carte-medievale-de-Constantinople-768x1138.jpg 768w, https:\/\/gifex.com\/fr\/wp-content\/uploads\/24088\/Carte-medievale-de-Constantinople-1036x1536.jpg 1036w, https:\/\/gifex.com\/fr\/wp-content\/uploads\/24088\/Carte-medievale-de-Constantinople-300x445.jpg 300w, https:\/\/gifex.com\/fr\/wp-content\/uploads\/24088\/Carte-medievale-de-Constantinople.jpg 1054w\" sizes=\"(max-width: 360px) 100vw, 360px\" \/><\/a><figcaption id=\"caption-attachment-24090\" class=\"wp-caption-text\"><label style=\"font-size: 15px;\">Carte m\u00e9di\u00e9vale de Constantinople. Carte de Cristoforo Buondelmonti, cartographe florentin, extraite du volume Liber insularum archipelagi (copie de Venise). Ann\u00e9es 1420-1430.<\/label><\/figcaption><\/figure>\n<p>Des artefacts n\u00e9olithiques, d\u00e9couverts par des arch\u00e9ologues au d\u00e9but du 21e si\u00e8cle, indiquent que la p\u00e9ninsule historique d&#8217;Istanbul a \u00e9t\u00e9 colonis\u00e9e d\u00e8s le 6e mill\u00e9naire avant notre \u00e8re. Ce premier \u00e9tablissement, important dans la propagation de la r\u00e9volution n\u00e9olithique du Proche-Orient \u00e0 l&#8217;Europe, a dur\u00e9 pr\u00e8s d&#8217;un mill\u00e9naire avant d&#8217;\u00eatre inond\u00e9 par la mont\u00e9e des eaux. Le premier \u00e9tablissement humain du c\u00f4t\u00e9 asiatique, le monticule de Fikirtepe, date de la p\u00e9riode de l&#8217;\u00e2ge du cuivre, avec des artefacts datant de 5500 \u00e0 3500 avant notre \u00e8re. Il convient \u00e9galement de noter que du c\u00f4t\u00e9 europ\u00e9en, pr\u00e8s de la pointe de la p\u00e9ninsule (Sarayburnu), il y avait une colonie au d\u00e9but du 1er mill\u00e9naire avant notre \u00e8re. Les auteurs modernes l&#8217;ont li\u00e9 au possible toponyme thrace Lygos , mentionn\u00e9 par Pline l&#8217;Ancien comme un nom ant\u00e9rieur pour le site de Byzance.<\/p>\n<p>L&#8217;histoire de la ville proprement dite commence vers 660 av. J.-C. lorsque des colons grecs de M\u00e9gare colonisent la r\u00e9gion et \u00e9tablissent Byzance du c\u00f4t\u00e9 europ\u00e9en du Bosphore. Elle tomba aux mains de la R\u00e9publique romaine en 196 av. J.-C. et fut connue sous le nom de Byzance en latin jusqu&#8217;en 330, date \u00e0 laquelle la ville, bient\u00f4t rebaptis\u00e9e Constantinople, devint la nouvelle capitale de l&#8217;Empire romain. Sous le r\u00e8gne de Justinien Ier, la ville est devenue la plus grande du monde occidental, avec une population culminant \u00e0 pr\u00e8s d&#8217;un demi-million de personnes. Constantinople a fonctionn\u00e9 comme la capitale de l&#8217;Empire byzantin, qui s&#8217;est effectivement termin\u00e9 avec la chute de Constantinople en 1453. Constantinople est alors devenue la capitale des Turcs ottomans.<\/p>\n<p>La population avait diminu\u00e9 au cours de la p\u00e9riode m\u00e9di\u00e9vale, mais alors que l&#8217;Empire ottoman approchait de son apog\u00e9e historique, la ville a atteint une population de pr\u00e8s de 700 000 habitants au XVIe si\u00e8cle, se classant \u00e0 nouveau parmi les villes les plus peupl\u00e9es du monde. Avec la fondation de la R\u00e9publique de Turquie en 1923, la capitale de ce pays est pass\u00e9e de Constantinople \u00e0 Ankara (anciennement Angora).<\/p>\n<figure id=\"attachment_24093\" aria-describedby=\"caption-attachment-24093\" style=\"width: 400px\" class=\"wp-caption alignright\"><a href=\"https:\/\/gifex.com\/fr\/wp-content\/uploads\/24088\/Plan-d-ensemble-de-Constantinople-1922.jpg\" target=\"_blank\" rel=\"noopener\"><img decoding=\"async\" class=\"wp-image-24093\" title=\"Plan d'ensemble de Constantinople, 1922.\" src=\"https:\/\/gifex.com\/fr\/wp-content\/uploads\/24088\/Plan-d-ensemble-de-Constantinople-1922-300x208.jpg\" alt=\"Plan d'ensemble de Constantinople, 1922.\" width=\"400\" height=\"277\" srcset=\"https:\/\/gifex.com\/fr\/wp-content\/uploads\/24088\/Plan-d-ensemble-de-Constantinople-1922-300x208.jpg 300w, https:\/\/gifex.com\/fr\/wp-content\/uploads\/24088\/Plan-d-ensemble-de-Constantinople-1922-1024x709.jpg 1024w, https:\/\/gifex.com\/fr\/wp-content\/uploads\/24088\/Plan-d-ensemble-de-Constantinople-1922-768x532.jpg 768w, https:\/\/gifex.com\/fr\/wp-content\/uploads\/24088\/Plan-d-ensemble-de-Constantinople-1922-1536x1063.jpg 1536w, https:\/\/gifex.com\/fr\/wp-content\/uploads\/24088\/Plan-d-ensemble-de-Constantinople-1922-2048x1418.jpg 2048w, https:\/\/gifex.com\/fr\/wp-content\/uploads\/24088\/Plan-d-ensemble-de-Constantinople-1922-1600x1108.jpg 1600w\" sizes=\"(max-width: 400px) 100vw, 400px\" \/><\/a><figcaption id=\"caption-attachment-24093\" class=\"wp-caption-text\"><label style=\"font-size: 15px;\">Plan d&#8217;Istanbul par la Soci\u00e9t\u00e9 Anonyme Ottomane d&#8217;Etudes et d&#8217;Enterprises Urbaines, 1922.<\/label><\/figcaption><\/figure>\n<figure id=\"attachment_24092\" aria-describedby=\"caption-attachment-24092\" style=\"width: 400px\" class=\"wp-caption alignleft\"><a href=\"https:\/\/gifex.com\/fr\/wp-content\/uploads\/24088\/Ancienne-carte-touristique-d-Istanbul.jpg\" target=\"_blank\" rel=\"noopener\"><img decoding=\"async\" class=\"wp-image-24092\" title=\"Ancienne carte touristique d'Istanbul.\" src=\"https:\/\/gifex.com\/fr\/wp-content\/uploads\/24088\/Ancienne-carte-touristique-d-Istanbul-300x217.jpg\" alt=\"Ancienne carte touristique d'Istanbul.\" width=\"400\" height=\"290\" srcset=\"https:\/\/gifex.com\/fr\/wp-content\/uploads\/24088\/Ancienne-carte-touristique-d-Istanbul-300x217.jpg 300w, https:\/\/gifex.com\/fr\/wp-content\/uploads\/24088\/Ancienne-carte-touristique-d-Istanbul-1024x742.jpg 1024w, https:\/\/gifex.com\/fr\/wp-content\/uploads\/24088\/Ancienne-carte-touristique-d-Istanbul-768x556.jpg 768w, https:\/\/gifex.com\/fr\/wp-content\/uploads\/24088\/Ancienne-carte-touristique-d-Istanbul-1536x1112.jpg 1536w, https:\/\/gifex.com\/fr\/wp-content\/uploads\/24088\/Ancienne-carte-touristique-d-Istanbul-1600x1159.jpg 1600w, https:\/\/gifex.com\/fr\/wp-content\/uploads\/24088\/Ancienne-carte-touristique-d-Istanbul.jpg 2048w\" sizes=\"(max-width: 400px) 100vw, 400px\" \/><\/a><figcaption id=\"caption-attachment-24092\" class=\"wp-caption-text\"><label style=\"font-size: 15px;\">Ancienne carte touristique d&#8217;Istanbul. Date inconnue.<\/label><\/figcaption><\/figure>\n<figure id=\"attachment_24091\" aria-describedby=\"caption-attachment-24091\" style=\"width: 400px\" class=\"wp-caption aligncenter\"><a href=\"https:\/\/gifex.com\/fr\/wp-content\/uploads\/24088\/Constantinople-dans-la-seconde-moitie-du-XVIe-siecle.jpg\" target=\"_blank\" rel=\"noopener\"><img loading=\"lazy\" decoding=\"async\" class=\"wp-image-24091\" title=\"Constantinople dans la seconde moiti\u00e9 du XVIe si\u00e8cle.\" src=\"https:\/\/gifex.com\/fr\/wp-content\/uploads\/24088\/Constantinople-dans-la-seconde-moitie-du-XVIe-siecle-300x205.jpg\" alt=\"Constantinople dans la seconde moiti\u00e9 du XVIe si\u00e8cle.\" width=\"400\" height=\"274\" srcset=\"https:\/\/gifex.com\/fr\/wp-content\/uploads\/24088\/Constantinople-dans-la-seconde-moitie-du-XVIe-siecle-300x205.jpg 300w, https:\/\/gifex.com\/fr\/wp-content\/uploads\/24088\/Constantinople-dans-la-seconde-moitie-du-XVIe-siecle-1024x701.jpg 1024w, https:\/\/gifex.com\/fr\/wp-content\/uploads\/24088\/Constantinople-dans-la-seconde-moitie-du-XVIe-siecle-768x526.jpg 768w, https:\/\/gifex.com\/fr\/wp-content\/uploads\/24088\/Constantinople-dans-la-seconde-moitie-du-XVIe-siecle-1536x1051.jpg 1536w, https:\/\/gifex.com\/fr\/wp-content\/uploads\/24088\/Constantinople-dans-la-seconde-moitie-du-XVIe-siecle-2048x1402.jpg 2048w, https:\/\/gifex.com\/fr\/wp-content\/uploads\/24088\/Constantinople-dans-la-seconde-moitie-du-XVIe-siecle-1600x1095.jpg 1600w\" sizes=\"(max-width: 400px) 100vw, 400px\" \/><\/a><figcaption id=\"caption-attachment-24091\" class=\"wp-caption-text\"><label style=\"font-size: 15px;\">Constantinople dans la seconde moiti\u00e9 du XVIe si\u00e8cle. George Brown; Frans Hogenberg: Civitates Orbis Terrarum, Volume 1, 1572 (description de l&#8217;\u00e9dition et contrafactur de la premi\u00e8re ville du monde, Cologne 1582.<\/label><\/figcaption><\/figure>\n","protected":false},"excerpt":{"rendered":"<p>L&#8217;histoire de la ville proprement dite commence vers 660 av. J.-C. lorsque des colons grecs de M\u00e9gare colonisent la r\u00e9gion et \u00e9tablissent Byzance du c\u00f4t\u00e9 eur&#8230;<\/p>\n","protected":false},"author":1,"featured_media":24089,"template":"","categoria_ficha":[415],"class_list":["post-24088","ficha","type-ficha","status-publish","has-post-thumbnail","hentry","categoria_ficha-cartes-d-istanbul"],"acf":[],"_links":{"self":[{"href":"https:\/\/gifex.com\/fr\/wp-json\/wp\/v2\/ficha\/24088","targetHints":{"allow":["GET"]}}],"collection":[{"href":"https:\/\/gifex.com\/fr\/wp-json\/wp\/v2\/ficha"}],"about":[{"href":"https:\/\/gifex.com\/fr\/wp-json\/wp\/v2\/types\/ficha"}],"author":[{"embeddable":true,"href":"https:\/\/gifex.com\/fr\/wp-json\/wp\/v2\/users\/1"}],"version-history":[{"count":4,"href":"https:\/\/gifex.com\/fr\/wp-json\/wp\/v2\/ficha\/24088\/revisions"}],"predecessor-version":[{"id":32588,"href":"https:\/\/gifex.com\/fr\/wp-json\/wp\/v2\/ficha\/24088\/revisions\/32588"}],"wp:featuredmedia":[{"embeddable":true,"href":"https:\/\/gifex.com\/fr\/wp-json\/wp\/v2\/media\/24089"}],"wp:attachment":[{"href":"https:\/\/gifex.com\/fr\/wp-json\/wp\/v2\/media?parent=24088"}],"wp:term":[{"taxonomy":"categoria_ficha","embeddable":true,"href":"https:\/\/gifex.com\/fr\/wp-json\/wp\/v2\/categoria_ficha?post=24088"}],"curies":[{"name":"wp","href":"https:\/\/api.w.org\/{rel}","templated":true}]}}