{"id":2298,"date":"2022-02-04T00:29:24","date_gmt":"2022-02-04T00:29:24","guid":{"rendered":"https:\/\/gifex.com\/fr\/?post_type=ficha&#038;p=2298"},"modified":"2025-04-23T23:47:55","modified_gmt":"2025-04-23T23:47:55","slug":"carte-du-canton-de-bale-campagne","status":"publish","type":"ficha","link":"https:\/\/gifex.com\/fr\/fichier\/carte-du-canton-de-bale-campagne\/","title":{"rendered":"Carte du canton de B\u00e2le-Campagne"},"content":{"rendered":"<figure id=\"attachment_44111\" aria-describedby=\"caption-attachment-44111\" style=\"width: 360px\" class=\"wp-caption alignright\"><a href=\"https:\/\/gifex.com\/fr\/wp-content\/uploads\/2298\/Carte-de-localisation-du-canton-de-Bale-Campagne.png\" target=\"_blank\" rel=\"noopener\"><img fetchpriority=\"high\" decoding=\"async\" class=\"wp-image-44111\" title=\"Carte de localisation du canton de B\u00e2le-Campagne.\" src=\"https:\/\/gifex.com\/fr\/wp-content\/uploads\/2298\/Carte-de-localisation-du-canton-de-Bale-Campagne-300x192.png\" alt=\"Carte de localisation du canton de B\u00e2le-Campagne.\" width=\"360\" height=\"231\" srcset=\"https:\/\/gifex.com\/fr\/wp-content\/uploads\/2298\/Carte-de-localisation-du-canton-de-Bale-Campagne-300x192.png 300w, https:\/\/gifex.com\/fr\/wp-content\/uploads\/2298\/Carte-de-localisation-du-canton-de-Bale-Campagne-1024x657.png 1024w, https:\/\/gifex.com\/fr\/wp-content\/uploads\/2298\/Carte-de-localisation-du-canton-de-Bale-Campagne-768x493.png 768w, https:\/\/gifex.com\/fr\/wp-content\/uploads\/2298\/Carte-de-localisation-du-canton-de-Bale-Campagne-1536x985.png 1536w, https:\/\/gifex.com\/fr\/wp-content\/uploads\/2298\/Carte-de-localisation-du-canton-de-Bale-Campagne-2048x1314.png 2048w, https:\/\/gifex.com\/fr\/wp-content\/uploads\/2298\/Carte-de-localisation-du-canton-de-Bale-Campagne-1600x1026.png 1600w\" sizes=\"(max-width: 360px) 100vw, 360px\" \/><\/a><figcaption id=\"caption-attachment-44111\" class=\"wp-caption-text\"><label style=\"font-size: 15px;\">Carte de localisation du canton de B\u00e2le-Campagne.<\/label><\/figcaption><\/figure>\n<p><strong>Carte du canton de B\u00e2le-Campagne <a href=\"https:\/\/gifex.com\/fr\/wp-content\/uploads\/2298\/Carte-du-canton-de-Bale-Campagne.pdf\" target=\"_blank\" rel=\"noopener\">(format pdf)<\/a><\/strong>, l&#8217;un des 26 cantons formant la Conf\u00e9d\u00e9ration suisse. Il est compos\u00e9 de cinq districts et sa capitale est Liestal. Il est traditionnellement consid\u00e9r\u00e9 comme un \u00ab demi-canton \u00bb, l&#8217;autre moiti\u00e9 \u00e9tant B\u00e2le-Ville, son homologue urbain.<\/p>\n<ul>\n<li>Superficie totale du canton de B\u00e2le-Campagne 517,56\u00a0km\u00b2<\/li>\n<li>En 2019 la population du canton \u00e9tait de 289\u00a0468<\/li>\n<li>Le chef-lieu de B\u00e2le-Campagne est la ville de Liestal<\/li>\n<\/ul>\n<p>Avec B\u00e2le-Ville, B\u00e2le-Campagne faisait partie du canton de B\u00e2le, qui a rejoint l&#8217;ancienne Conf\u00e9d\u00e9ration suisse en 1501. Des querelles politiques et des conflits arm\u00e9s ont conduit \u00e0 la partition du canton en 1833.<\/p>\n<p><strong>G\u00e9ographie<\/strong><\/p>\n<figure id=\"attachment_54681\" aria-describedby=\"caption-attachment-54681\" style=\"width: 360px\" class=\"wp-caption alignright\"><a href=\"https:\/\/gifex.com\/fr\/wp-content\/uploads\/2298\/Carte-physique-du-canton-de-Bale-Campagne.jpg\" target=\"_blank\" rel=\"noopener\"><img decoding=\"async\" class=\"wp-image-54681\" title=\"Carte physique du canton de B\u00e2le-Campagne.\" src=\"https:\/\/gifex.com\/fr\/wp-content\/uploads\/2298\/Carte-physique-du-canton-de-Bale-Campagne-300x200.jpg\" alt=\"Carte physique du canton de B\u00e2le-Campagne.\" width=\"360\" height=\"240\" srcset=\"https:\/\/gifex.com\/fr\/wp-content\/uploads\/2298\/Carte-physique-du-canton-de-Bale-Campagne-300x200.jpg 300w, https:\/\/gifex.com\/fr\/wp-content\/uploads\/2298\/Carte-physique-du-canton-de-Bale-Campagne-1024x683.jpg 1024w, https:\/\/gifex.com\/fr\/wp-content\/uploads\/2298\/Carte-physique-du-canton-de-Bale-Campagne-768x512.jpg 768w, https:\/\/gifex.com\/fr\/wp-content\/uploads\/2298\/Carte-physique-du-canton-de-Bale-Campagne-1536x1024.jpg 1536w, https:\/\/gifex.com\/fr\/wp-content\/uploads\/2298\/Carte-physique-du-canton-de-Bale-Campagne-2048x1365.jpg 2048w, https:\/\/gifex.com\/fr\/wp-content\/uploads\/2298\/Carte-physique-du-canton-de-Bale-Campagne-1600x1067.jpg 1600w\" sizes=\"(max-width: 360px) 100vw, 360px\" \/><\/a><figcaption id=\"caption-attachment-54681\" class=\"wp-caption-text\"><label style=\"font-size: 15px;\">Carte physique du canton de B\u00e2le-Campagne <a href=\"https:\/\/gifex.com\/fr\/wp-content\/uploads\/2298\/Carte-physique-du-canton-de-Bale-Campagne.pdf\" target=\"_blank\" rel=\"noopener\">(format pdf)<\/a>.<\/label><\/figcaption><\/figure>\n<p>B\u00e2le-Campagne est l&#8217;un des cantons les plus septentrionaux de la Suisse. Elle se situe essentiellement au sud du Rhin et au nord du massif du Jura. Le canton partage des fronti\u00e8res avec le canton de B\u00e2le-Ville au nord, le canton d&#8217;Argovie \u00e0 l&#8217;est, le canton de Soleure au sud et le canton du Jura \u00e0 l&#8217;ouest. Il partage \u00e9galement des fronti\u00e8res internationales avec la France et l&#8217;Allemagne au nord.<\/p>\n<p><strong>\u00c9conomie<\/strong><\/p>\n<p>L&#8217;agriculture du canton comprend l&#8217;arboriculture fruiti\u00e8re, l&#8217;\u00e9levage laitier et l&#8217;\u00e9levage bovin. Les industries importantes comprennent les textiles, les m\u00e9taux et les produits chimiques.<\/p>\n<p>Le canton de B\u00e2le-Campagne fait partie de la r\u00e9gion \u00e9conomique autour de B\u00e2le qui comprend des parties de la France et de l&#8217;Allemagne ainsi que les deux demi-cantons de B\u00e2le. Depuis les ann\u00e9es 1960, des accords sont en vigueur pour renforcer les contacts au sein de la Regio Basiliensis. Cette coop\u00e9ration \u00e9conomique est souvent consid\u00e9r\u00e9e comme la plus intensive d&#8217;Europe.<\/p>\n<figure id=\"attachment_54683\" aria-describedby=\"caption-attachment-54683\" style=\"width: 360px\" class=\"wp-caption alignright\"><a href=\"https:\/\/gifex.com\/fr\/wp-content\/uploads\/2298\/Carte-des-communes-du-canton-de-Bale-Campagne-2011.jpg\" target=\"_blank\" rel=\"noopener\"><img decoding=\"async\" class=\"wp-image-54683\" title=\"Carte des communes du canton de B\u00e2le-Campagne.\" src=\"https:\/\/gifex.com\/fr\/wp-content\/uploads\/2298\/Carte-des-communes-du-canton-de-Bale-Campagne-2011-300x159.jpg\" alt=\"Carte des communes du canton de B\u00e2le-Campagne.\" width=\"360\" height=\"191\" srcset=\"https:\/\/gifex.com\/fr\/wp-content\/uploads\/2298\/Carte-des-communes-du-canton-de-Bale-Campagne-2011-300x159.jpg 300w, https:\/\/gifex.com\/fr\/wp-content\/uploads\/2298\/Carte-des-communes-du-canton-de-Bale-Campagne-2011-1024x543.jpg 1024w, https:\/\/gifex.com\/fr\/wp-content\/uploads\/2298\/Carte-des-communes-du-canton-de-Bale-Campagne-2011-768x407.jpg 768w, https:\/\/gifex.com\/fr\/wp-content\/uploads\/2298\/Carte-des-communes-du-canton-de-Bale-Campagne-2011-1536x815.jpg 1536w, https:\/\/gifex.com\/fr\/wp-content\/uploads\/2298\/Carte-des-communes-du-canton-de-Bale-Campagne-2011-2048x1086.jpg 2048w, https:\/\/gifex.com\/fr\/wp-content\/uploads\/2298\/Carte-des-communes-du-canton-de-Bale-Campagne-2011-1600x849.jpg 1600w\" sizes=\"(max-width: 360px) 100vw, 360px\" \/><\/a><figcaption id=\"caption-attachment-54683\" class=\"wp-caption-text\"><label style=\"font-size: 15px;\">Carte des communes du canton de B\u00e2le-Campagne.<\/label><\/figcaption><\/figure>\n<p>Du 17<sup>e<\/sup> si\u00e8cle au d\u00e9but du 20<sup>e<\/sup> si\u00e8cle, le tissage de la soie \u00e9tait important \u00e0 B\u00e2le-Campagne. Des usines ont \u00e9t\u00e9 cr\u00e9\u00e9es d\u00e8s 1850, suite \u00e0 la d\u00e9couverte de sel dans des gisements souterrains, fondant des industries telles que l&#8217;industrie chimique \u00e0 Schweizerhalle. L&#8217;industrie chimique fait de B\u00e2le l&#8217;une des r\u00e9gions les plus riches de Suisse.<\/p>\n<p>L&#8217;industrie chimique n&#8217;est pas le seul employeur du canton. Les petites et moyennes entreprises repr\u00e9sentent environ un quart de l&#8217;\u00e9conomie cantonale. Beaucoup d&#8217;entre eux, cependant, sont li\u00e9s aux grands employeurs.<\/p>\n<p><strong>Communes<\/strong><\/p>\n<p>En 2008, le canton de B\u00e2le-Campagne compte 86 communes, r\u00e9parties dans 5 districts.<\/p>\n<div class=\"boxscrl\">\n<table width=\"458\">\n<tbody>\n<tr>\n<td colspan=\"5\" width=\"458\">Les communes et leurs districts<\/td>\n<\/tr>\n<tr>\n<td rowspan=\"2\" width=\"120\">Commune<\/td>\n<td rowspan=\"2\" width=\"83\">District<\/td>\n<td width=\"111\">Population<\/td>\n<td width=\"70\">Superficie<\/td>\n<td width=\"74\">Densit\u00e9<\/td>\n<\/tr>\n<tr>\n<td width=\"111\">(d\u00e9cembre 2020)<\/td>\n<td width=\"70\">(km\u00b2)<\/td>\n<td width=\"74\">(hab.\/km\u00b2)<\/td>\n<\/tr>\n<tr>\n<td width=\"120\">Aesch<\/td>\n<td width=\"83\">Arlesheim<\/td>\n<td width=\"111\">10\u00a0314<\/td>\n<td width=\"70\">7,39<\/td>\n<td width=\"74\">1\u00a0396<\/td>\n<\/tr>\n<tr>\n<td width=\"120\">Allschwil<\/td>\n<td width=\"83\">Arlesheim<\/td>\n<td width=\"111\">21\u00a0374<\/td>\n<td width=\"70\">8,92<\/td>\n<td width=\"74\">2\u00a0396<\/td>\n<\/tr>\n<tr>\n<td width=\"120\">Anwil<\/td>\n<td width=\"83\">Sissach<\/td>\n<td width=\"111\">542<\/td>\n<td width=\"70\">3,96<\/td>\n<td width=\"74\">137<\/td>\n<\/tr>\n<tr>\n<td width=\"120\">Arboldswil<\/td>\n<td width=\"83\">Waldenburg<\/td>\n<td width=\"111\">564<\/td>\n<td width=\"70\">3,48<\/td>\n<td width=\"74\">162<\/td>\n<\/tr>\n<tr>\n<td width=\"120\">Arisdorf<\/td>\n<td width=\"83\">Liestal<\/td>\n<td width=\"111\">1\u00a0691<\/td>\n<td width=\"70\">10<\/td>\n<td width=\"74\">169<\/td>\n<\/tr>\n<tr>\n<td width=\"120\">Arlesheim<\/td>\n<td width=\"83\">Arlesheim<\/td>\n<td width=\"111\">9\u00a0217<\/td>\n<td width=\"70\">6,93<\/td>\n<td width=\"74\">1\u00a0330<\/td>\n<\/tr>\n<tr>\n<td width=\"120\">Augst<\/td>\n<td width=\"83\">Liestal<\/td>\n<td width=\"111\">1\u00a0061<\/td>\n<td width=\"70\">1,64<\/td>\n<td width=\"74\">647<\/td>\n<\/tr>\n<tr>\n<td width=\"120\">Bennwil<\/td>\n<td width=\"83\">Waldenburg<\/td>\n<td width=\"111\">675<\/td>\n<td width=\"70\">6,51<\/td>\n<td width=\"74\">104<\/td>\n<\/tr>\n<tr>\n<td width=\"120\">Biel-Benken<\/td>\n<td width=\"83\">Arlesheim<\/td>\n<td width=\"111\">3\u00a0561<\/td>\n<td width=\"70\">4,12<\/td>\n<td width=\"74\">864<\/td>\n<\/tr>\n<tr>\n<td width=\"120\">Binningen<\/td>\n<td width=\"83\">Arlesheim<\/td>\n<td width=\"111\">15\u00a0771<\/td>\n<td width=\"70\">4,43<\/td>\n<td width=\"74\">3\u00a0560<\/td>\n<\/tr>\n<tr>\n<td width=\"120\">Birsfelden<\/td>\n<td width=\"83\">Arlesheim<\/td>\n<td width=\"111\">10\u00a0396<\/td>\n<td width=\"70\">2,52<\/td>\n<td width=\"74\">4\u00a0125<\/td>\n<\/tr>\n<tr>\n<td width=\"120\">Blauen<\/td>\n<td width=\"83\">Laufon<\/td>\n<td width=\"111\">689<\/td>\n<td width=\"70\">7,13<\/td>\n<td width=\"74\">97<\/td>\n<\/tr>\n<tr>\n<td width=\"120\">B\u00f6ckten<\/td>\n<td width=\"83\">Sissach<\/td>\n<td width=\"111\">823<\/td>\n<td width=\"70\">2,28<\/td>\n<td width=\"74\">361<\/td>\n<\/tr>\n<tr>\n<td width=\"120\">Bottmingen<\/td>\n<td width=\"83\">Arlesheim<\/td>\n<td width=\"111\">6\u00a0875<\/td>\n<td width=\"70\">2,99<\/td>\n<td width=\"74\">2\u00a0299<\/td>\n<\/tr>\n<tr>\n<td width=\"120\">Bretzwil<\/td>\n<td width=\"83\">Waldenburg<\/td>\n<td width=\"111\">743<\/td>\n<td width=\"70\">7,33<\/td>\n<td width=\"74\">101<\/td>\n<\/tr>\n<tr>\n<td width=\"120\">Brislach<\/td>\n<td width=\"83\">Laufon<\/td>\n<td width=\"111\">1\u00a0690<\/td>\n<td width=\"70\">9,39<\/td>\n<td width=\"74\">180<\/td>\n<\/tr>\n<tr>\n<td width=\"120\">Bubendorf<\/td>\n<td width=\"83\">Liestal<\/td>\n<td width=\"111\">4\u00a0353<\/td>\n<td width=\"70\">10,8<\/td>\n<td width=\"74\">403<\/td>\n<\/tr>\n<tr>\n<td width=\"120\">Buckten<\/td>\n<td width=\"83\">Sissach<\/td>\n<td width=\"111\">702<\/td>\n<td width=\"70\">1,99<\/td>\n<td width=\"74\">353<\/td>\n<\/tr>\n<tr>\n<td width=\"120\">Burg im Leimental<\/td>\n<td width=\"83\">Laufon<\/td>\n<td width=\"111\">280<\/td>\n<td width=\"70\">2,83<\/td>\n<td width=\"74\">99<\/td>\n<\/tr>\n<tr>\n<td width=\"120\">Buus<\/td>\n<td width=\"83\">Sissach<\/td>\n<td width=\"111\">1\u00a0083<\/td>\n<td width=\"70\">8,85<\/td>\n<td width=\"74\">122<\/td>\n<\/tr>\n<tr>\n<td width=\"120\">Diegten<\/td>\n<td width=\"83\">Waldenburg<\/td>\n<td width=\"111\">1\u00a0615<\/td>\n<td width=\"70\">9,64<\/td>\n<td width=\"74\">168<\/td>\n<\/tr>\n<tr>\n<td width=\"120\">Diepflingen<\/td>\n<td width=\"83\">Sissach<\/td>\n<td width=\"111\">756<\/td>\n<td width=\"70\">1,44<\/td>\n<td width=\"74\">525<\/td>\n<\/tr>\n<tr>\n<td width=\"120\">Dittingen<\/td>\n<td width=\"83\">Laufon<\/td>\n<td width=\"111\">742<\/td>\n<td width=\"70\">6,75<\/td>\n<td width=\"74\">110<\/td>\n<\/tr>\n<tr>\n<td width=\"120\">Duggingen<\/td>\n<td width=\"83\">Laufon<\/td>\n<td width=\"111\">1\u00a0554<\/td>\n<td width=\"70\">5,87<\/td>\n<td width=\"74\">265<\/td>\n<\/tr>\n<tr>\n<td width=\"120\">Eptingen<\/td>\n<td width=\"83\">Waldenburg<\/td>\n<td width=\"111\">543<\/td>\n<td width=\"70\">11,19<\/td>\n<td width=\"74\">49<\/td>\n<\/tr>\n<tr>\n<td width=\"120\">Ettingen<\/td>\n<td width=\"83\">Arlesheim<\/td>\n<td width=\"111\">5\u00a0448<\/td>\n<td width=\"70\">6,35<\/td>\n<td width=\"74\">858<\/td>\n<\/tr>\n<tr>\n<td width=\"120\">Frenkendorf<\/td>\n<td width=\"83\">Liestal<\/td>\n<td width=\"111\">6\u00a0481<\/td>\n<td width=\"70\">4,6<\/td>\n<td width=\"74\">1\u00a0409<\/td>\n<\/tr>\n<tr>\n<td width=\"120\">F\u00fcllinsdorf<\/td>\n<td width=\"83\">Liestal<\/td>\n<td width=\"111\">4\u00a0549<\/td>\n<td width=\"70\">4,61<\/td>\n<td width=\"74\">987<\/td>\n<\/tr>\n<tr>\n<td width=\"120\">Gelterkinden<\/td>\n<td width=\"83\">Sissach<\/td>\n<td width=\"111\">6\u00a0218<\/td>\n<td width=\"70\">9,79<\/td>\n<td width=\"74\">635<\/td>\n<\/tr>\n<tr>\n<td width=\"120\">Giebenach<\/td>\n<td width=\"83\">Liestal<\/td>\n<td width=\"111\">1\u00a0086<\/td>\n<td width=\"70\">1,34<\/td>\n<td width=\"74\">810<\/td>\n<\/tr>\n<tr>\n<td width=\"120\">Grellingen<\/td>\n<td width=\"83\">Laufon<\/td>\n<td width=\"111\">1\u00a0860<\/td>\n<td width=\"70\">3,31<\/td>\n<td width=\"74\">562<\/td>\n<\/tr>\n<tr>\n<td width=\"120\">H\u00e4felfingen<\/td>\n<td width=\"83\">Sissach<\/td>\n<td width=\"111\">253<\/td>\n<td width=\"70\">3,96<\/td>\n<td width=\"74\">64<\/td>\n<\/tr>\n<tr>\n<td width=\"120\">Hemmiken<\/td>\n<td width=\"83\">Sissach<\/td>\n<td width=\"111\">258<\/td>\n<td width=\"70\">3,39<\/td>\n<td width=\"74\">76<\/td>\n<\/tr>\n<tr>\n<td width=\"120\">Hersberg<\/td>\n<td width=\"83\">Liestal<\/td>\n<td width=\"111\">350<\/td>\n<td width=\"70\">1,67<\/td>\n<td width=\"74\">210<\/td>\n<\/tr>\n<tr>\n<td width=\"120\">H\u00f6lstein<\/td>\n<td width=\"83\">Waldenburg<\/td>\n<td width=\"111\">2\u00a0560<\/td>\n<td width=\"70\">6,03<\/td>\n<td width=\"74\">425<\/td>\n<\/tr>\n<tr>\n<td width=\"120\">Itingen<\/td>\n<td width=\"83\">Sissach<\/td>\n<td width=\"111\">2\u00a0186<\/td>\n<td width=\"70\">3,14<\/td>\n<td width=\"74\">696<\/td>\n<\/tr>\n<tr>\n<td width=\"120\">K\u00e4nerkinden<\/td>\n<td width=\"83\">Sissach<\/td>\n<td width=\"111\">535<\/td>\n<td width=\"70\">1,48<\/td>\n<td width=\"74\">361<\/td>\n<\/tr>\n<tr>\n<td width=\"120\">Kilchberg<\/td>\n<td width=\"83\">Sissach<\/td>\n<td width=\"111\">161<\/td>\n<td width=\"70\">1,59<\/td>\n<td width=\"74\">101<\/td>\n<\/tr>\n<tr>\n<td width=\"120\">Lampenberg<\/td>\n<td width=\"83\">Waldenburg<\/td>\n<td width=\"111\">520<\/td>\n<td width=\"70\">3,99<\/td>\n<td width=\"74\">130<\/td>\n<\/tr>\n<tr>\n<td width=\"120\">Langenbruck<\/td>\n<td width=\"83\">Waldenburg<\/td>\n<td width=\"111\">951<\/td>\n<td width=\"70\">15,69<\/td>\n<td width=\"74\">61<\/td>\n<\/tr>\n<tr>\n<td width=\"120\">L\u00e4ufelfingen<\/td>\n<td width=\"83\">Sissach<\/td>\n<td width=\"111\">1\u00a0270<\/td>\n<td width=\"70\">8,15<\/td>\n<td width=\"74\">156<\/td>\n<\/tr>\n<tr>\n<td width=\"120\">Laufon<\/td>\n<td width=\"83\">Laufon<\/td>\n<td width=\"111\">5\u00a0777<\/td>\n<td width=\"70\">11,37<\/td>\n<td width=\"74\">508<\/td>\n<\/tr>\n<tr>\n<td width=\"120\">Lausen<\/td>\n<td width=\"83\">Liestal<\/td>\n<td width=\"111\">5\u00a0463<\/td>\n<td width=\"70\">5,56<\/td>\n<td width=\"74\">983<\/td>\n<\/tr>\n<tr>\n<td width=\"120\">Lauwil<\/td>\n<td width=\"83\">Waldenburg<\/td>\n<td width=\"111\">308<\/td>\n<td width=\"70\">7,27<\/td>\n<td width=\"74\">42<\/td>\n<\/tr>\n<tr>\n<td width=\"120\">Liedertswil<\/td>\n<td width=\"83\">Waldenburg<\/td>\n<td width=\"111\">161<\/td>\n<td width=\"70\">1,94<\/td>\n<td width=\"74\">83<\/td>\n<\/tr>\n<tr>\n<td width=\"120\">Liesberg<\/td>\n<td width=\"83\">Laufon<\/td>\n<td width=\"111\">1\u00a0101<\/td>\n<td width=\"70\">12,49<\/td>\n<td width=\"74\">88<\/td>\n<\/tr>\n<tr>\n<td width=\"120\">Liestal<\/td>\n<td width=\"83\">Liestal<\/td>\n<td width=\"111\">14\u00a0769<\/td>\n<td width=\"70\">18,19<\/td>\n<td width=\"74\">812<\/td>\n<\/tr>\n<tr>\n<td width=\"120\">Lupsingen<\/td>\n<td width=\"83\">Liestal<\/td>\n<td width=\"111\">1\u00a0440<\/td>\n<td width=\"70\">3,12<\/td>\n<td width=\"74\">462<\/td>\n<\/tr>\n<tr>\n<td width=\"120\">Maisprach<\/td>\n<td width=\"83\">Sissach<\/td>\n<td width=\"111\">931<\/td>\n<td width=\"70\">5,07<\/td>\n<td width=\"74\">184<\/td>\n<\/tr>\n<tr>\n<td width=\"120\">M\u00fcnchenstein<\/td>\n<td width=\"83\">Arlesheim<\/td>\n<td width=\"111\">12\u00a0063<\/td>\n<td width=\"70\">7,18<\/td>\n<td width=\"74\">1\u00a0680<\/td>\n<\/tr>\n<tr>\n<td width=\"120\">Muttenz<\/td>\n<td width=\"83\">Arlesheim<\/td>\n<td width=\"111\">17\u00a0938<\/td>\n<td width=\"70\">16,64<\/td>\n<td width=\"74\">1\u00a0078<\/td>\n<\/tr>\n<tr>\n<td width=\"120\">Nenzlingen<\/td>\n<td width=\"83\">Laufon<\/td>\n<td width=\"111\">447<\/td>\n<td width=\"70\">3,66<\/td>\n<td width=\"74\">122<\/td>\n<\/tr>\n<tr>\n<td width=\"120\">Niederdorf<\/td>\n<td width=\"83\">Waldenburg<\/td>\n<td width=\"111\">1\u00a0822<\/td>\n<td width=\"70\">4,41<\/td>\n<td width=\"74\">413<\/td>\n<\/tr>\n<tr>\n<td width=\"120\">Nusshof<\/td>\n<td width=\"83\">Sissach<\/td>\n<td width=\"111\">259<\/td>\n<td width=\"70\">1,72<\/td>\n<td width=\"74\">151<\/td>\n<\/tr>\n<tr>\n<td width=\"120\">Oberdorf<\/td>\n<td width=\"83\">Waldenburg<\/td>\n<td width=\"111\">2\u00a0432<\/td>\n<td width=\"70\">6,19<\/td>\n<td width=\"74\">393<\/td>\n<\/tr>\n<tr>\n<td width=\"120\">Oberwil<\/td>\n<td width=\"83\">Arlesheim<\/td>\n<td width=\"111\">11\u00a0104<\/td>\n<td width=\"70\">7,88<\/td>\n<td width=\"74\">1\u00a0409<\/td>\n<\/tr>\n<tr>\n<td width=\"120\">Oltingen<\/td>\n<td width=\"83\">Sissach<\/td>\n<td width=\"111\">506<\/td>\n<td width=\"70\">7,18<\/td>\n<td width=\"74\">70<\/td>\n<\/tr>\n<tr>\n<td width=\"120\">Ormalingen<\/td>\n<td width=\"83\">Sissach<\/td>\n<td width=\"111\">2\u00a0282<\/td>\n<td width=\"70\">6,94<\/td>\n<td width=\"74\">329<\/td>\n<\/tr>\n<tr>\n<td width=\"120\">Pfeffingen<\/td>\n<td width=\"83\">Arlesheim<\/td>\n<td width=\"111\">2\u00a0408<\/td>\n<td width=\"70\">4,9<\/td>\n<td width=\"74\">491<\/td>\n<\/tr>\n<tr>\n<td width=\"120\">Pratteln<\/td>\n<td width=\"83\">Liestal<\/td>\n<td width=\"111\">16\u00a0606<\/td>\n<td width=\"70\">10,69<\/td>\n<td width=\"74\">1\u00a0553<\/td>\n<\/tr>\n<tr>\n<td width=\"120\">Ramlinsburg<\/td>\n<td width=\"83\">Liestal<\/td>\n<td width=\"111\">721<\/td>\n<td width=\"70\">2,24<\/td>\n<td width=\"74\">322<\/td>\n<\/tr>\n<tr>\n<td width=\"120\">Reigoldswil<\/td>\n<td width=\"83\">Waldenburg<\/td>\n<td width=\"111\">1\u00a0585<\/td>\n<td width=\"70\">9,25<\/td>\n<td width=\"74\">171<\/td>\n<\/tr>\n<tr>\n<td width=\"120\">Reinach<\/td>\n<td width=\"83\">Arlesheim<\/td>\n<td width=\"111\">19\u00a0159<\/td>\n<td width=\"70\">7<\/td>\n<td width=\"74\">2\u00a0737<\/td>\n<\/tr>\n<tr>\n<td width=\"120\">Rickenbach<\/td>\n<td width=\"83\">Sissach<\/td>\n<td width=\"111\">608<\/td>\n<td width=\"70\">2,89<\/td>\n<td width=\"74\">210<\/td>\n<\/tr>\n<tr>\n<td width=\"120\">Roggenburg<\/td>\n<td width=\"83\">Laufon<\/td>\n<td width=\"111\">269<\/td>\n<td width=\"70\">6,65<\/td>\n<td width=\"74\">40<\/td>\n<\/tr>\n<tr>\n<td width=\"120\">R\u00f6schenz<\/td>\n<td width=\"83\">Laufon<\/td>\n<td width=\"111\">1\u00a0898<\/td>\n<td width=\"70\">10,07<\/td>\n<td width=\"74\">188<\/td>\n<\/tr>\n<tr>\n<td width=\"120\">Rothenfluh<\/td>\n<td width=\"83\">Sissach<\/td>\n<td width=\"111\">783<\/td>\n<td width=\"70\">10,93<\/td>\n<td width=\"74\">72<\/td>\n<\/tr>\n<tr>\n<td width=\"120\">R\u00fcmlingen<\/td>\n<td width=\"83\">Sissach<\/td>\n<td width=\"111\">434<\/td>\n<td width=\"70\">2,28<\/td>\n<td width=\"74\">190<\/td>\n<\/tr>\n<tr>\n<td width=\"120\">R\u00fcnenberg<\/td>\n<td width=\"83\">Sissach<\/td>\n<td width=\"111\">761<\/td>\n<td width=\"70\">4,98<\/td>\n<td width=\"74\">153<\/td>\n<\/tr>\n<tr>\n<td width=\"120\">Sch\u00f6nenbuch<\/td>\n<td width=\"83\">Arlesheim<\/td>\n<td width=\"111\">1\u00a0433<\/td>\n<td width=\"70\">1,36<\/td>\n<td width=\"74\">1\u00a0054<\/td>\n<\/tr>\n<tr>\n<td width=\"120\">Seltisberg<\/td>\n<td width=\"83\">Liestal<\/td>\n<td width=\"111\">1\u00a0307<\/td>\n<td width=\"70\">3,57<\/td>\n<td width=\"74\">366<\/td>\n<\/tr>\n<tr>\n<td width=\"120\">Sissach<\/td>\n<td width=\"83\">Sissach<\/td>\n<td width=\"111\">6\u00a0706<\/td>\n<td width=\"70\">8,87<\/td>\n<td width=\"74\">756<\/td>\n<\/tr>\n<tr>\n<td width=\"120\">Tecknau<\/td>\n<td width=\"83\">Sissach<\/td>\n<td width=\"111\">828<\/td>\n<td width=\"70\">2,35<\/td>\n<td width=\"74\">352<\/td>\n<\/tr>\n<tr>\n<td width=\"120\">Tenniken<\/td>\n<td width=\"83\">Sissach<\/td>\n<td width=\"111\">928<\/td>\n<td width=\"70\">4,66<\/td>\n<td width=\"74\">199<\/td>\n<\/tr>\n<tr>\n<td width=\"120\">Therwil<\/td>\n<td width=\"83\">Arlesheim<\/td>\n<td width=\"111\">9\u00a0979<\/td>\n<td width=\"70\">7,63<\/td>\n<td width=\"74\">1\u00a0308<\/td>\n<\/tr>\n<tr>\n<td width=\"120\">Th\u00fcrnen<\/td>\n<td width=\"83\">Sissach<\/td>\n<td width=\"111\">1\u00a0376<\/td>\n<td width=\"70\">2,25<\/td>\n<td width=\"74\">612<\/td>\n<\/tr>\n<tr>\n<td width=\"120\">Titterten<\/td>\n<td width=\"83\">Waldenburg<\/td>\n<td width=\"111\">419<\/td>\n<td width=\"70\">3,71<\/td>\n<td width=\"74\">113<\/td>\n<\/tr>\n<tr>\n<td width=\"120\">Wahlen<\/td>\n<td width=\"83\">Laufon<\/td>\n<td width=\"111\">1\u00a0500<\/td>\n<td width=\"70\">5,42<\/td>\n<td width=\"74\">277<\/td>\n<\/tr>\n<tr>\n<td width=\"120\">Waldenburg<\/td>\n<td width=\"83\">Waldenburg<\/td>\n<td width=\"111\">1\u00a0133<\/td>\n<td width=\"70\">8,3<\/td>\n<td width=\"74\">137<\/td>\n<\/tr>\n<tr>\n<td width=\"120\">Wenslingen<\/td>\n<td width=\"83\">Sissach<\/td>\n<td width=\"111\">696<\/td>\n<td width=\"70\">5,91<\/td>\n<td width=\"74\">118<\/td>\n<\/tr>\n<tr>\n<td width=\"120\">Wintersingen<\/td>\n<td width=\"83\">Sissach<\/td>\n<td width=\"111\">638<\/td>\n<td width=\"70\">6,95<\/td>\n<td width=\"74\">92<\/td>\n<\/tr>\n<tr>\n<td width=\"120\">Wittinsburg<\/td>\n<td width=\"83\">Sissach<\/td>\n<td width=\"111\">430<\/td>\n<td width=\"70\">3,21<\/td>\n<td width=\"74\">134<\/td>\n<\/tr>\n<tr>\n<td width=\"120\">Zeglingen<\/td>\n<td width=\"83\">Sissach<\/td>\n<td width=\"111\">494<\/td>\n<td width=\"70\">7,91<\/td>\n<td width=\"74\">62<\/td>\n<\/tr>\n<tr>\n<td width=\"120\">Ziefen<\/td>\n<td width=\"83\">Liestal<\/td>\n<td width=\"111\">1\u00a0637<\/td>\n<td width=\"70\">7,8<\/td>\n<td width=\"74\">210<\/td>\n<\/tr>\n<tr>\n<td width=\"120\">Zunzgen<\/td>\n<td width=\"83\">Sissach<\/td>\n<td width=\"111\">2\u00a0616<\/td>\n<td width=\"70\">6,88<\/td>\n<td width=\"74\">380<\/td>\n<\/tr>\n<tr>\n<td width=\"120\">Zwingen<\/td>\n<td width=\"83\">Laufon<\/td>\n<td width=\"111\">2\u00a0514<\/td>\n<td width=\"70\">4,62<\/td>\n<td width=\"74\">544<\/td>\n<\/tr>\n<\/tbody>\n<\/table>\n<\/div>\n<p>&nbsp;<\/p>\n<figure id=\"attachment_54684\" aria-describedby=\"caption-attachment-54684\" style=\"width: 400px\" class=\"wp-caption aligncenter\"><a href=\"https:\/\/gifex.com\/fr\/wp-content\/uploads\/2298\/Carte-topographique-du-canton-de-Bale-Campagne.png\" target=\"_blank\" rel=\"noopener\"><img loading=\"lazy\" decoding=\"async\" class=\"wp-image-54684\" title=\"Carte topographique du canton de B\u00e2le-Campagne.\" src=\"https:\/\/gifex.com\/fr\/wp-content\/uploads\/2298\/Carte-topographique-du-canton-de-Bale-Campagne-300x181.png\" alt=\"Carte topographique du canton de B\u00e2le-Campagne.\" width=\"400\" height=\"242\" srcset=\"https:\/\/gifex.com\/fr\/wp-content\/uploads\/2298\/Carte-topographique-du-canton-de-Bale-Campagne-300x181.png 300w, https:\/\/gifex.com\/fr\/wp-content\/uploads\/2298\/Carte-topographique-du-canton-de-Bale-Campagne-1024x619.png 1024w, https:\/\/gifex.com\/fr\/wp-content\/uploads\/2298\/Carte-topographique-du-canton-de-Bale-Campagne-768x465.png 768w, https:\/\/gifex.com\/fr\/wp-content\/uploads\/2298\/Carte-topographique-du-canton-de-Bale-Campagne-1536x929.png 1536w, https:\/\/gifex.com\/fr\/wp-content\/uploads\/2298\/Carte-topographique-du-canton-de-Bale-Campagne-1600x968.png 1600w, https:\/\/gifex.com\/fr\/wp-content\/uploads\/2298\/Carte-topographique-du-canton-de-Bale-Campagne.png 1906w\" sizes=\"(max-width: 400px) 100vw, 400px\" \/><\/a><figcaption id=\"caption-attachment-54684\" class=\"wp-caption-text\"><label style=\"font-size: 15px;\">Carte topographique du canton de B\u00e2le-Campagne.<\/label><\/figcaption><\/figure>\n","protected":false},"excerpt":{"rendered":"<p>Carte du canton de B\u00e2le-Campagne (format pdf), l&#8217;un des 26 cantons formant la Conf\u00e9d\u00e9ration suisse. Il est compos\u00e9 de cinq districts et sa capitale est &#8230;<\/p>\n","protected":false},"author":1,"featured_media":54686,"template":"","categoria_ficha":[139],"class_list":["post-2298","ficha","type-ficha","status-publish","has-post-thumbnail","hentry","categoria_ficha-cartes-de-la-suisse"],"acf":[],"_links":{"self":[{"href":"https:\/\/gifex.com\/fr\/wp-json\/wp\/v2\/ficha\/2298","targetHints":{"allow":["GET"]}}],"collection":[{"href":"https:\/\/gifex.com\/fr\/wp-json\/wp\/v2\/ficha"}],"about":[{"href":"https:\/\/gifex.com\/fr\/wp-json\/wp\/v2\/types\/ficha"}],"author":[{"embeddable":true,"href":"https:\/\/gifex.com\/fr\/wp-json\/wp\/v2\/users\/1"}],"version-history":[{"count":12,"href":"https:\/\/gifex.com\/fr\/wp-json\/wp\/v2\/ficha\/2298\/revisions"}],"predecessor-version":[{"id":16167,"href":"https:\/\/gifex.com\/fr\/wp-json\/wp\/v2\/ficha\/2298\/revisions\/16167"}],"wp:featuredmedia":[{"embeddable":true,"href":"https:\/\/gifex.com\/fr\/wp-json\/wp\/v2\/media\/54686"}],"wp:attachment":[{"href":"https:\/\/gifex.com\/fr\/wp-json\/wp\/v2\/media?parent=2298"}],"wp:term":[{"taxonomy":"categoria_ficha","embeddable":true,"href":"https:\/\/gifex.com\/fr\/wp-json\/wp\/v2\/categoria_ficha?post=2298"}],"curies":[{"name":"wp","href":"https:\/\/api.w.org\/{rel}","templated":true}]}}