{"id":2290,"date":"2022-02-04T00:29:14","date_gmt":"2022-02-04T00:29:14","guid":{"rendered":"https:\/\/gifex.com\/fr\/?post_type=ficha&#038;p=2290"},"modified":"2024-11-22T19:10:52","modified_gmt":"2024-11-22T19:10:52","slug":"carte-du-canton-d-appenzell-rhodes-exterieures","status":"publish","type":"ficha","link":"https:\/\/gifex.com\/fr\/fichier\/carte-du-canton-d-appenzell-rhodes-exterieures\/","title":{"rendered":"Carte du canton d&#8217;Appenzell Rhodes-Ext\u00e9rieures"},"content":{"rendered":"<figure id=\"attachment_44119\" aria-describedby=\"caption-attachment-44119\" style=\"width: 360px\" class=\"wp-caption alignright\"><a href=\"https:\/\/gifex.com\/fr\/wp-content\/uploads\/2290\/Carte-de-localisation-du-canton-d-Appenzell-Rhodes-Exterieures.png\" target=\"_blank\" rel=\"noopener\"><img fetchpriority=\"high\" decoding=\"async\" class=\"wp-image-44119\" title=\"Carte de localisation du canton d'Appenzell Rhodes-Ext\u00e9rieures.\" src=\"https:\/\/gifex.com\/fr\/wp-content\/uploads\/2290\/Carte-de-localisation-du-canton-d-Appenzell-Rhodes-Exterieures-300x192.png\" alt=\"Carte de localisation du canton d'Appenzell Rhodes-Ext\u00e9rieures.\" width=\"360\" height=\"231\" srcset=\"https:\/\/gifex.com\/fr\/wp-content\/uploads\/2290\/Carte-de-localisation-du-canton-d-Appenzell-Rhodes-Exterieures-300x192.png 300w, https:\/\/gifex.com\/fr\/wp-content\/uploads\/2290\/Carte-de-localisation-du-canton-d-Appenzell-Rhodes-Exterieures-1024x657.png 1024w, https:\/\/gifex.com\/fr\/wp-content\/uploads\/2290\/Carte-de-localisation-du-canton-d-Appenzell-Rhodes-Exterieures-768x493.png 768w, https:\/\/gifex.com\/fr\/wp-content\/uploads\/2290\/Carte-de-localisation-du-canton-d-Appenzell-Rhodes-Exterieures-1536x985.png 1536w, https:\/\/gifex.com\/fr\/wp-content\/uploads\/2290\/Carte-de-localisation-du-canton-d-Appenzell-Rhodes-Exterieures-2048x1314.png 2048w, https:\/\/gifex.com\/fr\/wp-content\/uploads\/2290\/Carte-de-localisation-du-canton-d-Appenzell-Rhodes-Exterieures-1600x1026.png 1600w\" sizes=\"(max-width: 360px) 100vw, 360px\" \/><\/a><figcaption id=\"caption-attachment-44119\" class=\"wp-caption-text\"><label style=\"font-size: 15px;\">Carte de localisation du canton d&#8217;Appenzell Rhodes-Ext\u00e9rieures.<\/label><\/figcaption><\/figure>\n<p><strong>Carte du canton d&#8217;Appenzell Rhodes-Ext\u00e9rieures <a href=\"https:\/\/gifex.com\/fr\/wp-content\/uploads\/2290\/Carte-du-canton-d-Appenzell-Rhodes-Exterieures.pdf\" target=\"_blank\" rel=\"noopener\">(format pdf)<\/a><\/strong>, l&#8217;un des 26 cantons formant la Conf\u00e9d\u00e9ration suisse. Il est compos\u00e9 d&#8217;une vingtaine de communes. Le si\u00e8ge du gouvernement et du parlement est Herisau, et le si\u00e8ge des autorit\u00e9s judiciaires est \u00e0 Trogen. Il est traditionnellement consid\u00e9r\u00e9 comme un \u00ab demi-canton \u00bb, l&#8217;autre moiti\u00e9 \u00e9tant Appenzell Rhodes-Int\u00e9rieures.<\/p>\n<ul>\n<li>Superficie totale du canton d&#8217;Appenzell Rhodes-Ext\u00e9rieures 242,86\u00a0km\u00b2<\/li>\n<li>En 2019 la population du canton \u00e9tait de 55\u00a0445<\/li>\n<li>Les chefs-lieux d&#8217;Appenzell Rhodes-Ext\u00e9rieures sont Herisau et Trogen<\/li>\n<\/ul>\n<figure id=\"attachment_54696\" aria-describedby=\"caption-attachment-54696\" style=\"width: 360px\" class=\"wp-caption alignright\"><a href=\"https:\/\/gifex.com\/fr\/wp-content\/uploads\/2290\/Carte-des-communes-du-canton-d-Appenzell-Rhodes-Exterieures-2011.jpg\" target=\"_blank\" rel=\"noopener\"><img decoding=\"async\" class=\"wp-image-54696\" title=\"Carte des communes du canton d'Appenzell Rhodes-Ext\u00e9rieures.\" src=\"https:\/\/gifex.com\/fr\/wp-content\/uploads\/2290\/Carte-des-communes-du-canton-d-Appenzell-Rhodes-Exterieures-2011-300x230.jpg\" alt=\"Carte des communes du canton d'Appenzell Rhodes-Ext\u00e9rieures.\" width=\"360\" height=\"276\" srcset=\"https:\/\/gifex.com\/fr\/wp-content\/uploads\/2290\/Carte-des-communes-du-canton-d-Appenzell-Rhodes-Exterieures-2011-300x230.jpg 300w, https:\/\/gifex.com\/fr\/wp-content\/uploads\/2290\/Carte-des-communes-du-canton-d-Appenzell-Rhodes-Exterieures-2011-1024x786.jpg 1024w, https:\/\/gifex.com\/fr\/wp-content\/uploads\/2290\/Carte-des-communes-du-canton-d-Appenzell-Rhodes-Exterieures-2011-768x589.jpg 768w, https:\/\/gifex.com\/fr\/wp-content\/uploads\/2290\/Carte-des-communes-du-canton-d-Appenzell-Rhodes-Exterieures-2011-1536x1179.jpg 1536w, https:\/\/gifex.com\/fr\/wp-content\/uploads\/2290\/Carte-des-communes-du-canton-d-Appenzell-Rhodes-Exterieures-2011-2048x1571.jpg 2048w, https:\/\/gifex.com\/fr\/wp-content\/uploads\/2290\/Carte-des-communes-du-canton-d-Appenzell-Rhodes-Exterieures-2011-1600x1228.jpg 1600w\" sizes=\"(max-width: 360px) 100vw, 360px\" \/><\/a><figcaption id=\"caption-attachment-54696\" class=\"wp-caption-text\"><label style=\"font-size: 15px;\">Carte des communes du canton d&#8217;Appenzell Rhodes-Ext\u00e9rieures.<\/label><\/figcaption><\/figure>\n<p>Appenzell Rhodes-Ext\u00e9rieures faisait partie du canton historique d&#8217;Appenzell, qui a \u00e9t\u00e9 divis\u00e9 en Appenzell Rhodes-Int\u00e9rieures et Appenzell Rhodes-Ext\u00e9rieures depuis 1597 \u00e0 la suite de la R\u00e9forme suisse.<\/p>\n<p><strong>G\u00e9ographie<\/strong><\/p>\n<p>Appenzell Rhodes-Ext\u00e9rieures est situ\u00e9e au nord-est de la Suisse. Avec le canton d&#8217;Appenzell Rhodes-Int\u00e9rieures, elle forme une enclave dans le canton de Saint-Gall. Le canton est essentiellement situ\u00e9 dans les contreforts alpins du massif de l&#8217;Alpstein, culminant au S\u00e4ntis.<\/p>\n<p>Le canton culmine au S\u00e4ntis, \u00e0 2 502 m d&#8217;altitude, et son point le plus bas se trouve \u00e0 Lutzenberg, \u00e0 430 m d&#8217;altitude. Avec 242,86 km\u00b2, Appenzell Rhodes-Ext\u00e9rieures est le quatri\u00e8me plus petit canton de Suisse ; seuls les cantons d&#8217;Appenzell Rhodes-Int\u00e9rieures, de B\u00e2le-Ville et de Zoug sont plus petits.<\/p>\n<p><strong>Communes<\/strong><\/p>\n<p>En 2021, le canton d&#8217;Appenzell Rhodes-Ext\u00e9rieures compte 20 communes ; il n&#8217;est plus subdivis\u00e9 en districts depuis 1995.<\/p>\n<div class=\"boxscrl\">\n<table width=\"371\">\n<tbody>\n<tr>\n<td colspan=\"4\" width=\"371\">Les communes du canton d&#8217;Appenzell Rhodes-Ext\u00e9rieures<\/td>\n<\/tr>\n<tr>\n<td width=\"98\">Commune<\/td>\n<td width=\"106\">Population 2020<\/td>\n<td width=\"100\">Superficie\u00a0 km\u00b2<\/td>\n<td width=\"67\">hab.\/ km\u00b2<\/td>\n<\/tr>\n<tr>\n<td width=\"98\">B\u00fchler<\/td>\n<td width=\"106\">1\u00a0860<\/td>\n<td width=\"100\">5,61<\/td>\n<td width=\"67\">332<\/td>\n<\/tr>\n<tr>\n<td width=\"98\">Gais<\/td>\n<td width=\"106\">3\u00a0066<\/td>\n<td width=\"100\">21,23<\/td>\n<td width=\"67\">144<\/td>\n<\/tr>\n<tr>\n<td width=\"98\">Grub<\/td>\n<td width=\"106\">980<\/td>\n<td width=\"100\">4,22<\/td>\n<td width=\"67\">232<\/td>\n<\/tr>\n<tr>\n<td width=\"98\">Heiden<\/td>\n<td width=\"106\">4\u00a0188<\/td>\n<td width=\"100\">7,47<\/td>\n<td width=\"67\">561<\/td>\n<\/tr>\n<tr>\n<td width=\"98\">Herisau<\/td>\n<td width=\"106\">15\u00a0649<\/td>\n<td width=\"100\">25,2<\/td>\n<td width=\"67\">621<\/td>\n<\/tr>\n<tr>\n<td width=\"98\">Hundwil<\/td>\n<td width=\"106\">968<\/td>\n<td width=\"100\">23,96<\/td>\n<td width=\"67\">40<\/td>\n<\/tr>\n<tr>\n<td width=\"98\">Lutzenberg<\/td>\n<td width=\"106\">1\u00a0271<\/td>\n<td width=\"100\">2,26<\/td>\n<td width=\"67\">562<\/td>\n<\/tr>\n<tr>\n<td width=\"98\">Rehetobel<\/td>\n<td width=\"106\">1\u00a0726<\/td>\n<td width=\"100\">6,72<\/td>\n<td width=\"67\">257<\/td>\n<\/tr>\n<tr>\n<td width=\"98\">Reute<\/td>\n<td width=\"106\">690<\/td>\n<td width=\"100\">4,99<\/td>\n<td width=\"67\">138<\/td>\n<\/tr>\n<tr>\n<td width=\"98\">Sch\u00f6nengrund<\/td>\n<td width=\"106\">528<\/td>\n<td width=\"100\">5,21<\/td>\n<td width=\"67\">101<\/td>\n<\/tr>\n<tr>\n<td width=\"98\">Schwellbrunn<\/td>\n<td width=\"106\">1\u00a0550<\/td>\n<td width=\"100\">17,4<\/td>\n<td width=\"67\">89<\/td>\n<\/tr>\n<tr>\n<td width=\"98\">Speicher<\/td>\n<td width=\"106\">4\u00a0434<\/td>\n<td width=\"100\">8,17<\/td>\n<td width=\"67\">543<\/td>\n<\/tr>\n<tr>\n<td width=\"98\">Stein<\/td>\n<td width=\"106\">1\u00a0388<\/td>\n<td width=\"100\">9,37<\/td>\n<td width=\"67\">148<\/td>\n<\/tr>\n<tr>\n<td width=\"98\">Teufen<\/td>\n<td width=\"106\">6\u00a0364<\/td>\n<td width=\"100\">15,24<\/td>\n<td width=\"67\">418<\/td>\n<\/tr>\n<tr>\n<td width=\"98\">Trogen<\/td>\n<td width=\"106\">1\u00a0822<\/td>\n<td width=\"100\">10,02<\/td>\n<td width=\"67\">182<\/td>\n<\/tr>\n<tr>\n<td width=\"98\">Urn\u00e4sch<\/td>\n<td width=\"106\">2\u00a0263<\/td>\n<td width=\"100\">48,31<\/td>\n<td width=\"67\">47<\/td>\n<\/tr>\n<tr>\n<td width=\"98\">Wald<\/td>\n<td width=\"106\">882<\/td>\n<td width=\"100\">6,82<\/td>\n<td width=\"67\">129<\/td>\n<\/tr>\n<tr>\n<td width=\"98\">Waldstatt<\/td>\n<td width=\"106\">1\u00a0803<\/td>\n<td width=\"100\">6,74<\/td>\n<td width=\"67\">268<\/td>\n<\/tr>\n<tr>\n<td width=\"98\">Walzenhausen<\/td>\n<td width=\"106\">2\u00a0031<\/td>\n<td width=\"100\">6,97<\/td>\n<td width=\"67\">291<\/td>\n<\/tr>\n<tr>\n<td width=\"98\">Wolfhalden<\/td>\n<td width=\"106\">1\u00a0846<\/td>\n<td width=\"100\">6,95<\/td>\n<td width=\"67\">266<\/td>\n<\/tr>\n<\/tbody>\n<\/table>\n<\/div>\n<p>&nbsp;<\/p>\n<div style=\"clear: both; display: inline-block; width: 100%;\">\n<div class=\"row\">\n<div class=\"col-sm\">\n<figure id=\"attachment_54699\" aria-describedby=\"caption-attachment-54699\" style=\"width: 400px\" class=\"wp-caption alignleft\"><a href=\"https:\/\/gifex.com\/fr\/wp-content\/uploads\/2290\/Carte-topographique-du-canton-d-Appenzell-Rhodes-Exterieures.png\" target=\"_blank\" rel=\"noopener\"><img decoding=\"async\" class=\"wp-image-54699\" title=\"Carte topographique du canton d\u2019Appenzell Rhodes-Ext\u00e9rieures.\" src=\"https:\/\/gifex.com\/fr\/wp-content\/uploads\/2290\/Carte-topographique-du-canton-d-Appenzell-Rhodes-Exterieures-300x231.png\" alt=\"Carte topographique du canton d\u2019Appenzell Rhodes-Ext\u00e9rieures.\" width=\"400\" height=\"308\" srcset=\"https:\/\/gifex.com\/fr\/wp-content\/uploads\/2290\/Carte-topographique-du-canton-d-Appenzell-Rhodes-Exterieures-300x231.png 300w, https:\/\/gifex.com\/fr\/wp-content\/uploads\/2290\/Carte-topographique-du-canton-d-Appenzell-Rhodes-Exterieures-1024x789.png 1024w, https:\/\/gifex.com\/fr\/wp-content\/uploads\/2290\/Carte-topographique-du-canton-d-Appenzell-Rhodes-Exterieures-768x592.png 768w, https:\/\/gifex.com\/fr\/wp-content\/uploads\/2290\/Carte-topographique-du-canton-d-Appenzell-Rhodes-Exterieures-1536x1184.png 1536w, https:\/\/gifex.com\/fr\/wp-content\/uploads\/2290\/Carte-topographique-du-canton-d-Appenzell-Rhodes-Exterieures-1600x1234.png 1600w, https:\/\/gifex.com\/fr\/wp-content\/uploads\/2290\/Carte-topographique-du-canton-d-Appenzell-Rhodes-Exterieures.png 1646w\" sizes=\"(max-width: 400px) 100vw, 400px\" \/><\/a><figcaption id=\"caption-attachment-54699\" class=\"wp-caption-text\"><label style=\"font-size: 15px;\">Carte topographique du canton d\u2019Appenzell Rhodes-Ext\u00e9rieures.<\/label><\/figcaption><\/figure>\n<\/div>\n<div class=\"col-sm\">\n<p><figure id=\"attachment_54697\" aria-describedby=\"caption-attachment-54697\" style=\"width: 400px\" class=\"wp-caption alignright\"><a href=\"https:\/\/gifex.com\/fr\/wp-content\/uploads\/2290\/Carte-physique-du-canton-d-Appenzell-Rhodes-Exterieures.jpg\" target=\"_blank\" rel=\"noopener\"><img loading=\"lazy\" decoding=\"async\" class=\"wp-image-54697\" title=\"Carte physique du canton d\u2019Appenzell Rhodes-Ext\u00e9rieures.\" src=\"https:\/\/gifex.com\/fr\/wp-content\/uploads\/2290\/Carte-physique-du-canton-d-Appenzell-Rhodes-Exterieures-300x200.jpg\" alt=\"Carte physique du canton d\u2019Appenzell Rhodes-Ext\u00e9rieures.\" width=\"400\" height=\"267\" srcset=\"https:\/\/gifex.com\/fr\/wp-content\/uploads\/2290\/Carte-physique-du-canton-d-Appenzell-Rhodes-Exterieures-300x200.jpg 300w, https:\/\/gifex.com\/fr\/wp-content\/uploads\/2290\/Carte-physique-du-canton-d-Appenzell-Rhodes-Exterieures-1024x683.jpg 1024w, https:\/\/gifex.com\/fr\/wp-content\/uploads\/2290\/Carte-physique-du-canton-d-Appenzell-Rhodes-Exterieures-768x512.jpg 768w, https:\/\/gifex.com\/fr\/wp-content\/uploads\/2290\/Carte-physique-du-canton-d-Appenzell-Rhodes-Exterieures-1536x1024.jpg 1536w, https:\/\/gifex.com\/fr\/wp-content\/uploads\/2290\/Carte-physique-du-canton-d-Appenzell-Rhodes-Exterieures-2048x1365.jpg 2048w, https:\/\/gifex.com\/fr\/wp-content\/uploads\/2290\/Carte-physique-du-canton-d-Appenzell-Rhodes-Exterieures-1600x1067.jpg 1600w\" sizes=\"(max-width: 400px) 100vw, 400px\" \/><\/a><figcaption id=\"caption-attachment-54697\" class=\"wp-caption-text\"><label style=\"font-size: 15px;\">Carte physique du canton d\u2019Appenzell Rhodes-Ext\u00e9rieures <a href=\"https:\/\/gifex.com\/fr\/wp-content\/uploads\/2290\/Carte-physique-du-canton-d-Appenzell-Rhodes-Exterieures.pdf\" target=\"_blank\" rel=\"noopener\">(format pdf)<\/a>.<\/label><\/figcaption><\/figure><\/div>\n<\/div>\n<\/div>\n","protected":false},"excerpt":{"rendered":"<p>Carte du canton d&#8217;Appenzell Rhodes-Ext\u00e9rieures (format pdf), l&#8217;un des 26 cantons formant la Conf\u00e9d\u00e9ration suisse. Il est compos\u00e9 d&#8217;une vingtaine de communes. <\/p>\n","protected":false},"author":1,"featured_media":54700,"template":"","categoria_ficha":[139],"class_list":["post-2290","ficha","type-ficha","status-publish","has-post-thumbnail","hentry","categoria_ficha-cartes-de-la-suisse"],"acf":[],"_links":{"self":[{"href":"https:\/\/gifex.com\/fr\/wp-json\/wp\/v2\/ficha\/2290","targetHints":{"allow":["GET"]}}],"collection":[{"href":"https:\/\/gifex.com\/fr\/wp-json\/wp\/v2\/ficha"}],"about":[{"href":"https:\/\/gifex.com\/fr\/wp-json\/wp\/v2\/types\/ficha"}],"author":[{"embeddable":true,"href":"https:\/\/gifex.com\/fr\/wp-json\/wp\/v2\/users\/1"}],"version-history":[{"count":10,"href":"https:\/\/gifex.com\/fr\/wp-json\/wp\/v2\/ficha\/2290\/revisions"}],"predecessor-version":[{"id":44118,"href":"https:\/\/gifex.com\/fr\/wp-json\/wp\/v2\/ficha\/2290\/revisions\/44118"}],"wp:featuredmedia":[{"embeddable":true,"href":"https:\/\/gifex.com\/fr\/wp-json\/wp\/v2\/media\/54700"}],"wp:attachment":[{"href":"https:\/\/gifex.com\/fr\/wp-json\/wp\/v2\/media?parent=2290"}],"wp:term":[{"taxonomy":"categoria_ficha","embeddable":true,"href":"https:\/\/gifex.com\/fr\/wp-json\/wp\/v2\/categoria_ficha?post=2290"}],"curies":[{"name":"wp","href":"https:\/\/api.w.org\/{rel}","templated":true}]}}