{"id":211,"date":"2022-02-04T00:09:24","date_gmt":"2022-02-04T00:09:24","guid":{"rendered":"https:\/\/gifex.com\/fr\/?post_type=ficha&#038;p=211"},"modified":"2022-11-29T15:51:12","modified_gmt":"2022-11-29T15:51:12","slug":"vue-satellite-des-pyrenees-entre-la-france-et-l-espagne","status":"publish","type":"ficha","link":"https:\/\/gifex.com\/fr\/fichier\/vue-satellite-des-pyrenees-entre-la-france-et-l-espagne\/","title":{"rendered":"Vue satellite des Pyr\u00e9n\u00e9es entre la France et l&#8217;Espagne"},"content":{"rendered":"<p>Vue sur <strong>les Pyr\u00e9n\u00e9es entre la France et l&#8217;Espagne<\/strong> prise en avril 1985. Les montagnes enneig\u00e9es, qui forment une formidable barri\u00e8re physique entre la France au nord (\u00e0 gauche) et l&#8217;Espagne au sud (\u00e0 droite), sont l&#8217;objectif principal de cette photographie oblique \u00e0 basse altitude, orient\u00e9e vers le sud-est. \u00c0 peine interrompues par des cols accessibles et perc\u00e9es \u00e0 seulement deux endroits par des tunnels ferroviaires, les Pyr\u00e9n\u00e9es constituent une fronti\u00e8re naturelle id\u00e9ale entre la p\u00e9ninsule ib\u00e9rique et le reste de l&#8217;Europe. Le flanc nord des Pyr\u00e9n\u00e9es est caract\u00e9ris\u00e9 par une s\u00e9rie de grands d\u00e9p\u00f4ts alluviaux qui se d\u00e9ploient dans le sud-ouest de la France. La zone plus sombre et \u00e0 peu pr\u00e8s triangulaire du sud-ouest de la France fait partie du Bassin aquitain bois\u00e9. Le flanc sud des Pyr\u00e9n\u00e9es (Espagne) est caract\u00e9ris\u00e9 par l&#8217;aridit\u00e9 et des conditions montagneuses tr\u00e8s accident\u00e9es. Les \u00e9tablissements humains sont rares dans l&#8217;ensemble des Pyr\u00e9n\u00e9es. Cependant, parce que la r\u00e9gion est riche en eaux min\u00e9rales, il existe des dizaines de stations d&#8217;eaux min\u00e9rales et les sports d&#8217;hiver attirent les visiteurs du sud-ouest de la France. Le tr\u00e8s petit pays montagneux d&#8217;Andorre (non distinguable sur cette photographie) a surv\u00e9cu dans une haute vall\u00e9e des Pyr\u00e9n\u00e9es inaccessible. Image satellite des \u201cPyr\u00e9n\u00e9es entre la France et l&#8217;Espagne\u201d courtoisie de la NASA.<\/p>\n","protected":false},"excerpt":{"rendered":"<p>Vue sur les Pyr\u00e9n\u00e9es entre la France et l&#8217;Espagne prise en avril 1985. Les montagnes enneig\u00e9es, qui forment une formidable barri\u00e8re physique entre la France au nord (\u00e0 gauche) et l&#8217;Espagne au sud (\u00e0 droite), sont l&#8217;objectif principal de cette photographie oblique \u00e0 basse altitude, orient\u00e9e vers le s<\/p>\n","protected":false},"author":1,"featured_media":4168,"template":"","categoria_ficha":[111,45],"class_list":["post-211","ficha","type-ficha","status-publish","has-post-thumbnail","hentry","categoria_ficha-cartes-de-l-espagne","categoria_ficha-cartes-de-la-france"],"acf":[],"_links":{"self":[{"href":"https:\/\/gifex.com\/fr\/wp-json\/wp\/v2\/ficha\/211","targetHints":{"allow":["GET"]}}],"collection":[{"href":"https:\/\/gifex.com\/fr\/wp-json\/wp\/v2\/ficha"}],"about":[{"href":"https:\/\/gifex.com\/fr\/wp-json\/wp\/v2\/types\/ficha"}],"author":[{"embeddable":true,"href":"https:\/\/gifex.com\/fr\/wp-json\/wp\/v2\/users\/1"}],"version-history":[{"count":5,"href":"https:\/\/gifex.com\/fr\/wp-json\/wp\/v2\/ficha\/211\/revisions"}],"predecessor-version":[{"id":26533,"href":"https:\/\/gifex.com\/fr\/wp-json\/wp\/v2\/ficha\/211\/revisions\/26533"}],"wp:featuredmedia":[{"embeddable":true,"href":"https:\/\/gifex.com\/fr\/wp-json\/wp\/v2\/media\/4168"}],"wp:attachment":[{"href":"https:\/\/gifex.com\/fr\/wp-json\/wp\/v2\/media?parent=211"}],"wp:term":[{"taxonomy":"categoria_ficha","embeddable":true,"href":"https:\/\/gifex.com\/fr\/wp-json\/wp\/v2\/categoria_ficha?post=211"}],"curies":[{"name":"wp","href":"https:\/\/api.w.org\/{rel}","templated":true}]}}