{"id":1834,"date":"2022-02-04T00:24:32","date_gmt":"2022-02-04T00:24:32","guid":{"rendered":"https:\/\/gifex.com\/fr\/?post_type=ficha&#038;p=1834"},"modified":"2023-02-09T12:45:18","modified_gmt":"2023-02-09T12:45:18","slug":"image-satellite-de-dakar-capitale-du-senegal","status":"publish","type":"ficha","link":"https:\/\/gifex.com\/fr\/fichier\/image-satellite-de-dakar-capitale-du-senegal\/","title":{"rendered":"Image satellite de Dakar, capitale du S\u00e9n\u00e9gal"},"content":{"rendered":"<p>Dans les ann\u00e9es 40, <strong>Dakar<\/strong> n&#8217;occupait que la pointe sud de la presqu&#8217;\u00eele du Cap-Vert. Aujourd&#8217;hui, le paysage urbain s&#8217;est \u00e9tendu \u00e0 la fois vers le nord et vers l&#8217;est. Dans la partie sud de cette vue satellite, les piliers de la p\u00e9ninsule font saillie dans l&#8217;oc\u00e9an, ressemblant \u00e0 des rang\u00e9es de dents dentel\u00e9es. Dans toute la partie sud de la p\u00e9ninsule, des teintes grises, des lignes droites et des angles vifs r\u00e9v\u00e8lent des routes pav\u00e9es et des b\u00e2timents qui s&#8217;\u00e9tendent vers le nord. Au nord-ouest, une longue ligne droite encadr\u00e9e de vert indique la piste de l&#8217;a\u00e9roport international Blaise-Diagne. A l&#8217;est de l&#8217;a\u00e9roport, un grand espace vert d\u00e9voile le Technop\u00f4le, un espace prot\u00e9g\u00e9 et une destination ornithologique appr\u00e9ci\u00e9e. Image satellite de Dakar, capitale du S\u00e9n\u00e9gal gracieuset\u00e9 de la NASA.<\/p>\n","protected":false},"excerpt":{"rendered":"<p>Dans les ann\u00e9es 40, Dakar n&#8217;occupait que la pointe sud de la presqu&#8217;\u00eele du Cap-Vert. Aujourd&#8217;hui, le paysage urbain s&#8217;est \u00e9tendu \u00e0 la fois vers le nord et vers l&#8217;est. Dans la partie sud de cette vue satellite, les pilie<\/p>\n","protected":false},"author":1,"featured_media":6007,"template":"","categoria_ficha":[230],"class_list":["post-1834","ficha","type-ficha","status-publish","has-post-thumbnail","hentry","categoria_ficha-cartes-du-senegal"],"acf":[],"_links":{"self":[{"href":"https:\/\/gifex.com\/fr\/wp-json\/wp\/v2\/ficha\/1834","targetHints":{"allow":["GET"]}}],"collection":[{"href":"https:\/\/gifex.com\/fr\/wp-json\/wp\/v2\/ficha"}],"about":[{"href":"https:\/\/gifex.com\/fr\/wp-json\/wp\/v2\/types\/ficha"}],"author":[{"embeddable":true,"href":"https:\/\/gifex.com\/fr\/wp-json\/wp\/v2\/users\/1"}],"version-history":[{"count":3,"href":"https:\/\/gifex.com\/fr\/wp-json\/wp\/v2\/ficha\/1834\/revisions"}],"predecessor-version":[{"id":19917,"href":"https:\/\/gifex.com\/fr\/wp-json\/wp\/v2\/ficha\/1834\/revisions\/19917"}],"wp:featuredmedia":[{"embeddable":true,"href":"https:\/\/gifex.com\/fr\/wp-json\/wp\/v2\/media\/6007"}],"wp:attachment":[{"href":"https:\/\/gifex.com\/fr\/wp-json\/wp\/v2\/media?parent=1834"}],"wp:term":[{"taxonomy":"categoria_ficha","embeddable":true,"href":"https:\/\/gifex.com\/fr\/wp-json\/wp\/v2\/categoria_ficha?post=1834"}],"curies":[{"name":"wp","href":"https:\/\/api.w.org\/{rel}","templated":true}]}}