{"id":16664,"date":"2022-06-25T15:29:57","date_gmt":"2022-06-25T15:29:57","guid":{"rendered":"https:\/\/gifex.com\/fr\/?post_type=ficha&#038;p=16664"},"modified":"2023-03-25T13:57:24","modified_gmt":"2023-03-25T13:57:24","slug":"plan-des-transports-en-commun-lyonnais","status":"publish","type":"ficha","link":"https:\/\/gifex.com\/fr\/fichier\/plan-des-transports-en-commun-lyonnais\/","title":{"rendered":"Plan des transports en commun lyonnais"},"content":{"rendered":"<p style=\"text-align: center;\"><label style=\"font-size: 15px;\">Carte des transports en commun de Lyon.<\/label><\/p>\n<p>Le r\u00e9seau TCL (Transports en commun lyonnais), qui dessert 66 communes de l&#8217;agglom\u00e9ration, est le deuxi\u00e8me r\u00e9seau de transport public de France apr\u00e8s celui de la RATP \u00e0 Paris. Il est g\u00e9r\u00e9 par l&#8217;autorit\u00e9 publique Sytral et exploit\u00e9 par Keolis Lyon. Le r\u00e9seau TCL comprend :<\/p>\n<figure id=\"attachment_16666\" aria-describedby=\"caption-attachment-16666\" style=\"width: 360px\" class=\"wp-caption alignright\"><a href=\"https:\/\/gifex.com\/fr\/wp-content\/uploads\/16664\/Plan-des-transports-en-commun-du-centre-ville-de-Lyon.jpg\" target=\"_blank\" rel=\"noopener\"><img fetchpriority=\"high\" decoding=\"async\" class=\"wp-image-16666\" title=\"Plan des transports en commun du centre-ville de Lyon.\" src=\"https:\/\/gifex.com\/fr\/wp-content\/uploads\/16664\/Plan-des-transports-en-commun-du-centre-ville-de-Lyon-285x300.jpg\" alt=\"Plan des transports en commun du centre-ville de Lyon.\" width=\"360\" height=\"378\" srcset=\"https:\/\/gifex.com\/fr\/wp-content\/uploads\/16664\/Plan-des-transports-en-commun-du-centre-ville-de-Lyon-285x300.jpg 285w, https:\/\/gifex.com\/fr\/wp-content\/uploads\/16664\/Plan-des-transports-en-commun-du-centre-ville-de-Lyon-974x1024.jpg 974w, https:\/\/gifex.com\/fr\/wp-content\/uploads\/16664\/Plan-des-transports-en-commun-du-centre-ville-de-Lyon-768x807.jpg 768w, https:\/\/gifex.com\/fr\/wp-content\/uploads\/16664\/Plan-des-transports-en-commun-du-centre-ville-de-Lyon-1461x1536.jpg 1461w, https:\/\/gifex.com\/fr\/wp-content\/uploads\/16664\/Plan-des-transports-en-commun-du-centre-ville-de-Lyon-1948x2048.jpg 1948w, https:\/\/gifex.com\/fr\/wp-content\/uploads\/16664\/Plan-des-transports-en-commun-du-centre-ville-de-Lyon-300x315.jpg 300w, https:\/\/gifex.com\/fr\/wp-content\/uploads\/16664\/Plan-des-transports-en-commun-du-centre-ville-de-Lyon-1522x1600.jpg 1522w\" sizes=\"(max-width: 360px) 100vw, 360px\" \/><\/a><figcaption id=\"caption-attachment-16666\" class=\"wp-caption-text\"><label style=\"font-size: 15px;\">Plan des transports en commun du centre-ville de Lyon.<\/label><\/figcaption><\/figure>\n<ul>\n<li>4 lignes de m\u00e9tro,<\/li>\n<li>7 lignes de tramway,<\/li>\n<li>2 lignes de funiculaire,<\/li>\n<li>9 lignes de trolleybus dont trois sont des bus \u00e0 haut niveau de service,<\/li>\n<li>123 lignes d&#8217;autobus,<\/li>\n<li>131 lignes de bus scolaires,<\/li>\n<\/ul>\n<p>Lyon est la seule agglom\u00e9ration fran\u00e7aise utilisant les trois modes lourds de transports (m\u00e9tro, tramway, trolleybus) simultan\u00e9ment.<\/p>\n<p>En 2005, la mairie de Lyon innove par l&#8217;interm\u00e9diaire de JCDecaux, en mati\u00e8re de transport urbain avec le syst\u00e8me des V\u00e9lo&#8217;v : 4000 v\u00e9los (en 2009) \u00e0 la disposition de tous, gratuitement pour les abonn\u00e9s TCL ou pour un faible co\u00fbt pour les autres.<\/p>\n<p><strong>M\u00e9tro<\/strong> ;<\/p>\n<figure id=\"attachment_16668\" aria-describedby=\"caption-attachment-16668\" style=\"width: 360px\" class=\"wp-caption alignright\"><a href=\"https:\/\/gifex.com\/fr\/wp-content\/uploads\/16664\/Rame-de-metro-MPL-85-sur-la-ligne-D-a-Gare-de-Vaise-TCL-Lyon.jpg\" target=\"_blank\" rel=\"noopener\"><img decoding=\"async\" class=\"wp-image-16668\" title=\"Rame de m\u00e9tro MPL 85 sur la ligne D \u00e0 Gare de Vaise - TCL Lyon.\" src=\"https:\/\/gifex.com\/fr\/wp-content\/uploads\/16664\/Rame-de-metro-MPL-85-sur-la-ligne-D-a-Gare-de-Vaise-TCL-Lyon-300x225.jpg\" alt=\"Rame de m\u00e9tro MPL 85 sur la ligne D \u00e0 Gare de Vaise - TCL Lyon.\" width=\"360\" height=\"270\" srcset=\"https:\/\/gifex.com\/fr\/wp-content\/uploads\/16664\/Rame-de-metro-MPL-85-sur-la-ligne-D-a-Gare-de-Vaise-TCL-Lyon-300x225.jpg 300w, https:\/\/gifex.com\/fr\/wp-content\/uploads\/16664\/Rame-de-metro-MPL-85-sur-la-ligne-D-a-Gare-de-Vaise-TCL-Lyon-1024x768.jpg 1024w, https:\/\/gifex.com\/fr\/wp-content\/uploads\/16664\/Rame-de-metro-MPL-85-sur-la-ligne-D-a-Gare-de-Vaise-TCL-Lyon-768x576.jpg 768w, https:\/\/gifex.com\/fr\/wp-content\/uploads\/16664\/Rame-de-metro-MPL-85-sur-la-ligne-D-a-Gare-de-Vaise-TCL-Lyon-1536x1152.jpg 1536w, https:\/\/gifex.com\/fr\/wp-content\/uploads\/16664\/Rame-de-metro-MPL-85-sur-la-ligne-D-a-Gare-de-Vaise-TCL-Lyon-2048x1536.jpg 2048w, https:\/\/gifex.com\/fr\/wp-content\/uploads\/16664\/Rame-de-metro-MPL-85-sur-la-ligne-D-a-Gare-de-Vaise-TCL-Lyon-800x600.jpg 800w, https:\/\/gifex.com\/fr\/wp-content\/uploads\/16664\/Rame-de-metro-MPL-85-sur-la-ligne-D-a-Gare-de-Vaise-TCL-Lyon-1600x1200.jpg 1600w\" sizes=\"(max-width: 360px) 100vw, 360px\" \/><\/a><figcaption id=\"caption-attachment-16668\" class=\"wp-caption-text\"><label style=\"font-size: 15px;\">Rame de m\u00e9tro MPL 85 sur la ligne D \u00e0 Gare de Vaise &#8211; TCL Lyon.<\/label><\/figcaption><\/figure>\n<p>Le m\u00e9tro de Lyon a \u00e9t\u00e9 inaugur\u00e9 en 1978, m\u00eame si la ligne C est en service depuis 1974. Le r\u00e9seau est compos\u00e9 de quatre lignes (A, B, C, D).<\/p>\n<p>La ligne C est une ligne \u00e0 cr\u00e9maill\u00e8re, ancien funiculaire, ce qui est une originalit\u00e9 mondiale. La ligne D est quant \u00e0 elle le premier m\u00e9tro automatique \u00e0 grand gabarit, mis en service en 1991.<\/p>\n<p>Le r\u00e9seau m\u00e9tro offre des connexions multiples avec les r\u00e9seaux de bus, trolleybus, tramway et funiculaire.<\/p>\n<p>Les gares ferroviaires lyonnaises en activit\u00e9 sont, \u00e0 l&#8217;exception de la gare Saint-Paul (\u00e0 environ 15 min \u00e0 pied de la station Vieux-Lyon), toutes desservies par le m\u00e9tro. Deux gares situ\u00e9es en proche banlieue, les gares d&#8217;Oullins et de V\u00e9nissieux, le sont \u00e9galement.<\/p>\n<p>Une \u00e9tude est en cours pour la cr\u00e9ation d&#8217;une ligne de m\u00e9tro entre Perrache ou Vieux-Lyon et Ala\u00ef, pr\u00e9vue aux environs de 2030.<\/p>\n<figure id=\"attachment_16670\" aria-describedby=\"caption-attachment-16670\" style=\"width: 360px\" class=\"wp-caption alignright\"><a href=\"https:\/\/gifex.com\/fr\/wp-content\/uploads\/16664\/Tramway-passant-sous-la-gare-de-Lyon-Perrache-2009.jpg\" target=\"_blank\" rel=\"noopener\"><img decoding=\"async\" class=\"wp-image-16670\" title=\"Tramway passant sous la gare de Lyon-Perrache.\" src=\"https:\/\/gifex.com\/fr\/wp-content\/uploads\/16664\/Tramway-passant-sous-la-gare-de-Lyon-Perrache-2009-200x300.jpg\" alt=\"Tramway passant sous la gare de Lyon-Perrache.\" width=\"360\" height=\"540\" srcset=\"https:\/\/gifex.com\/fr\/wp-content\/uploads\/16664\/Tramway-passant-sous-la-gare-de-Lyon-Perrache-2009-200x300.jpg 200w, https:\/\/gifex.com\/fr\/wp-content\/uploads\/16664\/Tramway-passant-sous-la-gare-de-Lyon-Perrache-2009-683x1024.jpg 683w, https:\/\/gifex.com\/fr\/wp-content\/uploads\/16664\/Tramway-passant-sous-la-gare-de-Lyon-Perrache-2009-768x1152.jpg 768w, https:\/\/gifex.com\/fr\/wp-content\/uploads\/16664\/Tramway-passant-sous-la-gare-de-Lyon-Perrache-2009-1024x1536.jpg 1024w, https:\/\/gifex.com\/fr\/wp-content\/uploads\/16664\/Tramway-passant-sous-la-gare-de-Lyon-Perrache-2009-1365x2048.jpg 1365w, https:\/\/gifex.com\/fr\/wp-content\/uploads\/16664\/Tramway-passant-sous-la-gare-de-Lyon-Perrache-2009-300x450.jpg 300w, https:\/\/gifex.com\/fr\/wp-content\/uploads\/16664\/Tramway-passant-sous-la-gare-de-Lyon-Perrache-2009-1067x1600.jpg 1067w\" sizes=\"(max-width: 360px) 100vw, 360px\" \/><\/a><figcaption id=\"caption-attachment-16670\" class=\"wp-caption-text\"><label style=\"font-size: 15px;\">Tramway passant sous la gare de Lyon-Perrache.<\/label><\/figcaption><\/figure>\n<p><strong>Tramway<\/strong> ;<\/p>\n<p>Lyon a connu l&#8217;\u00e2ge d&#8217;or du tramway, \u00e0 la fin du xixe si\u00e8cle et au d\u00e9but du xxe si\u00e8cle. C&#8217;est en 1956 que roule le dernier tramway urbain. Mais le 2 janvier 2001, un nouveau r\u00e9seau tramway est inaugur\u00e9.<\/p>\n<p>Aujourd&#8217;hui, le r\u00e9seau tramway de Lyon est compos\u00e9 de sept lignes (T1, T2, T3, T4, T5, T6 et Rh\u00f4nexpress). Il dessert en grande partie l&#8217;Est lyonnais (rive gauche du Rh\u00f4ne, Villeurbanne, Bron, Saint-Priest, V\u00e9nissieux, D\u00e9cines-Charpieu, Meyzieu), ainsi que les quartiers de la Confluence, de Gerland, de la Part-dieu et des Brotteaux .<\/p>\n<p>La ligne T3 est bas\u00e9e sur l&#8217;emprise de l&#8217;ancien chemin de fer de l&#8217;Est de Lyon. Depuis le 9 ao\u00fbt 2010, elle pr\u00e9sente \u00e9galement l&#8217;originalit\u00e9 de partager son infrastructure avec la ligne Rh\u00f4nexpress, ind\u00e9pendante des TCL, qui s&#8217;\u00e9tend jusqu&#8217;\u00e0 la gare de Lyon-Saint Exup\u00e9ry TGV.<\/p>\n<p>La ligne T5 a \u00e9t\u00e9 cr\u00e9\u00e9e en 2012, pour relier Grange Blanche au centre de Bron et \u00e0 Eurexpo. Elle reprend en partie le trac\u00e9 du tram T2 entre Grange Blanche et les Aliz\u00e9s.<\/p>\n<p>La Ligne T1 a \u00e9t\u00e9 prolong\u00e9e jusqu&#8217;au quartier de Gerland en passant par le nouveau quartier de la Confluence et du Mus\u00e9e des Confluences au mois de f\u00e9vrier 2014.<\/p>\n<figure id=\"attachment_16672\" aria-describedby=\"caption-attachment-16672\" style=\"width: 360px\" class=\"wp-caption alignright\"><a href=\"https:\/\/gifex.com\/fr\/wp-content\/uploads\/16664\/Trolleybus-pres-sur-la-place-des-Terreaux-a-Lyon-2006.jpg\" target=\"_blank\" rel=\"noopener\"><img loading=\"lazy\" decoding=\"async\" class=\"wp-image-16672\" title=\"Trolleybus pr\u00e8s sur la place des Terreaux \u00e0 Lyon.\" src=\"https:\/\/gifex.com\/fr\/wp-content\/uploads\/16664\/Trolleybus-pres-sur-la-place-des-Terreaux-a-Lyon-2006-300x225.jpg\" alt=\"Trolleybus pr\u00e8s sur la place des Terreaux \u00e0 Lyon.\" width=\"360\" height=\"270\" srcset=\"https:\/\/gifex.com\/fr\/wp-content\/uploads\/16664\/Trolleybus-pres-sur-la-place-des-Terreaux-a-Lyon-2006-300x225.jpg 300w, https:\/\/gifex.com\/fr\/wp-content\/uploads\/16664\/Trolleybus-pres-sur-la-place-des-Terreaux-a-Lyon-2006-1024x768.jpg 1024w, https:\/\/gifex.com\/fr\/wp-content\/uploads\/16664\/Trolleybus-pres-sur-la-place-des-Terreaux-a-Lyon-2006-768x576.jpg 768w, https:\/\/gifex.com\/fr\/wp-content\/uploads\/16664\/Trolleybus-pres-sur-la-place-des-Terreaux-a-Lyon-2006-1536x1152.jpg 1536w, https:\/\/gifex.com\/fr\/wp-content\/uploads\/16664\/Trolleybus-pres-sur-la-place-des-Terreaux-a-Lyon-2006-800x600.jpg 800w, https:\/\/gifex.com\/fr\/wp-content\/uploads\/16664\/Trolleybus-pres-sur-la-place-des-Terreaux-a-Lyon-2006-1600x1200.jpg 1600w, https:\/\/gifex.com\/fr\/wp-content\/uploads\/16664\/Trolleybus-pres-sur-la-place-des-Terreaux-a-Lyon-2006.jpg 1632w\" sizes=\"(max-width: 360px) 100vw, 360px\" \/><\/a><figcaption id=\"caption-attachment-16672\" class=\"wp-caption-text\"><label style=\"font-size: 15px;\">Trolleybus pr\u00e8s sur la place des Terreaux \u00e0 Lyon.<\/label><\/figcaption><\/figure>\n<p>La construction du Grand Stade a n\u00e9cessit\u00e9 des am\u00e9nagements. Pour y r\u00e9pondre, une desserte \u00e9v\u00e8nementielle a \u00e9t\u00e9 cr\u00e9\u00e9e en janvier 2016 sur la ligne T3, au d\u00e9part de Part-Dieu Sud, Vaulx-en-Velin &#8211; La Soie et Meyzieu les Panettes, en service les soirs de matchs.<\/p>\n<p>La Ligne T6 a \u00e9t\u00e9 cr\u00e9\u00e9e en 2019. Elle relie la station de m\u00e9tro Debourg aux H\u00f4pitaux Est en passant par le quartier des \u00c9tats-Unis et Mermoz-Pinel. Elle est connect\u00e9e aux lignes de m\u00e9tros B (\u00e0 Debourg) et D (\u00e0 Mermoz-Pinel) et aux lignes de tramways T1 (\u00e0 Debourg), T2 et T5 (\u00e0 Degenettes) et T4 (\u00e0 \u00c9tats-Unis). Une \u00e9tude est en cours pour prolonger la ligne de H\u00f4pitaux-Est \u00e0 La Doua &#8211; Gaston Berger (terminus du tram T4 et desservi par T1) et la connecter \u00e0 la ligne de m\u00e9tro A, de tramway T3 et de trolleybus C3.<\/p>\n<p><strong>Trolleybus<\/strong> ;<\/p>\n<p>Lyon dispose d&#8217;un parc de trolleybus modernes, int\u00e9gr\u00e9s pour la plupart au r\u00e9seau de bus \u00e0 haut niveau de service : Bus en mode C : Ligne C1, Ligne C2, Ligne C3, Ligne C4, Ligne C11, Ligne C13, Ligne C14, Ligne C18, Bus TCL Ligne S6.<\/p>\n","protected":false},"excerpt":{"rendered":"<p>Le r\u00e9seau TCL (Transports en commun lyonnais), qui dessert 66 communes de l&#8217;agglom&#8230;<\/p>\n","protected":false},"author":1,"featured_media":16665,"template":"","categoria_ficha":[1886],"class_list":["post-16664","ficha","type-ficha","status-publish","has-post-thumbnail","hentry","categoria_ficha-cartes-de-lyon"],"acf":[],"_links":{"self":[{"href":"https:\/\/gifex.com\/fr\/wp-json\/wp\/v2\/ficha\/16664","targetHints":{"allow":["GET"]}}],"collection":[{"href":"https:\/\/gifex.com\/fr\/wp-json\/wp\/v2\/ficha"}],"about":[{"href":"https:\/\/gifex.com\/fr\/wp-json\/wp\/v2\/types\/ficha"}],"author":[{"embeddable":true,"href":"https:\/\/gifex.com\/fr\/wp-json\/wp\/v2\/users\/1"}],"version-history":[{"count":12,"href":"https:\/\/gifex.com\/fr\/wp-json\/wp\/v2\/ficha\/16664\/revisions"}],"predecessor-version":[{"id":36641,"href":"https:\/\/gifex.com\/fr\/wp-json\/wp\/v2\/ficha\/16664\/revisions\/36641"}],"wp:featuredmedia":[{"embeddable":true,"href":"https:\/\/gifex.com\/fr\/wp-json\/wp\/v2\/media\/16665"}],"wp:attachment":[{"href":"https:\/\/gifex.com\/fr\/wp-json\/wp\/v2\/media?parent=16664"}],"wp:term":[{"taxonomy":"categoria_ficha","embeddable":true,"href":"https:\/\/gifex.com\/fr\/wp-json\/wp\/v2\/categoria_ficha?post=16664"}],"curies":[{"name":"wp","href":"https:\/\/api.w.org\/{rel}","templated":true}]}}