{"id":16434,"date":"2022-06-21T01:22:10","date_gmt":"2022-06-21T01:22:10","guid":{"rendered":"https:\/\/gifex.com\/fr\/?post_type=ficha&#038;p=16434"},"modified":"2023-02-10T15:30:17","modified_gmt":"2023-02-10T15:30:17","slug":"plan-du-15e-arrondissement-de-paris","status":"publish","type":"ficha","link":"https:\/\/gifex.com\/fr\/fichier\/plan-du-15e-arrondissement-de-paris\/","title":{"rendered":"Plan du 15e arrondissement de Paris"},"content":{"rendered":"<p style=\"text-align: center;\"><label style=\"font-size: 15px;\">Plan du 15e arrondissement de Paris.<\/label><\/p>\n<figure id=\"attachment_16438\" aria-describedby=\"caption-attachment-16438\" style=\"width: 360px\" class=\"wp-caption alignright\"><a href=\"https:\/\/gifex.com\/fr\/wp-content\/uploads\/16434\/Plan-de-localisation-du-15e-arrondissement-dans-Paris.gif\" target=\"_blank\" rel=\"noopener\"><img fetchpriority=\"high\" decoding=\"async\" class=\"wp-image-16438\" title=\"Plan de localisation du 15e arrondissement dans Paris.\" src=\"https:\/\/gifex.com\/fr\/wp-content\/uploads\/16434\/Plan-de-localisation-du-15e-arrondissement-dans-Paris-300x247.gif\" alt=\"Plan de localisation du 15e arrondissement dans Paris.\" width=\"360\" height=\"296\" srcset=\"https:\/\/gifex.com\/fr\/wp-content\/uploads\/16434\/Plan-de-localisation-du-15e-arrondissement-dans-Paris-300x247.gif 300w, https:\/\/gifex.com\/fr\/wp-content\/uploads\/16434\/Plan-de-localisation-du-15e-arrondissement-dans-Paris-768x632.gif 768w\" sizes=\"(max-width: 360px) 100vw, 360px\" \/><\/a><figcaption id=\"caption-attachment-16438\" class=\"wp-caption-text\"><label style=\"font-size: 15px;\">Plan de localisation du 15e arrondissement dans Paris.<\/label><\/figcaption><\/figure>\n<p>Le 15e arrondissement de Paris est l&#8217;un des 20 arrondissements de la capitale fran\u00e7aise. En fran\u00e7ais parl\u00e9, cet arrondissement est appel\u00e9 le quinzi\u00e8me.<\/p>\n<ul>\n<li>Population en 2019 : 230 981 hab.<\/li>\n<li>Densit\u00e9 : 27 238 hab.\/km\u00b2<\/li>\n<li>Superficie : 8,48 km\u00b2<\/li>\n<\/ul>\n<p>L&#8217;arrondissement, appel\u00e9 Vaugirard, est situ\u00e9 sur la rive gauche de la Seine. Partageant le quartier Montparnasse avec les 6e et 14e arrondissements, c&#8217;est l&#8217;arrondissement le plus peupl\u00e9 de la ville. La Tour Montparnasse &#8211; le plus haut gratte-ciel de Paris &#8211; et la Gare Montparnasse voisine sont toutes deux situ\u00e9es dans le 15e arrondissement, \u00e0 sa fronti\u00e8re avec le 14e. Il abrite \u00e9galement le centre de congr\u00e8s Paris expo Porte de Versailles et le quartier d&#8217;immeuble de grande hauteur du Front de Seine (ou Beaugrenelle).<\/p>\n<figure id=\"attachment_16440\" aria-describedby=\"caption-attachment-16440\" style=\"width: 360px\" class=\"wp-caption alignright\"><a href=\"https:\/\/gifex.com\/fr\/wp-content\/uploads\/16434\/Plan-des-quartiers-du-15e-arrondissement-de-Paris-2011.png\" target=\"_blank\" rel=\"noopener\"><img decoding=\"async\" class=\"wp-image-16440\" title=\"Plan des quartiers administratifs du 15e arrondissement de Paris.\" src=\"https:\/\/gifex.com\/fr\/wp-content\/uploads\/16434\/Plan-des-quartiers-du-15e-arrondissement-de-Paris-2011-300x254.png\" alt=\"Plan des quartiers administratifs du 15e arrondissement de Paris.\" width=\"360\" height=\"305\" srcset=\"https:\/\/gifex.com\/fr\/wp-content\/uploads\/16434\/Plan-des-quartiers-du-15e-arrondissement-de-Paris-2011-300x254.png 300w, https:\/\/gifex.com\/fr\/wp-content\/uploads\/16434\/Plan-des-quartiers-du-15e-arrondissement-de-Paris-2011-1024x867.png 1024w, https:\/\/gifex.com\/fr\/wp-content\/uploads\/16434\/Plan-des-quartiers-du-15e-arrondissement-de-Paris-2011-768x650.png 768w, https:\/\/gifex.com\/fr\/wp-content\/uploads\/16434\/Plan-des-quartiers-du-15e-arrondissement-de-Paris-2011-1536x1300.png 1536w, https:\/\/gifex.com\/fr\/wp-content\/uploads\/16434\/Plan-des-quartiers-du-15e-arrondissement-de-Paris-2011-2048x1733.png 2048w, https:\/\/gifex.com\/fr\/wp-content\/uploads\/16434\/Plan-des-quartiers-du-15e-arrondissement-de-Paris-2011-1600x1354.png 1600w\" sizes=\"(max-width: 360px) 100vw, 360px\" \/><\/a><figcaption id=\"caption-attachment-16440\" class=\"wp-caption-text\"><label style=\"font-size: 15px;\">Plan des quartiers administratifs du 15e arrondissement de Paris.<\/label><\/figcaption><\/figure>\n<p>Le pic de population du 15e arrondissement de Paris s&#8217;est produit en 1962, alors qu&#8217;il comptait 250 551 habitants. Depuis, il a perdu environ un dixi\u00e8me de sa population, mais il reste l&#8217;arrondissement le plus peupl\u00e9 de Paris, avec 225\u00a0362 habitants au recensement de 1999. Avec 144 667 emplois au m\u00eame recensement, le 15e est aussi tr\u00e8s dense en activit\u00e9s commerciales. En 2011, le revenu fiscal m\u00e9dian par m\u00e9nage \u00e9tait de 37 839 \u20ac, ce qui place le 15e arrondissement au 8e rang parmi les 20 arrondissements de Paris. Cet arrondissement abrite de nombreuses familles et est connu \u00e0 Paris comme l&#8217;un des quartiers les plus calmes de Paris. La majorit\u00e9 de l&#8217;arrondissement est relativement peu fr\u00e9quent\u00e9e par les touristes, une raret\u00e9 pour l&#8217;une des villes les plus visit\u00e9es au monde.<\/p>\n<p><strong>Quartiers<\/strong> ;<br \/>\nChacun des 20 arrondissements de Paris est divis\u00e9 en quatre quartiers administratifs.<br \/>\nLe tableau ci-dessous r\u00e9pertorie les quatre quartiers du 15e arrondissement :<\/p>\n<div class=\"boxscrl\">\n<table width=\"566\">\n<tbody>\n<tr>\n<td rowspan=\"2\" width=\"240\">Quartier<\/td>\n<td rowspan=\"2\" width=\"115\">Population<\/td>\n<td width=\"112\">Superficie<\/td>\n<td width=\"99\">Densit\u00e9<\/td>\n<\/tr>\n<tr>\n<td width=\"112\">(km<sup>2<\/sup>)<\/td>\n<td width=\"99\">(hab.\/km<sup>2<\/sup>)<\/td>\n<\/tr>\n<tr>\n<td width=\"240\">Quartier Saint-Lambert<\/td>\n<td>86,656<\/td>\n<td>2,831<\/td>\n<td width=\"99\">30,610<\/td>\n<\/tr>\n<tr>\n<td width=\"240\">Quartier Necker<\/td>\n<td width=\"115\">47,393<\/td>\n<td>1,578<\/td>\n<td>30,034<\/td>\n<\/tr>\n<tr>\n<td width=\"240\">Quartier de Grenelle<\/td>\n<td>48,021<\/td>\n<td>1,478<\/td>\n<td>32,491<\/td>\n<\/tr>\n<tr>\n<td width=\"240\">Quartier de Javel<\/td>\n<td>61,289<\/td>\n<td>2,608<\/td>\n<td>23,500<\/td>\n<\/tr>\n<tr>\n<td colspan=\"4\"><label style=\"font-size: 15px;\">* Population en 2016 Recensement de la population &#8211; Base infracommunale (IRIS).<\/label><\/td>\n<\/tr>\n<\/tbody>\n<\/table>\n<\/div>\n<p><strong>Transports en commun<\/strong> ;<\/p>\n<figure id=\"attachment_16442\" aria-describedby=\"caption-attachment-16442\" style=\"width: 360px\" class=\"wp-caption alignright\"><a href=\"https:\/\/gifex.com\/fr\/wp-content\/uploads\/16434\/Plan-du-Front-de-Seine-Paris-2021.png\" target=\"_blank\" rel=\"noopener\"><img decoding=\"async\" class=\"wp-image-16442\" title=\"Plan du Front de Seine, Paris.\" src=\"https:\/\/gifex.com\/fr\/wp-content\/uploads\/16434\/Plan-du-Front-de-Seine-Paris-2021-300x250.png\" alt=\"Plan du Front de Seine, Paris.\" width=\"360\" height=\"300\" srcset=\"https:\/\/gifex.com\/fr\/wp-content\/uploads\/16434\/Plan-du-Front-de-Seine-Paris-2021-300x250.png 300w, https:\/\/gifex.com\/fr\/wp-content\/uploads\/16434\/Plan-du-Front-de-Seine-Paris-2021-1024x854.png 1024w, https:\/\/gifex.com\/fr\/wp-content\/uploads\/16434\/Plan-du-Front-de-Seine-Paris-2021-768x640.png 768w, https:\/\/gifex.com\/fr\/wp-content\/uploads\/16434\/Plan-du-Front-de-Seine-Paris-2021-1536x1280.png 1536w, https:\/\/gifex.com\/fr\/wp-content\/uploads\/16434\/Plan-du-Front-de-Seine-Paris-2021-2048x1707.png 2048w, https:\/\/gifex.com\/fr\/wp-content\/uploads\/16434\/Plan-du-Front-de-Seine-Paris-2021-1600x1334.png 1600w\" sizes=\"(max-width: 360px) 100vw, 360px\" \/><\/a><figcaption id=\"caption-attachment-16442\" class=\"wp-caption-text\"><label style=\"font-size: 15px;\">Plan du Front de Seine, situ\u00e9e le long de la Seine dans le 15e arrondissement, juste en aval de la tour Eiffel. Le Front de Seine comprend l&#8217;une des plus grandes concentrations d&#8217;immeubles de grande hauteur de la ville.<\/label><\/figcaption><\/figure>\n<p><strong>M\u00e9tro<\/strong><\/p>\n<p>Le 15e arrondissement est desservi par les lignes de m\u00e9tro 4, 6, 8, 10, 12 et 13. Mise \u00e0 part la ligne 6, en a\u00e9rien du pont de Bir-Hakeim jusqu\u2019\u00e0 Pasteur, elles sont toutes souterraines. Le terminus de la ligne 8, Balard, est situ\u00e9 \u00e0 la limite sud-ouest de l\u2019arrondissement. Les principales correspondances sont La Motte-Picquet &#8211; Grenelle (3 lignes) et Montparnasse &#8211; Bienven\u00fce (4 lignes). Au total, l\u2019arrondissement est desservi par 22 stations.<\/p>\n<ul>\n<li>(M)\u2009(4) : Montparnasse &#8211; Bienven\u00fce<\/li>\n<li>(M)\u2009(6) : Montparnasse &#8211; Bienven\u00fce, Pasteur, S\u00e8vres &#8211; Lecourbe, Cambronne, La Motte-Picquet &#8211; Grenelle, Dupleix et Bir-Hakeim, en partie a\u00e9rien ;<\/li>\n<li>(M)\u2009(8) : La Motte-Picquet &#8211; Grenelle, Commerce, F\u00e9lix Faure, Boucicaut, Lourmel et Balard ;<\/li>\n<li>(M)\u2009(10) : Duroc, S\u00e9gur, La Motte-Picquet &#8211; Grenelle, Avenue \u00c9mile-Zola, Charles Michels et Javel &#8211; Andr\u00e9 Citro\u00ebn ;<\/li>\n<li>(M)\u2009(12) : Montparnasse &#8211; Bienven\u00fce, Falgui\u00e8re, Pasteur, Volontaires, Vaugirard, Convention et Porte de Versailles ;<\/li>\n<li>(M)\u2009(13) : Montparnasse &#8211; Bienven\u00fce et Duroc.<\/li>\n<\/ul>\n<p><label style=\"font-size: 15px;\">* (M) = m\u00e9tro<\/label><\/p>\n<figure id=\"attachment_16444\" aria-describedby=\"caption-attachment-16444\" style=\"width: 360px\" class=\"wp-caption alignright\"><a href=\"https:\/\/gifex.com\/fr\/wp-content\/uploads\/16434\/Plan-du-15e-arrondissement-de-Paris-1900.jpg\" target=\"_blank\" rel=\"noopener\"><img loading=\"lazy\" decoding=\"async\" class=\"wp-image-16444\" title=\"Plan du 15e arrondissement de Paris 1900.\" src=\"https:\/\/gifex.com\/fr\/wp-content\/uploads\/16434\/Plan-du-15e-arrondissement-de-Paris-1900-231x300.jpg\" alt=\"Plan du 15e arrondissement de Paris 1900.\" width=\"360\" height=\"467\" srcset=\"https:\/\/gifex.com\/fr\/wp-content\/uploads\/16434\/Plan-du-15e-arrondissement-de-Paris-1900-231x300.jpg 231w, https:\/\/gifex.com\/fr\/wp-content\/uploads\/16434\/Plan-du-15e-arrondissement-de-Paris-1900-789x1024.jpg 789w, https:\/\/gifex.com\/fr\/wp-content\/uploads\/16434\/Plan-du-15e-arrondissement-de-Paris-1900-768x997.jpg 768w, https:\/\/gifex.com\/fr\/wp-content\/uploads\/16434\/Plan-du-15e-arrondissement-de-Paris-1900-1184x1536.jpg 1184w, https:\/\/gifex.com\/fr\/wp-content\/uploads\/16434\/Plan-du-15e-arrondissement-de-Paris-1900-1578x2048.jpg 1578w, https:\/\/gifex.com\/fr\/wp-content\/uploads\/16434\/Plan-du-15e-arrondissement-de-Paris-1900-300x389.jpg 300w, https:\/\/gifex.com\/fr\/wp-content\/uploads\/16434\/Plan-du-15e-arrondissement-de-Paris-1900-1233x1600.jpg 1233w\" sizes=\"(max-width: 360px) 100vw, 360px\" \/><\/a><figcaption id=\"caption-attachment-16444\" class=\"wp-caption-text\"><label style=\"font-size: 15px;\">Un plan ancien du 15e arrondissement de Paris extrait du Paris-atlas de Fernand Bournon, Libraire Larousse, 1900.<\/label><\/figcaption><\/figure>\n<p><strong>Autobus<\/strong><\/p>\n<ul>\n<li>Les lignes (BUS)\u2009RATP\u200928, 30, 39, 62, 42, 88, 80, 70 et 89 principalement.<\/li>\n<li>La gare routi\u00e8re de la Gare Montparnasse consacr\u00e9e aux bus RATP, situ\u00e9e dans le 15e arrondissement \u00e9galement, accueille le terminus des lignes (BUS)\u2009RATP\u200928,\u200991,\u200994,\u200995,\u200996.<\/li>\n<li>L&#8217;arrondissement dispose \u00e9galement d&#8217;une Traverse : Brancion-Commerce, dont le trajet circulaire serpente dans les limites de l&#8217;arrondissement avec des bus de petite capacit\u00e9. \u00c0 l&#8217;encontre des 4 autres lignes similaires \u00e0 Paris, c&#8217;est la seule qui n&#8217;est pas exploit\u00e9e par la RATP mais par la soci\u00e9t\u00e9 b-e-green.<\/li>\n<li>La nuit, plusieurs lignes de bus desservent l&#8217;arrondissement, notamment au d\u00e9part de la gare Montparnasse, les lignes du r\u00e9seau Noctilien : (BUS)\u2009Noctilien\u2009N01,\u2009N02,\u2009N12,\u2009N13,\u2009N61,\u2009N6,2\u2009N63,\u2009N66.<\/li>\n<\/ul>\n<p><strong>Tramway<\/strong><\/p>\n<p>Le sud de l\u2019arrondissement est desservi par les T2 et T3a.<\/p>\n<ul>\n<li>(T)\u2009(2) : Henri Farman, Suzanne Lenglen, Porte d&#8217;Issy et Porte de Versailles ;<\/li>\n<li>(T)\u2009(3a) : Brancion, Georges Brassens, Porte de Versailles, Desnouettes, Balard et Pont du Garigliano.<\/li>\n<\/ul>\n<p><label style=\"font-size: 15px;\">* (T) = tramway<\/label><\/p>\n<p><strong>R\u00e9seau Express R\u00e9gional<\/strong><\/p>\n<p>La branche C5 du RER C longe le c\u00f4t\u00e9 nord-ouest du 15e arrondissement, le long de la Seine et dessert les gares de Pont du Garigliano, Javel et Champ de Mars &#8211; Tour Eiffel. Cette derni\u00e8re gare est le lieu de bifurcation, vers l\u2019ouest, entre les branches C5 et C7 (qui remonte vers le nord) et vers l\u2019est, de la branche C1.<\/p>\n<ul>\n<li>(RER)\u2009(C) : Javel, Pont du Garigliano et Champ de Mars &#8211; Tour Eiffel.<\/li>\n<\/ul>\n<p><strong>Transilien, grandes lignes et TGV<\/strong><\/p>\n<p>La gare de Paris-Montparnasse occupe la partie Est de l\u2019arrondissement ; ses lignes de chemin de fer s\u00e9parent le 15e du 14e.<\/p>\n<ul>\n<li>Transilien\u2009Ligne N du Transilien : Paris-Montparnasse.<\/li>\n<\/ul>\n<p><strong>Lieux d&#8217;int\u00e9r\u00eat<\/strong> ;<\/p>\n<ul>\n<li>Grand Pavois de Paris (1971), l&#8217;un des plus grands ensembles immobiliers de Paris<\/li>\n<li>Mus\u00e9e Pasteur<\/li>\n<li>Mus\u00e9e du Service des Objets Trouv\u00e9s<\/li>\n<li>Mus\u00e9e Bourdelle<\/li>\n<li>Mus\u00e9e Mendjisky, sp\u00e9cialis\u00e9e en artistes de l&#8217;\u00c9cole de Paris, install\u00e9 dans un immeuble Robert Mallet-Stevens.<\/li>\n<li>Mus\u00e9e Jean Moulin, R\u00e9sistance fran\u00e7aise \u2013 (mus\u00e9es Leclerc-Moulin)<\/li>\n<li>\u00c9glise Notre-Dame de la Salette \u00e0 Paris<\/li>\n<li>Centre commercial Beaugrenelle<\/li>\n<li>Parties du quartier Montparnasse.<\/li>\n<li>L&#8217;ancien atelier (disparu) de Constantin Br\u00e2ncu\u0219i, o\u00f9 le sculpteur travailla de 1925 \u00e0 1957 est d\u00e9sormais relocalis\u00e9 devant le Centre Georges Pompidou<\/li>\n<li>Villa Santos Dumont o\u00f9 Ossip Zadkine et Fernand L\u00e9ger avaient leur atelier, \u00e9galement pr\u00e9sent\u00e9 dans le livre de Gail Albert Halaban <em>Out of my Window<\/em>, Paris.<\/li>\n<li>La Ruche<\/li>\n<li>Square B\u00e9la Bart\u00f3k o\u00f9 l&#8217;on peut voir la sculpture-fontaine Cristaux de Jean-Yves Lechevallier.<\/li>\n<li>Square de l&#8217;Oiseau-Lunaire, pr\u00e9sentant une sculpture de Juan Miro (L&#8217;Oiseau Lunaire) avec une plaque comm\u00e9morant les nombreux artistes, po\u00e8tes et peintres ou sculpteurs qui y v\u00e9curent, comprenant Andr\u00e9 Masson, Jean Dubuffet, Antonin Artaud et Robert Desnos.<\/li>\n<li>Une r\u00e9plique de la statue de la Libert\u00e9 sur l&#8217;\u00eele aux Cygnes o\u00f9 travaillait Bartholdi.<\/li>\n<li>Le Pont de Bir-Hakeim<\/li>\n<li>Le Pont Mirabeau<\/li>\n<li>Le Parc Andr\u00e9 Citro\u00ebn avec le Ballon de Paris.<\/li>\n<li>Le Parc Georges-Brassens<\/li>\n<li>La Fontaine Polypores de Jean-Yves Lechevallier pr\u00e9sent\u00e9e dans le film d&#8217;Alain Resnais On <em>conna\u00eet la chanson<\/em>.<\/li>\n<li>Paris expo Parc des expositions Porte de Versailles (avec le projet Tour Triangle) et Palais des Sports, \u00e0 proximit\u00e9 du m\u00e9tro Porte de Versailles.<\/li>\n<li>Quartier des gratte-ciel du Front de Seine.<\/li>\n<li>Chemin\u00e9e du Front de Seine , une chemin\u00e9e de 130 m qui est la 4\u00e8me plus haute structure de Paris<\/li>\n<\/ul>\n","protected":false},"excerpt":{"rendered":"<p>Le 15e arrondissement de Paris est l&#8217;un des 20 arrondissements de la capitale fran\u00e7aise. En fran\u00e7ais parl\u00e9, cet arrondissement est appel\u00e9 le quinzi\u00e8me. Popul&#8230;<\/p>\n","protected":false},"author":1,"featured_media":16435,"template":"","categoria_ficha":[1787],"class_list":["post-16434","ficha","type-ficha","status-publish","has-post-thumbnail","hentry","categoria_ficha-cartes-de-paris"],"acf":[],"_links":{"self":[{"href":"https:\/\/gifex.com\/fr\/wp-json\/wp\/v2\/ficha\/16434","targetHints":{"allow":["GET"]}}],"collection":[{"href":"https:\/\/gifex.com\/fr\/wp-json\/wp\/v2\/ficha"}],"about":[{"href":"https:\/\/gifex.com\/fr\/wp-json\/wp\/v2\/types\/ficha"}],"author":[{"embeddable":true,"href":"https:\/\/gifex.com\/fr\/wp-json\/wp\/v2\/users\/1"}],"version-history":[{"count":10,"href":"https:\/\/gifex.com\/fr\/wp-json\/wp\/v2\/ficha\/16434\/revisions"}],"predecessor-version":[{"id":33719,"href":"https:\/\/gifex.com\/fr\/wp-json\/wp\/v2\/ficha\/16434\/revisions\/33719"}],"wp:featuredmedia":[{"embeddable":true,"href":"https:\/\/gifex.com\/fr\/wp-json\/wp\/v2\/media\/16435"}],"wp:attachment":[{"href":"https:\/\/gifex.com\/fr\/wp-json\/wp\/v2\/media?parent=16434"}],"wp:term":[{"taxonomy":"categoria_ficha","embeddable":true,"href":"https:\/\/gifex.com\/fr\/wp-json\/wp\/v2\/categoria_ficha?post=16434"}],"curies":[{"name":"wp","href":"https:\/\/api.w.org\/{rel}","templated":true}]}}