{"id":1637,"date":"2022-02-04T00:22:38","date_gmt":"2022-02-04T00:22:38","guid":{"rendered":"https:\/\/gifex.com\/fr\/?post_type=ficha&#038;p=1637"},"modified":"2024-04-20T12:04:53","modified_gmt":"2024-04-20T12:04:53","slug":"quels-sont-les-pays-d-europe","status":"publish","type":"ficha","link":"https:\/\/gifex.com\/fr\/fichier\/quels-sont-les-pays-d-europe\/","title":{"rendered":"Quels sont les pays d&#8217;Europe ?"},"content":{"rendered":"<p style=\"text-align: center;\"><label style=\"font-size: 15px;\">Carte des pays d&#8217;Europe.<\/label><\/p>\n<p>L&#8217;Europe ; un continent dont les fronti\u00e8res varient selon la d\u00e9finition de l&#8217;Europe utilis\u00e9e par les diff\u00e9rentes organisations politiques. Par exemple, le Conseil de l&#8217;Europe et la Cour europ\u00e9enne des droits de l&#8217;homme incluent 47 pays dans leur d\u00e9finition de l&#8217;Europe. L&#8217;Espace europ\u00e9en de l&#8217;enseignement sup\u00e9rieur comprend 48 pays, et la Convention culturelle europ\u00e9enne et les Comit\u00e9s olympiques europ\u00e9ens incluent 50 pays dans leurs d\u00e9finitions.<\/p>\n<figure id=\"attachment_37982\" aria-describedby=\"caption-attachment-37982\" style=\"width: 359px\" class=\"wp-caption alignright\"><a href=\"https:\/\/gifex.com\/fr\/wp-content\/uploads\/1637\/Carte-politique-de-l-Europe.jpg\" target=\"_blank\" rel=\"noopener\"><img fetchpriority=\"high\" decoding=\"async\" class=\"wp-image-37982\" title=\"Carte politique de l'Europe de 2012.\" src=\"https:\/\/gifex.com\/fr\/wp-content\/uploads\/1637\/Carte-politique-de-l-Europe-233x300.jpg\" alt=\"Carte politique de l'Europe de 2012.\" width=\"359\" height=\"463\" srcset=\"https:\/\/gifex.com\/fr\/wp-content\/uploads\/1637\/Carte-politique-de-l-Europe-233x300.jpg 233w, https:\/\/gifex.com\/fr\/wp-content\/uploads\/1637\/Carte-politique-de-l-Europe-794x1024.jpg 794w, https:\/\/gifex.com\/fr\/wp-content\/uploads\/1637\/Carte-politique-de-l-Europe-768x991.jpg 768w, https:\/\/gifex.com\/fr\/wp-content\/uploads\/1637\/Carte-politique-de-l-Europe-1191x1536.jpg 1191w, https:\/\/gifex.com\/fr\/wp-content\/uploads\/1637\/Carte-politique-de-l-Europe-1588x2048.jpg 1588w, https:\/\/gifex.com\/fr\/wp-content\/uploads\/1637\/Carte-politique-de-l-Europe-300x387.jpg 300w, https:\/\/gifex.com\/fr\/wp-content\/uploads\/1637\/Carte-politique-de-l-Europe-1240x1600.jpg 1240w\" sizes=\"(max-width: 359px) 100vw, 359px\" \/><\/a><figcaption id=\"caption-attachment-37982\" class=\"wp-caption-text\"><label style=\"font-size: 15px;\">Carte politique de l&#8217;Europe de 2012.<\/label><\/figcaption><\/figure>\n<p>Selon la d\u00e9finition g\u00e9ographique couramment utilis\u00e9e, la fronti\u00e8re entre les continents d&#8217;Asie et d&#8217;Europe s&#8217;\u00e9tend le long des montagnes de l&#8217;Oural, du fleuve Oural et de la mer Caspienne \u00e0 l&#8217;est, de la cha\u00eene du Grand <a href=\"https:\/\/gifex.com\/fr\/fichier\/carte-du-caucase\/\" rel=\"noopener\" target=\"_blank\">Caucase<\/a> et de la mer Noire avec ses d\u00e9bouch\u00e9s, le Bosphore et les Dardanelles, au sud. Sur la base d&#8217;une telle division des continents couramment utilis\u00e9e, les \u00c9tats transcontinentaux d&#8217;Azerba\u00efdjan, de G\u00e9orgie, du Kazakhstan, de Russie et de Turquie ont un territoire \u00e0 la fois en Europe et en Asie.<\/p>\n<p>L&#8217;\u00eele de Chypre en Asie occidentale est proche de l&#8217;Anatolie (ou Asie Mineure) mais est souvent consid\u00e9r\u00e9e comme faisant partie de l&#8217;Europe et est actuellement membre de l&#8217;Union europ\u00e9enne. Comme Chypre, l&#8217;Arm\u00e9nie est \u00e9galement enti\u00e8rement en Asie occidentale mais est membre de plusieurs organisations europ\u00e9ennes.<\/p>\n<p>Bien que la mer M\u00e9diterran\u00e9e offre une s\u00e9paration plus claire entre l&#8217;Afrique et l&#8217;Europe, certaines \u00eeles traditionnellement europ\u00e9ennes telles que Malte, la Sicile et Pantelleria sont en fait situ\u00e9es sur la plaque continentale africaine. L&#8217;\u00eele d&#8217;Islande fait partie de la dorsale m\u00e9dio-atlantique, \u00e0 cheval sur la plaque eurasienne et la plaque nord-am\u00e9ricaine.<\/p>\n<figure id=\"attachment_37516\" aria-describedby=\"caption-attachment-37516\" style=\"width: 360px\" class=\"wp-caption alignright\"><a href=\"https:\/\/gifex.com\/fr\/wp-content\/uploads\/1637\/Carte-politique-vierge-de-l-Europe.png\" target=\"_blank\" rel=\"noopener\"><img decoding=\"async\" class=\"wp-image-37516\" title=\"Carte politique vierge de l'Europe.\" src=\"https:\/\/gifex.com\/fr\/wp-content\/uploads\/1637\/Carte-politique-vierge-de-l-Europe-300x244.png\" alt=\"Carte politique vierge de l'Europe.\" width=\"360\" height=\"293\" srcset=\"https:\/\/gifex.com\/fr\/wp-content\/uploads\/1637\/Carte-politique-vierge-de-l-Europe-300x244.png 300w, https:\/\/gifex.com\/fr\/wp-content\/uploads\/1637\/Carte-politique-vierge-de-l-Europe-1024x833.png 1024w, https:\/\/gifex.com\/fr\/wp-content\/uploads\/1637\/Carte-politique-vierge-de-l-Europe-768x625.png 768w, https:\/\/gifex.com\/fr\/wp-content\/uploads\/1637\/Carte-politique-vierge-de-l-Europe.png 1475w\" sizes=\"(max-width: 360px) 100vw, 360px\" \/><\/a><figcaption id=\"caption-attachment-37516\" class=\"wp-caption-text\"><label style=\"font-size: 15px;\">Carte politique vierge de l&#8217;Europe.<\/label><\/figcaption><\/figure>\n<p>Certains territoires qui sont g\u00e9ographiquement en dehors de l&#8217;Europe ont des liens forts avec les \u00c9tats europ\u00e9ens. Le Groenland, par exemple, a des liens sociopolitiques avec l&#8217;Europe et fait partie du Royaume du Danemark, mais est situ\u00e9 plus pr\u00e8s du continent nord-am\u00e9ricain et est g\u00e9n\u00e9ralement regroup\u00e9 avec ce continent.<\/p>\n<p>D&#8217;autres territoires font partie de pays europ\u00e9ens mais sont g\u00e9ographiquement situ\u00e9s sur d&#8217;autres continents, tels que les r\u00e9gions fran\u00e7aises d&#8217;outre-mer, les villes espagnoles de <a href=\"https:\/\/gifex.com\/fr\/fichier\/carte-de-ceuta\/\" rel=\"noopener\" target=\"_blank\">Ceuta<\/a> et <a href=\"https:\/\/gifex.com\/fr\/fichier\/carte-de-melilla\/\" rel=\"noopener\" target=\"_blank\">Melilla<\/a> sur la c\u00f4te africaine et les \u00eeles n\u00e9erlandaises des Cara\u00efbes de Bonaire, Saba et Saint-Eustache.<\/p>\n<p><strong>Carte des pays d&#8217;Europe <\/strong>avec les 50 \u00c9tats souverains dont le territoire est situ\u00e9 dans la d\u00e9finition commune de l&#8217;Europe et\/ou membres d&#8217;organisations internationales europ\u00e9ennes qui sont presque universellement reconnues au niveau international. Tous sont soit des \u00c9tats membres, soit des \u00c9tats observateurs des Nations Unies, et tous, \u00e0 l&#8217;exception de la Bi\u00e9lorussie, du Kazakhstan et de la Cit\u00e9 du Vatican, sont membres du Conseil de l&#8217;Europe. 44 pays ont leur capitale situ\u00e9e en Europe et (en 2020) 27 de ces pays sont des \u00c9tats membres de l&#8217;Union europ\u00e9enne, ce qui signifie qu&#8217;ils sont hautement int\u00e9gr\u00e9s les uns aux autres et partagent leur souverainet\u00e9 par le biais des institutions de l&#8217;UE.<\/p>\n<p>La liste ci-dessous comprend toutes les entit\u00e9s relevant m\u00eame partiellement de l&#8217;une des diff\u00e9rentes d\u00e9finitions communes de l&#8217;Europe, g\u00e9ographique ou politique. Cinquante \u00c9tats souverains g\u00e9n\u00e9ralement reconnus, le Kosovo avec une reconnaissance internationale limit\u00e9e mais substantielle, et cinq \u00c9tats de facto largement non reconnus avec une reconnaissance limit\u00e9e ou nulle ont un territoire en Europe et\/ou sont membres d&#8217;organisations internationales europ\u00e9ennes. Il existe huit entit\u00e9s qui ne font pas partie int\u00e9grante d&#8217;un \u00c9tat europ\u00e9en ou qui ont des arrangements politiques particuliers.<\/p>\n<div class=\"boxscrl\">\n<table width=\"635\">\n<tbody>\n<tr>\n<td colspan=\"5\" width=\"635\">Comme le montre la carte des pays d&#8217;Europe<\/td>\n<\/tr>\n<tr>\n<td width=\"133\">Pays<\/td>\n<td width=\"74\">Capitale<\/td>\n<td width=\"98\">Superficie<\/td>\n<td width=\"224\">Population<\/td>\n<td width=\"106\">Densit\u00e9<\/td>\n<\/tr>\n<tr>\n<td width=\"133\">Albanie<\/td>\n<td width=\"74\">Tirana<\/td>\n<td width=\"98\">28,748 km\u00b2<\/td>\n<td width=\"224\">2,876,591 hab. (est. 2017)<\/td>\n<td width=\"106\">98 hab.\/km\u00b2<\/td>\n<\/tr>\n<tr>\n<td width=\"133\">Allemagne<\/td>\n<td width=\"74\">Berlin<\/td>\n<td width=\"98\">357,386 km\u00b2<\/td>\n<td width=\"224\">83,000,000 hab. (est. 2018)<\/td>\n<td width=\"106\">232 hab.\/km\u00b2<\/td>\n<\/tr>\n<tr>\n<td width=\"133\">Andorre<\/td>\n<td width=\"74\">Andorre-la-Vieille<\/td>\n<td width=\"98\">467.63 km\u00b2<\/td>\n<td width=\"224\">77,281 hab. (est.2016)<\/td>\n<td width=\"106\">179.8 hab.\/km\u00b2<\/td>\n<\/tr>\n<tr>\n<td width=\"133\">Arm\u00e9nie<\/td>\n<td width=\"74\">Erevan<\/td>\n<td width=\"98\">29,743 km\u00b2<\/td>\n<td width=\"224\">2,924,816 hab. (est. 2016)<\/td>\n<td width=\"106\">101.5 hab.\/km\u00b2<\/td>\n<\/tr>\n<tr>\n<td width=\"133\">Autriche<\/td>\n<td width=\"74\">Vienne<\/td>\n<td width=\"98\">83,871 km\u00b2<\/td>\n<td width=\"224\">8,823,054 hab. (recensement 2018)<\/td>\n<td width=\"106\">105,2 hab.\/km\u00b2<\/td>\n<\/tr>\n<tr>\n<td width=\"133\">Azerba\u00efdjan<\/td>\n<td width=\"74\">Bakou<\/td>\n<td width=\"98\">86,600 km\u00b2<\/td>\n<td width=\"224\">9,981,457 hab. (est. 2018)<\/td>\n<td width=\"106\">115 hab.\/km\u00b2<\/td>\n<\/tr>\n<tr>\n<td width=\"133\">Belgique<\/td>\n<td width=\"74\">Bruxelles<\/td>\n<td width=\"98\">30,528 km\u00b2<\/td>\n<td width=\"224\">11,358,357 hab. (est. 2018)<\/td>\n<td width=\"106\">372,06 hab.\/km\u00b2<\/td>\n<\/tr>\n<tr>\n<td width=\"133\">Bi\u00e9lorussie<\/td>\n<td width=\"74\">Minsk<\/td>\n<td width=\"98\">207,595 km\u00b2<\/td>\n<td width=\"224\">9,491,800 hab. (est. 2018)<\/td>\n<td width=\"106\">45.8 hab.\/km\u00b2<\/td>\n<\/tr>\n<tr>\n<td width=\"133\">Bosnie-Herz\u00e9govine<\/td>\n<td width=\"74\">Sarajevo<\/td>\n<td width=\"98\">51,129 km\u00b2<\/td>\n<td width=\"224\">3,511,372 hab. (recensement 2013)<\/td>\n<td width=\"106\">69 hab.\/km\u00b2<\/td>\n<\/tr>\n<tr>\n<td width=\"133\">Bulgarie<\/td>\n<td width=\"74\">Sofia<\/td>\n<td width=\"98\">110,993.6 km\u00b2<\/td>\n<td width=\"224\">7,050,034 hab. (est. 2017)<\/td>\n<td width=\"106\">64 hab.\/km\u00b2<\/td>\n<\/tr>\n<tr>\n<td width=\"133\">Chypre<\/td>\n<td width=\"74\">Nicosie<\/td>\n<td width=\"98\">9,251 km\u00b2<\/td>\n<td width=\"224\">1,201,356 hab. (recensement 2018)<\/td>\n<td width=\"106\">120,70 hab.\/km\u00b2<\/td>\n<\/tr>\n<tr>\n<td width=\"133\">Croatie<\/td>\n<td width=\"74\">Zagreb<\/td>\n<td width=\"98\">56,594 km\u00b2<\/td>\n<td width=\"224\">4,154,200 hab. (est. 2017)<\/td>\n<td width=\"106\">75.8 hab.\/km\u00b2<\/td>\n<\/tr>\n<tr>\n<td width=\"133\">Danemark<\/td>\n<td width=\"74\">Copenhague<\/td>\n<td width=\"98\">43,094 km\u00b2<\/td>\n<td width=\"224\">5,785,766 hab. (est. 2018)<\/td>\n<td width=\"106\">134,76 hab.\/km\u00b2<\/td>\n<\/tr>\n<tr>\n<td width=\"133\">Espagne<\/td>\n<td width=\"74\">Madrid<\/td>\n<td width=\"98\">505,990 km\u00b2<\/td>\n<td width=\"224\">46,733,038 hab. (est. 2018)<\/td>\n<td width=\"106\">92 hab.\/km\u00b2<\/td>\n<\/tr>\n<tr>\n<td width=\"133\">Estonie<\/td>\n<td width=\"74\">Tallinn<\/td>\n<td width=\"98\">45,227 km\u00b2<\/td>\n<td width=\"224\">1,323,824 hab. (est. 2019)<\/td>\n<td width=\"106\">28 hab.\/km\u00b2<\/td>\n<\/tr>\n<tr>\n<td width=\"133\">Finlande<\/td>\n<td width=\"74\">Helsinki<\/td>\n<td width=\"98\">338,424 km\u00b2<\/td>\n<td width=\"224\">5,520,535 hab. (est. 2018)<\/td>\n<td width=\"106\">16 hab.\/km\u00b2<\/td>\n<\/tr>\n<tr>\n<td width=\"133\">France<\/td>\n<td width=\"74\">Paris<\/td>\n<td width=\"98\">640,679 km\u00b2<\/td>\n<td width=\"224\">67,348,000 hab. (est. 2018)<\/td>\n<td width=\"106\">105 hab.\/km\u00b2<\/td>\n<\/tr>\n<tr>\n<td width=\"133\">G\u00e9orgie<\/td>\n<td width=\"74\">Tbilissi<\/td>\n<td width=\"98\">69,700 km\u00b2<\/td>\n<td width=\"224\">3,729,600 hab. (est. 2018)<\/td>\n<td width=\"106\">53.5 hab.\/km\u00b2<\/td>\n<\/tr>\n<tr>\n<td width=\"133\">Gr\u00e8ce<\/td>\n<td width=\"74\">Ath\u00e8nes<\/td>\n<td width=\"98\">131,957 km\u00b2<\/td>\n<td width=\"224\">10,768,477 hab. (est. 2017)<\/td>\n<td width=\"106\">82 hab.\/km\u00b2<\/td>\n<\/tr>\n<tr>\n<td width=\"133\">Hongrie<\/td>\n<td width=\"74\">Budapest<\/td>\n<td width=\"98\">93,030 km\u00b2<\/td>\n<td width=\"224\">9,797,561 hab. (est. 2017)<\/td>\n<td width=\"106\">105.3 hab.\/km\u00b2<\/td>\n<\/tr>\n<tr>\n<td width=\"133\">Irlande<\/td>\n<td width=\"74\">Dublin<\/td>\n<td width=\"98\">70,273 km\u00b2<\/td>\n<td width=\"224\">4,857,000 hab. (est. 2018)<\/td>\n<td width=\"106\">69.1 hab.\/km\u00b2<\/td>\n<\/tr>\n<tr>\n<td width=\"133\">Islande<\/td>\n<td width=\"74\">Reykjavik<\/td>\n<td width=\"98\">102,775 km\u00b2<\/td>\n<td width=\"224\">357,050 hab. (est. 2018)<\/td>\n<td width=\"106\">3.4 hab.\/km\u00b2<\/td>\n<\/tr>\n<tr>\n<td width=\"133\">Italie<\/td>\n<td width=\"74\">Rome<\/td>\n<td width=\"98\">301,340 km\u00b2<\/td>\n<td width=\"224\">60,483,973 hab. (est. 2017)<\/td>\n<td width=\"106\">201.3 hab.\/km\u00b2<\/td>\n<\/tr>\n<tr>\n<td width=\"133\">Kazakhstan<\/td>\n<td width=\"74\">Nour-Soultan<\/td>\n<td width=\"98\">2,724,900\u00a0 km\u00b2<\/td>\n<td width=\"224\">19 245 793 hab. (est. 2021)<\/td>\n<td width=\"106\">7 hab.\/km\u00b2<\/td>\n<\/tr>\n<tr>\n<td width=\"133\">Lettonie<\/td>\n<td width=\"74\">Riga<\/td>\n<td width=\"98\">64,589 km\u00b2<\/td>\n<td width=\"224\">1,925,800 hab. (est. 2018)<\/td>\n<td width=\"106\">34.3 hab.\/km\u00b2<\/td>\n<\/tr>\n<tr>\n<td width=\"133\">Liechtenstein<\/td>\n<td width=\"74\">Vaduz<\/td>\n<td width=\"98\">160 km\u00b2<\/td>\n<td width=\"224\">38,547 hab. (est. 2017)<\/td>\n<td width=\"106\">587.9 hab.\/km\u00b2<\/td>\n<\/tr>\n<tr>\n<td width=\"133\">Lituanie<\/td>\n<td width=\"74\">Vilnius<\/td>\n<td width=\"98\">65,300 km\u00b2<\/td>\n<td width=\"224\">2,793,986 hab. (est. 2019)<\/td>\n<td width=\"106\">43 hab.\/km\u00b2<\/td>\n<\/tr>\n<tr>\n<td width=\"133\">Luxembourg<\/td>\n<td width=\"74\">Luxembourg<\/td>\n<td width=\"98\">2,586.4 km\u00b2<\/td>\n<td width=\"224\">602,005 hab. (est. 2018)<\/td>\n<td width=\"106\">233.7 hab.\/km\u00b2<\/td>\n<\/tr>\n<tr>\n<td width=\"133\">Mac\u00e9doine du Nord<\/td>\n<td width=\"74\">Skopje<\/td>\n<td width=\"98\">25,713 km\u00b2<\/td>\n<td width=\"224\">2,103,721 hab. (est. 2017)<\/td>\n<td width=\"106\">35.2 hab.\/km\u00b2<\/td>\n<\/tr>\n<tr>\n<td width=\"133\">Malte<\/td>\n<td width=\"74\">La Valette<\/td>\n<td width=\"98\">316 km\u00b2<\/td>\n<td width=\"224\">475,700 hab. (est. 2018)<\/td>\n<td width=\"106\">1,457 hab.\/km\u00b2<\/td>\n<\/tr>\n<tr>\n<td width=\"133\">Moldavie<\/td>\n<td width=\"74\">Chisinau<\/td>\n<td width=\"98\">33,846 km\u00b2<\/td>\n<td width=\"224\">3,350,900 hab. (recensement 2017)<\/td>\n<td width=\"106\">75 hab.\/km\u00b2<\/td>\n<\/tr>\n<tr>\n<td width=\"133\">Monaco<\/td>\n<td width=\"74\">Monaco<\/td>\n<td width=\"98\">2.2 km\u00b2<\/td>\n<td width=\"224\">38,400 hab. (est. 2015)<\/td>\n<td width=\"106\">18,713 hab.\/km\u00b2<\/td>\n<\/tr>\n<tr>\n<td width=\"133\">Mont\u00e9n\u00e9gro<\/td>\n<td width=\"74\">Podgorica<\/td>\n<td width=\"98\">13,812 km\u00b2<\/td>\n<td width=\"224\">678,901 hab. (est. 2018)<\/td>\n<td width=\"106\">45 hab.\/km\u00b2<\/td>\n<\/tr>\n<tr>\n<td width=\"133\">Norv\u00e8ge<\/td>\n<td width=\"74\">Oslo<\/td>\n<td width=\"98\">385,203 km\u00b2<\/td>\n<td width=\"224\">5,323,933 hab. (est. 2018)<\/td>\n<td width=\"106\">15.8 hab.\/km\u00b2<\/td>\n<\/tr>\n<tr>\n<td width=\"133\">Pays-Bas<\/td>\n<td width=\"74\">Amsterdam<\/td>\n<td width=\"98\">41,543 km\u00b2<\/td>\n<td width=\"224\">17,302,139 hab. (est. 2019)<\/td>\n<td width=\"106\">416.7 hab.\/km\u00b2<\/td>\n<\/tr>\n<tr>\n<td width=\"133\">Pologne<\/td>\n<td width=\"74\">Varsovie<\/td>\n<td width=\"98\">312,696 km\u00b2<\/td>\n<td width=\"224\">38,433,600 hab. (est. 2017)<\/td>\n<td width=\"106\">123 hab.\/km\u00b2<\/td>\n<\/tr>\n<tr>\n<td width=\"133\">Portugal<\/td>\n<td width=\"74\">Lisbonne<\/td>\n<td width=\"98\">92,212 km\u00b2<\/td>\n<td width=\"224\">10,291,027 hab. (est. 2017)<\/td>\n<td width=\"106\">111 hab.\/km\u00b2<\/td>\n<\/tr>\n<tr>\n<td width=\"133\">Roumanie<\/td>\n<td width=\"74\">Bucarest<\/td>\n<td width=\"98\">238,397 km\u00b2<\/td>\n<td width=\"224\">19,518,117 hab. (est. 2019)<\/td>\n<td width=\"106\">84.4 hab.\/km\u00b2<\/td>\n<\/tr>\n<tr>\n<td width=\"133\">Royaume-Uni<\/td>\n<td width=\"74\">Londres<\/td>\n<td width=\"98\">242,495 km\u00b2<\/td>\n<td width=\"224\">66,040,229 hab. (est. 2017)<\/td>\n<td width=\"106\">270.7 hab.\/km\u00b2<\/td>\n<\/tr>\n<tr>\n<td width=\"133\">Russie<\/td>\n<td width=\"74\">Moscou<\/td>\n<td width=\"98\">17,125,191 km\u00b2<\/td>\n<td width=\"224\">146,793,744 hab. (est. 2018)<\/td>\n<td width=\"106\">8.4 hab.\/km\u00b2<\/td>\n<\/tr>\n<tr>\n<td width=\"133\">Saint-Marin<\/td>\n<td width=\"74\">Saint-Marin<\/td>\n<td width=\"98\">61.2 km\u00b2<\/td>\n<td width=\"224\">33,344 hab. (est. 2018)<\/td>\n<td width=\"106\">520 hab.\/km\u00b2<\/td>\n<\/tr>\n<tr>\n<td width=\"133\">Serbie<\/td>\n<td width=\"74\">Belgrade<\/td>\n<td width=\"98\">88,361 km\u00b2<\/td>\n<td width=\"224\">7,001,444 hab. (est. 2017)<\/td>\n<td width=\"106\">91.1 hab.\/km\u00b2<\/td>\n<\/tr>\n<tr>\n<td width=\"133\">Slovaquie<\/td>\n<td width=\"74\">Bratislava<\/td>\n<td width=\"98\">49,035 km\u00b2<\/td>\n<td width=\"224\">5,445,087 hab. (est. 2018)<\/td>\n<td width=\"106\">111 hab.\/km\u00b2<\/td>\n<\/tr>\n<tr>\n<td width=\"133\">Slov\u00e9nie<\/td>\n<td width=\"74\">Ljubljana<\/td>\n<td width=\"98\">20,273 km\u00b2<\/td>\n<td width=\"224\">2,076,598 hab. (est. 2018)<\/td>\n<td width=\"106\">102 hab.\/km\u00b2<\/td>\n<\/tr>\n<tr>\n<td width=\"133\">Su\u00e8de<\/td>\n<td width=\"74\">Stockholm<\/td>\n<td width=\"98\">450,295 km\u00b2<\/td>\n<td width=\"224\">10,223,505 hab. (recensement 2018)<\/td>\n<td width=\"106\">23 hab.\/km\u00b2<\/td>\n<\/tr>\n<tr>\n<td width=\"133\">Suisse<\/td>\n<td width=\"74\">Berne<\/td>\n<td width=\"98\">41,285 km\u00b2<\/td>\n<td width=\"224\">8,508,898 hab. (est. 2018)<\/td>\n<td width=\"106\">206 hab.\/km\u00b2<\/td>\n<\/tr>\n<tr>\n<td width=\"133\">Tch\u00e9quie<\/td>\n<td width=\"74\">Prague<\/td>\n<td width=\"98\">30,450 km\u00b2<\/td>\n<td width=\"224\">10,610,947 hab. (est. 2016)<\/td>\n<td width=\"106\">134 hab.\/km\u00b2<\/td>\n<\/tr>\n<tr>\n<td width=\"133\">Turquie<\/td>\n<td width=\"74\">Ankara<\/td>\n<td width=\"98\">783,356 km\u00b2<\/td>\n<td width=\"224\">82,003,882 hab. (est. 2018)<\/td>\n<td width=\"106\">105hab.\/km\u00b2<\/td>\n<\/tr>\n<tr>\n<td width=\"133\">Ukraine<\/td>\n<td width=\"74\">Kiev<\/td>\n<td width=\"98\">603,628 km\u00b2<\/td>\n<td width=\"224\">42,418,235 hab. (est. 2017)<\/td>\n<td width=\"106\">73.8 hab.\/km\u00b2<\/td>\n<\/tr>\n<tr>\n<td width=\"133\">Vatican<\/td>\n<td width=\"74\">Vatican<\/td>\n<td width=\"98\">0.44 km\u00b2<\/td>\n<td width=\"224\">1,000 hab. (est. 2017)<\/td>\n<td width=\"106\">2,272 hab.\/km\u00b2<\/td>\n<\/tr>\n<\/tbody>\n<\/table>\n<\/div>\n<p>Les six entit\u00e9s suivantes en Europe ont une reconnaissance diplomatique partielle par un ou plusieurs \u00c9tats membres de l&#8217;ONU (et sont donc d\u00e9finies comme des \u00c9tats par la th\u00e9orie constitutive du statut d&#8217;\u00c9tat) ou n&#8217;ont aucune reconnaissance diplomatique par un \u00c9tat membre de l&#8217;ONU mais sont d\u00e9finies comme des \u00c9tats par la th\u00e9orie d\u00e9clarative de la qualit\u00e9 d&#8217;\u00c9tat. Aucun n&#8217;est membre de l&#8217;ONU, du Conseil de l&#8217;Europe ou de l&#8217;UE.<\/p>\n<div class=\"boxscrl\">\n<table width=\"401\">\n<tbody>\n<tr>\n<td width=\"145\">Entit\u00e9<\/td>\n<td width=\"89\">Capitale<\/td>\n<td width=\"94\">Population<\/td>\n<td width=\"73\">Superficie<\/td>\n<\/tr>\n<tr>\n<td width=\"145\">Abkhazie<\/td>\n<td width=\"89\">Soukhoumi<\/td>\n<td width=\"94\">250,000 hab.<\/td>\n<td width=\"73\">8,660 km\u00b2<\/td>\n<\/tr>\n<tr>\n<td width=\"145\">Haut-Karabagh<\/td>\n<td width=\"89\">Stepanakert<\/td>\n<td width=\"94\">141,400 hab.<\/td>\n<td width=\"73\">7,000 km\u00b2<\/td>\n<\/tr>\n<tr>\n<td width=\"145\">Kosovo<\/td>\n<td width=\"89\">Pristina<\/td>\n<td width=\"94\">1,836,529 hab.<\/td>\n<td width=\"73\">10,887 km\u00b2<\/td>\n<\/tr>\n<tr>\n<td width=\"145\">Chypre du Nord<\/td>\n<td width=\"89\">Nicosie-Nord<\/td>\n<td width=\"94\">294,906 hab.<\/td>\n<td width=\"73\">3,355 km\u00b2<\/td>\n<\/tr>\n<tr>\n<td width=\"145\">Oss\u00e9tie du Sud-Alanie<\/td>\n<td width=\"89\">Tskhinvali<\/td>\n<td width=\"94\">70,000 hab.<\/td>\n<td width=\"73\">3,900 km\u00b2<\/td>\n<\/tr>\n<tr>\n<td width=\"145\">Transnistrie<\/td>\n<td width=\"89\">Tiraspol<\/td>\n<td width=\"94\">475,373 hab.<\/td>\n<td width=\"73\">3,500 km\u00b2<\/td>\n<\/tr>\n<\/tbody>\n<\/table>\n<\/div>\n<p>Les six entit\u00e9s europ\u00e9ennes suivantes sont des d\u00e9pendances et territoires \u00e0 souverainet\u00e9 sp\u00e9ciale de pays europ\u00e9en :<\/p>\n<div class=\"boxscrl\">\n<table width=\"674\">\n<tbody>\n<tr>\n<td width=\"129\">Entit\u00e9<\/td>\n<td width=\"168\">Capitale<\/td>\n<td width=\"83\">Population<\/td>\n<td width=\"70\">Superficie<\/td>\n<td width=\"224\">Statut l\u00e9gal<\/td>\n<\/tr>\n<tr>\n<td width=\"129\">Akrotiri et Dhekelia<\/td>\n<td width=\"168\">Cantonnement d&#8217;Episkopi<\/td>\n<td width=\"83\">15,700 hab.<\/td>\n<td width=\"70\">254 km\u00b2<\/td>\n<td width=\"224\">Territoire britannique d&#8217;outre-mer<\/td>\n<\/tr>\n<tr>\n<td width=\"129\"><a href=\"https:\/\/gifex.com\/fr\/fichier\/carte-des-iles-feroe\/\" rel=\"noopener\" target=\"_blank\">\u00celes F\u00e9ro\u00e9<\/a><\/td>\n<td width=\"168\">T\u00f3rshavn<\/td>\n<td width=\"83\">52,110 hab.<\/td>\n<td width=\"70\">1,393 km\u00b2<\/td>\n<td width=\"224\">Pays constitutif du Royaume du Danemark<\/td>\n<\/tr>\n<tr>\n<td width=\"129\"><a href=\"https:\/\/gifex.com\/fr\/fichier\/carte-de-gibraltar\/\" rel=\"noopener\" target=\"_blank\">Gibraltar<\/a><\/td>\n<td width=\"168\">Gibraltar<\/td>\n<td width=\"83\">32,247 hab.<\/td>\n<td width=\"70\">6.8 km\u00b2<\/td>\n<td width=\"224\">Territoire britannique d&#8217;outre-mer<\/td>\n<\/tr>\n<tr>\n<td width=\"129\"><a href=\"https:\/\/gifex.com\/fr\/fichier\/carte-de-guernesey\/\" rel=\"noopener\" target=\"_blank\">Guernesey<\/a><\/td>\n<td width=\"168\">Saint-Pierre-Port<\/td>\n<td width=\"83\">67,334 hab.<\/td>\n<td width=\"70\">78 km\u00b2<\/td>\n<td width=\"224\">D\u00e9pendances de la Couronne<\/td>\n<\/tr>\n<tr>\n<td width=\"129\"><a href=\"https:\/\/gifex.com\/fr\/fichier\/carte-de-l-ile-de-man\/\" rel=\"noopener\" target=\"_blank\">\u00cele de Man<\/a><\/td>\n<td width=\"168\">Douglas<\/td>\n<td width=\"83\">83,314 hab.<\/td>\n<td width=\"70\">572 km\u00b2<\/td>\n<td width=\"224\">D\u00e9pendances de la Couronne<\/td>\n<\/tr>\n<tr>\n<td width=\"129\"><a href=\"https:\/\/gifex.com\/fr\/fichier\/carte-de-jersey\/\" rel=\"noopener\" target=\"_blank\">Jersey<\/a><\/td>\n<td width=\"168\">Saint-H\u00e9lier<\/td>\n<td width=\"83\">107,800 hab.<\/td>\n<td width=\"70\">118.2 km\u00b2<\/td>\n<td width=\"224\">D\u00e9pendances de la Couronne<\/td>\n<\/tr>\n<\/tbody>\n<\/table>\n<\/div>\n<p>Les lieux suivants sont des zones sp\u00e9ciales de souverainet\u00e9 interne et sont consid\u00e9r\u00e9s comme faisant partie int\u00e9grante de leur \u00c9tat contr\u00f4lant, mais ont un arrangement politique qui a \u00e9t\u00e9 d\u00e9cid\u00e9 par un accord international.<\/p>\n<div class=\"boxscrl\">\n<table width=\"646\">\n<tbody>\n<tr>\n<td width=\"104\">Entit\u00e9<\/td>\n<td width=\"94\">Capitale<\/td>\n<td width=\"76\">Population<\/td>\n<td width=\"73\">Superficie<\/td>\n<td width=\"299\">Statut l\u00e9gal<\/td>\n<\/tr>\n<tr>\n<td width=\"104\">\u00c5land<\/td>\n<td width=\"94\">Mariehamn<\/td>\n<td width=\"76\">27,500 hab.<\/td>\n<td width=\"73\">6,787 km\u00b2<\/td>\n<td width=\"299\">Autonomie gouvernementale<\/td>\n<\/tr>\n<tr>\n<td width=\"104\">Irlande du Nord<\/td>\n<td width=\"94\">Belfast<\/td>\n<td width=\"76\">1,810,863 hab.<\/td>\n<td width=\"73\">14,130 km\u00b2<\/td>\n<td width=\"299\">Nations constitutive du Royaume-Uni<\/td>\n<\/tr>\n<tr>\n<td width=\"104\">Svalbard<\/td>\n<td width=\"94\">Longyearbyen<\/td>\n<td width=\"76\">2,019 hab.<\/td>\n<td width=\"73\">62,045 km\u00b2<\/td>\n<td width=\"299\">Territoire norv\u00e9gien autonome et d\u00e9militaris\u00e9<\/td>\n<\/tr>\n<\/tbody>\n<\/table>\n<\/div>\n","protected":false},"excerpt":{"rendered":"<p>Carte des pays d&#8217;Europe. L&#8217;Europe ; un continent dont les fronti\u00e8res varient selon la d\u00e9finition de l&#8217;Europe utilis\u00e9e par les diff\u00e9rentes organisations pol &#8230;<\/p>\n","protected":false},"author":1,"featured_media":4147,"template":"","categoria_ficha":[41],"class_list":["post-1637","ficha","type-ficha","status-publish","has-post-thumbnail","hentry","categoria_ficha-cartes-de-l-europe"],"acf":[],"_links":{"self":[{"href":"https:\/\/gifex.com\/fr\/wp-json\/wp\/v2\/ficha\/1637","targetHints":{"allow":["GET"]}}],"collection":[{"href":"https:\/\/gifex.com\/fr\/wp-json\/wp\/v2\/ficha"}],"about":[{"href":"https:\/\/gifex.com\/fr\/wp-json\/wp\/v2\/types\/ficha"}],"author":[{"embeddable":true,"href":"https:\/\/gifex.com\/fr\/wp-json\/wp\/v2\/users\/1"}],"version-history":[{"count":30,"href":"https:\/\/gifex.com\/fr\/wp-json\/wp\/v2\/ficha\/1637\/revisions"}],"predecessor-version":[{"id":46348,"href":"https:\/\/gifex.com\/fr\/wp-json\/wp\/v2\/ficha\/1637\/revisions\/46348"}],"wp:featuredmedia":[{"embeddable":true,"href":"https:\/\/gifex.com\/fr\/wp-json\/wp\/v2\/media\/4147"}],"wp:attachment":[{"href":"https:\/\/gifex.com\/fr\/wp-json\/wp\/v2\/media?parent=1637"}],"wp:term":[{"taxonomy":"categoria_ficha","embeddable":true,"href":"https:\/\/gifex.com\/fr\/wp-json\/wp\/v2\/categoria_ficha?post=1637"}],"curies":[{"name":"wp","href":"https:\/\/api.w.org\/{rel}","templated":true}]}}