{"id":16080,"date":"2022-06-13T20:05:50","date_gmt":"2022-06-13T20:05:50","guid":{"rendered":"https:\/\/gifex.com\/fr\/?post_type=ficha&#038;p=16080"},"modified":"2023-02-02T15:08:33","modified_gmt":"2023-02-02T15:08:33","slug":"carte-des-pistes-cyclables-de-paris","status":"publish","type":"ficha","link":"https:\/\/gifex.com\/fr\/fichier\/carte-des-pistes-cyclables-de-paris\/","title":{"rendered":"Carte des pistes cyclables de Paris"},"content":{"rendered":"<p style=\"text-align: center;\"><label style=\"font-size: 15px;\">Carte des pistes cyclables de Paris.<\/label><\/p>\n<figure id=\"attachment_16083\" aria-describedby=\"caption-attachment-16083\" style=\"width: 360px\" class=\"wp-caption alignright\"><a href=\"https:\/\/gifex.com\/fr\/wp-content\/uploads\/16080\/Velos-Velib-a-Paris-proche-metro-Cite-2007.jpg\" target=\"_blank\" rel=\"noopener\"><img fetchpriority=\"high\" decoding=\"async\" class=\"wp-image-16083\" title=\"V\u00e9los V\u00e9lib \u00e0 Paris proche m\u00e9tro Cit\u00e9.\" src=\"https:\/\/gifex.com\/fr\/wp-content\/uploads\/16080\/Velos-Velib-a-Paris-proche-metro-Cite-2007-300x206.jpg\" alt=\"V\u00e9los V\u00e9lib \u00e0 Paris proche m\u00e9tro Cit\u00e9.\" width=\"360\" height=\"247\" srcset=\"https:\/\/gifex.com\/fr\/wp-content\/uploads\/16080\/Velos-Velib-a-Paris-proche-metro-Cite-2007-300x206.jpg 300w, https:\/\/gifex.com\/fr\/wp-content\/uploads\/16080\/Velos-Velib-a-Paris-proche-metro-Cite-2007-1024x702.jpg 1024w, https:\/\/gifex.com\/fr\/wp-content\/uploads\/16080\/Velos-Velib-a-Paris-proche-metro-Cite-2007-768x526.jpg 768w, https:\/\/gifex.com\/fr\/wp-content\/uploads\/16080\/Velos-Velib-a-Paris-proche-metro-Cite-2007.jpg 1280w\" sizes=\"(max-width: 360px) 100vw, 360px\" \/><\/a><figcaption id=\"caption-attachment-16083\" class=\"wp-caption-text\"><label style=\"font-size: 15px;\">V\u00e9los V\u00e9lib \u00e0 Paris proche m\u00e9tro Cit\u00e9, (Station n\u00b0 4002 place Louis L\u00e9pine).<\/label><\/figcaption><\/figure>\n<p>Apr\u00e8s avoir quasiment disparu dans les ann\u00e9es 1980 (la circulation automobile \u00e9tait alors 85 fois sup\u00e9rieure \u00e0 la circulation cycliste \u00e0 Paris), le v\u00e9lo n&#8217;a cess\u00e9 d&#8217;augmenter tr\u00e8s rapidement depuis les ann\u00e9es 1990 &#8211; le nombre de d\u00e9placements effectu\u00e9s \u00e0 v\u00e9lo a \u00e9t\u00e9 multipli\u00e9 par 10 entre 1991 et 2010. Pour les Parisiens, la circulation cycliste repr\u00e9sente d\u00e9sormais un tiers de la circulation automobile, et est sup\u00e9rieure de 45 % \u00e0 la circulation en deux-roues motoris\u00e9s. La prolongation de ces tendances laisse penser qu&#8217;au cours des ann\u00e9es 2020 la circulation cycliste deviendra sup\u00e9rieure \u00e0 la circulation automobile. N\u00e9anmoins, la part des v\u00e9los dans les d\u00e9placements n&#8217;\u00e9tait encore estim\u00e9e qu&#8217;\u00e0 3 % en 2008, positionnant Paris dans le bas du classement des capitales europ\u00e9ennes les plus cyclistes. La ville d\u00e9veloppe depuis 1996 un r\u00e9seau de pistes cyclables en augmentation constante qui atteint en 2011 700 km incluant les bandes et pistes cyclables ainsi que les couloirs de bus \u00e9largis. \u00c0 la suite de Rennes et Lyon, la mairie de Paris lance le 15 juillet 2007 un syst\u00e8me de location de v\u00e9los en libre-service, baptis\u00e9 V\u00e9lib&#8217;, avec le r\u00e9seau le plus dense d&#8217;Europe, 20 000 v\u00e9los fin 2007, 1 400 stations dans Paris, une tous les 300 m\u00e8tres en moyenne, et g\u00e9r\u00e9 par JCDecauxs 4 puis par Smovengo depuis le 1er janvier 2018.<\/p>\n","protected":false},"excerpt":{"rendered":"<p>Apr\u00e8s avoir quasiment disparu dans les ann\u00e9es 1980 (la circulation automobile \u00e9tait alors 85 fois sup\u00e9rieure \u00e0 la circulation cycliste \u00e0 Paris), <\/p>\n","protected":false},"author":1,"featured_media":16082,"template":"","categoria_ficha":[1787],"class_list":["post-16080","ficha","type-ficha","status-publish","has-post-thumbnail","hentry","categoria_ficha-cartes-de-paris"],"acf":[],"_links":{"self":[{"href":"https:\/\/gifex.com\/fr\/wp-json\/wp\/v2\/ficha\/16080","targetHints":{"allow":["GET"]}}],"collection":[{"href":"https:\/\/gifex.com\/fr\/wp-json\/wp\/v2\/ficha"}],"about":[{"href":"https:\/\/gifex.com\/fr\/wp-json\/wp\/v2\/types\/ficha"}],"author":[{"embeddable":true,"href":"https:\/\/gifex.com\/fr\/wp-json\/wp\/v2\/users\/1"}],"version-history":[{"count":6,"href":"https:\/\/gifex.com\/fr\/wp-json\/wp\/v2\/ficha\/16080\/revisions"}],"predecessor-version":[{"id":33590,"href":"https:\/\/gifex.com\/fr\/wp-json\/wp\/v2\/ficha\/16080\/revisions\/33590"}],"wp:featuredmedia":[{"embeddable":true,"href":"https:\/\/gifex.com\/fr\/wp-json\/wp\/v2\/media\/16082"}],"wp:attachment":[{"href":"https:\/\/gifex.com\/fr\/wp-json\/wp\/v2\/media?parent=16080"}],"wp:term":[{"taxonomy":"categoria_ficha","embeddable":true,"href":"https:\/\/gifex.com\/fr\/wp-json\/wp\/v2\/categoria_ficha?post=16080"}],"curies":[{"name":"wp","href":"https:\/\/api.w.org\/{rel}","templated":true}]}}