{"id":16033,"date":"2022-06-11T16:35:16","date_gmt":"2022-06-11T16:35:16","guid":{"rendered":"https:\/\/gifex.com\/fr\/?post_type=ficha&#038;p=16033"},"modified":"2023-03-25T14:13:43","modified_gmt":"2023-03-25T14:13:43","slug":"carte-des-cantons-du-departement-du-var","status":"publish","type":"ficha","link":"https:\/\/gifex.com\/fr\/fichier\/carte-des-cantons-du-departement-du-var\/","title":{"rendered":"Carte des cantons du d\u00e9partement du Var"},"content":{"rendered":"<p style=\"text-align: center;\"><label style=\"font-size: 15px;\">Carte des cantons du d\u00e9partement du Var.<\/label><\/p>\n<p>Voici les 23 cantons du d\u00e9partement du Var, en France, suite \u00e0 la r\u00e9organisation cantonale fran\u00e7aise entr\u00e9e en vigueur en mars 2015 :<\/p>\n<div class=\"boxscrl\">\n<table width=\"488\">\n<tbody>\n<tr>\n<td width=\"213\">Brignoles ;<\/td>\n<td width=\"275\">Sainte-Maxime ;<\/td>\n<\/tr>\n<tr>\n<td>La Crau ;<\/td>\n<td>Saint-Maximin-la-Sainte-Baume ;<\/td>\n<\/tr>\n<tr>\n<td>Draguignan ;<\/td>\n<td>Saint-Rapha\u00ebl ;<\/td>\n<\/tr>\n<tr>\n<td>Flayosc ;<\/td>\n<td>La Seyne-sur-Mer-1 ;<\/td>\n<\/tr>\n<tr>\n<td>Fr\u00e9jus ;<\/td>\n<td>La Seyne-sur-Mer-2 ;<\/td>\n<\/tr>\n<tr>\n<td>La Garde ;<\/td>\n<td>Solli\u00e8s-Pont ;<\/td>\n<\/tr>\n<tr>\n<td>Gar\u00e9oult ;<\/td>\n<td>Toulon-1 ;<\/td>\n<\/tr>\n<tr>\n<td>Hy\u00e8res ;<\/td>\n<td>Toulon-2 ;<\/td>\n<\/tr>\n<tr>\n<td>Le Luc ;<\/td>\n<td>Toulon-3 ;<\/td>\n<\/tr>\n<tr>\n<td>Ollioules ;<\/td>\n<td>Toulon-4 ;<\/td>\n<\/tr>\n<tr>\n<td>Roquebrune-sur-Argens ;<\/td>\n<td>Vidauban<\/td>\n<\/tr>\n<tr>\n<td>Saint-Cyr-sur-Mer ;<\/td>\n<td><\/td>\n<\/tr>\n<\/tbody>\n<\/table>\n<\/div>\n","protected":false},"excerpt":{"rendered":"<p>Voici les 23 cantons du d\u00e9partement du Var, en France, suite \u00e0 la r\u00e9organisation cantonale fran\u00e7aise entr\u00e9e en vigueur en mars 2015 :<\/p>\n","protected":false},"author":1,"featured_media":16034,"template":"","categoria_ficha":[1865],"class_list":["post-16033","ficha","type-ficha","status-publish","has-post-thumbnail","hentry","categoria_ficha-cartes-du-departement-du-var"],"acf":[],"_links":{"self":[{"href":"https:\/\/gifex.com\/fr\/wp-json\/wp\/v2\/ficha\/16033","targetHints":{"allow":["GET"]}}],"collection":[{"href":"https:\/\/gifex.com\/fr\/wp-json\/wp\/v2\/ficha"}],"about":[{"href":"https:\/\/gifex.com\/fr\/wp-json\/wp\/v2\/types\/ficha"}],"author":[{"embeddable":true,"href":"https:\/\/gifex.com\/fr\/wp-json\/wp\/v2\/users\/1"}],"version-history":[{"count":4,"href":"https:\/\/gifex.com\/fr\/wp-json\/wp\/v2\/ficha\/16033\/revisions"}],"predecessor-version":[{"id":36665,"href":"https:\/\/gifex.com\/fr\/wp-json\/wp\/v2\/ficha\/16033\/revisions\/36665"}],"wp:featuredmedia":[{"embeddable":true,"href":"https:\/\/gifex.com\/fr\/wp-json\/wp\/v2\/media\/16034"}],"wp:attachment":[{"href":"https:\/\/gifex.com\/fr\/wp-json\/wp\/v2\/media?parent=16033"}],"wp:term":[{"taxonomy":"categoria_ficha","embeddable":true,"href":"https:\/\/gifex.com\/fr\/wp-json\/wp\/v2\/categoria_ficha?post=16033"}],"curies":[{"name":"wp","href":"https:\/\/api.w.org\/{rel}","templated":true}]}}