{"id":16029,"date":"2022-06-11T16:29:00","date_gmt":"2022-06-11T16:29:00","guid":{"rendered":"https:\/\/gifex.com\/fr\/?post_type=ficha&#038;p=16029"},"modified":"2024-11-11T17:49:54","modified_gmt":"2024-11-11T17:49:54","slug":"carte-routiere-du-var","status":"publish","type":"ficha","link":"https:\/\/gifex.com\/fr\/fichier\/carte-routiere-du-var\/","title":{"rendered":"Carte routi\u00e8re du Var"},"content":{"rendered":"<p style=\"text-align: center;\"><label style=\"font-size: 15px;\">Carte routi\u00e8re du d\u00e9partement du Var <a href=\"https:\/\/gifex.com\/fr\/wp-content\/uploads\/16029\/Carte-routiere-du-Var.pdf\" target=\"_blank\" rel=\"noopener\">(format pdf)<\/a>.<\/label><\/p>\n<p>Le r\u00e9seau routier du d\u00e9partement du Var comprend cinq cat\u00e9gories de voies : les autoroutes et routes nationales appartenant au domaine public routier national et g\u00e9r\u00e9es par l&#8217;\u00c9tat, les routes d\u00e9partementales appartenant au domaine public routier d\u00e9partemental et g\u00e9r\u00e9es par le Conseil g\u00e9n\u00e9ral du Var et les voies communales et chemins ruraux appartenant respectivement aux domaines public et priv\u00e9 des communes et g\u00e9r\u00e9es par les municipalit\u00e9s. Le lin\u00e9aire de routes par cat\u00e9gories peut \u00e9voluer avec la cr\u00e9ation de routes nouvelles ou par transferts de domanialit\u00e9 entre cat\u00e9gories par classement ou d\u00e9classement, lorsque les fonctionnalit\u00e9s de la route ne correspondent plus \u00e0 celle attendues d&#8217;une route de la cat\u00e9gorie dans laquelle elle est class\u00e9e. Ces transferts peuvent aussi r\u00e9sulter d&#8217;une d\u00e9marche globale de transfert de comp\u00e9tences d&#8217;une collectivit\u00e9 vers une autre.<\/p>\n<figure id=\"attachment_16031\" aria-describedby=\"caption-attachment-16031\" style=\"width: 360px\" class=\"wp-caption alignright\"><a href=\"https:\/\/gifex.com\/fr\/wp-content\/uploads\/16029\/Echangeur-entre-les-autoroutes-A57-et-A570-a-l-est-de-Toulon-Var-2013.jpg\" target=\"_blank\" rel=\"noopener\"><img fetchpriority=\"high\" decoding=\"async\" class=\"wp-image-16031\" title=\"\u00c9changeur entre les autoroutes A57 et A570, \u00e0 l'est de Toulon, Var.\" src=\"https:\/\/gifex.com\/fr\/wp-content\/uploads\/16029\/Echangeur-entre-les-autoroutes-A57-et-A570-a-l-est-de-Toulon-Var-2013-300x169.jpg\" alt=\"\u00c9changeur entre les autoroutes A57 et A570, \u00e0 l'est de Toulon, Var.\" width=\"360\" height=\"203\" srcset=\"https:\/\/gifex.com\/fr\/wp-content\/uploads\/16029\/Echangeur-entre-les-autoroutes-A57-et-A570-a-l-est-de-Toulon-Var-2013-300x169.jpg 300w, https:\/\/gifex.com\/fr\/wp-content\/uploads\/16029\/Echangeur-entre-les-autoroutes-A57-et-A570-a-l-est-de-Toulon-Var-2013-1024x576.jpg 1024w, https:\/\/gifex.com\/fr\/wp-content\/uploads\/16029\/Echangeur-entre-les-autoroutes-A57-et-A570-a-l-est-de-Toulon-Var-2013-768x432.jpg 768w, https:\/\/gifex.com\/fr\/wp-content\/uploads\/16029\/Echangeur-entre-les-autoroutes-A57-et-A570-a-l-est-de-Toulon-Var-2013-1536x864.jpg 1536w, https:\/\/gifex.com\/fr\/wp-content\/uploads\/16029\/Echangeur-entre-les-autoroutes-A57-et-A570-a-l-est-de-Toulon-Var-2013-1600x900.jpg 1600w, https:\/\/gifex.com\/fr\/wp-content\/uploads\/16029\/Echangeur-entre-les-autoroutes-A57-et-A570-a-l-est-de-Toulon-Var-2013.jpg 1920w\" sizes=\"(max-width: 360px) 100vw, 360px\" \/><\/a><figcaption id=\"caption-attachment-16031\" class=\"wp-caption-text\"><label style=\"font-size: 15px;\">L&#8217;\u00e9changeur entre les autoroutes A57 (direction Nice) et A570 (direction Hy\u00e8res) \u00e0 La Garde.<\/label><\/figcaption><\/figure>\n<p>Au 31 d\u00e9cembre 2017, la longueur totale du r\u00e9seau routier du d\u00e9partement du Var est de 10 669 kilom\u00e8tres, se r\u00e9partissant en 199 kilom\u00e8tres d&#8217;autoroutes, 1 kilom\u00e8tre de routes nationales, 2 956 kilom\u00e8tres de routes d\u00e9partementales et 7 513 kilom\u00e8tres de voies communales.<\/p>\n<p>Le d\u00e9partement est desservi par trois autoroutes : l&#8217;autoroute A8 (Aix-en-Provence \u2013 fronti\u00e8re italienne) qui traverse le centre du d\u00e9partement d&#8217;est en ouest, l&#8217;autoroute A57 qui relie Le Cannet-des-Maures \u00e0 Toulon et l&#8217;autoroute A50 qui relie Toulon \u00e0 Marseille. Ces trois autoroutes sont g\u00e9r\u00e9es par le r\u00e9seau Escota et Vinci Autoroutes .<\/p>\n<p>Sur une grande partie de son parcours, l&#8217;autoroute A8 longe la nationale 7, qui est un axe tr\u00e8s emprunt\u00e9.<\/p>\n<p>L&#8217;autoroute A570 relie l&#8217;A57 \u00e0 Hy\u00e8res, cette portion est gratuite (non conc\u00e9d\u00e9e).<\/p>\n<p>La RD98 (ancienne nationale 98) relie l&#8217;agglom\u00e9ration toulonnaise au Golfe de Saint-Tropez.<\/p>\n<p><label style=\"font-size: 15px;\">Source de la \u00abcarte routi\u00e8re du Var\u00bb ; Le Tyrosemiophile &#8211; letyrosemiophile.com<\/label><\/p>\n","protected":false},"excerpt":{"rendered":"<p>Le r\u00e9seau routier du d\u00e9partement du Var comprend cinq cat\u00e9gories de voies : les autoroutes et routes nationales appartenant au domaine public routier national et g<\/p>\n","protected":false},"author":1,"featured_media":16030,"template":"","categoria_ficha":[1865],"class_list":["post-16029","ficha","type-ficha","status-publish","has-post-thumbnail","hentry","categoria_ficha-cartes-du-departement-du-var"],"acf":[],"_links":{"self":[{"href":"https:\/\/gifex.com\/fr\/wp-json\/wp\/v2\/ficha\/16029","targetHints":{"allow":["GET"]}}],"collection":[{"href":"https:\/\/gifex.com\/fr\/wp-json\/wp\/v2\/ficha"}],"about":[{"href":"https:\/\/gifex.com\/fr\/wp-json\/wp\/v2\/types\/ficha"}],"author":[{"embeddable":true,"href":"https:\/\/gifex.com\/fr\/wp-json\/wp\/v2\/users\/1"}],"version-history":[{"count":6,"href":"https:\/\/gifex.com\/fr\/wp-json\/wp\/v2\/ficha\/16029\/revisions"}],"predecessor-version":[{"id":54063,"href":"https:\/\/gifex.com\/fr\/wp-json\/wp\/v2\/ficha\/16029\/revisions\/54063"}],"wp:featuredmedia":[{"embeddable":true,"href":"https:\/\/gifex.com\/fr\/wp-json\/wp\/v2\/media\/16030"}],"wp:attachment":[{"href":"https:\/\/gifex.com\/fr\/wp-json\/wp\/v2\/media?parent=16029"}],"wp:term":[{"taxonomy":"categoria_ficha","embeddable":true,"href":"https:\/\/gifex.com\/fr\/wp-json\/wp\/v2\/categoria_ficha?post=16029"}],"curies":[{"name":"wp","href":"https:\/\/api.w.org\/{rel}","templated":true}]}}