{"id":16026,"date":"2022-06-11T16:18:59","date_gmt":"2022-06-11T16:18:59","guid":{"rendered":"https:\/\/gifex.com\/fr\/?post_type=ficha&#038;p=16026"},"modified":"2024-11-12T01:01:46","modified_gmt":"2024-11-12T01:01:46","slug":"carte-des-principales-communes-du-var","status":"publish","type":"ficha","link":"https:\/\/gifex.com\/fr\/fichier\/carte-des-principales-communes-du-var\/","title":{"rendered":"Carte des principales communes du Var"},"content":{"rendered":"<p style=\"text-align: center;\"><label style=\"font-size: 15px;\">Carte des principales communes du Var.<\/label><\/p>\n<p>Sur les 153 communes que comprend le d\u00e9partement du Var, 94 ont en 2019 une population municipale sup\u00e9rieure \u00e0 2 000 habitants, 47 ont plus de 5 000 habitants, 24 ont plus de 10 000 habitants, treize ont plus de 15 000 habitants et huit ont plus de 25 000 habitants : Toulon, La Seyne-sur-Mer, Hy\u00e8res, Fr\u00e9jus, Draguignan, Saint-Rapha\u00ebl, Six-Fours-les-Plages et La Garde.<\/p>\n<p>Les communes de plus de 15 000 habitants sont pr\u00e9sent\u00e9es dans le tableau ci-apr\u00e8s.<\/p>\n<div class=\"boxscrl\">\n<table width=\"504\">\n<tbody>\n<tr>\n<td rowspan=\"2\" width=\"250\">Commune<\/td>\n<td width=\"126\">Population<\/td>\n<td width=\"64\">Superficie<\/td>\n<td width=\"64\">Densit\u00e9<\/td>\n<\/tr>\n<tr>\n<td width=\"126\">2019<\/td>\n<td width=\"64\">(km<sup>2<\/sup>)<\/td>\n<td width=\"64\">(hab.\/km<sup>2<\/sup>)<\/td>\n<\/tr>\n<tr>\n<td>Toulon<\/td>\n<td width=\"126\">178\u00a0745<\/td>\n<td width=\"64\">42,84<\/td>\n<td width=\"64\">4\u00a0172,4<\/td>\n<\/tr>\n<tr>\n<td>La Seyne-sur-Mer<\/td>\n<td width=\"126\">62\u00a0987<\/td>\n<td width=\"64\">22,17<\/td>\n<td width=\"64\">2\u00a0841,1<\/td>\n<\/tr>\n<tr>\n<td>Hy\u00e8res<\/td>\n<td width=\"126\">54\u00a0821<\/td>\n<td width=\"64\">132,38<\/td>\n<td width=\"64\">414,1<\/td>\n<\/tr>\n<tr>\n<td>Fr\u00e9jus<\/td>\n<td width=\"126\">54\u00a0458<\/td>\n<td width=\"64\">102,27<\/td>\n<td width=\"64\">532,5<\/td>\n<\/tr>\n<tr>\n<td>Draguignan<\/td>\n<td width=\"126\">39\u00a0433<\/td>\n<td width=\"64\">53,75<\/td>\n<td width=\"64\">733,6<\/td>\n<\/tr>\n<tr>\n<td>Saint-Rapha\u00ebl<\/td>\n<td width=\"126\">36\u00a0027<\/td>\n<td width=\"64\">89,59<\/td>\n<td width=\"64\">402,1<\/td>\n<\/tr>\n<tr>\n<td>Six-Fours-les-Plages<\/td>\n<td width=\"126\">34\u00a0592<\/td>\n<td width=\"64\">26,58<\/td>\n<td width=\"64\">1\u00a0301,4<\/td>\n<\/tr>\n<tr>\n<td>La Garde<\/td>\n<td width=\"126\">25\u00a0505<\/td>\n<td width=\"64\">15,54<\/td>\n<td width=\"64\">1\u00a0641,2<\/td>\n<\/tr>\n<tr>\n<td>La Valette-du-Var<\/td>\n<td width=\"126\">24\u00a0087<\/td>\n<td width=\"64\">15,5<\/td>\n<td width=\"64\">1\u00a0554<\/td>\n<\/tr>\n<tr>\n<td>La Crau<\/td>\n<td width=\"126\">18\u00a0774<\/td>\n<td width=\"64\">37,87<\/td>\n<td width=\"64\">495,7<\/td>\n<\/tr>\n<tr>\n<td>Brignoles<\/td>\n<td width=\"126\">17\u00a0361<\/td>\n<td width=\"64\">70,53<\/td>\n<td width=\"64\">246,2<\/td>\n<\/tr>\n<tr>\n<td>Saint-Maximin-la-Sainte-Baume<\/td>\n<td width=\"126\">17\u00a0095<\/td>\n<td width=\"64\">64,13<\/td>\n<td width=\"64\">266,6<\/td>\n<\/tr>\n<tr>\n<td>Sanary-sur-Mer<\/td>\n<td width=\"126\">16\u00a0889<\/td>\n<td width=\"64\">19,23<\/td>\n<td width=\"64\">878,3<\/td>\n<\/tr>\n<tr>\n<td colspan=\"4\">Source\u00a0: Insee.<\/td>\n<\/tr>\n<\/tbody>\n<\/table>\n<\/div>\n<p>&nbsp;<\/p>\n<div style=\"clear: both; display: inline-block; width: 100%;\">\n<div class=\"row\">\n<div class=\"col-sm\">\n<figure id=\"attachment_54074\" aria-describedby=\"caption-attachment-54074\" style=\"width: 400px\" class=\"wp-caption alignleft\"><a href=\"https:\/\/gifex.com\/fr\/wp-content\/uploads\/16026\/Carte-des-principales-villes-du-Var.jpg\" target=\"_blank\" rel=\"noopener\"><img fetchpriority=\"high\" decoding=\"async\" class=\"wp-image-54074\" title=\"Carte des principales villes du Var.\" src=\"https:\/\/gifex.com\/fr\/wp-content\/uploads\/16026\/Carte-des-principales-villes-du-Var-300x262.jpg\" alt=\"Carte des principales villes du Var.\" width=\"400\" height=\"349\" srcset=\"https:\/\/gifex.com\/fr\/wp-content\/uploads\/16026\/Carte-des-principales-villes-du-Var-300x262.jpg 300w, https:\/\/gifex.com\/fr\/wp-content\/uploads\/16026\/Carte-des-principales-villes-du-Var-1024x893.jpg 1024w, https:\/\/gifex.com\/fr\/wp-content\/uploads\/16026\/Carte-des-principales-villes-du-Var-768x670.jpg 768w, https:\/\/gifex.com\/fr\/wp-content\/uploads\/16026\/Carte-des-principales-villes-du-Var.jpg 1100w\" sizes=\"(max-width: 400px) 100vw, 400px\" \/><\/a><figcaption id=\"caption-attachment-54074\" class=\"wp-caption-text\"><label style=\"font-size: 15px;\">Carte des principales villes du Var.<\/label><\/figcaption><\/figure>\n<\/div>\n<div class=\"col-sm\">\n<figure id=\"attachment_54077\" aria-describedby=\"caption-attachment-54077\" style=\"width: 400px\" class=\"wp-caption alignright\"><a href=\"https:\/\/gifex.com\/fr\/wp-content\/uploads\/16026\/Principales-villes-des-environs-de-Toulon.jpg\" target=\"_blank\" rel=\"noopener\"><img decoding=\"async\" class=\"wp-image-54077\" title=\"Principales villes des environs de Toulon.\" src=\"https:\/\/gifex.com\/fr\/wp-content\/uploads\/16026\/Principales-villes-des-environs-de-Toulon-300x142.jpg\" alt=\"Principales villes des environs de Toulon.\" width=\"400\" height=\"189\" srcset=\"https:\/\/gifex.com\/fr\/wp-content\/uploads\/16026\/Principales-villes-des-environs-de-Toulon-300x142.jpg 300w, https:\/\/gifex.com\/fr\/wp-content\/uploads\/16026\/Principales-villes-des-environs-de-Toulon.jpg 600w\" sizes=\"(max-width: 400px) 100vw, 400px\" \/><\/a><figcaption id=\"caption-attachment-54077\" class=\"wp-caption-text\"><label style=\"font-size: 15px;\">Principales villes des environs de Toulon.<\/label><\/figcaption><\/figure>\n<\/div>\n<\/div>\n<\/div>\n","protected":false},"excerpt":{"rendered":"<p>Sur les 153 communes que comprend le d\u00e9partement du Var, 94 ont en 2019 une population municipale sup\u00e9rieure \u00e0 2 000 habitants, 47 ont pl<\/p>\n","protected":false},"author":1,"featured_media":33036,"template":"","categoria_ficha":[1865],"class_list":["post-16026","ficha","type-ficha","status-publish","has-post-thumbnail","hentry","categoria_ficha-cartes-du-departement-du-var"],"acf":[],"_links":{"self":[{"href":"https:\/\/gifex.com\/fr\/wp-json\/wp\/v2\/ficha\/16026","targetHints":{"allow":["GET"]}}],"collection":[{"href":"https:\/\/gifex.com\/fr\/wp-json\/wp\/v2\/ficha"}],"about":[{"href":"https:\/\/gifex.com\/fr\/wp-json\/wp\/v2\/types\/ficha"}],"author":[{"embeddable":true,"href":"https:\/\/gifex.com\/fr\/wp-json\/wp\/v2\/users\/1"}],"version-history":[{"count":5,"href":"https:\/\/gifex.com\/fr\/wp-json\/wp\/v2\/ficha\/16026\/revisions"}],"predecessor-version":[{"id":32867,"href":"https:\/\/gifex.com\/fr\/wp-json\/wp\/v2\/ficha\/16026\/revisions\/32867"}],"wp:featuredmedia":[{"embeddable":true,"href":"https:\/\/gifex.com\/fr\/wp-json\/wp\/v2\/media\/33036"}],"wp:attachment":[{"href":"https:\/\/gifex.com\/fr\/wp-json\/wp\/v2\/media?parent=16026"}],"wp:term":[{"taxonomy":"categoria_ficha","embeddable":true,"href":"https:\/\/gifex.com\/fr\/wp-json\/wp\/v2\/categoria_ficha?post=16026"}],"curies":[{"name":"wp","href":"https:\/\/api.w.org\/{rel}","templated":true}]}}