{"id":15959,"date":"2022-06-10T21:52:23","date_gmt":"2022-06-10T21:52:23","guid":{"rendered":"https:\/\/gifex.com\/fr\/?post_type=ficha&#038;p=15959"},"modified":"2022-08-19T19:34:27","modified_gmt":"2022-08-19T19:34:27","slug":"carte-hydrographique-du-tarn","status":"publish","type":"ficha","link":"https:\/\/gifex.com\/fr\/fichier\/carte-hydrographique-du-tarn\/","title":{"rendered":"Carte hydrographique du Tarn"},"content":{"rendered":"<p style=\"text-align: center;\"><label style=\"font-size: 15px;\">Carte hydrographique du Tarn.<\/label><\/p>\n<p>La quasi-totalit\u00e9 du d\u00e9partement fait partie du bassin de la Garonne, \u00e0 l&#8217;exception de quelques ruisseaux descendant vers la M\u00e9diterran\u00e9e. La ligne de partage des eaux suit la cr\u00eate de la montagne Noire et des monts de Lacaune. Le relief de l&#8217;est du d\u00e9partement est un v\u00e9ritable ch\u00e2teau d&#8217;eau avec plus de 1 500 mm et ponctuellement jusqu&#8217;\u00e0 2 100 mm. La saison arros\u00e9e va de d\u00e9cembre \u00e0 avril et le d\u00e9bit des rivi\u00e8res suit la m\u00eame dur\u00e9e, la masse neigeuse stock\u00e9e \u00e9tant tr\u00e8s faible et de courte dur\u00e9e. Les mois secs vont de juin \u00e0 ao\u00fbt et correspondent \u00e0 une baisse du d\u00e9bit des rivi\u00e8res. L&#8217;\u00e9tiage est s\u00e9v\u00e8re sur les petits cours d&#8217;eau mais plus liss\u00e9 dans les rivi\u00e8res en aval.<\/p>\n<figure id=\"attachment_15963\" aria-describedby=\"caption-attachment-15963\" style=\"width: 360px\" class=\"wp-caption alignright\"><a href=\"https:\/\/gifex.com\/fr\/wp-content\/uploads\/15959\/Le-Tarn-a-Ambialet-dans-le-departement-du-Tarn-2006.jpg\" target=\"_blank\" rel=\"noopener\"><img fetchpriority=\"high\" decoding=\"async\" class=\"wp-image-15963\" title=\"Le Tarn \u00e0 Ambialet, dans le d\u00e9partement du Tarn.\" src=\"https:\/\/gifex.com\/fr\/wp-content\/uploads\/15959\/Le-Tarn-a-Ambialet-dans-le-departement-du-Tarn-2006-300x225.jpg\" alt=\"Le Tarn \u00e0 Ambialet, dans le d\u00e9partement du Tarn.\" width=\"360\" height=\"270\" srcset=\"https:\/\/gifex.com\/fr\/wp-content\/uploads\/15959\/Le-Tarn-a-Ambialet-dans-le-departement-du-Tarn-2006-300x225.jpg 300w, https:\/\/gifex.com\/fr\/wp-content\/uploads\/15959\/Le-Tarn-a-Ambialet-dans-le-departement-du-Tarn-2006-1024x768.jpg 1024w, https:\/\/gifex.com\/fr\/wp-content\/uploads\/15959\/Le-Tarn-a-Ambialet-dans-le-departement-du-Tarn-2006-768x576.jpg 768w, https:\/\/gifex.com\/fr\/wp-content\/uploads\/15959\/Le-Tarn-a-Ambialet-dans-le-departement-du-Tarn-2006-1536x1152.jpg 1536w, https:\/\/gifex.com\/fr\/wp-content\/uploads\/15959\/Le-Tarn-a-Ambialet-dans-le-departement-du-Tarn-2006-2048x1536.jpg 2048w, https:\/\/gifex.com\/fr\/wp-content\/uploads\/15959\/Le-Tarn-a-Ambialet-dans-le-departement-du-Tarn-2006-800x600.jpg 800w, https:\/\/gifex.com\/fr\/wp-content\/uploads\/15959\/Le-Tarn-a-Ambialet-dans-le-departement-du-Tarn-2006-1600x1200.jpg 1600w\" sizes=\"(max-width: 360px) 100vw, 360px\" \/><\/a><figcaption id=\"caption-attachment-15963\" class=\"wp-caption-text\"><label style=\"font-size: 15px;\">Le Tarn \u00e0 Ambialet, dans le d\u00e9partement du Tarn.<\/label><\/figcaption><\/figure>\n<p>La principale rivi\u00e8re est le Tarn. Il draine une grande partie du d\u00e9partement avec son affluent majeur, l&#8217;Agout. Ce dernier, n\u00e9 dans les monts de Lacaune, re\u00e7oit les eaux du Thor\u00e9 et du Sor rive gauche, et celles du Dadou, rive droite.<\/p>\n<p>Ces cours d&#8217;eau ont vu les redoutables crues comme celle des inondations de mars 1930 dans le Tarn \u00e9cr\u00eat\u00e9es par des barrages. Outre leur r\u00f4le r\u00e9gulateur du d\u00e9bit, ils constituent des r\u00e9serves d&#8217;eau pour l&#8217;adduction d&#8217;eau potable, d&#8217;eau pour l&#8217;irrigation, la production d&#8217;\u00e9lectricit\u00e9 et sont souvent am\u00e9nag\u00e9s pour l&#8217;accueil de bases nautiques : barrage de la Ravi\u00e8ge et sur l&#8217;Agout, barrage du Laouzas sur la V\u00e8bre, barrage des Cammazes sur le Sor, Barrages de Rassisse (ou Razisse) et la Bancali\u00e9 sur le Dadou, barrage des Saints-Payres sur l&#8217;Arn, barrage de la Roucari\u00e9 et lac de Fonbonne sur le C\u00e9ret. Le plus ancien est le barrage de Saint-Ferr\u00e9ol qui partage ses rives avec la Haute-Garonne, et l&#8217;aude, construit par Pierre-Paul Riquet pour assurer l&#8217;approvisionnement en eau du canal du Midi. Depuis 1997, le barrage est inscrit au titre des monuments historiques et fait partie des grands Sites de Midi-Pyr\u00e9n\u00e9es. Le projet du barrage de Sivens sur le Tescou a \u00e9t\u00e9 tr\u00e8s m\u00e9diatis\u00e9 par les affrontements juridiques et physiques entre partisans et adversaires.<\/p>\n<p>Au nord du d\u00e9partement deux rivi\u00e8res se jettent dans l&#8217;Aveyron, ce sont la V\u00e8re et le C\u00e9rou.<\/p>\n","protected":false},"excerpt":{"rendered":"<p>La quasi-totalit\u00e9 du d\u00e9partement fait partie du bassin de la Garonne, \u00e0 l&#8217;exception de quelques ruisseaux<\/p>\n","protected":false},"author":1,"featured_media":15962,"template":"","categoria_ficha":[1864],"class_list":["post-15959","ficha","type-ficha","status-publish","has-post-thumbnail","hentry","categoria_ficha-cartes-du-departement-du-tarn"],"acf":[],"_links":{"self":[{"href":"https:\/\/gifex.com\/fr\/wp-json\/wp\/v2\/ficha\/15959","targetHints":{"allow":["GET"]}}],"collection":[{"href":"https:\/\/gifex.com\/fr\/wp-json\/wp\/v2\/ficha"}],"about":[{"href":"https:\/\/gifex.com\/fr\/wp-json\/wp\/v2\/types\/ficha"}],"author":[{"embeddable":true,"href":"https:\/\/gifex.com\/fr\/wp-json\/wp\/v2\/users\/1"}],"version-history":[{"count":2,"href":"https:\/\/gifex.com\/fr\/wp-json\/wp\/v2\/ficha\/15959\/revisions"}],"predecessor-version":[{"id":22420,"href":"https:\/\/gifex.com\/fr\/wp-json\/wp\/v2\/ficha\/15959\/revisions\/22420"}],"wp:featuredmedia":[{"embeddable":true,"href":"https:\/\/gifex.com\/fr\/wp-json\/wp\/v2\/media\/15962"}],"wp:attachment":[{"href":"https:\/\/gifex.com\/fr\/wp-json\/wp\/v2\/media?parent=15959"}],"wp:term":[{"taxonomy":"categoria_ficha","embeddable":true,"href":"https:\/\/gifex.com\/fr\/wp-json\/wp\/v2\/categoria_ficha?post=15959"}],"curies":[{"name":"wp","href":"https:\/\/api.w.org\/{rel}","templated":true}]}}