{"id":15942,"date":"2022-06-10T21:20:24","date_gmt":"2022-06-10T21:20:24","guid":{"rendered":"https:\/\/gifex.com\/fr\/?post_type=ficha&#038;p=15942"},"modified":"2024-10-25T20:38:11","modified_gmt":"2024-10-25T20:38:11","slug":"carte-des-principales-communes-du-tarn","status":"publish","type":"ficha","link":"https:\/\/gifex.com\/fr\/fichier\/carte-des-principales-communes-du-tarn\/","title":{"rendered":"Carte des principales communes du Tarn"},"content":{"rendered":"<p style=\"text-align: center;\"><label style=\"font-size: 15px;\">Carte des principales communes du Tarn.<\/label><\/p>\n<p>Sur les 314 communes que comprend le d\u00e9partement du Tarn, 37 ont en 2019 une population municipale sup\u00e9rieure \u00e0 2 000 habitants, douze ont plus de 5 000 habitants et cinq ont plus de 10 000 habitants : Albi, Castres, Gaillac, Graulhet et Lavaur.<\/p>\n<p>Les communes de plus de 5 000 habitants sont pr\u00e9sent\u00e9es dans le tableau ci-apr\u00e8s.<\/p>\n<div class=\"boxscrl\">\n<table width=\"449\">\n<tbody>\n<tr>\n<td rowspan=\"2\" width=\"200\">Commune<\/td>\n<td width=\"121\">Population<\/td>\n<td width=\"64\">Superficie<\/td>\n<td width=\"64\">Densit\u00e9<\/td>\n<\/tr>\n<tr>\n<td width=\"121\">2019<\/td>\n<td width=\"64\">(km<sup>2<\/sup>)<\/td>\n<td width=\"64\">(hab.\/km<sup>2<\/sup>)<\/td>\n<\/tr>\n<tr>\n<td>Albi<\/td>\n<td width=\"121\">48\u00a0902<\/td>\n<td width=\"64\">44,26<\/td>\n<td width=\"64\">1\u00a0104,9<\/td>\n<\/tr>\n<tr>\n<td>Castres<\/td>\n<td width=\"121\">42\u00a0079<\/td>\n<td width=\"64\">98,17<\/td>\n<td width=\"64\">428,6<\/td>\n<\/tr>\n<tr>\n<td>Gaillac<\/td>\n<td width=\"121\">15\u00a0265<\/td>\n<td width=\"64\">50,93<\/td>\n<td width=\"64\">299,7<\/td>\n<\/tr>\n<tr>\n<td>Graulhet<\/td>\n<td width=\"121\">12\u00a0844<\/td>\n<td width=\"64\">56,75<\/td>\n<td width=\"64\">226,3<\/td>\n<\/tr>\n<tr>\n<td>Lavaur<\/td>\n<td width=\"121\">10\u00a0879<\/td>\n<td width=\"64\">62,83<\/td>\n<td width=\"64\">173,1<\/td>\n<\/tr>\n<tr>\n<td>Mazamet<\/td>\n<td width=\"121\">9\u00a0996<\/td>\n<td width=\"64\">72,08<\/td>\n<td width=\"64\">138,7<\/td>\n<\/tr>\n<tr>\n<td>Carmaux<\/td>\n<td width=\"121\">9\u00a0782<\/td>\n<td width=\"64\">14,16<\/td>\n<td width=\"64\">690,8<\/td>\n<\/tr>\n<tr>\n<td>Saint-Sulpice-la-Pointe<\/td>\n<td width=\"121\">9\u00a0336<\/td>\n<td width=\"64\">23,99<\/td>\n<td width=\"64\">389,2<\/td>\n<\/tr>\n<tr>\n<td>Saint-Ju\u00e9ry<\/td>\n<td width=\"121\">6\u00a0694<\/td>\n<td width=\"64\">9,21<\/td>\n<td width=\"64\">726,8<\/td>\n<\/tr>\n<tr>\n<td>Labrugui\u00e8re<\/td>\n<td width=\"121\">6\u00a0506<\/td>\n<td width=\"64\">60,73<\/td>\n<td width=\"64\">107,1<\/td>\n<\/tr>\n<tr>\n<td>Aussillon<\/td>\n<td width=\"121\">5\u00a0827<\/td>\n<td width=\"64\">10,26<\/td>\n<td width=\"64\">567,9<\/td>\n<\/tr>\n<tr>\n<td>Rabastens<\/td>\n<td width=\"121\">5\u00a0713<\/td>\n<td width=\"64\">66,29<\/td>\n<td width=\"64\">86,2<\/td>\n<\/tr>\n<tr>\n<td colspan=\"4\">Source\u00a0: Insee.<\/td>\n<\/tr>\n<\/tbody>\n<\/table>\n<\/div>\n<p>&nbsp;<br \/>\n<figure id=\"attachment_52975\" aria-describedby=\"caption-attachment-52975\" style=\"width: 400px\" class=\"wp-caption aligncenter\"><a href=\"https:\/\/gifex.com\/fr\/wp-content\/uploads\/15942\/Carte-des-principales-villes-du-Tarn.jpg\" target=\"_blank\" rel=\"noopener\"><img fetchpriority=\"high\" decoding=\"async\" class=\"wp-image-52975\" title=\"Carte des principales villes du Tarn.\" src=\"https:\/\/gifex.com\/fr\/wp-content\/uploads\/15942\/Carte-des-principales-villes-du-Tarn-300x238.jpg\" alt=\"Carte des principales villes du Tarn.\" width=\"400\" height=\"317\" srcset=\"https:\/\/gifex.com\/fr\/wp-content\/uploads\/15942\/Carte-des-principales-villes-du-Tarn-300x238.jpg 300w, https:\/\/gifex.com\/fr\/wp-content\/uploads\/15942\/Carte-des-principales-villes-du-Tarn-1024x811.jpg 1024w, https:\/\/gifex.com\/fr\/wp-content\/uploads\/15942\/Carte-des-principales-villes-du-Tarn-768x608.jpg 768w, https:\/\/gifex.com\/fr\/wp-content\/uploads\/15942\/Carte-des-principales-villes-du-Tarn.jpg 1200w\" sizes=\"(max-width: 400px) 100vw, 400px\" \/><\/a><figcaption id=\"caption-attachment-52975\" class=\"wp-caption-text\"><label style=\"font-size: 15px;\">Carte des principales villes du Tarn.<\/label><\/figcaption><\/figure><\/p>\n","protected":false},"excerpt":{"rendered":"<p>Sur les 314 communes que comprend le d\u00e9partement du Tarn, 37 ont en 2019 une population municipale sup\u00e9rieure \u00e0 2 000 habitant<\/p>\n","protected":false},"author":1,"featured_media":33033,"template":"","categoria_ficha":[1864],"class_list":["post-15942","ficha","type-ficha","status-publish","has-post-thumbnail","hentry","categoria_ficha-cartes-du-departement-du-tarn"],"acf":[],"_links":{"self":[{"href":"https:\/\/gifex.com\/fr\/wp-json\/wp\/v2\/ficha\/15942","targetHints":{"allow":["GET"]}}],"collection":[{"href":"https:\/\/gifex.com\/fr\/wp-json\/wp\/v2\/ficha"}],"about":[{"href":"https:\/\/gifex.com\/fr\/wp-json\/wp\/v2\/types\/ficha"}],"author":[{"embeddable":true,"href":"https:\/\/gifex.com\/fr\/wp-json\/wp\/v2\/users\/1"}],"version-history":[{"count":5,"href":"https:\/\/gifex.com\/fr\/wp-json\/wp\/v2\/ficha\/15942\/revisions"}],"predecessor-version":[{"id":52976,"href":"https:\/\/gifex.com\/fr\/wp-json\/wp\/v2\/ficha\/15942\/revisions\/52976"}],"wp:featuredmedia":[{"embeddable":true,"href":"https:\/\/gifex.com\/fr\/wp-json\/wp\/v2\/media\/33033"}],"wp:attachment":[{"href":"https:\/\/gifex.com\/fr\/wp-json\/wp\/v2\/media?parent=15942"}],"wp:term":[{"taxonomy":"categoria_ficha","embeddable":true,"href":"https:\/\/gifex.com\/fr\/wp-json\/wp\/v2\/categoria_ficha?post=15942"}],"curies":[{"name":"wp","href":"https:\/\/api.w.org\/{rel}","templated":true}]}}