{"id":15730,"date":"2022-06-09T18:32:14","date_gmt":"2022-06-09T18:32:14","guid":{"rendered":"https:\/\/gifex.com\/fr\/?post_type=ficha&#038;p=15730"},"modified":"2024-10-25T19:02:02","modified_gmt":"2024-10-25T19:02:02","slug":"carte-des-principales-communes-du-gers","status":"publish","type":"ficha","link":"https:\/\/gifex.com\/fr\/fichier\/carte-des-principales-communes-du-gers\/","title":{"rendered":"Carte des principales communes du Gers"},"content":{"rendered":"<p style=\"text-align: center;\"><label style=\"font-size: 15px;\">Carte des principales communes du Gers.<\/label><\/p>\n<p>Sur les 461 communes que comprend le d\u00e9partement du Gers, quatorze ont en 2019 une population municipale sup\u00e9rieure \u00e0 2 000 habitants, quatre ont plus de 5 000 habitants et une a plus de 10 000 habitants : Auch.<\/p>\n<p>Les communes de plus de 2 000 habitants sont pr\u00e9sent\u00e9es dans le tableau ci-apr\u00e8s.<\/p>\n<div class=\"boxscrl\">\n<table width=\"499\">\n<tbody>\n<tr>\n<td rowspan=\"2\" width=\"185\">Commune<\/td>\n<td width=\"186\">Population<\/td>\n<td width=\"64\">Superficie<\/td>\n<td width=\"64\">Densit\u00e9<\/td>\n<\/tr>\n<tr>\n<td width=\"186\">2019<\/td>\n<td width=\"64\">(km<sup>2<\/sup>)<\/td>\n<td width=\"64\">(hab.\/km<sup>2<\/sup>)<\/td>\n<\/tr>\n<tr>\n<td>Auch<\/td>\n<td width=\"186\">22\u00a0173<\/td>\n<td width=\"64\">72,48<\/td>\n<td width=\"64\">305,9<\/td>\n<\/tr>\n<tr>\n<td>L&#8217;Isle-Jourdain<\/td>\n<td width=\"186\">9\u00a0072<\/td>\n<td width=\"64\">70,48<\/td>\n<td width=\"64\">128,7<\/td>\n<\/tr>\n<tr>\n<td>Condom<\/td>\n<td width=\"186\">6\u00a0493<\/td>\n<td width=\"64\">97,37<\/td>\n<td width=\"64\">66,7<\/td>\n<\/tr>\n<tr>\n<td>Fleurance<\/td>\n<td width=\"186\">5\u00a0924<\/td>\n<td width=\"64\">43,32<\/td>\n<td width=\"64\">136,7<\/td>\n<\/tr>\n<tr>\n<td>Eauze<\/td>\n<td width=\"186\">3\u00a0975<\/td>\n<td width=\"64\">69,86<\/td>\n<td width=\"64\">56,9<\/td>\n<\/tr>\n<tr>\n<td>Lectoure<\/td>\n<td width=\"186\">3\u00a0672<\/td>\n<td width=\"64\">84,93<\/td>\n<td width=\"64\">43,2<\/td>\n<\/tr>\n<tr>\n<td>Vic-Fezensac<\/td>\n<td width=\"186\">3\u00a0546<\/td>\n<td width=\"64\">53,94<\/td>\n<td width=\"64\">65,7<\/td>\n<\/tr>\n<tr>\n<td>Mirande<\/td>\n<td width=\"186\">3\u00a0450<\/td>\n<td width=\"64\">23,42<\/td>\n<td width=\"64\">147,3<\/td>\n<\/tr>\n<tr>\n<td>Gimont<\/td>\n<td width=\"186\">3\u00a0016<\/td>\n<td width=\"64\">27,58<\/td>\n<td width=\"64\">109,4<\/td>\n<\/tr>\n<tr>\n<td>Pavie<\/td>\n<td width=\"186\">2\u00a0501<\/td>\n<td width=\"64\">24,67<\/td>\n<td width=\"64\">101,4<\/td>\n<\/tr>\n<tr>\n<td>Samatan<\/td>\n<td width=\"186\">2\u00a0328<\/td>\n<td width=\"64\">33,53<\/td>\n<td width=\"64\">69,4<\/td>\n<\/tr>\n<tr>\n<td>Mauvezin<\/td>\n<td width=\"186\">2\u00a0218<\/td>\n<td width=\"64\">32,18<\/td>\n<td width=\"64\">68,9<\/td>\n<\/tr>\n<tr>\n<td>Lombez<\/td>\n<td width=\"186\">2\u00a0156<\/td>\n<td width=\"64\">19,55<\/td>\n<td width=\"64\">110,3<\/td>\n<\/tr>\n<tr>\n<td>Nogaro<\/td>\n<td width=\"186\">2\u00a0027<\/td>\n<td width=\"64\">11,06<\/td>\n<td width=\"64\">183,3<\/td>\n<\/tr>\n<tr>\n<td colspan=\"4\">Source\u00a0: Insee.<\/td>\n<\/tr>\n<\/tbody>\n<\/table>\n<\/div>\n<p>&nbsp;<br \/>\n<figure id=\"attachment_52956\" aria-describedby=\"caption-attachment-52956\" style=\"width: 400px\" class=\"wp-caption aligncenter\"><a href=\"https:\/\/gifex.com\/fr\/wp-content\/uploads\/15730\/Carte-des-principales-villes-du-Gers.jpg\" target=\"_blank\" rel=\"noopener\"><img fetchpriority=\"high\" decoding=\"async\" class=\"wp-image-52956\" title=\"Carte des principales villes du Gers.\" src=\"https:\/\/gifex.com\/fr\/wp-content\/uploads\/15730\/Carte-des-principales-villes-du-Gers-300x218.jpg\" alt=\"Carte des principales villes du Gers.\" width=\"400\" height=\"290\" srcset=\"https:\/\/gifex.com\/fr\/wp-content\/uploads\/15730\/Carte-des-principales-villes-du-Gers-300x218.jpg 300w, https:\/\/gifex.com\/fr\/wp-content\/uploads\/15730\/Carte-des-principales-villes-du-Gers-1024x744.jpg 1024w, https:\/\/gifex.com\/fr\/wp-content\/uploads\/15730\/Carte-des-principales-villes-du-Gers-768x558.jpg 768w, https:\/\/gifex.com\/fr\/wp-content\/uploads\/15730\/Carte-des-principales-villes-du-Gers.jpg 1351w\" sizes=\"(max-width: 400px) 100vw, 400px\" \/><\/a><figcaption id=\"caption-attachment-52956\" class=\"wp-caption-text\"><label style=\"font-size: 15px;\">Carte des principales villes du Gers.<\/label><\/figcaption><\/figure><\/p>\n","protected":false},"excerpt":{"rendered":"<p>Sur les 461 communes que comprend le d\u00e9partement du Gers, quatorze ont en 2019 une population municipale sup\u00e9rie<\/p>\n","protected":false},"author":1,"featured_media":33038,"template":"","categoria_ficha":[1819],"class_list":["post-15730","ficha","type-ficha","status-publish","has-post-thumbnail","hentry","categoria_ficha-cartes-du-departement-du-gers"],"acf":[],"_links":{"self":[{"href":"https:\/\/gifex.com\/fr\/wp-json\/wp\/v2\/ficha\/15730","targetHints":{"allow":["GET"]}}],"collection":[{"href":"https:\/\/gifex.com\/fr\/wp-json\/wp\/v2\/ficha"}],"about":[{"href":"https:\/\/gifex.com\/fr\/wp-json\/wp\/v2\/types\/ficha"}],"author":[{"embeddable":true,"href":"https:\/\/gifex.com\/fr\/wp-json\/wp\/v2\/users\/1"}],"version-history":[{"count":5,"href":"https:\/\/gifex.com\/fr\/wp-json\/wp\/v2\/ficha\/15730\/revisions"}],"predecessor-version":[{"id":52957,"href":"https:\/\/gifex.com\/fr\/wp-json\/wp\/v2\/ficha\/15730\/revisions\/52957"}],"wp:featuredmedia":[{"embeddable":true,"href":"https:\/\/gifex.com\/fr\/wp-json\/wp\/v2\/media\/33038"}],"wp:attachment":[{"href":"https:\/\/gifex.com\/fr\/wp-json\/wp\/v2\/media?parent=15730"}],"wp:term":[{"taxonomy":"categoria_ficha","embeddable":true,"href":"https:\/\/gifex.com\/fr\/wp-json\/wp\/v2\/categoria_ficha?post=15730"}],"curies":[{"name":"wp","href":"https:\/\/api.w.org\/{rel}","templated":true}]}}