{"id":15650,"date":"2022-06-09T12:38:56","date_gmt":"2022-06-09T12:38:56","guid":{"rendered":"https:\/\/gifex.com\/fr\/?post_type=ficha&#038;p=15650"},"modified":"2024-11-02T14:28:41","modified_gmt":"2024-11-02T14:28:41","slug":"carte-routiere-du-doubs","status":"publish","type":"ficha","link":"https:\/\/gifex.com\/fr\/fichier\/carte-routiere-du-doubs\/","title":{"rendered":"Carte routi\u00e8re du Doubs"},"content":{"rendered":"<p style=\"text-align: center;\"><label style=\"font-size: 15px;\">Carte routi\u00e8re du Doubs <a href=\"https:\/\/gifex.com\/fr\/wp-content\/uploads\/15650\/Carte-routiere-du-Doubs.pdf\" target=\"_blank\" rel=\"noopener\">(format pdf)<\/a>.<\/label><\/p>\n<p>Le r\u00e9seau routier du Doubs comprend cinq cat\u00e9gories de voies : les autoroutes et routes nationales appartenant au domaine public routier national et g\u00e9r\u00e9es par l&#8217;\u00c9tat, les routes d\u00e9partementales appartenant au domaine public routier d\u00e9partemental et g\u00e9r\u00e9es par les conseils d\u00e9partementaux et les voies communales et chemins ruraux appartenant respectivement aux domaines public et priv\u00e9 des communes et g\u00e9r\u00e9es par les municipalit\u00e9s. Le lin\u00e9aire de routes par cat\u00e9gories peut \u00e9voluer avec la cr\u00e9ation de routes nouvelles ou par transferts de domanialit\u00e9 entre cat\u00e9gories par classement ou d\u00e9classement, lorsque les fonctionnalit\u00e9s de la route ne correspondent plus \u00e0 celle attendues d&#8217;une route de la cat\u00e9gorie dans laquelle elle est class\u00e9e. Ces transferts peuvent aussi r\u00e9sulter d&#8217;une d\u00e9marche globale de transfert de comp\u00e9tences d&#8217;une collectivit\u00e9 vers une autre.<\/p>\n<figure id=\"attachment_15652\" aria-describedby=\"caption-attachment-15652\" style=\"width: 360px\" class=\"wp-caption alignright\"><a href=\"https:\/\/gifex.com\/fr\/wp-content\/uploads\/15650\/L-autoroute-A36-a-Besancon-2015.jpg\" target=\"_blank\" rel=\"noopener\"><img fetchpriority=\"high\" decoding=\"async\" class=\"wp-image-15652\" title=\"L\u2019autoroute A36, surnomm\u00e9e La Comtoise \u00e0 Besan\u00e7on.\" src=\"https:\/\/gifex.com\/fr\/wp-content\/uploads\/15650\/L-autoroute-A36-a-Besancon-2015-300x169.jpg\" alt=\"L\u2019autoroute A36, surnomm\u00e9e La Comtoise \u00e0 Besan\u00e7on.\" width=\"360\" height=\"203\" srcset=\"https:\/\/gifex.com\/fr\/wp-content\/uploads\/15650\/L-autoroute-A36-a-Besancon-2015-300x169.jpg 300w, https:\/\/gifex.com\/fr\/wp-content\/uploads\/15650\/L-autoroute-A36-a-Besancon-2015-1024x576.jpg 1024w, https:\/\/gifex.com\/fr\/wp-content\/uploads\/15650\/L-autoroute-A36-a-Besancon-2015-768x432.jpg 768w, https:\/\/gifex.com\/fr\/wp-content\/uploads\/15650\/L-autoroute-A36-a-Besancon-2015-1536x864.jpg 1536w, https:\/\/gifex.com\/fr\/wp-content\/uploads\/15650\/L-autoroute-A36-a-Besancon-2015-1600x900.jpg 1600w, https:\/\/gifex.com\/fr\/wp-content\/uploads\/15650\/L-autoroute-A36-a-Besancon-2015.jpg 1920w\" sizes=\"(max-width: 360px) 100vw, 360px\" \/><\/a><figcaption id=\"caption-attachment-15652\" class=\"wp-caption-text\"><label style=\"font-size: 15px;\">L\u2019autoroute A36, surnomm\u00e9e La Comtoise \u00e0 Besan\u00e7on.<\/label><\/figcaption><\/figure>\n<p>Au 31 d\u00e9cembre 2017, la longueur totale du r\u00e9seau routier du d\u00e9partement du Doubs est de 10 058 kilom\u00e8tres, se r\u00e9partissant en 101 kilom\u00e8tres d&#8217;autoroutes, 127 kilom\u00e8tres de routes nationales, 3 692 kilom\u00e8tres de routes d\u00e9partementales et 6 138 kilom\u00e8tres de voies communales. Une seule autoroute, l&#8217;autoroute A36, traverse le d\u00e9partement sur 101 km d&#8217;est en ouest : cet axe qui relie Beaune \u00e0 Mulhouse dessert les deux principales agglom\u00e9rations du d\u00e9partement, Besan\u00e7on et Montb\u00e9liard, ainsi que les petites villes de Saint-Vit et Baume-les-Dames. Le deuxi\u00e8me axe majeur est la route nationale 57 qui traverse le d\u00e9partement du nord au sud sur 99 km en passant par Besan\u00e7on et Pontarlier jusqu&#8217;au principal point de passage de la fronti\u00e8re entre le d\u00e9partement du Doubs et la Suisse situ\u00e9 sur la commune de Jougne. Une autre route nationale, la RN83, relie l&#8217;agglom\u00e9ration de Besan\u00e7on au d\u00e9partement du Jura sur 28 km. La plus longue voie routi\u00e8re \u00e0 traverser le territoire doubien est la route d\u00e9partementale 437 qui parcourt 148 km du nord au sud \u00e0 travers le Massif du Jura, desservant notamment Mouthe, Malbuisson, Pontarlier, Morteau, Le Russey, Ma\u00eeche, Pont-de-Roide et l&#8217;agglom\u00e9ration de Montb\u00e9liard.<\/p>\n<p><label style=\"font-size: 15px;\">Source de la \u00abcarte routi\u00e8re du Doubs\u00bb ; Le Tyrosemiophile &#8211; letyrosemiophile.com<\/label><\/p>\n","protected":false},"excerpt":{"rendered":"<p>Le r\u00e9seau routier du Doubs comprend cinq cat\u00e9gories de voies : les autoroutes et routes nationales appartenant<\/p>\n","protected":false},"author":1,"featured_media":15651,"template":"","categoria_ficha":[1812],"class_list":["post-15650","ficha","type-ficha","status-publish","has-post-thumbnail","hentry","categoria_ficha-cartes-du-departement-du-doubs"],"acf":[],"_links":{"self":[{"href":"https:\/\/gifex.com\/fr\/wp-json\/wp\/v2\/ficha\/15650","targetHints":{"allow":["GET"]}}],"collection":[{"href":"https:\/\/gifex.com\/fr\/wp-json\/wp\/v2\/ficha"}],"about":[{"href":"https:\/\/gifex.com\/fr\/wp-json\/wp\/v2\/types\/ficha"}],"author":[{"embeddable":true,"href":"https:\/\/gifex.com\/fr\/wp-json\/wp\/v2\/users\/1"}],"version-history":[{"count":7,"href":"https:\/\/gifex.com\/fr\/wp-json\/wp\/v2\/ficha\/15650\/revisions"}],"predecessor-version":[{"id":53398,"href":"https:\/\/gifex.com\/fr\/wp-json\/wp\/v2\/ficha\/15650\/revisions\/53398"}],"wp:featuredmedia":[{"embeddable":true,"href":"https:\/\/gifex.com\/fr\/wp-json\/wp\/v2\/media\/15651"}],"wp:attachment":[{"href":"https:\/\/gifex.com\/fr\/wp-json\/wp\/v2\/media?parent=15650"}],"wp:term":[{"taxonomy":"categoria_ficha","embeddable":true,"href":"https:\/\/gifex.com\/fr\/wp-json\/wp\/v2\/categoria_ficha?post=15650"}],"curies":[{"name":"wp","href":"https:\/\/api.w.org\/{rel}","templated":true}]}}